{"id":13469,"date":"2022-05-04T15:32:08","date_gmt":"2022-05-04T13:32:08","guid":{"rendered":"https:\/\/www.tourisme-carcassonne.fr\/pratique\/partenaires\/operation-grand-site-carcassonne\/"},"modified":"2022-05-04T15:32:08","modified_gmt":"2022-05-04T13:32:08","slug":"operation-grand-site-carcassonne","status":"publish","type":"page","link":"https:\/\/www.tourisme-carcassonne.fr\/es\/utiles\/socios\/operation-grand-site-carcassonne\/","title":{"rendered":"Op\u00e9ration Grand Site : Carcassonne"},"content":{"rendered":"\t\t<div data-elementor-type=\"wp-page\" data-elementor-id=\"13469\" class=\"elementor elementor-13469 elementor-10096\" data-elementor-post-type=\"page\">\n\t\t\t\t\t\t<section class=\"elementor-section elementor-top-section elementor-element elementor-element-6d5c9430 elementor-fs-modele-texte100 elementor-section-boxed elementor-section-height-default elementor-section-height-default\" data-id=\"6d5c9430\" data-element_type=\"section\" data-e-type=\"section\">\n\t\t\t\t\t\t<div class=\"elementor-container elementor-column-gap-default\">\n\t\t\t\t\t<div class=\"elementor-column elementor-col-100 elementor-top-column elementor-element elementor-element-e9d9b17 fs-texte\" data-id=\"e9d9b17\" data-element_type=\"column\" data-e-type=\"column\">\n\t\t\t<div class=\"elementor-widget-wrap elementor-element-populated\">\n\t\t\t\t\t\t<div class=\"elementor-element elementor-element-302b6c28 elementor-widget elementor-widget-text-editor\" data-id=\"302b6c28\" data-element_type=\"widget\" data-e-type=\"widget\" data-widget_type=\"text-editor.default\">\n\t\t\t\t<div class=\"elementor-widget-container\">\n\t\t\t\t\t\t\t\t\t<h1>Le Projet Grand Site \u00e0 Carcassonne<\/h1><p>La ville de Carcassonne consciente de la valeur de son patrimoine et d\u00e9sireuse de mieux r\u00e9pondre aux besoins est engag\u00e9e dans une Op\u00e9ration Grand Site de France. Label National de tourisme durable et de pr\u00e9servation du patrimoine naturel et culturel ce label engage les partenaires dans une d\u00e9marche d\u2019excellence paysag\u00e8re, patrimoniale et touristique.<\/p><h2>Le label Grand Site de France<\/h2><p>Les Grands Sites de France\u00ae ont en commun de b\u00e9n\u00e9ficier d\u2019une tr\u00e8s forte <strong>notori\u00e9t\u00e9<\/strong>, d\u2019\u00eatre class\u00e9s et de faire partie des <strong>destinations touristiques<\/strong> les plus pris\u00e9es. Ils sont prot\u00e9g\u00e9s par la loi du 2 mai 1930 sur la \u00ab protection des monuments naturels et des sites de caract\u00e8re artistique, historique, scientifique, l\u00e9gendaire ou pittoresque \u00bb. L\u2019objectif de ce label est de faire reconna\u00eetre ces Grands Sites comme des <strong>lieux d\u2019excellence<\/strong> aussi bien en mati\u00e8re de <strong>pr\u00e9servation de l\u2019environnement, du patrimoine et des paysages<\/strong> qu\u2019en mati\u00e8re d\u2019<strong>accueil des visiteurs<\/strong>.<\/p><p>Depuis <strong>2000<\/strong>, la d\u00e9marche des Grands Sites a pris une ampleur nouvelle avec la naissance du <strong>R\u00e9seau des Grands Sites de France<\/strong>, qui regroupe les organismes de gestion des Grands Sites et la cr\u00e9ation par l\u2019Etat en <strong>2002 <\/strong>du<strong> label \u00ab Grand Site de France \u00bb<\/strong>. En 2010, le label Grand Site de France est entr\u00e9 dans le code de l\u2019Environnement.<\/p><p>\u00a0<\/p>\t\t\t\t\t\t\t\t<\/div>\n\t\t\t\t<\/div>\n\t\t\t\t\t<\/div>\n\t\t<\/div>\n\t\t\t\t\t<\/div>\n\t\t<\/section>\n\t\t\t\t<section class=\"elementor-section elementor-top-section elementor-element elementor-element-13b5d39d elementor-fs-modele-photo33-texte66 elementor-section-boxed elementor-section-height-default elementor-section-height-default\" data-id=\"13b5d39d\" data-element_type=\"section\" data-e-type=\"section\">\n\t\t\t\t\t\t<div class=\"elementor-container elementor-column-gap-no\">\n\t\t\t\t\t<div class=\"elementor-column elementor-col-50 elementor-top-column elementor-element elementor-element-2749279a fs-photo\" data-id=\"2749279a\" data-element_type=\"column\" data-e-type=\"column\">\n\t\t\t<div class=\"elementor-widget-wrap elementor-element-populated\">\n\t\t\t\t\t\t<div class=\"elementor-element elementor-element-46bdf684 elementor-widget elementor-widget-image\" data-id=\"46bdf684\" data-element_type=\"widget\" data-e-type=\"widget\" data-widget_type=\"image.default\">\n\t\t\t\t<div class=\"elementor-widget-container\">\n\t\t\t\t\t\t\t\t\t\t\t\t<figure class=\"wp-caption\">\n\t\t\t\t\t\t\t\t\t\t<img fetchpriority=\"high\" decoding=\"async\" width=\"1170\" height=\"1482\" src=\"https:\/\/www.tourisme-carcassonne.fr\/assets\/uploads\/2022\/05\/promenade-carcassonne-1-1170x1482.jpg\" class=\"attachment-large size-large wp-image-10123\" alt=\"\" srcset=\"https:\/\/www.tourisme-carcassonne.fr\/assets\/uploads\/2022\/05\/promenade-carcassonne-1-1170x1482.jpg 1170w, https:\/\/www.tourisme-carcassonne.fr\/assets\/uploads\/2022\/05\/promenade-carcassonne-1-570x722.jpg 570w, https:\/\/www.tourisme-carcassonne.fr\/assets\/uploads\/2022\/05\/promenade-carcassonne-1-370x469.jpg 370w, https:\/\/www.tourisme-carcassonne.fr\/assets\/uploads\/2022\/05\/promenade-carcassonne-1-768x973.jpg 768w, https:\/\/www.tourisme-carcassonne.fr\/assets\/uploads\/2022\/05\/promenade-carcassonne-1-1213x1536.jpg 1213w, https:\/\/www.tourisme-carcassonne.fr\/assets\/uploads\/2022\/05\/promenade-carcassonne-1-scaled.jpg 1617w\" sizes=\"(max-width: 1170px) 100vw, 1170px\" \/>\t\t\t\t\t\t\t\t\t\t\t<figcaption class=\"widget-image-caption wp-caption-text\">\u00a9 OMT Carcassonne<\/figcaption>\n\t\t\t\t\t\t\t\t\t\t<\/figure>\n\t\t\t\t\t\t\t\t\t<\/div>\n\t\t\t\t<\/div>\n\t\t\t\t\t<\/div>\n\t\t<\/div>\n\t\t\t\t<div class=\"elementor-column elementor-col-50 elementor-top-column elementor-element elementor-element-78534198 fs-texte\" data-id=\"78534198\" data-element_type=\"column\" data-e-type=\"column\">\n\t\t\t<div class=\"elementor-widget-wrap elementor-element-populated\">\n\t\t\t\t\t\t<div class=\"elementor-element elementor-element-3acd0da6 elementor-widget elementor-widget-text-editor\" data-id=\"3acd0da6\" data-element_type=\"widget\" data-e-type=\"widget\" data-widget_type=\"text-editor.default\">\n\t\t\t\t<div class=\"elementor-widget-container\">\n\t\t\t\t\t\t\t\t\t<h2>Les conditions de labellisation du Grand Site<\/h2><p><strong>Un programme complet d\u2019am\u00e9nagement et de d\u00e9veloppement durable sur 15 ans <\/strong>qui permet de r\u00e9pondre aux grands enjeux actuels\u00a0pour Carcassonne\u00a0:\u00a0 meilleure gestion des flux, pr\u00e9servation des milieux, des sites et de la biodiversit\u00e9, \u00e9largissement de la d\u00e9couverte et meilleur accueil des visiteurs, d\u00e9veloppement \u00e9conomique durable.<\/p><p><strong>28 actions sont au service du projet qui <\/strong>se r\u00e9partissent sur les diff\u00e9rentes entit\u00e9es patrimoniales pour faire sens aupr\u00e8s des visiteurs dans un syst\u00e8me interd\u00e9pendan<strong>t. <\/strong>C\u2019est donc <u>autour et avec la Cit\u00e9<\/u> que se construit le Grand Site en projet pour permettre une meilleure appropriation de l\u2019histoire de la ville tant naturelle que culturelle.<\/p><ul><li>En \u00e9crin paysager au Sud le site class\u00e9 de 605 hectares v\u00e9ritable sanctuaire paysager. Une histoire agricole forte autour de la vigne et du vin, des amandiers et des espaces collineux abritant une v\u00e9g\u00e9tation r\u00e9siduelle de premier int\u00e9r\u00eat.<\/li><li>En Bord d\u2019Aude et sur l\u2019ile d\u2019Aude, poumon vert entre Cit\u00e9 et Bastide<\/li><li>En Bastide site patrimonial remarquable avec ses 70 carrons m\u00e9di\u00e9vaux<\/li><li>Sur et aux abords du canal du midi deuxi\u00e8me site class\u00e9 Unesco de la Ville<\/li><\/ul>\t\t\t\t\t\t\t\t<\/div>\n\t\t\t\t<\/div>\n\t\t\t\t\t<\/div>\n\t\t<\/div>\n\t\t\t\t\t<\/div>\n\t\t<\/section>\n\t\t\t\t<section class=\"elementor-section elementor-top-section elementor-element elementor-element-1cacc70 elementor-fs-modele-texte100 elementor-section-boxed elementor-section-height-default elementor-section-height-default\" data-id=\"1cacc70\" data-element_type=\"section\" data-e-type=\"section\">\n\t\t\t\t\t\t<div class=\"elementor-container elementor-column-gap-default\">\n\t\t\t\t\t<div class=\"elementor-column elementor-col-100 elementor-top-column elementor-element elementor-element-3f239d1 fs-texte\" data-id=\"3f239d1\" data-element_type=\"column\" data-e-type=\"column\">\n\t\t\t<div class=\"elementor-widget-wrap elementor-element-populated\">\n\t\t\t\t\t\t<div class=\"elementor-element elementor-element-21bfda0 elementor-widget elementor-widget-text-editor\" data-id=\"21bfda0\" data-element_type=\"widget\" data-e-type=\"widget\" data-widget_type=\"text-editor.default\">\n\t\t\t\t<div class=\"elementor-widget-container\">\n\t\t\t\t\t\t\t\t\t<p>Si le projet se construit avec un programme d\u2019am\u00e9nagement cons\u00e9quent, il fait la part belle au d\u00e9veloppement \u00e9conomique par la valorisation des circuits courts et des productions locales, la reconqu\u00eate fonci\u00e8re sur les espaces de transition. Mais c\u2019est aussi en favorisant un programme d\u2019animation particulier et en invitant \u00e0 l\u2019itin\u00e9rance autrement et toute l\u2019ann\u00e9e que se d\u00e9marque l\u2019ambition du projet Grand Site de France. <\/p>\t\t\t\t\t\t\t\t<\/div>\n\t\t\t\t<\/div>\n\t\t\t\t<div class=\"elementor-element elementor-element-1b86ceb elementor-widget elementor-widget-button\" data-id=\"1b86ceb\" data-element_type=\"widget\" data-e-type=\"widget\" data-widget_type=\"button.default\">\n\t\t\t\t<div class=\"elementor-widget-container\">\n\t\t\t\t\t\t\t\t\t<div class=\"elementor-button-wrapper\">\n\t\t\t\t\t<a class=\"elementor-button elementor-button-link elementor-size-sm\" href=\"http:\/\/www.grandsite-carcassonne.fr\/lile-et-les-rives-daude\/\" target=\"_blank\">\n\t\t\t\t\t\t<span class=\"elementor-button-content-wrapper\">\n\t\t\t\t\t\t<span class=\"elementor-button-icon\">\n\t\t\t\t<i aria-hidden=\"true\" class=\"far fa-hand-point-right\"><\/i>\t\t\t<\/span>\n\t\t\t\t\t\t\t\t\t<span class=\"elementor-button-text\">En savoir plus<\/span>\n\t\t\t\t\t<\/span>\n\t\t\t\t\t<\/a>\n\t\t\t\t<\/div>\n\t\t\t\t\t\t\t\t<\/div>\n\t\t\t\t<\/div>\n\t\t\t\t\t<\/div>\n\t\t<\/div>\n\t\t\t\t\t<\/div>\n\t\t<\/section>\n\t\t\t\t<section class=\"elementor-section elementor-top-section elementor-element elementor-element-1f34e52b elementor-fs-modele-texte100 elementor-section-boxed elementor-section-height-default elementor-section-height-default\" data-id=\"1f34e52b\" data-element_type=\"section\" data-e-type=\"section\">\n\t\t\t\t\t\t<div class=\"elementor-container elementor-column-gap-default\">\n\t\t\t\t\t<div class=\"elementor-column elementor-col-100 elementor-top-column elementor-element elementor-element-4ee0b8af fs-texte\" data-id=\"4ee0b8af\" data-element_type=\"column\" data-e-type=\"column\">\n\t\t\t<div class=\"elementor-widget-wrap elementor-element-populated\">\n\t\t\t\t\t\t<div class=\"elementor-element elementor-element-5c7dad95 elementor-widget elementor-widget-text-editor\" data-id=\"5c7dad95\" data-element_type=\"widget\" data-e-type=\"widget\" data-widget_type=\"text-editor.default\">\n\t\t\t\t<div class=\"elementor-widget-container\">\n\t\t\t\t\t\t\t\t\t<h1><strong>Un patrimoine remarquable<\/strong><\/h1><h2><strong> sur l\u2019ensemble de la ville de Carcassonne<\/strong><\/h2><p>Le cadre exceptionnel de la Cit\u00e9 et son \u00e9crin paysager est une des composantes de l\u2019int\u00e9r\u00eat manifest\u00e9 par le public pour ce monument de plus de 2000 ans d\u2019histoire formant un tout avec la nature qui l\u2019entoure. Le Grand Site de Carcassonne re\u00e7oit <strong>environ 2 millions de visiteurs par an<\/strong>. La conservation du patrimoine paysager, historique et arch\u00e9ologique, concili\u00e9e avec l\u2019accueil d\u2019un nombre important de visiteurs est l\u2019essence m\u00eame du projet Grand Site de France \u00e0 Carcassonne.<\/p><p>La Cit\u00e9 est ancr\u00e9e dans un environnement paysager au Sud, <strong>\u00e9cosyst\u00e8me r\u00e9sultant des affluences m\u00e9diterran\u00e9ennes et atlantiques<\/strong> et s\u2019inscrivant dans une histoire urbaine sp\u00e9cifique avec la cr\u00e9ation de la bastide Saint Louis au XIIIe et constituant avec le canal du midi et les bords d\u2019Aude un syst\u00e8me unique de r\u00e9f\u00e9rences patrimoniales. Les circuits patrimoniaux vous permettront de mieux comprendre son int\u00e9r\u00eat : <\/p>\t\t\t\t\t\t\t\t<\/div>\n\t\t\t\t<\/div>\n\t\t\t\t\t<\/div>\n\t\t<\/div>\n\t\t\t\t\t<\/div>\n\t\t<\/section>\n\t\t\t\t<section class=\"elementor-section elementor-top-section elementor-element elementor-element-42f1c43 elementor-section-boxed elementor-section-height-default elementor-section-height-default\" data-id=\"42f1c43\" data-element_type=\"section\" data-e-type=\"section\">\n\t\t\t\t\t\t<div class=\"elementor-container elementor-column-gap-default\">\n\t\t\t\t\t<div class=\"elementor-column elementor-col-100 elementor-top-column elementor-element elementor-element-1711ba6\" data-id=\"1711ba6\" data-element_type=\"column\" data-e-type=\"column\">\n\t\t\t<div class=\"elementor-widget-wrap elementor-element-populated\">\n\t\t\t\t\t\t<div class=\"elementor-element elementor-element-f34b2fc elementor-widget elementor-widget-html\" data-id=\"f34b2fc\" data-element_type=\"widget\" data-e-type=\"widget\" data-widget_type=\"html.default\">\n\t\t\t\t<div class=\"elementor-widget-container\">\n\t\t\t\t\t<iframe src=\"https:\/\/www.google.com\/maps\/d\/embed?mid=1Tdl8iwftma3bPmUVqo1zkNVRpBbYw6dl&ehbc=2E312F\" width=\"640\" height=\"480\"><\/iframe>\t\t\t\t<\/div>\n\t\t\t\t<\/div>\n\t\t\t\t\t<\/div>\n\t\t<\/div>\n\t\t\t\t\t<\/div>\n\t\t<\/section>\n\t\t\t\t<section class=\"elementor-section elementor-top-section elementor-element elementor-element-d52ec7 elementor-fs-modele-texte100 elementor-section-boxed elementor-section-height-default elementor-section-height-default\" data-id=\"d52ec7\" data-element_type=\"section\" data-e-type=\"section\">\n\t\t\t\t\t\t<div class=\"elementor-container elementor-column-gap-default\">\n\t\t\t\t\t<div class=\"elementor-column elementor-col-100 elementor-top-column elementor-element elementor-element-798809da fs-texte\" data-id=\"798809da\" data-element_type=\"column\" data-e-type=\"column\">\n\t\t\t<div class=\"elementor-widget-wrap elementor-element-populated\">\n\t\t\t\t\t\t<div class=\"elementor-element elementor-element-31175913 elementor-widget elementor-widget-text-editor\" data-id=\"31175913\" data-element_type=\"widget\" data-e-type=\"widget\" data-widget_type=\"text-editor.default\">\n\t\t\t\t<div class=\"elementor-widget-container\">\n\t\t\t\t\t\t\t\t\t<h1>Les actions d\u00e9j\u00e0 r\u00e9alis\u00e9es<\/h1><p>Le projet Grand Site de France pour Carcassonne est un projet multi-partenarial dans lequel de nombreux acteurs sont impliqu\u00e9s et participent de l\u2019engagement \u00e0 concr\u00e9tiser les actions pr\u00e9vues sur les diff\u00e9rents espaces concern\u00e9s dans la ville. Ainsi et pour r\u00e9pondre \u00e0 la n\u00e9cessit\u00e9 de faire du patrimoine et du paysage un vrai projet de d\u00e9veloppement il a \u00e9t\u00e9 engag\u00e9 depuis 2015 des actions de nature tr\u00e8s diff\u00e9rentes mais participant toutes \u00e0 une meilleure gestion du Grand Se pour les visiteurs et les habitants.<\/p>\t\t\t\t\t\t\t\t<\/div>\n\t\t\t\t<\/div>\n\t\t\t\t\t<\/div>\n\t\t<\/div>\n\t\t\t\t\t<\/div>\n\t\t<\/section>\n\t\t\t\t<section class=\"elementor-section elementor-top-section elementor-element elementor-element-332eb2f6 elementor-fs-modele-photo33-texte66 elementor-section-boxed elementor-section-height-default elementor-section-height-default\" data-id=\"332eb2f6\" data-element_type=\"section\" data-e-type=\"section\">\n\t\t\t\t\t\t<div class=\"elementor-container elementor-column-gap-no\">\n\t\t\t\t\t<div class=\"elementor-column elementor-col-50 elementor-top-column elementor-element elementor-element-72e6f949 fs-photo\" data-id=\"72e6f949\" data-element_type=\"column\" data-e-type=\"column\">\n\t\t\t<div class=\"elementor-widget-wrap elementor-element-populated\">\n\t\t\t\t\t\t<div class=\"elementor-element elementor-element-4085bbec elementor-widget elementor-widget-image\" data-id=\"4085bbec\" data-element_type=\"widget\" data-e-type=\"widget\" data-widget_type=\"image.default\">\n\t\t\t\t<div class=\"elementor-widget-container\">\n\t\t\t\t\t\t\t\t\t\t\t\t<figure class=\"wp-caption\">\n\t\t\t\t\t\t\t\t\t\t<img decoding=\"async\" width=\"1170\" height=\"1520\" src=\"https:\/\/www.tourisme-carcassonne.fr\/assets\/uploads\/2022\/05\/porte-daudesebastien-carles-2-1170x1520.jpg\" class=\"attachment-large size-large wp-image-10114\" alt=\"\" srcset=\"https:\/\/www.tourisme-carcassonne.fr\/assets\/uploads\/2022\/05\/porte-daudesebastien-carles-2-1170x1520.jpg 1170w, https:\/\/www.tourisme-carcassonne.fr\/assets\/uploads\/2022\/05\/porte-daudesebastien-carles-2-570x741.jpg 570w, https:\/\/www.tourisme-carcassonne.fr\/assets\/uploads\/2022\/05\/porte-daudesebastien-carles-2-370x481.jpg 370w, https:\/\/www.tourisme-carcassonne.fr\/assets\/uploads\/2022\/05\/porte-daudesebastien-carles-2-768x998.jpg 768w, https:\/\/www.tourisme-carcassonne.fr\/assets\/uploads\/2022\/05\/porte-daudesebastien-carles-2-1182x1536.jpg 1182w, https:\/\/www.tourisme-carcassonne.fr\/assets\/uploads\/2022\/05\/porte-daudesebastien-carles-2-scaled.jpg 1576w\" sizes=\"(max-width: 1170px) 100vw, 1170px\" \/>\t\t\t\t\t\t\t\t\t\t\t<figcaption class=\"widget-image-caption wp-caption-text\"><\/figcaption>\n\t\t\t\t\t\t\t\t\t\t<\/figure>\n\t\t\t\t\t\t\t\t\t<\/div>\n\t\t\t\t<\/div>\n\t\t\t\t\t<\/div>\n\t\t<\/div>\n\t\t\t\t<div class=\"elementor-column elementor-col-50 elementor-top-column elementor-element elementor-element-210219d0 fs-texte\" data-id=\"210219d0\" data-element_type=\"column\" data-e-type=\"column\">\n\t\t\t<div class=\"elementor-widget-wrap elementor-element-populated\">\n\t\t\t\t\t\t<div class=\"elementor-element elementor-element-2098ff82 elementor-widget elementor-widget-text-editor\" data-id=\"2098ff82\" data-element_type=\"widget\" data-e-type=\"widget\" data-widget_type=\"text-editor.default\">\n\t\t\t\t<div class=\"elementor-widget-container\">\n\t\t\t\t\t\t\t\t\t<p>\u00a0<\/p><ol><li><strong>En 2015<\/strong> afin de valoriser l\u2019entr\u00e9e Ouest et de favoriser une meilleure gestion des stationnements et des flux, a \u00e9t\u00e9 r\u00e9alis\u00e9 <strong>un parking de 240 places<\/strong> dans un environnement naturel en bord d\u2019Aude. Facile d\u2019acc\u00e8s et pr\u00e8s de la Cit\u00e9 (400m\u00e8tres), il permet d\u2019acc\u00e9der au monument par la porte d\u2019Aude, v\u00e9ritable porte d\u00e9fensive de la Cit\u00e9. En effet la mont\u00e9e en calades est plus raide est moins ais\u00e9e que l\u2019entr\u00e9e par la Porte Narbonnaise mais c\u2019est la plus spectaculaire. \u00a0<\/li><li><strong>En 2016, les douves de la Cit\u00e9<\/strong> plus commun\u00e9ment appel\u00e9es \u00ab Foss\u00e9s de la Cit\u00e9 \u00bb \u00e9taient un lieu de stationnement de plus de 200 voitures aux abords m\u00eame du monument ne permettant pas d\u2019appr\u00e9cier le site \u00e0 sa juste valeur. Les voitures ont donc \u00e9t\u00e9 repositionn\u00e9es sur d\u2019autres parkings permettant ainsi une lecture du rempart plus appropri\u00e9e.<\/li><li>En 2016, une <strong>nouvelle aire de services<\/strong> pour les <strong>camping-cars<\/strong> a \u00e9t\u00e9 r\u00e9alis\u00e9e pr\u00e8s du camping municipal en entr\u00e9e Sud Cit\u00e9. L\u2019aire de camping-car compte 38 emplacements de 8 m\u00e8tres maximum sans \u00e9lectricit\u00e9, ainsi qu\u2019une aire de vidange. Ouverte toute l\u2019ann\u00e9e elle est g\u00e9r\u00e9e conjointement avec le camping municipal. <strong>L\u2019aire de stationnement de d\u00e9lestage a \u00e9t\u00e9 int\u00e9gralement refaire en 2016<\/strong> pour permettre une capacit\u00e9 \u00e0 plus de 600 places et une meilleure adaptation paysag\u00e8re.<\/li><li>L\u2019int\u00e9rieur de la Cit\u00e9 a fait l\u2019objet <strong>\u00e9galement d\u2019op\u00e9rations particuli\u00e8res\u00a0en 2018 puis 2019:<\/strong> r\u00e9fection de plusieurs rues \u2013 Rue Trencavel et Moulin d\u2019Avar, la mise en place de plaquette de rues, de signal\u00e9tique patrimoniale.<\/li><li><strong>Ces signal\u00e9tiques patrimoniales<\/strong> jalonnent toutes la ville et sont un moyen de mieux comprendre l\u2019histoire de Carcassonne et la richesse des monuments \u2013 lien circuits<\/li><\/ol>\t\t\t\t\t\t\t\t<\/div>\n\t\t\t\t<\/div>\n\t\t\t\t\t<\/div>\n\t\t<\/div>\n\t\t\t\t\t<\/div>\n\t\t<\/section>\n\t\t\t\t<\/div>\n\t\t","protected":false},"excerpt":{"rendered":"<p>Le Projet Grand Site \u00e0 Carcassonne La ville de Carcassonne consciente de la valeur de son patrimoine et d\u00e9sireuse de mieux r\u00e9pondre aux besoins est engag\u00e9e dans une Op\u00e9ration Grand Site de France. Label National de tourisme durable et de pr\u00e9servation du patrimoine naturel et culturel ce label engage les partenaires dans une d\u00e9marche d\u2019excellence [&hellip;]<\/p>\n","protected":false},"author":3,"featured_media":10099,"parent":13466,"menu_order":0,"comment_status":"closed","ping_status":"closed","template":"templates\/edito.php","meta":{"_acf_changed":false,"footnotes":""},"class_list":["post-13469","page","type-page","status-publish","has-post-thumbnail","hentry"],"acf":[],"yoast_head":"<!-- This site is optimized with the Yoast SEO plugin v27.1.1 - https:\/\/yoast.com\/product\/yoast-seo-wordpress\/ -->\n<title>Op\u00e9ration Grand Site : Carcassonne - Office de tourisme de Carcassonne<\/title>\n<meta name=\"robots\" content=\"index, follow, max-snippet:-1, max-image-preview:large, max-video-preview:-1\" \/>\n<link rel=\"canonical\" href=\"https:\/\/www.tourisme-carcassonne.fr\/es\/utiles\/socios\/operation-grand-site-carcassonne\/\" \/>\n<meta property=\"og:locale\" content=\"es_ES\" \/>\n<meta property=\"og:type\" content=\"article\" \/>\n<meta property=\"og:title\" content=\"Op\u00e9ration Grand Site : Carcassonne - Office de tourisme de Carcassonne\" \/>\n<meta property=\"og:description\" content=\"Le Projet Grand Site \u00e0 Carcassonne La ville de Carcassonne consciente de la valeur de son patrimoine et d\u00e9sireuse de mieux r\u00e9pondre aux besoins est engag\u00e9e dans une Op\u00e9ration Grand Site de France. Label National de tourisme durable et de pr\u00e9servation du patrimoine naturel et culturel ce label engage les partenaires dans une d\u00e9marche d\u2019excellence [&hellip;]\" \/>\n<meta property=\"og:url\" content=\"https:\/\/www.tourisme-carcassonne.fr\/es\/utiles\/socios\/operation-grand-site-carcassonne\/\" \/>\n<meta property=\"og:site_name\" content=\"Office de tourisme de Carcassonne\" \/>\n<meta property=\"article:publisher\" content=\"https:\/\/www.facebook.com\/tourismecarcassonne\/\" \/>\n<meta property=\"og:image\" content=\"http:\/\/www.tourisme-carcassonne.fr\/assets\/uploads\/2022\/05\/promenade-carcassonne-1-1170x1482.jpg\" \/>\n<meta name=\"twitter:card\" content=\"summary_large_image\" \/>\n<meta name=\"twitter:label1\" content=\"Tiempo de lectura\" \/>\n\t<meta name=\"twitter:data1\" content=\"6 minutos\" \/>\n<script type=\"application\/ld+json\" class=\"yoast-schema-graph\">{\"@context\":\"https:\/\/schema.org\",\"@graph\":[{\"@type\":\"WebPage\",\"@id\":\"https:\/\/www.tourisme-carcassonne.fr\/es\/utiles\/socios\/operation-grand-site-carcassonne\/\",\"url\":\"https:\/\/www.tourisme-carcassonne.fr\/es\/utiles\/socios\/operation-grand-site-carcassonne\/\",\"name\":\"Op\u00e9ration Grand Site : Carcassonne - Office de tourisme de Carcassonne\",\"isPartOf\":{\"@id\":\"https:\/\/www.tourisme-carcassonne.fr\/es\/#website\"},\"primaryImageOfPage\":{\"@id\":\"https:\/\/www.tourisme-carcassonne.fr\/es\/utiles\/socios\/operation-grand-site-carcassonne\/#primaryimage\"},\"image\":{\"@id\":\"https:\/\/www.tourisme-carcassonne.fr\/es\/utiles\/socios\/operation-grand-site-carcassonne\/#primaryimage\"},\"thumbnailUrl\":\"https:\/\/www.tourisme-carcassonne.fr\/assets\/uploads\/2022\/05\/2006-img-5094cr2.jpg\",\"datePublished\":\"2022-05-04T13:32:08+00:00\",\"breadcrumb\":{\"@id\":\"https:\/\/www.tourisme-carcassonne.fr\/es\/utiles\/socios\/operation-grand-site-carcassonne\/#breadcrumb\"},\"inLanguage\":\"es\",\"potentialAction\":[{\"@type\":\"ReadAction\",\"target\":[\"https:\/\/www.tourisme-carcassonne.fr\/es\/utiles\/socios\/operation-grand-site-carcassonne\/\"]}]},{\"@type\":\"ImageObject\",\"inLanguage\":\"es\",\"@id\":\"https:\/\/www.tourisme-carcassonne.fr\/es\/utiles\/socios\/operation-grand-site-carcassonne\/#primaryimage\",\"url\":\"https:\/\/www.tourisme-carcassonne.fr\/assets\/uploads\/2022\/05\/2006-img-5094cr2.jpg\",\"contentUrl\":\"https:\/\/www.tourisme-carcassonne.fr\/assets\/uploads\/2022\/05\/2006-img-5094cr2.jpg\",\"width\":1280,\"height\":851,\"caption\":\"\u00a9 OGS Carcassonne\"},{\"@type\":\"BreadcrumbList\",\"@id\":\"https:\/\/www.tourisme-carcassonne.fr\/es\/utiles\/socios\/operation-grand-site-carcassonne\/#breadcrumb\",\"itemListElement\":[{\"@type\":\"ListItem\",\"position\":1,\"name\":\"Accueil\",\"item\":\"https:\/\/www.tourisme-carcassonne.fr\/es\/\"},{\"@type\":\"ListItem\",\"position\":2,\"name\":\"\u00datiles\",\"item\":\"https:\/\/www.tourisme-carcassonne.fr\/es\/utiles\/\"},{\"@type\":\"ListItem\",\"position\":3,\"name\":\"Informaci\u00f3n para socios\",\"item\":\"https:\/\/www.tourisme-carcassonne.fr\/es\/pratique\/partenaires\/\"},{\"@type\":\"ListItem\",\"position\":4,\"name\":\"Op\u00e9ration Grand Site : Carcassonne\"}]},{\"@type\":\"WebSite\",\"@id\":\"https:\/\/www.tourisme-carcassonne.fr\/es\/#website\",\"url\":\"https:\/\/www.tourisme-carcassonne.fr\/es\/\",\"name\":\"Office de tourisme de Carcassonne\",\"description\":\"\",\"publisher\":{\"@id\":\"https:\/\/www.tourisme-carcassonne.fr\/es\/#organization\"},\"potentialAction\":[{\"@type\":\"SearchAction\",\"target\":{\"@type\":\"EntryPoint\",\"urlTemplate\":\"https:\/\/www.tourisme-carcassonne.fr\/es\/?s={search_term_string}\"},\"query-input\":{\"@type\":\"PropertyValueSpecification\",\"valueRequired\":true,\"valueName\":\"search_term_string\"}}],\"inLanguage\":\"es\"},{\"@type\":\"Organization\",\"@id\":\"https:\/\/www.tourisme-carcassonne.fr\/es\/#organization\",\"name\":\"Office de tourisme de Carcassonne\",\"url\":\"https:\/\/www.tourisme-carcassonne.fr\/es\/\",\"logo\":{\"@type\":\"ImageObject\",\"inLanguage\":\"es\",\"@id\":\"https:\/\/www.tourisme-carcassonne.fr\/es\/#\/schema\/logo\/image\/\",\"url\":\"https:\/\/www.tourisme-carcassonne.fr\/assets\/uploads\/2021\/11\/logo-carcassonne.svg\",\"contentUrl\":\"https:\/\/www.tourisme-carcassonne.fr\/assets\/uploads\/2021\/11\/logo-carcassonne.svg\",\"width\":167,\"height\":49,\"caption\":\"Office de tourisme de Carcassonne\"},\"image\":{\"@id\":\"https:\/\/www.tourisme-carcassonne.fr\/es\/#\/schema\/logo\/image\/\"},\"sameAs\":[\"https:\/\/www.facebook.com\/tourismecarcassonne\/\",\"https:\/\/www.instagram.com\/tourismecarcassonne\/\"]}]}<\/script>\n<!-- \/ Yoast SEO plugin. -->","yoast_head_json":{"title":"Op\u00e9ration Grand Site : Carcassonne - Office de tourisme de Carcassonne","robots":{"index":"index","follow":"follow","max-snippet":"max-snippet:-1","max-image-preview":"max-image-preview:large","max-video-preview":"max-video-preview:-1"},"canonical":"https:\/\/www.tourisme-carcassonne.fr\/es\/utiles\/socios\/operation-grand-site-carcassonne\/","og_locale":"es_ES","og_type":"article","og_title":"Op\u00e9ration Grand Site : Carcassonne - Office de tourisme de Carcassonne","og_description":"Le Projet Grand Site \u00e0 Carcassonne La ville de Carcassonne consciente de la valeur de son patrimoine et d\u00e9sireuse de mieux r\u00e9pondre aux besoins est engag\u00e9e dans une Op\u00e9ration Grand Site de France. Label National de tourisme durable et de pr\u00e9servation du patrimoine naturel et culturel ce label engage les partenaires dans une d\u00e9marche d\u2019excellence [&hellip;]","og_url":"https:\/\/www.tourisme-carcassonne.fr\/es\/utiles\/socios\/operation-grand-site-carcassonne\/","og_site_name":"Office de tourisme de Carcassonne","article_publisher":"https:\/\/www.facebook.com\/tourismecarcassonne\/","og_image":[{"url":"http:\/\/www.tourisme-carcassonne.fr\/assets\/uploads\/2022\/05\/promenade-carcassonne-1-1170x1482.jpg","type":"","width":"","height":""}],"twitter_card":"summary_large_image","twitter_misc":{"Tiempo de lectura":"6 minutos"},"schema":{"@context":"https:\/\/schema.org","@graph":[{"@type":"WebPage","@id":"https:\/\/www.tourisme-carcassonne.fr\/es\/utiles\/socios\/operation-grand-site-carcassonne\/","url":"https:\/\/www.tourisme-carcassonne.fr\/es\/utiles\/socios\/operation-grand-site-carcassonne\/","name":"Op\u00e9ration Grand Site : Carcassonne - Office de tourisme de Carcassonne","isPartOf":{"@id":"https:\/\/www.tourisme-carcassonne.fr\/es\/#website"},"primaryImageOfPage":{"@id":"https:\/\/www.tourisme-carcassonne.fr\/es\/utiles\/socios\/operation-grand-site-carcassonne\/#primaryimage"},"image":{"@id":"https:\/\/www.tourisme-carcassonne.fr\/es\/utiles\/socios\/operation-grand-site-carcassonne\/#primaryimage"},"thumbnailUrl":"https:\/\/www.tourisme-carcassonne.fr\/assets\/uploads\/2022\/05\/2006-img-5094cr2.jpg","datePublished":"2022-05-04T13:32:08+00:00","breadcrumb":{"@id":"https:\/\/www.tourisme-carcassonne.fr\/es\/utiles\/socios\/operation-grand-site-carcassonne\/#breadcrumb"},"inLanguage":"es","potentialAction":[{"@type":"ReadAction","target":["https:\/\/www.tourisme-carcassonne.fr\/es\/utiles\/socios\/operation-grand-site-carcassonne\/"]}]},{"@type":"ImageObject","inLanguage":"es","@id":"https:\/\/www.tourisme-carcassonne.fr\/es\/utiles\/socios\/operation-grand-site-carcassonne\/#primaryimage","url":"https:\/\/www.tourisme-carcassonne.fr\/assets\/uploads\/2022\/05\/2006-img-5094cr2.jpg","contentUrl":"https:\/\/www.tourisme-carcassonne.fr\/assets\/uploads\/2022\/05\/2006-img-5094cr2.jpg","width":1280,"height":851,"caption":"\u00a9 OGS Carcassonne"},{"@type":"BreadcrumbList","@id":"https:\/\/www.tourisme-carcassonne.fr\/es\/utiles\/socios\/operation-grand-site-carcassonne\/#breadcrumb","itemListElement":[{"@type":"ListItem","position":1,"name":"Accueil","item":"https:\/\/www.tourisme-carcassonne.fr\/es\/"},{"@type":"ListItem","position":2,"name":"\u00datiles","item":"https:\/\/www.tourisme-carcassonne.fr\/es\/utiles\/"},{"@type":"ListItem","position":3,"name":"Informaci\u00f3n para socios","item":"https:\/\/www.tourisme-carcassonne.fr\/es\/pratique\/partenaires\/"},{"@type":"ListItem","position":4,"name":"Op\u00e9ration Grand Site : Carcassonne"}]},{"@type":"WebSite","@id":"https:\/\/www.tourisme-carcassonne.fr\/es\/#website","url":"https:\/\/www.tourisme-carcassonne.fr\/es\/","name":"Office de tourisme de Carcassonne","description":"","publisher":{"@id":"https:\/\/www.tourisme-carcassonne.fr\/es\/#organization"},"potentialAction":[{"@type":"SearchAction","target":{"@type":"EntryPoint","urlTemplate":"https:\/\/www.tourisme-carcassonne.fr\/es\/?s={search_term_string}"},"query-input":{"@type":"PropertyValueSpecification","valueRequired":true,"valueName":"search_term_string"}}],"inLanguage":"es"},{"@type":"Organization","@id":"https:\/\/www.tourisme-carcassonne.fr\/es\/#organization","name":"Office de tourisme de Carcassonne","url":"https:\/\/www.tourisme-carcassonne.fr\/es\/","logo":{"@type":"ImageObject","inLanguage":"es","@id":"https:\/\/www.tourisme-carcassonne.fr\/es\/#\/schema\/logo\/image\/","url":"https:\/\/www.tourisme-carcassonne.fr\/assets\/uploads\/2021\/11\/logo-carcassonne.svg","contentUrl":"https:\/\/www.tourisme-carcassonne.fr\/assets\/uploads\/2021\/11\/logo-carcassonne.svg","width":167,"height":49,"caption":"Office de tourisme de Carcassonne"},"image":{"@id":"https:\/\/www.tourisme-carcassonne.fr\/es\/#\/schema\/logo\/image\/"},"sameAs":["https:\/\/www.facebook.com\/tourismecarcassonne\/","https:\/\/www.instagram.com\/tourismecarcassonne\/"]}]}},"_links":{"self":[{"href":"https:\/\/www.tourisme-carcassonne.fr\/es\/wp-json\/wp\/v2\/pages\/13469","targetHints":{"allow":["GET"]}}],"collection":[{"href":"https:\/\/www.tourisme-carcassonne.fr\/es\/wp-json\/wp\/v2\/pages"}],"about":[{"href":"https:\/\/www.tourisme-carcassonne.fr\/es\/wp-json\/wp\/v2\/types\/page"}],"author":[{"embeddable":true,"href":"https:\/\/www.tourisme-carcassonne.fr\/es\/wp-json\/wp\/v2\/users\/3"}],"replies":[{"embeddable":true,"href":"https:\/\/www.tourisme-carcassonne.fr\/es\/wp-json\/wp\/v2\/comments?post=13469"}],"version-history":[{"count":0,"href":"https:\/\/www.tourisme-carcassonne.fr\/es\/wp-json\/wp\/v2\/pages\/13469\/revisions"}],"up":[{"embeddable":true,"href":"https:\/\/www.tourisme-carcassonne.fr\/es\/wp-json\/wp\/v2\/pages\/13466"}],"wp:featuredmedia":[{"embeddable":true,"href":"https:\/\/www.tourisme-carcassonne.fr\/es\/wp-json\/wp\/v2\/media\/10099"}],"wp:attachment":[{"href":"https:\/\/www.tourisme-carcassonne.fr\/es\/wp-json\/wp\/v2\/media?parent=13469"}],"curies":[{"name":"wp","href":"https:\/\/api.w.org\/{rel}","templated":true}]}}