{"id":13340,"date":"2021-11-19T15:50:28","date_gmt":"2021-11-19T15:50:28","guid":{"rendered":"https:\/\/www.tourisme-carcassonne.fr\/preparer\/autour-de-carcassonne\/les-sites-du-pays-cathares\/"},"modified":"2022-08-31T17:35:28","modified_gmt":"2022-08-31T15:35:28","slug":"sitios-del-pais-cataro","status":"publish","type":"page","link":"https:\/\/www.tourisme-carcassonne.fr\/es\/preparar\/alrededores-de-carcasona\/sitios-del-pais-cataro\/","title":{"rendered":"Los lugares del pa\u00eds \u00abc\u00e1taro\u00bb"},"content":{"rendered":"\t\t<div data-elementor-type=\"wp-page\" data-elementor-id=\"13340\" class=\"elementor elementor-13340 elementor-503\" data-elementor-post-type=\"page\">\n\t\t\t\t\t\t<section class=\"elementor-section elementor-top-section elementor-element elementor-element-6885846a elementor-fs-modele-texte100 elementor-section-boxed elementor-section-height-default elementor-section-height-default\" data-id=\"6885846a\" data-element_type=\"section\" data-e-type=\"section\">\n\t\t\t\t\t\t<div class=\"elementor-container elementor-column-gap-default\">\n\t\t\t\t\t<div class=\"elementor-column elementor-col-100 elementor-top-column elementor-element elementor-element-6100d8f fs-texte\" data-id=\"6100d8f\" data-element_type=\"column\" data-e-type=\"column\">\n\t\t\t<div class=\"elementor-widget-wrap elementor-element-populated\">\n\t\t\t\t\t\t<div class=\"elementor-element elementor-element-7853b82a elementor-widget elementor-widget-text-editor\" data-id=\"7853b82a\" data-element_type=\"widget\" data-e-type=\"widget\" data-widget_type=\"text-editor.default\">\n\t\t\t\t<div class=\"elementor-widget-container\">\n\t\t\t\t\t\t\t\t\t<h2>Un territorio hermoso y generoso<\/h2><p>Carcasona y sus alrededores tienen una situaci\u00f3n geogr\u00e1fica excepcional y ofrecen <strong>una gran diversidad de paisajes y muchas riquezas a un paso de la ciudad.<\/strong> Una naturaleza generosa y preservada, entre\u00a0 mar y monta\u00f1a, entre vi\u00f1a y bosque, entre lago y desfiladeros&#8230;<strong>Un rico patrimonio hist\u00f3rico y cultural<\/strong> marcado por la huella del catarismo. Carcassonne le garantiza una estancia rica y variada.<\/p>\t\t\t\t\t\t\t\t<\/div>\n\t\t\t\t<\/div>\n\t\t\t\t\t<\/div>\n\t\t<\/div>\n\t\t\t\t\t<\/div>\n\t\t<\/section>\n\t\t\t\t<section class=\"elementor-section elementor-top-section elementor-element elementor-element-5e79f68b elementor-fs-modele-photo33-texte66 elementor-section-boxed elementor-section-height-default elementor-section-height-default\" data-id=\"5e79f68b\" data-element_type=\"section\" data-e-type=\"section\">\n\t\t\t\t\t\t<div class=\"elementor-container elementor-column-gap-no\">\n\t\t\t\t\t<div class=\"elementor-column elementor-col-50 elementor-top-column elementor-element elementor-element-44c3be01 fs-photo\" data-id=\"44c3be01\" data-element_type=\"column\" data-e-type=\"column\">\n\t\t\t<div class=\"elementor-widget-wrap elementor-element-populated\">\n\t\t\t\t\t\t<div class=\"elementor-element elementor-element-1dd2d04f elementor-widget elementor-widget-image\" data-id=\"1dd2d04f\" data-element_type=\"widget\" data-e-type=\"widget\" data-widget_type=\"image.default\">\n\t\t\t\t<div class=\"elementor-widget-container\">\n\t\t\t\t\t\t\t\t\t\t\t\t<figure class=\"wp-caption\">\n\t\t\t\t\t\t\t\t\t\t<img fetchpriority=\"high\" decoding=\"async\" width=\"1170\" height=\"780\" src=\"https:\/\/www.tourisme-carcassonne.fr\/assets\/uploads\/2022\/02\/2020-cite-confine-2660-jr-2400px-1170x780.jpg\" class=\"attachment-large size-large wp-image-8646\" alt=\"\" srcset=\"https:\/\/www.tourisme-carcassonne.fr\/assets\/uploads\/2022\/02\/2020-cite-confine-2660-jr-2400px-1170x780.jpg 1170w, https:\/\/www.tourisme-carcassonne.fr\/assets\/uploads\/2022\/02\/2020-cite-confine-2660-jr-2400px-570x380.jpg 570w, https:\/\/www.tourisme-carcassonne.fr\/assets\/uploads\/2022\/02\/2020-cite-confine-2660-jr-2400px-370x247.jpg 370w, https:\/\/www.tourisme-carcassonne.fr\/assets\/uploads\/2022\/02\/2020-cite-confine-2660-jr-2400px-768x512.jpg 768w, https:\/\/www.tourisme-carcassonne.fr\/assets\/uploads\/2022\/02\/2020-cite-confine-2660-jr-2400px-1536x1024.jpg 1536w, https:\/\/www.tourisme-carcassonne.fr\/assets\/uploads\/2022\/02\/2020-cite-confine-2660-jr-2400px-scaled.jpg 2048w\" sizes=\"(max-width: 1170px) 100vw, 1170px\" \/>\t\t\t\t\t\t\t\t\t\t\t<figcaption class=\"widget-image-caption wp-caption-text\">\u00a9 J.Roche - Ville de Carcassonne<\/figcaption>\n\t\t\t\t\t\t\t\t\t\t<\/figure>\n\t\t\t\t\t\t\t\t\t<\/div>\n\t\t\t\t<\/div>\n\t\t\t\t\t<\/div>\n\t\t<\/div>\n\t\t\t\t<div class=\"elementor-column elementor-col-50 elementor-top-column elementor-element elementor-element-57532ca2 fs-texte\" data-id=\"57532ca2\" data-element_type=\"column\" data-e-type=\"column\">\n\t\t\t<div class=\"elementor-widget-wrap elementor-element-populated\">\n\t\t\t\t\t\t<div class=\"elementor-element elementor-element-6adfadf7 elementor-widget elementor-widget-text-editor\" data-id=\"6adfadf7\" data-element_type=\"widget\" data-e-type=\"widget\" data-widget_type=\"text-editor.default\">\n\t\t\t\t<div class=\"elementor-widget-container\">\n\t\t\t\t\t\t\t\t\t<h3>Aude, Ari\u00e8ge y Pirineos Orientales<\/h3><h2>le dan la bienvenida al pa\u00eds c\u00e1taro<\/h2><p>Los alrededores de Carcasona son incre\u00edblemente ricos en cultura y naturaleza. Es la garant\u00eda de una estancia rica y variada. La ciudad de Carcasona tiene una situaci\u00f3n geogr\u00e1fica excepcional y ofrece una gran diversidad de paisajes.<\/p><ul><li>Una naturaleza generosa y preservada, entre\u00a0 mar y monta\u00f1a, entre vi\u00f1a y bosque, entre lago y desfiladeros&#8230;<\/li><li><strong>Un rico patrimonio hist\u00f3rico y cultural<\/strong> marcado por la huella del catarismo.<\/li><\/ul>\t\t\t\t\t\t\t\t<\/div>\n\t\t\t\t<\/div>\n\t\t\t\t\t<\/div>\n\t\t<\/div>\n\t\t\t\t\t<\/div>\n\t\t<\/section>\n\t\t\t\t<section class=\"elementor-section elementor-top-section elementor-element elementor-element-6c36df2e elementor-section-content-middle elementor-fs-modele-texte50-2photos50 elementor-section-boxed elementor-section-height-default elementor-section-height-default\" data-id=\"6c36df2e\" data-element_type=\"section\" data-e-type=\"section\">\n\t\t\t\t\t\t<div class=\"elementor-container elementor-column-gap-no\">\n\t\t\t\t\t<div class=\"elementor-column elementor-col-50 elementor-top-column elementor-element elementor-element-2b68bac fs-texte\" data-id=\"2b68bac\" data-element_type=\"column\" data-e-type=\"column\">\n\t\t\t<div class=\"elementor-widget-wrap elementor-element-populated\">\n\t\t\t\t\t\t<div class=\"elementor-element elementor-element-1e1145d9 elementor-widget elementor-widget-text-editor\" data-id=\"1e1145d9\" data-element_type=\"widget\" data-e-type=\"widget\" data-widget_type=\"text-editor.default\">\n\t\t\t\t<div class=\"elementor-widget-container\">\n\t\t\t\t\t\t\t\t\t<h4>\u00bfQu\u00e9 es el catarismo?<\/h4><ul><li>Es un movimiento <strong>religioso cristiano<\/strong> que se desarroll\u00f3 durante la Edad Media en el suroeste de Francia. Este movimiento fue declarado <strong>her\u00e9tico<\/strong> por la Iglesia Cat\u00f3lica y fue fuertemente combatido hasta que se perdi\u00f3 el \u00faltimo castillo.<\/li><li>En las librer\u00edas de Carcasona se pueden encontrar <strong>muchos libros<\/strong> para descubrir la complejidad del catarismo.<\/li><\/ul>\t\t\t\t\t\t\t\t<\/div>\n\t\t\t\t<\/div>\n\t\t\t\t\t<\/div>\n\t\t<\/div>\n\t\t\t\t<div class=\"elementor-column elementor-col-50 elementor-top-column elementor-element elementor-element-3d3e8186 fs-photo\" data-id=\"3d3e8186\" data-element_type=\"column\" data-e-type=\"column\">\n\t\t\t<div class=\"elementor-widget-wrap elementor-element-populated\">\n\t\t\t\t\t\t<div class=\"elementor-element elementor-element-43402d55 fs-photo01 elementor-widget elementor-widget-image\" data-id=\"43402d55\" data-element_type=\"widget\" data-e-type=\"widget\" data-widget_type=\"image.default\">\n\t\t\t\t<div class=\"elementor-widget-container\">\n\t\t\t\t\t\t\t\t\t\t\t\t<figure class=\"wp-caption\">\n\t\t\t\t\t\t\t\t\t\t<img decoding=\"async\" width=\"570\" height=\"381\" src=\"https:\/\/www.tourisme-carcassonne.fr\/assets\/uploads\/2022\/02\/les-cathares-2-570x381.jpg\" class=\"attachment-medium size-medium wp-image-8649\" alt=\"\" srcset=\"https:\/\/www.tourisme-carcassonne.fr\/assets\/uploads\/2022\/02\/les-cathares-2-570x381.jpg 570w, https:\/\/www.tourisme-carcassonne.fr\/assets\/uploads\/2022\/02\/les-cathares-2-1170x783.jpg 1170w, https:\/\/www.tourisme-carcassonne.fr\/assets\/uploads\/2022\/02\/les-cathares-2-370x248.jpg 370w, https:\/\/www.tourisme-carcassonne.fr\/assets\/uploads\/2022\/02\/les-cathares-2-768x514.jpg 768w, https:\/\/www.tourisme-carcassonne.fr\/assets\/uploads\/2022\/02\/les-cathares-2-1536x1028.jpg 1536w, https:\/\/www.tourisme-carcassonne.fr\/assets\/uploads\/2022\/02\/les-cathares-2-scaled.jpg 2048w\" sizes=\"(max-width: 570px) 100vw, 570px\" \/>\t\t\t\t\t\t\t\t\t\t\t<figcaption class=\"widget-image-caption wp-caption-text\">\u00a9 Wikipedia Comm<\/figcaption>\n\t\t\t\t\t\t\t\t\t\t<\/figure>\n\t\t\t\t\t\t\t\t\t<\/div>\n\t\t\t\t<\/div>\n\t\t\t\t<div class=\"elementor-element elementor-element-3dadcd12 fs-photo02 elementor-widget elementor-widget-image\" data-id=\"3dadcd12\" data-element_type=\"widget\" data-e-type=\"widget\" data-widget_type=\"image.default\">\n\t\t\t\t<div class=\"elementor-widget-container\">\n\t\t\t\t\t\t\t\t\t\t\t\t<figure class=\"wp-caption\">\n\t\t\t\t\t\t\t\t\t\t<img decoding=\"async\" width=\"570\" height=\"381\" src=\"https:\/\/www.tourisme-carcassonne.fr\/assets\/uploads\/2022\/02\/les-cathares-2-570x381.jpg\" class=\"attachment-medium size-medium wp-image-8649\" alt=\"\" srcset=\"https:\/\/www.tourisme-carcassonne.fr\/assets\/uploads\/2022\/02\/les-cathares-2-570x381.jpg 570w, https:\/\/www.tourisme-carcassonne.fr\/assets\/uploads\/2022\/02\/les-cathares-2-1170x783.jpg 1170w, https:\/\/www.tourisme-carcassonne.fr\/assets\/uploads\/2022\/02\/les-cathares-2-370x248.jpg 370w, https:\/\/www.tourisme-carcassonne.fr\/assets\/uploads\/2022\/02\/les-cathares-2-768x514.jpg 768w, https:\/\/www.tourisme-carcassonne.fr\/assets\/uploads\/2022\/02\/les-cathares-2-1536x1028.jpg 1536w, https:\/\/www.tourisme-carcassonne.fr\/assets\/uploads\/2022\/02\/les-cathares-2-scaled.jpg 2048w\" sizes=\"(max-width: 570px) 100vw, 570px\" \/>\t\t\t\t\t\t\t\t\t\t\t<figcaption class=\"widget-image-caption wp-caption-text\">\u00a9 Wikipedia Comm<\/figcaption>\n\t\t\t\t\t\t\t\t\t\t<\/figure>\n\t\t\t\t\t\t\t\t\t<\/div>\n\t\t\t\t<\/div>\n\t\t\t\t\t<\/div>\n\t\t<\/div>\n\t\t\t\t\t<\/div>\n\t\t<\/section>\n\t\t\t\t<section class=\"elementor-section elementor-top-section elementor-element elementor-element-6bb416e1 elementor-fs-modele-texte100 elementor-section-boxed elementor-section-height-default elementor-section-height-default\" data-id=\"6bb416e1\" data-element_type=\"section\" data-e-type=\"section\">\n\t\t\t\t\t\t<div class=\"elementor-container elementor-column-gap-default\">\n\t\t\t\t\t<div class=\"elementor-column elementor-col-100 elementor-top-column elementor-element elementor-element-74f32fbd fs-texte\" data-id=\"74f32fbd\" data-element_type=\"column\" data-e-type=\"column\">\n\t\t\t<div class=\"elementor-widget-wrap elementor-element-populated\">\n\t\t\t\t\t\t<div class=\"elementor-element elementor-element-38931c74 elementor-widget elementor-widget-text-editor\" data-id=\"38931c74\" data-element_type=\"widget\" data-e-type=\"widget\" data-widget_type=\"text-editor.default\">\n\t\t\t\t<div class=\"elementor-widget-container\">\n\t\t\t\t\t\t\t\t\t<h1>Los castillos del Pa\u00eds C\u00e1taro<\/h1>\t\t\t\t\t\t\t\t<\/div>\n\t\t\t\t<\/div>\n\t\t\t\t\t<\/div>\n\t\t<\/div>\n\t\t\t\t\t<\/div>\n\t\t<\/section>\n\t\t\t\t<section class=\"elementor-section elementor-top-section elementor-element elementor-element-561b34ff elementor-section-full_width elementor-fs-modele-diapo1OOfull elementor-section-height-default elementor-section-height-default\" data-id=\"561b34ff\" data-element_type=\"section\" data-e-type=\"section\">\n\t\t\t\t\t\t<div class=\"elementor-container elementor-column-gap-no\">\n\t\t\t\t\t<div class=\"elementor-column elementor-col-100 elementor-top-column elementor-element elementor-element-13abb200\" data-id=\"13abb200\" data-element_type=\"column\" data-e-type=\"column\">\n\t\t\t<div class=\"elementor-widget-wrap elementor-element-populated\">\n\t\t\t\t\t\t<div class=\"elementor-element elementor-element-aa2f013 elementor--h-position-left elementor--v-position-middle elementor-arrows-position-inside elementor-pagination-position-inside elementor-widget elementor-widget-slides\" data-id=\"aa2f013\" data-element_type=\"widget\" data-e-type=\"widget\" data-settings=\"{&quot;autoplay_speed&quot;:3500,&quot;navigation&quot;:&quot;both&quot;,&quot;autoplay&quot;:&quot;yes&quot;,&quot;pause_on_hover&quot;:&quot;yes&quot;,&quot;pause_on_interaction&quot;:&quot;yes&quot;,&quot;infinite&quot;:&quot;yes&quot;,&quot;transition&quot;:&quot;slide&quot;,&quot;transition_speed&quot;:500}\" data-widget_type=\"slides.default\">\n\t\t\t\t<div class=\"elementor-widget-container\">\n\t\t\t\t\t\t\t\t\t<div class=\"elementor-swiper\">\n\t\t\t\t\t<div class=\"elementor-slides-wrapper elementor-main-swiper swiper\" role=\"region\" aria-roledescription=\"carousel\" aria-label=\"Diapositivas\" dir=\"ltr\" data-animation=\"\">\n\t\t\t\t<div class=\"swiper-wrapper elementor-slides\">\n\t\t\t\t\t\t\t\t\t\t<div class=\"elementor-repeater-item-0f76770 swiper-slide\" role=\"group\" aria-roledescription=\"slide\"><div class=\"swiper-slide-bg\" role=\"img\" aria-label=\"\u00a9S\u00e9bastien Carles\"><\/div><div class=\"swiper-slide-inner\" ><div class=\"swiper-slide-contents\"><div class=\"elementor-slide-heading\">Los castillos de Lastours<\/div><div class=\"elementor-slide-description\">Estos 4 castillos erigidos en un espol\u00f3n rocoso dominan con orgullo el pueblo cuyas casas se extienden por las colinas y serpentean a lo largo de las sombreadas orillas del Orbiel. <\/div><a href=\"https:\/\/www.tourisme-carcassonne.fr\/activite-loisir\/chateaux-de-lastours\/\" target=\"_blank\" class=\"elementor-button elementor-slide-button elementor-size-sm\">M\u00e1s informaci\u00f3n<\/a><\/div><\/div><\/div><div class=\"elementor-repeater-item-c576833 swiper-slide\" role=\"group\" aria-roledescription=\"slide\"><div class=\"swiper-slide-bg\" role=\"img\" aria-label=\"Chateau de Peyrepertuse in Okzitanien in Frankreich\"><\/div><div class=\"swiper-slide-inner\" ><div class=\"swiper-slide-contents\"><div class=\"elementor-slide-heading\">El castillo de Peyrepertuse<\/div><div class=\"elementor-slide-description\">Antiguo castillo de los cruzados contra los albigenses, fue una de las fortalezas construidas por San Luis para proteger la frontera del Reino de Francia. <\/div><a href=\"https:\/\/www.tourisme-carcassonne.fr\/activite-loisir\/chateau-de-peyrepertuse\/\" target=\"_blank\" class=\"elementor-button elementor-slide-button elementor-size-sm\">M\u00e1s informaci\u00f3n<\/a><\/div><\/div><\/div><div class=\"elementor-repeater-item-ad44ca8 swiper-slide\" role=\"group\" aria-roledescription=\"slide\"><div class=\"swiper-slide-bg\" role=\"img\" aria-label=\"Ch\u00e2teau de Puilaurens Burg - castle Puilaurens in France\"><\/div><div class=\"swiper-slide-inner\" ><div class=\"swiper-slide-contents\"><div class=\"elementor-slide-heading\">El castillo de Puilaurens<\/div><div class=\"elementor-slide-description\">Este magn\u00edfico castillo es un ejemplo perfecto de la arquitectura militar medieval.  <\/div><a href=\"https:\/\/www.tourisme-carcassonne.fr\/activite-loisir\/chateau-de-puilaurens\/\" target=\"_blank\" class=\"elementor-button elementor-slide-button elementor-size-sm\">M\u00e1s informaci\u00f3n<\/a><\/div><\/div><\/div><div class=\"elementor-repeater-item-a58e074 swiper-slide\" role=\"group\" aria-roledescription=\"slide\"><div class=\"swiper-slide-bg\" role=\"img\" aria-label=\"\u00a9 Ch\u00e2teau de Queribus\"><\/div><div class=\"swiper-slide-inner\" ><div class=\"swiper-slide-contents\"><div class=\"elementor-slide-heading\">El castillo de Queribus<\/div><div class=\"elementor-slide-description\">Este maravilloso castillo domina las Corbi\u00e8res, la Fenouill\u00e8de y la llanura del Rosell\u00f3n desde sus 728 metros de altitud. <\/div><a href=\"https:\/\/www.tourisme-carcassonne.fr\/activite-loisir\/chateau-de-queribus\/\" target=\"_blank\" class=\"elementor-button elementor-slide-button elementor-size-sm\">M\u00e1s informaci\u00f3n<\/a><\/div><\/div><\/div><div class=\"elementor-repeater-item-27c229f swiper-slide\" role=\"group\" aria-roledescription=\"slide\"><div class=\"swiper-slide-bg\" role=\"img\" aria-label=\"Ch\u00e2teau_de_Monts\u00e9gur_depuis_le_village_redi\"><\/div><div class=\"swiper-slide-inner\" ><div class=\"swiper-slide-contents\"><div class=\"elementor-slide-heading\">El castillo de Monts\u00e9gur<\/div><div class=\"elementor-slide-description\">Construido a 1216 m, este castillo, s\u00edmbolo de la historia c\u00e1tara en el siglo XIII, se erige sobre el peque\u00f1o pueblo de Monts\u00e9gur. <\/div><div  class=\"elementor-button elementor-slide-button elementor-size-sm\">M\u00e1s informaci\u00f3n<\/div><\/div><\/div><\/div><div class=\"elementor-repeater-item-30ab82f swiper-slide\" role=\"group\" aria-roledescription=\"slide\"><div class=\"swiper-slide-bg\" role=\"img\" aria-label=\"Castle_of_Saissac002\"><\/div><div class=\"swiper-slide-inner\" ><div class=\"swiper-slide-contents\"><div class=\"elementor-slide-heading\">El castillo de Saissac<\/div><div class=\"elementor-slide-description\">El menos conocido de los castillos \"c\u00e1taros\", pero uno de los m\u00e1s antiguos y grandes. <\/div><a href=\"https:\/\/www.tourisme-carcassonne.fr\/activite-loisir\/chateau-de-saissac\/\" target=\"_blank\" class=\"elementor-button elementor-slide-button elementor-size-sm\">M\u00e1s informaci\u00f3n<\/a><\/div><\/div><\/div><div class=\"elementor-repeater-item-c2914ff swiper-slide\" role=\"group\" aria-roledescription=\"slide\"><div class=\"swiper-slide-bg\" role=\"img\" aria-label=\"\u00a9 C.G. Deschamps\"><\/div><div class=\"swiper-slide-inner\" ><div class=\"swiper-slide-contents\"><div class=\"elementor-slide-heading\">El castillo de Villerouge-Termen\u00e8s<\/div><div class=\"elementor-slide-description\">Situado en el pueblo de Villerouge-Termen\u00e8s, el castillo con sus altas murallas est\u00e1 enclavado en el centro de las Corbi\u00e8res. <\/div><a href=\"https:\/\/www.tourisme-carcassonne.fr\/point-d-interet\/villerouge-termenes\/\" target=\"_blank\" class=\"elementor-button elementor-slide-button elementor-size-sm\">M\u00e1s informaci\u00f3n<\/a><\/div><\/div><\/div>\t\t\t\t<\/div>\n\t\t\t\t\t\t\t\t\t\t\t\t\t\t\t<div class=\"elementor-swiper-button elementor-swiper-button-prev\" role=\"button\" tabindex=\"0\" aria-label=\"Diapositiva anterior\">\n\t\t\t\t\t\t\t<i aria-hidden=\"true\" class=\"eicon-chevron-left\"><\/i>\t\t\t\t\t\t<\/div>\n\t\t\t\t\t\t<div class=\"elementor-swiper-button elementor-swiper-button-next\" role=\"button\" tabindex=\"0\" aria-label=\"Diapositiva siguiente\">\n\t\t\t\t\t\t\t<i aria-hidden=\"true\" class=\"eicon-chevron-right\"><\/i>\t\t\t\t\t\t<\/div>\n\t\t\t\t\t\t\t\t\t\t\t\t\t\t\t\t<div class=\"swiper-pagination\"><\/div>\n\t\t\t\t\t\t\t\t\t\t\t\t<\/div>\n\t\t\t\t<\/div>\n\t\t\t\t\t\t\t\t<\/div>\n\t\t\t\t<\/div>\n\t\t\t\t\t<\/div>\n\t\t<\/div>\n\t\t\t\t\t<\/div>\n\t\t<\/section>\n\t\t\t\t<section class=\"elementor-section elementor-top-section elementor-element elementor-element-3639c3c elementor-fs-modele-texte100 elementor-section-boxed elementor-section-height-default elementor-section-height-default\" data-id=\"3639c3c\" data-element_type=\"section\" data-e-type=\"section\">\n\t\t\t\t\t\t<div class=\"elementor-container elementor-column-gap-default\">\n\t\t\t\t\t<div class=\"elementor-column elementor-col-100 elementor-top-column elementor-element elementor-element-dc1206c fs-texte\" data-id=\"dc1206c\" data-element_type=\"column\" data-e-type=\"column\">\n\t\t\t<div class=\"elementor-widget-wrap elementor-element-populated\">\n\t\t\t\t\t\t<div class=\"elementor-element elementor-element-e8f5833 elementor-widget elementor-widget-text-editor\" data-id=\"e8f5833\" data-element_type=\"widget\" data-e-type=\"widget\" data-widget_type=\"text-editor.default\">\n\t\t\t\t<div class=\"elementor-widget-container\">\n\t\t\t\t\t\t\t\t\t<h1>Las incre\u00edbles abad\u00edas del Aude<\/h1><p>Las abad\u00edas de la regi\u00f3n del Aude se distinguen por su belleza y su conservaci\u00f3n. Las abad\u00edas de la regi\u00f3n del Aude se distinguen por su belleza y su conservaci\u00f3n. Algunas de ellas fueron utilizadas para el rodaje de algunas pel\u00edculas. Verdaderas joyitas del patrimonio religioso para (re)descubrir.<\/p>\t\t\t\t\t\t\t\t<\/div>\n\t\t\t\t<\/div>\n\t\t\t\t\t<\/div>\n\t\t<\/div>\n\t\t\t\t\t<\/div>\n\t\t<\/section>\n\t\t\t\t<section class=\"elementor-section elementor-top-section elementor-element elementor-element-5182baea elementor-fs-modele-tis-playlist-liste-horizontale elementor-section-boxed elementor-section-height-default elementor-section-height-default\" data-id=\"5182baea\" data-element_type=\"section\" data-e-type=\"section\">\n\t\t\t\t\t\t<div class=\"elementor-container elementor-column-gap-no\">\n\t\t\t\t\t<div class=\"elementor-column elementor-col-100 elementor-top-column elementor-element elementor-element-1e0fc350\" data-id=\"1e0fc350\" data-element_type=\"column\" data-e-type=\"column\">\n\t\t\t<div class=\"elementor-widget-wrap elementor-element-populated\">\n\t\t\t\t\t\t<div class=\"elementor-element elementor-element-562edbae elementor-widget elementor-widget-fs-widget-playlist\" data-id=\"562edbae\" data-element_type=\"widget\" data-e-type=\"widget\" data-widget_type=\"fs-widget-playlist.default\">\n\t\t\t\t<div class=\"elementor-widget-container\">\n\t\t\t\t\t<div class=\"playlist_list render-list\"><div class=\"list list--coverflow fs-playlist-nb-element-4\">\t\t\t\t\t<div class=\"swiper fs_playlist-swiper\" id=\"swiper-carrousel-222\">\n\t\t\t\t<div class=\"swiper-wrapper\">\n\t\t\t\t\t<div class=\"swiper-slide\">\n<div class=\"card card--elementor-playlist\" data-id=\"12892\" data-post-id-sync-map=\"12892\" data-tis=\"offre\" data-structure=\"1-33-\" data-syndication=\"2-5-13266-\" data-offre=\"22-PCULAR0110000014-\" >\n\t<div class=\"card__vignette\">\n\t\t<img decoding=\"async\" src=\"https:\/\/cdt11.media.tourinsoft.eu\/upload\/-Idriss-Bigou-Gilles--72-.jpg?width=370&height=200&crop=1\" alt=\"\u00a9Idriss Bigou-Gilles (72)\" title=\"Abad\u00eda de Lagrasse\">\n\t<\/div>\n\n\t<div class=\"card__body\">\n\t\t\t\t\t<div class=\"commune\">\n\t\t\t\t<svg class=\"icon icon-marker\" aria-hidden=\"true\">\n\t\t\t\t\t<use xlink:href=\"https:\/\/www.tourisme-carcassonne.fr\/assets\/themes\/faire-savoir\/icons\/sprite.svg#marker\"><\/use>\n\t\t\t\t<\/svg>\n\t\t\t\tLAGRASSE\t\t\t<\/div>\n\t\t\n\t\t<h3 class=\"titre\"><a href=\"https:\/\/www.tourisme-carcassonne.fr\/es\/actividad\/abadia-de-lagrasse\/\"  target=\"_blank\" class=\"stretched-link\">Abad\u00eda de Lagrasse<\/a><\/h3>\n\t<\/div>\n<\/div>\n\n\t<\/div><div class=\"swiper-slide\">\n<div class=\"card card--elementor-playlist\" data-id=\"12893\" data-post-id-sync-map=\"12893\" data-tis=\"offre\" data-structure=\"1-33-\" data-syndication=\"2-5-13266-\" data-offre=\"22-PCULAR0110000015-\" >\n\t<div class=\"card__vignette\">\n\t\t<img decoding=\"async\" src=\"https:\/\/cdt11.media.tourinsoft.eu\/upload\/-yannmonel-fontfroide-3.jpg?width=370&height=200&crop=1\" alt=\"\u00a9yannmonel-fontfroide 3\" title=\"Abad\u00eda de Fontfroide\">\n\t<\/div>\n\n\t<div class=\"card__body\">\n\t\t\t\t\t<div class=\"commune\">\n\t\t\t\t<svg class=\"icon icon-marker\" aria-hidden=\"true\">\n\t\t\t\t\t<use xlink:href=\"https:\/\/www.tourisme-carcassonne.fr\/assets\/themes\/faire-savoir\/icons\/sprite.svg#marker\"><\/use>\n\t\t\t\t<\/svg>\n\t\t\t\tNARBONNE\t\t\t<\/div>\n\t\t\n\t\t<h3 class=\"titre\"><a href=\"https:\/\/www.tourisme-carcassonne.fr\/es\/actividad\/abadia-de-fontfroide\/\"  target=\"_blank\" class=\"stretched-link\">Abad\u00eda de Fontfroide<\/a><\/h3>\n\t<\/div>\n<\/div>\n\n\t<\/div><div class=\"swiper-slide\">\n<div class=\"card card--elementor-playlist\" data-id=\"12894\" data-post-id-sync-map=\"12894\" data-tis=\"offre\" data-structure=\"1-33-\" data-syndication=\"2-5-13266-\" data-offre=\"22-PCULAR0110000016-\" >\n\t<div class=\"card__vignette\">\n\t\t<img decoding=\"async\" src=\"https:\/\/cdt11.media.tourinsoft.eu\/upload\/Abbaye-de-Saint-Hilaire-3.jpg?width=370&height=200&crop=1\" alt=\"Abbaye de Saint-Hilaire 3\" title=\"Abad\u00eda de Saint-Hilaire\">\n\t<\/div>\n\n\t<div class=\"card__body\">\n\t\t\t\t\t<div class=\"commune\">\n\t\t\t\t<svg class=\"icon icon-marker\" aria-hidden=\"true\">\n\t\t\t\t\t<use xlink:href=\"https:\/\/www.tourisme-carcassonne.fr\/assets\/themes\/faire-savoir\/icons\/sprite.svg#marker\"><\/use>\n\t\t\t\t<\/svg>\n\t\t\t\tSAINT-HILAIRE\t\t\t<\/div>\n\t\t\n\t\t<h3 class=\"titre\"><a href=\"https:\/\/www.tourisme-carcassonne.fr\/es\/actividad\/abadia-de-saint-hilaire\/\"  target=\"_blank\" class=\"stretched-link\">Abad\u00eda de Saint-Hilaire<\/a><\/h3>\n\t<\/div>\n<\/div>\n\n\t<\/div><div class=\"swiper-slide\">\n<div class=\"card card--elementor-playlist\" data-id=\"12891\" data-post-id-sync-map=\"12891\" data-tis=\"offre\" data-structure=\"1-33-\" data-syndication=\"2-5-13266-\" data-offre=\"22-PCULAR0110000013-\" >\n\t<div class=\"card__vignette\">\n\t\t<img decoding=\"async\" src=\"https:\/\/cdt11.media.tourinsoft.eu\/upload\/caunes-6b9a1a3479ff4234873589d2033abce1.jpg?width=370&height=200&crop=1\" alt=\"caunes\" title=\"Abad\u00eda de Caunes-Minervois\">\n\t<\/div>\n\n\t<div class=\"card__body\">\n\t\t\t\t\t<div class=\"commune\">\n\t\t\t\t<svg class=\"icon icon-marker\" aria-hidden=\"true\">\n\t\t\t\t\t<use xlink:href=\"https:\/\/www.tourisme-carcassonne.fr\/assets\/themes\/faire-savoir\/icons\/sprite.svg#marker\"><\/use>\n\t\t\t\t<\/svg>\n\t\t\t\tCAUNES-MINERVOIS\t\t\t<\/div>\n\t\t\n\t\t<h3 class=\"titre\"><a href=\"https:\/\/www.tourisme-carcassonne.fr\/es\/actividad\/abadia-de-caunes-minervois\/\"  target=\"_blank\" class=\"stretched-link\">Abad\u00eda de Caunes-Minervois<\/a><\/h3>\n\t<\/div>\n<\/div>\n\n\t<\/div>\t\t\t\t<\/div>\n\t\t\t\t\t\t\t\t\t\t\t\t\t\t\t<div class=\"swiper-pagination\"><\/div>\n\t\t\t\t\t\n\t\t\t\t\t\n\t\t\t\t\t\t\t\t\t\t\t\t<\/div>\n\t\t\n\t\t\t\t\t<script>\n\t\t\t\tjQuery(function($){\n\t\t\t\t\t$(document).ready(function(){\n\t\t\t\t\t\tvar swiper = new Swiper(\"#swiper-carrousel-222\", {\"slidesPerView\":1,\"loop\":false,\"spaceBetween\":32,\"breakpoints\":{\"768\":{\"slidesPerView\":3},\"1280\":{\"slidesPerView\":4}},\"pagination\":{\"el\":\".swiper-pagination\",\"clickable\":true}});\n\t\t\t\t\t});\n\t\t\t\t})\n\t\t\t<\/script>\n\t\t<\/div><\/div>\t\t\t\t<\/div>\n\t\t\t\t<\/div>\n\t\t\t\t\t<\/div>\n\t\t<\/div>\n\t\t\t\t\t<\/div>\n\t\t<\/section>\n\t\t\t\t<section class=\"elementor-section elementor-top-section elementor-element elementor-element-3e94901d elementor-fs-modele-texte50-photo50 elementor-section-boxed elementor-section-height-default elementor-section-height-default\" data-id=\"3e94901d\" data-element_type=\"section\" data-e-type=\"section\">\n\t\t\t\t\t\t<div class=\"elementor-container elementor-column-gap-no\">\n\t\t\t\t\t<div class=\"elementor-column elementor-col-50 elementor-top-column elementor-element elementor-element-6d1d0dc9 fs-texte\" data-id=\"6d1d0dc9\" data-element_type=\"column\" data-e-type=\"column\">\n\t\t\t<div class=\"elementor-widget-wrap elementor-element-populated\">\n\t\t\t\t\t\t<div class=\"elementor-element elementor-element-34871f58 elementor-widget elementor-widget-text-editor\" data-id=\"34871f58\" data-element_type=\"widget\" data-e-type=\"widget\" data-widget_type=\"text-editor.default\">\n\t\t\t\t<div class=\"elementor-widget-container\">\n\t\t\t\t\t\t\t\t\t<h3>\u00bfQu\u00e9 hacer en los alrededores de Carcasona?<\/h3><h2>Un rico patrimonio al alcance de su mano<\/h2><p>En los alrededores de Carcasona hay numerosos castillos, abad\u00edas y otras estructuras religiosas, as\u00ed como museos. La ciudad de Carcasona es la<strong> base perfecta<\/strong> para descubrir la riqueza de su territorio.<\/p><p>Tambi\u00e9n encontrar\u00e1 <strong>pueblos t\u00edpicos y pintorescos<\/strong> para descubrir la convivialidad del sur de Francia.<\/p><p>El<strong> mapa interactivo<\/strong> le ayudar\u00e1 a visualizar y organizar su estancia.<\/p>\t\t\t\t\t\t\t\t<\/div>\n\t\t\t\t<\/div>\n\t\t\t\t<div class=\"elementor-element elementor-element-5617386a elementor-widget elementor-widget-button\" data-id=\"5617386a\" data-element_type=\"widget\" data-e-type=\"widget\" data-widget_type=\"button.default\">\n\t\t\t\t<div class=\"elementor-widget-container\">\n\t\t\t\t\t\t\t\t\t<div class=\"elementor-button-wrapper\">\n\t\t\t\t\t<a class=\"elementor-button elementor-button-link elementor-size-sm\" href=\"https:\/\/www.tourisme-carcassonne.fr\/preparer\/autour-de-carcassonne\/carte-aux-alentours\/\" target=\"_blank\">\n\t\t\t\t\t\t<span class=\"elementor-button-content-wrapper\">\n\t\t\t\t\t\t<span class=\"elementor-button-icon\">\n\t\t\t\t<i aria-hidden=\"true\" class=\"fas fa-map-marker-alt\"><\/i>\t\t\t<\/span>\n\t\t\t\t\t\t\t\t\t<span class=\"elementor-button-text\">Mapa interactivo<\/span>\n\t\t\t\t\t<\/span>\n\t\t\t\t\t<\/a>\n\t\t\t\t<\/div>\n\t\t\t\t\t\t\t\t<\/div>\n\t\t\t\t<\/div>\n\t\t\t\t\t<\/div>\n\t\t<\/div>\n\t\t\t\t<div class=\"elementor-column elementor-col-50 elementor-top-column elementor-element elementor-element-5cbcd21 fs-photo\" data-id=\"5cbcd21\" data-element_type=\"column\" data-e-type=\"column\">\n\t\t\t<div class=\"elementor-widget-wrap elementor-element-populated\">\n\t\t\t\t\t\t<div class=\"elementor-element elementor-element-1e350a61 elementor-widget elementor-widget-image\" data-id=\"1e350a61\" data-element_type=\"widget\" data-e-type=\"widget\" data-widget_type=\"image.default\">\n\t\t\t\t<div class=\"elementor-widget-container\">\n\t\t\t\t\t\t\t\t\t\t\t\t<figure class=\"wp-caption\">\n\t\t\t\t\t\t\t\t\t\t\t<a href=\"https:\/\/www.tourisme-carcassonne.fr\/preparer\/autour-de-carcassonne\/carte-aux-alentours\/\" target=\"_blank\">\n\t\t\t\t\t\t\t<img decoding=\"async\" width=\"570\" height=\"263\" src=\"https:\/\/www.tourisme-carcassonne.fr\/assets\/uploads\/2022\/05\/firefox-screenshot-2022-05-09t14-07-01616z-570x263.png\" class=\"attachment-medium size-medium wp-image-10172\" alt=\"\" srcset=\"https:\/\/www.tourisme-carcassonne.fr\/assets\/uploads\/2022\/05\/firefox-screenshot-2022-05-09t14-07-01616z-570x263.png 570w, https:\/\/www.tourisme-carcassonne.fr\/assets\/uploads\/2022\/05\/firefox-screenshot-2022-05-09t14-07-01616z-1170x539.png 1170w, https:\/\/www.tourisme-carcassonne.fr\/assets\/uploads\/2022\/05\/firefox-screenshot-2022-05-09t14-07-01616z-370x171.png 370w, https:\/\/www.tourisme-carcassonne.fr\/assets\/uploads\/2022\/05\/firefox-screenshot-2022-05-09t14-07-01616z-768x354.png 768w, https:\/\/www.tourisme-carcassonne.fr\/assets\/uploads\/2022\/05\/firefox-screenshot-2022-05-09t14-07-01616z-1536x708.png 1536w, https:\/\/www.tourisme-carcassonne.fr\/assets\/uploads\/2022\/05\/firefox-screenshot-2022-05-09t14-07-01616z.png 1636w\" sizes=\"(max-width: 570px) 100vw, 570px\" \/>\t\t\t\t\t\t\t\t<\/a>\n\t\t\t\t\t\t\t\t\t\t\t<figcaption class=\"widget-image-caption wp-caption-text\"><\/figcaption>\n\t\t\t\t\t\t\t\t\t\t<\/figure>\n\t\t\t\t\t\t\t\t\t<\/div>\n\t\t\t\t<\/div>\n\t\t\t\t\t<\/div>\n\t\t<\/div>\n\t\t\t\t\t<\/div>\n\t\t<\/section>\n\t\t\t\t<section class=\"elementor-section elementor-top-section elementor-element elementor-element-56060e7 elementor-fs-modele-texte33-xblocs33 elementor-section-boxed elementor-section-height-default elementor-section-height-default\" data-id=\"56060e7\" data-element_type=\"section\" data-e-type=\"section\">\n\t\t\t\t\t\t<div class=\"elementor-container elementor-column-gap-no\">\n\t\t\t\t\t<div class=\"elementor-column elementor-col-100 elementor-top-column elementor-element elementor-element-52f6ddf6\" data-id=\"52f6ddf6\" data-element_type=\"column\" data-e-type=\"column\">\n\t\t\t<div class=\"elementor-widget-wrap elementor-element-populated\">\n\t\t\t\t\t\t<div class=\"elementor-element elementor-element-2b8cdc6d elementor-widget elementor-widget-fs-widget-playlist\" data-id=\"2b8cdc6d\" data-element_type=\"widget\" data-e-type=\"widget\" data-widget_type=\"fs-widget-playlist.default\">\n\t\t\t\t<div class=\"elementor-widget-container\">\n\t\t\t\t\t<div class=\"playlist_list render-list\"><div class=\"list list--list_edito fs-playlist-nb-element-7\"><div class=\"intro-list\">\n\t<strong class=\"srtitre\">Descubra el territorio<\/strong>\n\n\t<h2 class=\"titre\">Excursiones de un d\u00eda<\/h2>\n\n\t<div class=\"intro\"><p>Tome su coche y descubra los alrededores de Carcasona con nuestra selecci\u00f3n de excursiones de un d\u00eda. Todos los recorridos comienzan en Carcasona y le permiten regresar a la ciudad por la noche.<\/p><\/div>\n<\/div><div class=\"el-list\">\n<div class=\"card card--elementor-playlist\" data-id=\"29010\" data-post-id-sync-map=\"29010\" data-tis=\"offre\" data-structure=\"1-33-\" data-syndication=\"2-5-13279-\" data-offre=\"15-ITILAR011V50VQOY-\" >\n\t<div class=\"card__vignette\">\n\t\t<img decoding=\"async\" src=\"https:\/\/cdt11.media.tourinsoft.eu\/upload\/Chateaux-de-Lastours--8--Sebastien-Carles.jpg?width=370&height=200&crop=1\" alt=\"Ch\u00e2teaux de Lastours (8) Sebastien Carles\" title=\"Sebastien Carles\">\n\t<\/div>\n\n\t<div class=\"card__body\">\n\t\t\t\t\t<div class=\"commune\">\n\t\t\t\t<svg class=\"icon icon-marker\" aria-hidden=\"true\">\n\t\t\t\t\t<use xlink:href=\"https:\/\/www.tourisme-carcassonne.fr\/assets\/themes\/faire-savoir\/icons\/sprite.svg#marker\"><\/use>\n\t\t\t\t<\/svg>\n\t\t\t\tCARCASSONNE\t\t\t<\/div>\n\t\t\n\t\t<h3 class=\"titre\"><a href=\"https:\/\/www.tourisme-carcassonne.fr\/es\/itinerario\/la-montana-negra-naturaleza-salvaje-y-preservada\/\"  target=\"_blank\" class=\"stretched-link\">LA MONTA\u00d1A NEGRA: NATURALEZA SALVAJE Y PRESERVADA <\/a><\/h3>\n\t<\/div>\n<\/div>\n\n\t<\/div><div class=\"el-list\">\n<div class=\"card card--elementor-playlist\" data-id=\"29014\" data-post-id-sync-map=\"29014\" data-tis=\"offre\" data-structure=\"1-33-\" data-syndication=\"2-5-13279-\" data-offre=\"15-ITILAR011V50VQP7-\" >\n\t<div class=\"card__vignette\">\n\t\t<img decoding=\"async\" src=\"https:\/\/cdt11.media.tourinsoft.eu\/upload\/hector-j-rivas-montolieu.jpg?width=370&height=200&crop=1\" alt=\"hector-j-rivas-montolieu\" title=\"Hector J Rivas\">\n\t<\/div>\n\n\t<div class=\"card__body\">\n\t\t\t\t\t<div class=\"commune\">\n\t\t\t\t<svg class=\"icon icon-marker\" aria-hidden=\"true\">\n\t\t\t\t\t<use xlink:href=\"https:\/\/www.tourisme-carcassonne.fr\/assets\/themes\/faire-savoir\/icons\/sprite.svg#marker\"><\/use>\n\t\t\t\t<\/svg>\n\t\t\t\tCARCASSONNE\t\t\t<\/div>\n\t\t\n\t\t<h3 class=\"titre\"><a href=\"https:\/\/www.tourisme-carcassonne.fr\/es\/itinerario\/en-el-camino-del-libro\/\"  target=\"_blank\" class=\"stretched-link\">EN EL CAMINO DEL LIBRO<\/a><\/h3>\n\t<\/div>\n<\/div>\n\n\t<\/div><div class=\"el-list\">\n<div class=\"card card--elementor-playlist\" data-id=\"29009\" data-post-id-sync-map=\"29009\" data-tis=\"offre\" data-structure=\"1-33-\" data-syndication=\"2-5-13279-\" data-offre=\"15-ITILAR011V50VQOX-\" >\n\t<div class=\"card__vignette\">\n\t\t<img decoding=\"async\" src=\"https:\/\/cdt11.media.tourinsoft.eu\/upload\/Saint-Hilaire-Sebastien-Carles.jpg?width=370&height=200&crop=1\" alt=\"Saint Hilaire\u00a9S\u00e9bastien Carles\" title=\"\u00a9S\u00e9bastien Carles\">\n\t<\/div>\n\n\t<div class=\"card__body\">\n\t\t\t\t\t<div class=\"commune\">\n\t\t\t\t<svg class=\"icon icon-marker\" aria-hidden=\"true\">\n\t\t\t\t\t<use xlink:href=\"https:\/\/www.tourisme-carcassonne.fr\/assets\/themes\/faire-savoir\/icons\/sprite.svg#marker\"><\/use>\n\t\t\t\t<\/svg>\n\t\t\t\tCARCASSONNE\t\t\t<\/div>\n\t\t\n\t\t<h3 class=\"titre\"><a href=\"https:\/\/www.tourisme-carcassonne.fr\/es\/itinerario\/el-macizo-de-corbieres-entre-castillos-y-abadias\/\"  target=\"_blank\" class=\"stretched-link\">EL MACIZO DE CORBI\u00c8RES: ENTRE CASTILLOS Y ABAD\u00cdAS<\/a><\/h3>\n\t<\/div>\n<\/div>\n\n\t<\/div><div class=\"el-list\">\n<div class=\"card card--elementor-playlist\" data-id=\"29011\" data-post-id-sync-map=\"29011\" data-tis=\"offre\" data-structure=\"1-33-\" data-syndication=\"2-5-13279-\" data-offre=\"15-ITILAR011V50VQOZ-\" >\n\t<div class=\"card__vignette\">\n\t\t<img decoding=\"async\" src=\"https:\/\/cdt11.media.tourinsoft.eu\/upload\/chateau-13-15-18-siecles-2.jpg?width=370&height=200&crop=1\" alt=\"chateau-13-15-18-siecles\" title=\"ADT AUDE\">\n\t<\/div>\n\n\t<div class=\"card__body\">\n\t\t\t\t\t<div class=\"commune\">\n\t\t\t\t<svg class=\"icon icon-marker\" aria-hidden=\"true\">\n\t\t\t\t\t<use xlink:href=\"https:\/\/www.tourisme-carcassonne.fr\/assets\/themes\/faire-savoir\/icons\/sprite.svg#marker\"><\/use>\n\t\t\t\t<\/svg>\n\t\t\t\tCARCASSONNE\t\t\t<\/div>\n\t\t\n\t\t<h3 class=\"titre\"><a href=\"https:\/\/www.tourisme-carcassonne.fr\/es\/itinerario\/ambiente-medieval\/\"  target=\"_blank\" class=\"stretched-link\">AMBIENTE MEDIEVAL<\/a><\/h3>\n\t<\/div>\n<\/div>\n\n\t<\/div><div class=\"el-list\">\n<div class=\"card card--elementor-playlist\" data-id=\"29012\" data-post-id-sync-map=\"29012\" data-tis=\"offre\" data-structure=\"1-33-\" data-syndication=\"2-5-13279-\" data-offre=\"15-ITILAR011V50VQP0-\" >\n\t<div class=\"card__vignette\">\n\t\t<img decoding=\"async\" src=\"https:\/\/cdt11.media.tourinsoft.eu\/upload\/Abbaye-Fontfroide-ADT-Aude.jpg?width=370&height=200&crop=1\" alt=\"Abbaye-Fontfroide\u00a9ADT-Aude\" title=\"Paul Palau\">\n\t<\/div>\n\n\t<div class=\"card__body\">\n\t\t\t\t\t<div class=\"commune\">\n\t\t\t\t<svg class=\"icon icon-marker\" aria-hidden=\"true\">\n\t\t\t\t\t<use xlink:href=\"https:\/\/www.tourisme-carcassonne.fr\/assets\/themes\/faire-savoir\/icons\/sprite.svg#marker\"><\/use>\n\t\t\t\t<\/svg>\n\t\t\t\tCARCASSONNE\t\t\t<\/div>\n\t\t\n\t\t<h3 class=\"titre\"><a href=\"https:\/\/www.tourisme-carcassonne.fr\/es\/itinerario\/entre-el-patrimonio-los-sabores-y-la-naturaleza\/\"  target=\"_blank\" class=\"stretched-link\">ENTRE EL PATRIMONIO, LOS SABORES Y LA NATURALEZA<\/a><\/h3>\n\t<\/div>\n<\/div>\n\n\t<\/div><div class=\"el-list\">\n<div class=\"card card--elementor-playlist\" data-id=\"29013\" data-post-id-sync-map=\"29013\" data-tis=\"offre\" data-structure=\"1-33-\" data-syndication=\"2-5-13279-\" data-offre=\"15-ITILAR011V50VQP1-\" >\n\t<div class=\"card__vignette\">\n\t\t<img decoding=\"async\" src=\"https:\/\/cdt11.media.tourinsoft.eu\/upload\/Caunes-Minervois-Sebastien-Carles--5-.jpg?width=370&height=200&crop=1\" alt=\"Caunes Minervois\u00a9S\u00e9bastien Carles (5)\" title=\"(C)Sebastien Carles\">\n\t<\/div>\n\n\t<div class=\"card__body\">\n\t\t\t\t\t<div class=\"commune\">\n\t\t\t\t<svg class=\"icon icon-marker\" aria-hidden=\"true\">\n\t\t\t\t\t<use xlink:href=\"https:\/\/www.tourisme-carcassonne.fr\/assets\/themes\/faire-savoir\/icons\/sprite.svg#marker\"><\/use>\n\t\t\t\t<\/svg>\n\t\t\t\tCARCASSONNE\t\t\t<\/div>\n\t\t\n\t\t<h3 class=\"titre\"><a href=\"https:\/\/www.tourisme-carcassonne.fr\/es\/itinerario\/descubrir-el-minervois\/\"  target=\"_blank\" class=\"stretched-link\">DESCUBRIR EL MINERVOIS<\/a><\/h3>\n\t<\/div>\n<\/div>\n\n\t<\/div><div class=\"el-list\">\n<div class=\"card card--elementor-playlist\" data-id=\"29008\" data-post-id-sync-map=\"29008\" data-tis=\"offre\" data-structure=\"1-33-\" data-syndication=\"2-5-13279-\" data-offre=\"15-ITILAR011V50VQOP-\" >\n\t<div class=\"card__vignette\">\n\t\t<img decoding=\"async\" src=\"https:\/\/cdt11.media.tourinsoft.eu\/upload\/Lagrasse-Sebastien-Carles--citadelles-du-vertige.jpg?width=370&height=200&crop=1\" alt=\"Lagrasse\u00a9S\u00e9bastien Carles_ citadelles du vertige\" title=\"\u00a9S\u00e9bastien Carles\">\n\t<\/div>\n\n\t<div class=\"card__body\">\n\t\t\t\t\t<div class=\"commune\">\n\t\t\t\t<svg class=\"icon icon-marker\" aria-hidden=\"true\">\n\t\t\t\t\t<use xlink:href=\"https:\/\/www.tourisme-carcassonne.fr\/assets\/themes\/faire-savoir\/icons\/sprite.svg#marker\"><\/use>\n\t\t\t\t<\/svg>\n\t\t\t\tCARCASSONNE\t\t\t<\/div>\n\t\t\n\t\t<h3 class=\"titre\"><a href=\"https:\/\/www.tourisme-carcassonne.fr\/es\/itinerario\/las-ciudadelas-del-vertigo\/\"  target=\"_blank\" class=\"stretched-link\">LAS CIUDADELAS DEL V\u00c9RTIGO<\/a><\/h3>\n\t<\/div>\n<\/div>\n\n\t<\/div><\/div><\/div>\t\t\t\t<\/div>\n\t\t\t\t<\/div>\n\t\t\t\t\t<\/div>\n\t\t<\/div>\n\t\t\t\t\t<\/div>\n\t\t<\/section>\n\t\t\t\t<\/div>\n\t\t","protected":false},"excerpt":{"rendered":"<p>Un territorio hermoso y generoso Carcasona y sus alrededores tienen una situaci\u00f3n geogr\u00e1fica excepcional y ofrecen una gran diversidad de paisajes y muchas riquezas a un paso de la ciudad. Una naturaleza generosa y preservada, entre&nbsp; mar y monta\u00f1a, entre vi\u00f1a y bosque, entre lago y desfiladeros&#8230;Un rico patrimonio hist\u00f3rico y cultural marcado por la [&hellip;]<\/p>\n","protected":false},"author":3,"featured_media":8215,"parent":13334,"menu_order":2,"comment_status":"closed","ping_status":"closed","template":"templates\/edito.php","meta":{"_acf_changed":false,"footnotes":""},"class_list":["post-13340","page","type-page","status-publish","has-post-thumbnail","hentry"],"acf":[],"yoast_head":"<!-- This site is optimized with the Yoast SEO plugin v27.1.1 - https:\/\/yoast.com\/product\/yoast-seo-wordpress\/ -->\n<title>Los lugares del pa\u00eds &quot;c\u00e1taro&quot; - Office de tourisme de Carcassonne<\/title>\n<meta name=\"robots\" content=\"index, follow, max-snippet:-1, max-image-preview:large, max-video-preview:-1\" \/>\n<link rel=\"canonical\" href=\"https:\/\/www.tourisme-carcassonne.fr\/es\/preparar\/alrededores-de-carcasona\/sitios-del-pais-cataro\/\" \/>\n<meta property=\"og:locale\" content=\"es_ES\" \/>\n<meta property=\"og:type\" content=\"article\" \/>\n<meta property=\"og:title\" content=\"Los lugares del pa\u00eds &quot;c\u00e1taro&quot; - Office de tourisme de Carcassonne\" \/>\n<meta property=\"og:description\" content=\"Un territorio hermoso y generoso Carcasona y sus alrededores tienen una situaci\u00f3n geogr\u00e1fica excepcional y ofrecen una gran diversidad de paisajes y muchas riquezas a un paso de la ciudad. Una naturaleza generosa y preservada, entre&nbsp; mar y monta\u00f1a, entre vi\u00f1a y bosque, entre lago y desfiladeros&#8230;Un rico patrimonio hist\u00f3rico y cultural marcado por la [&hellip;]\" \/>\n<meta property=\"og:url\" content=\"https:\/\/www.tourisme-carcassonne.fr\/es\/preparar\/alrededores-de-carcasona\/sitios-del-pais-cataro\/\" \/>\n<meta property=\"og:site_name\" content=\"Office de tourisme de Carcassonne\" \/>\n<meta property=\"article:publisher\" content=\"https:\/\/www.facebook.com\/tourismecarcassonne\/\" \/>\n<meta property=\"article:modified_time\" content=\"2022-08-31T15:35:28+00:00\" \/>\n<meta property=\"og:image\" content=\"https:\/\/www.tourisme-carcassonne.fr\/assets\/uploads\/2022\/02\/peypertuse-copyright-philippe-benoist-image-bleu-sud-6.jpg\" \/>\n\t<meta property=\"og:image:width\" content=\"1476\" \/>\n\t<meta property=\"og:image:height\" content=\"984\" \/>\n\t<meta property=\"og:image:type\" content=\"image\/jpeg\" \/>\n<meta name=\"twitter:card\" content=\"summary_large_image\" \/>\n<meta name=\"twitter:label1\" content=\"Tiempo de lectura\" \/>\n\t<meta name=\"twitter:data1\" content=\"5 minutos\" \/>\n<script type=\"application\/ld+json\" class=\"yoast-schema-graph\">{\"@context\":\"https:\/\/schema.org\",\"@graph\":[{\"@type\":\"WebPage\",\"@id\":\"https:\/\/www.tourisme-carcassonne.fr\/es\/preparar\/alrededores-de-carcasona\/sitios-del-pais-cataro\/\",\"url\":\"https:\/\/www.tourisme-carcassonne.fr\/es\/preparar\/alrededores-de-carcasona\/sitios-del-pais-cataro\/\",\"name\":\"Los lugares del pa\u00eds \\\"c\u00e1taro\\\" - Office de tourisme de Carcassonne\",\"isPartOf\":{\"@id\":\"https:\/\/www.tourisme-carcassonne.fr\/es\/#website\"},\"primaryImageOfPage\":{\"@id\":\"https:\/\/www.tourisme-carcassonne.fr\/es\/preparar\/alrededores-de-carcasona\/sitios-del-pais-cataro\/#primaryimage\"},\"image\":{\"@id\":\"https:\/\/www.tourisme-carcassonne.fr\/es\/preparar\/alrededores-de-carcasona\/sitios-del-pais-cataro\/#primaryimage\"},\"thumbnailUrl\":\"https:\/\/www.tourisme-carcassonne.fr\/assets\/uploads\/2022\/02\/peypertuse-copyright-philippe-benoist-image-bleu-sud-6.jpg\",\"datePublished\":\"2021-11-19T15:50:28+00:00\",\"dateModified\":\"2022-08-31T15:35:28+00:00\",\"breadcrumb\":{\"@id\":\"https:\/\/www.tourisme-carcassonne.fr\/es\/preparar\/alrededores-de-carcasona\/sitios-del-pais-cataro\/#breadcrumb\"},\"inLanguage\":\"es\",\"potentialAction\":[{\"@type\":\"ReadAction\",\"target\":[\"https:\/\/www.tourisme-carcassonne.fr\/es\/preparar\/alrededores-de-carcasona\/sitios-del-pais-cataro\/\"]}]},{\"@type\":\"ImageObject\",\"inLanguage\":\"es\",\"@id\":\"https:\/\/www.tourisme-carcassonne.fr\/es\/preparar\/alrededores-de-carcasona\/sitios-del-pais-cataro\/#primaryimage\",\"url\":\"https:\/\/www.tourisme-carcassonne.fr\/assets\/uploads\/2022\/02\/peypertuse-copyright-philippe-benoist-image-bleu-sud-6.jpg\",\"contentUrl\":\"https:\/\/www.tourisme-carcassonne.fr\/assets\/uploads\/2022\/02\/peypertuse-copyright-philippe-benoist-image-bleu-sud-6.jpg\",\"width\":1476,\"height\":984,\"caption\":\"\u00a9 Philippe Benoist\"},{\"@type\":\"BreadcrumbList\",\"@id\":\"https:\/\/www.tourisme-carcassonne.fr\/es\/preparar\/alrededores-de-carcasona\/sitios-del-pais-cataro\/#breadcrumb\",\"itemListElement\":[{\"@type\":\"ListItem\",\"position\":1,\"name\":\"Accueil\",\"item\":\"https:\/\/www.tourisme-carcassonne.fr\/es\/\"},{\"@type\":\"ListItem\",\"position\":2,\"name\":\"Preparar\",\"item\":\"https:\/\/www.tourisme-carcassonne.fr\/es\/preparar\/\"},{\"@type\":\"ListItem\",\"position\":3,\"name\":\"Alrededores de Carcasona\",\"item\":\"https:\/\/www.tourisme-carcassonne.fr\/es\/preparar\/alrededores-de-carcasona\/\"},{\"@type\":\"ListItem\",\"position\":4,\"name\":\"Los lugares del pa\u00eds \u00ab\u00a0c\u00e1taro\u00a0\u00bb\"}]},{\"@type\":\"WebSite\",\"@id\":\"https:\/\/www.tourisme-carcassonne.fr\/es\/#website\",\"url\":\"https:\/\/www.tourisme-carcassonne.fr\/es\/\",\"name\":\"Office de tourisme de Carcassonne\",\"description\":\"\",\"publisher\":{\"@id\":\"https:\/\/www.tourisme-carcassonne.fr\/es\/#organization\"},\"potentialAction\":[{\"@type\":\"SearchAction\",\"target\":{\"@type\":\"EntryPoint\",\"urlTemplate\":\"https:\/\/www.tourisme-carcassonne.fr\/es\/?s={search_term_string}\"},\"query-input\":{\"@type\":\"PropertyValueSpecification\",\"valueRequired\":true,\"valueName\":\"search_term_string\"}}],\"inLanguage\":\"es\"},{\"@type\":\"Organization\",\"@id\":\"https:\/\/www.tourisme-carcassonne.fr\/es\/#organization\",\"name\":\"Office de tourisme de Carcassonne\",\"url\":\"https:\/\/www.tourisme-carcassonne.fr\/es\/\",\"logo\":{\"@type\":\"ImageObject\",\"inLanguage\":\"es\",\"@id\":\"https:\/\/www.tourisme-carcassonne.fr\/es\/#\/schema\/logo\/image\/\",\"url\":\"https:\/\/www.tourisme-carcassonne.fr\/assets\/uploads\/2021\/11\/logo-carcassonne.svg\",\"contentUrl\":\"https:\/\/www.tourisme-carcassonne.fr\/assets\/uploads\/2021\/11\/logo-carcassonne.svg\",\"width\":167,\"height\":49,\"caption\":\"Office de tourisme de Carcassonne\"},\"image\":{\"@id\":\"https:\/\/www.tourisme-carcassonne.fr\/es\/#\/schema\/logo\/image\/\"},\"sameAs\":[\"https:\/\/www.facebook.com\/tourismecarcassonne\/\",\"https:\/\/www.instagram.com\/tourismecarcassonne\/\"]}]}<\/script>\n<!-- \/ Yoast SEO plugin. -->","yoast_head_json":{"title":"Los lugares del pa\u00eds \"c\u00e1taro\" - Office de tourisme de Carcassonne","robots":{"index":"index","follow":"follow","max-snippet":"max-snippet:-1","max-image-preview":"max-image-preview:large","max-video-preview":"max-video-preview:-1"},"canonical":"https:\/\/www.tourisme-carcassonne.fr\/es\/preparar\/alrededores-de-carcasona\/sitios-del-pais-cataro\/","og_locale":"es_ES","og_type":"article","og_title":"Los lugares del pa\u00eds \"c\u00e1taro\" - Office de tourisme de Carcassonne","og_description":"Un territorio hermoso y generoso Carcasona y sus alrededores tienen una situaci\u00f3n geogr\u00e1fica excepcional y ofrecen una gran diversidad de paisajes y muchas riquezas a un paso de la ciudad. Una naturaleza generosa y preservada, entre&nbsp; mar y monta\u00f1a, entre vi\u00f1a y bosque, entre lago y desfiladeros&#8230;Un rico patrimonio hist\u00f3rico y cultural marcado por la [&hellip;]","og_url":"https:\/\/www.tourisme-carcassonne.fr\/es\/preparar\/alrededores-de-carcasona\/sitios-del-pais-cataro\/","og_site_name":"Office de tourisme de Carcassonne","article_publisher":"https:\/\/www.facebook.com\/tourismecarcassonne\/","article_modified_time":"2022-08-31T15:35:28+00:00","og_image":[{"width":1476,"height":984,"url":"https:\/\/www.tourisme-carcassonne.fr\/assets\/uploads\/2022\/02\/peypertuse-copyright-philippe-benoist-image-bleu-sud-6.jpg","type":"image\/jpeg"}],"twitter_card":"summary_large_image","twitter_misc":{"Tiempo de lectura":"5 minutos"},"schema":{"@context":"https:\/\/schema.org","@graph":[{"@type":"WebPage","@id":"https:\/\/www.tourisme-carcassonne.fr\/es\/preparar\/alrededores-de-carcasona\/sitios-del-pais-cataro\/","url":"https:\/\/www.tourisme-carcassonne.fr\/es\/preparar\/alrededores-de-carcasona\/sitios-del-pais-cataro\/","name":"Los lugares del pa\u00eds \"c\u00e1taro\" - Office de tourisme de Carcassonne","isPartOf":{"@id":"https:\/\/www.tourisme-carcassonne.fr\/es\/#website"},"primaryImageOfPage":{"@id":"https:\/\/www.tourisme-carcassonne.fr\/es\/preparar\/alrededores-de-carcasona\/sitios-del-pais-cataro\/#primaryimage"},"image":{"@id":"https:\/\/www.tourisme-carcassonne.fr\/es\/preparar\/alrededores-de-carcasona\/sitios-del-pais-cataro\/#primaryimage"},"thumbnailUrl":"https:\/\/www.tourisme-carcassonne.fr\/assets\/uploads\/2022\/02\/peypertuse-copyright-philippe-benoist-image-bleu-sud-6.jpg","datePublished":"2021-11-19T15:50:28+00:00","dateModified":"2022-08-31T15:35:28+00:00","breadcrumb":{"@id":"https:\/\/www.tourisme-carcassonne.fr\/es\/preparar\/alrededores-de-carcasona\/sitios-del-pais-cataro\/#breadcrumb"},"inLanguage":"es","potentialAction":[{"@type":"ReadAction","target":["https:\/\/www.tourisme-carcassonne.fr\/es\/preparar\/alrededores-de-carcasona\/sitios-del-pais-cataro\/"]}]},{"@type":"ImageObject","inLanguage":"es","@id":"https:\/\/www.tourisme-carcassonne.fr\/es\/preparar\/alrededores-de-carcasona\/sitios-del-pais-cataro\/#primaryimage","url":"https:\/\/www.tourisme-carcassonne.fr\/assets\/uploads\/2022\/02\/peypertuse-copyright-philippe-benoist-image-bleu-sud-6.jpg","contentUrl":"https:\/\/www.tourisme-carcassonne.fr\/assets\/uploads\/2022\/02\/peypertuse-copyright-philippe-benoist-image-bleu-sud-6.jpg","width":1476,"height":984,"caption":"\u00a9 Philippe Benoist"},{"@type":"BreadcrumbList","@id":"https:\/\/www.tourisme-carcassonne.fr\/es\/preparar\/alrededores-de-carcasona\/sitios-del-pais-cataro\/#breadcrumb","itemListElement":[{"@type":"ListItem","position":1,"name":"Accueil","item":"https:\/\/www.tourisme-carcassonne.fr\/es\/"},{"@type":"ListItem","position":2,"name":"Preparar","item":"https:\/\/www.tourisme-carcassonne.fr\/es\/preparar\/"},{"@type":"ListItem","position":3,"name":"Alrededores de Carcasona","item":"https:\/\/www.tourisme-carcassonne.fr\/es\/preparar\/alrededores-de-carcasona\/"},{"@type":"ListItem","position":4,"name":"Los lugares del pa\u00eds \u00ab\u00a0c\u00e1taro\u00a0\u00bb"}]},{"@type":"WebSite","@id":"https:\/\/www.tourisme-carcassonne.fr\/es\/#website","url":"https:\/\/www.tourisme-carcassonne.fr\/es\/","name":"Office de tourisme de Carcassonne","description":"","publisher":{"@id":"https:\/\/www.tourisme-carcassonne.fr\/es\/#organization"},"potentialAction":[{"@type":"SearchAction","target":{"@type":"EntryPoint","urlTemplate":"https:\/\/www.tourisme-carcassonne.fr\/es\/?s={search_term_string}"},"query-input":{"@type":"PropertyValueSpecification","valueRequired":true,"valueName":"search_term_string"}}],"inLanguage":"es"},{"@type":"Organization","@id":"https:\/\/www.tourisme-carcassonne.fr\/es\/#organization","name":"Office de tourisme de Carcassonne","url":"https:\/\/www.tourisme-carcassonne.fr\/es\/","logo":{"@type":"ImageObject","inLanguage":"es","@id":"https:\/\/www.tourisme-carcassonne.fr\/es\/#\/schema\/logo\/image\/","url":"https:\/\/www.tourisme-carcassonne.fr\/assets\/uploads\/2021\/11\/logo-carcassonne.svg","contentUrl":"https:\/\/www.tourisme-carcassonne.fr\/assets\/uploads\/2021\/11\/logo-carcassonne.svg","width":167,"height":49,"caption":"Office de tourisme de Carcassonne"},"image":{"@id":"https:\/\/www.tourisme-carcassonne.fr\/es\/#\/schema\/logo\/image\/"},"sameAs":["https:\/\/www.facebook.com\/tourismecarcassonne\/","https:\/\/www.instagram.com\/tourismecarcassonne\/"]}]}},"_links":{"self":[{"href":"https:\/\/www.tourisme-carcassonne.fr\/es\/wp-json\/wp\/v2\/pages\/13340","targetHints":{"allow":["GET"]}}],"collection":[{"href":"https:\/\/www.tourisme-carcassonne.fr\/es\/wp-json\/wp\/v2\/pages"}],"about":[{"href":"https:\/\/www.tourisme-carcassonne.fr\/es\/wp-json\/wp\/v2\/types\/page"}],"author":[{"embeddable":true,"href":"https:\/\/www.tourisme-carcassonne.fr\/es\/wp-json\/wp\/v2\/users\/3"}],"replies":[{"embeddable":true,"href":"https:\/\/www.tourisme-carcassonne.fr\/es\/wp-json\/wp\/v2\/comments?post=13340"}],"version-history":[{"count":0,"href":"https:\/\/www.tourisme-carcassonne.fr\/es\/wp-json\/wp\/v2\/pages\/13340\/revisions"}],"up":[{"embeddable":true,"href":"https:\/\/www.tourisme-carcassonne.fr\/es\/wp-json\/wp\/v2\/pages\/13334"}],"wp:featuredmedia":[{"embeddable":true,"href":"https:\/\/www.tourisme-carcassonne.fr\/es\/wp-json\/wp\/v2\/media\/8215"}],"wp:attachment":[{"href":"https:\/\/www.tourisme-carcassonne.fr\/es\/wp-json\/wp\/v2\/media?parent=13340"}],"curies":[{"name":"wp","href":"https:\/\/api.w.org\/{rel}","templated":true}]}}