{"id":13313,"date":"2021-11-19T15:47:38","date_gmt":"2021-11-19T15:47:38","guid":{"rendered":"https:\/\/www.tourisme-carcassonne.fr\/decouvrir\/la-bastide-saint-louis\/"},"modified":"2026-01-15T11:46:09","modified_gmt":"2026-01-15T10:46:09","slug":"la-bastida-san-luis","status":"publish","type":"page","link":"https:\/\/www.tourisme-carcassonne.fr\/es\/descubrir\/la-bastida-san-luis\/","title":{"rendered":"La Bastida San Luis"},"content":{"rendered":"\t\t<div data-elementor-type=\"wp-page\" data-elementor-id=\"13313\" class=\"elementor elementor-13313 elementor-461\" data-elementor-post-type=\"page\">\n\t\t\t\t\t\t<section class=\"elementor-section elementor-top-section elementor-element elementor-element-2d93dc09 elementor-fs-modele-photo50-texte50 elementor-section-boxed elementor-section-height-default elementor-section-height-default\" data-id=\"2d93dc09\" data-element_type=\"section\" data-e-type=\"section\">\n\t\t\t\t\t\t<div class=\"elementor-container elementor-column-gap-no\">\n\t\t\t\t\t<div class=\"elementor-column elementor-col-50 elementor-top-column elementor-element elementor-element-3c491d6b fs-photo\" data-id=\"3c491d6b\" data-element_type=\"column\" data-e-type=\"column\">\n\t\t\t<div class=\"elementor-widget-wrap elementor-element-populated\">\n\t\t\t\t\t\t<div class=\"elementor-element elementor-element-115c3a29 elementor-widget elementor-widget-image\" data-id=\"115c3a29\" data-element_type=\"widget\" data-e-type=\"widget\" data-widget_type=\"image.default\">\n\t\t\t\t<div class=\"elementor-widget-container\">\n\t\t\t\t\t\t\t\t\t\t\t\t<figure class=\"wp-caption\">\n\t\t\t\t\t\t\t\t\t\t<img fetchpriority=\"high\" decoding=\"async\" width=\"1170\" height=\"780\" src=\"https:\/\/www.tourisme-carcassonne.fr\/assets\/uploads\/2023\/07\/img-9644-wwwvincentphotographiecom-1170x780.jpg\" class=\"attachment-large size-large wp-image-36898\" alt=\"Square Gambetta \u00e0 Carcassonne, avec en arri\u00e8re-plan l\u2019immeuble \u00e0 fa\u00e7ade jaune orn\u00e9 d\u2019une grande horloge, entour\u00e9 d\u2019arbres, de statues et de fleurs bleues estivales sous un ciel bleu partiellement nuageux.\" srcset=\"https:\/\/www.tourisme-carcassonne.fr\/assets\/uploads\/2023\/07\/img-9644-wwwvincentphotographiecom-1170x780.jpg 1170w, https:\/\/www.tourisme-carcassonne.fr\/assets\/uploads\/2023\/07\/img-9644-wwwvincentphotographiecom-570x380.jpg 570w, https:\/\/www.tourisme-carcassonne.fr\/assets\/uploads\/2023\/07\/img-9644-wwwvincentphotographiecom-370x247.jpg 370w, https:\/\/www.tourisme-carcassonne.fr\/assets\/uploads\/2023\/07\/img-9644-wwwvincentphotographiecom-768x512.jpg 768w, https:\/\/www.tourisme-carcassonne.fr\/assets\/uploads\/2023\/07\/img-9644-wwwvincentphotographiecom-1536x1024.jpg 1536w, https:\/\/www.tourisme-carcassonne.fr\/assets\/uploads\/2023\/07\/img-9644-wwwvincentphotographiecom-scaled.jpg 2048w\" sizes=\"(max-width: 1170px) 100vw, 1170px\" \/>\t\t\t\t\t\t\t\t\t\t\t<figcaption class=\"widget-image-caption wp-caption-text\">\u00a9 Vincent photogrpahie - OMT Carcassonne<\/figcaption>\n\t\t\t\t\t\t\t\t\t\t<\/figure>\n\t\t\t\t\t\t\t\t\t<\/div>\n\t\t\t\t<\/div>\n\t\t\t\t\t<\/div>\n\t\t<\/div>\n\t\t\t\t<div class=\"elementor-column elementor-col-50 elementor-top-column elementor-element elementor-element-10a830c fs-texte\" data-id=\"10a830c\" data-element_type=\"column\" data-e-type=\"column\">\n\t\t\t<div class=\"elementor-widget-wrap elementor-element-populated\">\n\t\t\t\t\t\t<div class=\"elementor-element elementor-element-1779724e elementor-widget elementor-widget-text-editor\" data-id=\"1779724e\" data-element_type=\"widget\" data-e-type=\"widget\" data-widget_type=\"text-editor.default\">\n\t\t\t\t<div class=\"elementor-widget-container\">\n\t\t\t\t\t\t\t\t\t<h2>El coraz\u00f3n de la vida local<\/h2><p>La Bastida San-Luis es el centro de la <strong>ciudad local<\/strong> de Carcasona, y es el foco de la convivencia al estilo de Carcasona, as\u00ed como de numerosas <strong>tiendas<\/strong>, <strong>restaurantes<\/strong> y otros negocios.<\/p><p>\u00bfPero qu\u00e9 es la<strong> Bastida San-Luis<\/strong>?<\/p><ul><li>Se trata de un barrio construido sobre una planta cuadrangular organizada en torno a una plaza central.<\/li><li>Est\u00e1 delimitada por bulevares e incluye una notable riqueza arquitect\u00f3nica de mansiones y edificios religiosos.<\/li><\/ul>\t\t\t\t\t\t\t\t<\/div>\n\t\t\t\t<\/div>\n\t\t\t\t<div class=\"elementor-element elementor-element-6147760 elementor-widget elementor-widget-button\" data-id=\"6147760\" data-element_type=\"widget\" data-e-type=\"widget\" data-widget_type=\"button.default\">\n\t\t\t\t<div class=\"elementor-widget-container\">\n\t\t\t\t\t\t\t\t\t<div class=\"elementor-button-wrapper\">\n\t\t\t\t\t<a class=\"elementor-button elementor-button-link elementor-size-sm\" href=\"https:\/\/fr.calameo.com\/read\/0024299858f961cff70dd\" target=\"_blank\">\n\t\t\t\t\t\t<span class=\"elementor-button-content-wrapper\">\n\t\t\t\t\t\t<span class=\"elementor-button-icon\">\n\t\t\t\t<i aria-hidden=\"true\" class=\"fab fa-app-store-ios\"><\/i>\t\t\t<\/span>\n\t\t\t\t\t\t\t\t\t<span class=\"elementor-button-text\">Ver el Mapa<\/span>\n\t\t\t\t\t<\/span>\n\t\t\t\t\t<\/a>\n\t\t\t\t<\/div>\n\t\t\t\t\t\t\t\t<\/div>\n\t\t\t\t<\/div>\n\t\t\t\t\t<\/div>\n\t\t<\/div>\n\t\t\t\t\t<\/div>\n\t\t<\/section>\n\t\t\t\t<section class=\"elementor-section elementor-top-section elementor-element elementor-element-588c2735 elementor-fs-modele-quartiers elementor-section-content-middle elementor-section-boxed elementor-section-height-default elementor-section-height-default\" data-id=\"588c2735\" data-element_type=\"section\" data-e-type=\"section\" data-settings=\"{&quot;background_background&quot;:&quot;classic&quot;}\">\n\t\t\t\t\t\t<div class=\"elementor-container elementor-column-gap-no\">\n\t\t\t\t\t<div class=\"elementor-column elementor-col-50 elementor-top-column elementor-element elementor-element-1830fe24 fs-quartier\" data-id=\"1830fe24\" data-element_type=\"column\" data-e-type=\"column\">\n\t\t\t<div class=\"elementor-widget-wrap elementor-element-populated\">\n\t\t\t\t\t\t<div class=\"elementor-element elementor-element-25c0f5be fs-photo01 elementor-widget elementor-widget-image\" data-id=\"25c0f5be\" data-element_type=\"widget\" data-e-type=\"widget\" data-widget_type=\"image.default\">\n\t\t\t\t<div class=\"elementor-widget-container\">\n\t\t\t\t\t\t\t\t\t\t\t\t\t\t\t<img decoding=\"async\" width=\"669\" height=\"611\" src=\"https:\/\/www.tourisme-carcassonne.fr\/assets\/uploads\/2021\/11\/quartiers-quartierbastide.svg\" class=\"attachment-large size-large wp-image-549\" alt=\"\" \/>\t\t\t\t\t\t\t\t\t\t\t\t\t\t\t<\/div>\n\t\t\t\t<\/div>\n\t\t\t\t<div class=\"elementor-element elementor-element-22fc553d fs-photo02 elementor-widget elementor-widget-image\" data-id=\"22fc553d\" data-element_type=\"widget\" data-e-type=\"widget\" data-widget_type=\"image.default\">\n\t\t\t\t<div class=\"elementor-widget-container\">\n\t\t\t\t\t\t\t\t\t\t\t\t\t\t\t<img decoding=\"async\" src=\"https:\/\/www.tourisme-carcassonne.fr\/assets\/uploads\/2023\/07\/img-6832-wwwvincentphotographiecom-scaled.jpg\" title=\"IMG_6832_(www.vincentphotographie.com)\" alt=\"\u00a9 Vincent Photographie - OMT Carcassonne\" loading=\"lazy\" \/>\t\t\t\t\t\t\t\t\t\t\t\t\t\t\t<\/div>\n\t\t\t\t<\/div>\n\t\t\t\t<div class=\"elementor-element elementor-element-537ab305 fs-info elementor-widget elementor-widget-heading\" data-id=\"537ab305\" data-element_type=\"widget\" data-e-type=\"widget\" data-widget_type=\"heading.default\">\n\t\t\t\t<div class=\"elementor-widget-container\">\n\t\t\t\t\t<p class=\"elementor-heading-title elementor-size-default\">Los bonitos colores de las fachadas de la Bastida San-Luis. <\/p>\t\t\t\t<\/div>\n\t\t\t\t<\/div>\n\t\t\t\t\t<\/div>\n\t\t<\/div>\n\t\t\t\t<div class=\"elementor-column elementor-col-50 elementor-top-column elementor-element elementor-element-6008778d fs-texte\" data-id=\"6008778d\" data-element_type=\"column\" data-e-type=\"column\">\n\t\t\t<div class=\"elementor-widget-wrap elementor-element-populated\">\n\t\t\t\t\t\t<div class=\"elementor-element elementor-element-2857aad8 elementor-widget elementor-widget-text-editor\" data-id=\"2857aad8\" data-element_type=\"widget\" data-e-type=\"widget\" data-widget_type=\"text-editor.default\">\n\t\t\t\t<div class=\"elementor-widget-container\">\n\t\t\t\t\t\t\t\t\t<h3>Barrio<\/h3><h2>La Bastida San-Luis<\/h2><p>Este barrio est\u00e1 situado en la <strong>orill izquierda<\/strong> del Aude, frente a la ciudad medieval. Con su larga historia, la Bastida San-Luis lo demuestra con su arquitectura, tanto de <strong>mansiones privadas<\/strong> como de <strong>edificios religiosos<\/strong>. Las <strong>coloridas fachadas<\/strong> del centro de la ciudad tambi\u00e9n son un verdadero placer para ver durante sus paseos.<\/p>\t\t\t\t\t\t\t\t<\/div>\n\t\t\t\t<\/div>\n\t\t\t\t\t<\/div>\n\t\t<\/div>\n\t\t\t\t\t<\/div>\n\t\t<\/section>\n\t\t\t\t<section class=\"elementor-section elementor-top-section elementor-element elementor-element-7bb765e7 elementor-fs-modele-texte33-xblocs33 elementor-section-boxed elementor-section-height-default elementor-section-height-default\" data-id=\"7bb765e7\" data-element_type=\"section\" data-e-type=\"section\">\n\t\t\t\t\t\t<div class=\"elementor-container elementor-column-gap-no\">\n\t\t\t\t\t<div class=\"elementor-column elementor-col-100 elementor-top-column elementor-element elementor-element-c6b9edc\" data-id=\"c6b9edc\" data-element_type=\"column\" data-e-type=\"column\">\n\t\t\t<div class=\"elementor-widget-wrap elementor-element-populated\">\n\t\t\t\t\t\t<div class=\"elementor-element elementor-element-fd9d3ab elementor-widget elementor-widget-fs-widget-playlist\" data-id=\"fd9d3ab\" data-element_type=\"widget\" data-e-type=\"widget\" data-widget_type=\"fs-widget-playlist.default\">\n\t\t\t\t<div class=\"elementor-widget-container\">\n\t\t\t\t\t<div class=\"playlist_list render-list\"><div class=\"list list--list_edito fs-playlist-nb-element-8\"><div class=\"intro-list\">\n\t<strong class=\"srtitre\">un rico patrimonio cultural<\/strong>\n\n\t<h2 class=\"titre\">\u00bfQu\u00e9 hacer en la Bastida San-Luis? <\/h2>\n\n\t<div class=\"intro\"><p>Encuentre actividades y visitas para hacer en esta hermosa zona de Carcasona. Los museos, el teatro, la iglesia, la catedral, los jardines, las plazas... le dan la bienvenida<\/p><\/div>\n<\/div><div class=\"el-list\">\n<div class=\"card card--elementor-playlist\" data-id=\"12896\" data-post-id-sync-map=\"12896\" data-tis=\"offre\" data-structure=\"1-33-\" data-syndication=\"2-5-13266-\" data-offre=\"22-PCULAR0110000030-\" >\n\t<div class=\"card__vignette\">\n\t\t<img decoding=\"async\" src=\"https:\/\/cdt11.media.tourinsoft.eu\/upload\/musee-de-beaux-art-J.roche-ville-de-carcassonne-2.jpg?width=370&height=200&crop=1\" alt=\"mus\u00e9e de beaux art J.roche ville de carcassonne\" title=\"MUSEO DE ARTES\">\n\t<\/div>\n\n\t<div class=\"card__body\">\n\t\t\t\t\t<div class=\"commune\">\n\t\t\t\t<svg class=\"icon icon-marker\" aria-hidden=\"true\">\n\t\t\t\t\t<use xlink:href=\"https:\/\/www.tourisme-carcassonne.fr\/assets\/themes\/faire-savoir\/icons\/sprite.svg#marker\"><\/use>\n\t\t\t\t<\/svg>\n\t\t\t\tCARCASSONNE - BASTIDE\t\t\t<\/div>\n\t\t\n\t\t<h3 class=\"titre\"><a href=\"https:\/\/www.tourisme-carcassonne.fr\/es\/actividad\/museo-de-artes\/\"  target=\"_blank\" class=\"stretched-link\">MUSEO DE ARTES<\/a><\/h3>\n\t<\/div>\n<\/div>\n\n\t<\/div><div class=\"el-list\">\n<div class=\"card card--elementor-playlist\" data-id=\"58737\" data-post-id-sync-map=\"58737\" data-tis=\"offre\" data-structure=\"1-33-\" data-syndication=\"2-5-13266-\" data-offre=\"22-PCULAR011V516QY7-\" >\n\t<div class=\"card__vignette\">\n\t\t<img decoding=\"async\" src=\"https:\/\/cdt11.media.tourinsoft.eu\/upload\/centre-d-art-contemporain-2.jpg?width=370&height=200&crop=1\" alt=\"centre d&#039;art contemporain - 1\" title=\"Tourisme Carcassonne\">\n\t<\/div>\n\n\t<div class=\"card__body\">\n\t\t\t\t\t<div class=\"commune\">\n\t\t\t\t<svg class=\"icon icon-marker\" aria-hidden=\"true\">\n\t\t\t\t\t<use xlink:href=\"https:\/\/www.tourisme-carcassonne.fr\/assets\/themes\/faire-savoir\/icons\/sprite.svg#marker\"><\/use>\n\t\t\t\t<\/svg>\n\t\t\t\tCARCASSONNE - BASTIDE\t\t\t<\/div>\n\t\t\n\t\t<h3 class=\"titre\"><a href=\"https:\/\/www.tourisme-carcassonne.fr\/es\/actividad\/centro-de-arte-contemporaneo\/\"  target=\"_blank\" class=\"stretched-link\">CENTRO DE ARTE CONTEMPOR\u00c1NEO<\/a><\/h3>\n\t<\/div>\n<\/div>\n\n\t<\/div><div class=\"el-list\">\n<div class=\"card card--elementor-playlist\" data-id=\"12905\" data-post-id-sync-map=\"12905\" data-tis=\"offre\" data-structure=\"1-33-\" data-syndication=\"2-5-13266-\" data-offre=\"22-PCULAR011V501ABM-\" >\n\t<div class=\"card__vignette\">\n\t\t<img decoding=\"async\" src=\"https:\/\/cdt11.media.tourinsoft.eu\/upload\/EGLISE-SAINT-VINCENT.jpg?width=370&height=200&crop=1\" alt=\"EGLISE SAINT VINCENT\" title=\"IGLESIA DE SAINT VINCENT\">\n\t<\/div>\n\n\t<div class=\"card__body\">\n\t\t\t\t\t<div class=\"commune\">\n\t\t\t\t<svg class=\"icon icon-marker\" aria-hidden=\"true\">\n\t\t\t\t\t<use xlink:href=\"https:\/\/www.tourisme-carcassonne.fr\/assets\/themes\/faire-savoir\/icons\/sprite.svg#marker\"><\/use>\n\t\t\t\t<\/svg>\n\t\t\t\tCARCASSONNE - BASTIDE\t\t\t<\/div>\n\t\t\n\t\t<h3 class=\"titre\"><a href=\"https:\/\/www.tourisme-carcassonne.fr\/es\/actividad\/iglesia-de-saint-vincent\/\"  target=\"_blank\" class=\"stretched-link\">IGLESIA DE SAINT VINCENT<\/a><\/h3>\n\t<\/div>\n<\/div>\n\n\t<\/div><div class=\"el-list\">\n<div class=\"card card--elementor-playlist\" data-id=\"12907\" data-post-id-sync-map=\"12907\" data-tis=\"offre\" data-structure=\"1-33-\" data-syndication=\"2-5-13266-\" data-offre=\"22-PCULAR011V501ABU-\" >\n\t<div class=\"card__vignette\">\n\t\t<img decoding=\"async\" src=\"https:\/\/cdt11.media.tourinsoft.eu\/upload\/Cathedrale-Saint-Michel--Sebastien-Carles--4-.jpg?width=370&height=200&crop=1\" alt=\"Cath\u00e9drale Saint Michel \u00a9S\u00e9bastien Carles (4)\" title=\"CATEDRAL DE SAINT MICHEL\">\n\t<\/div>\n\n\t<div class=\"card__body\">\n\t\t\t\t\t<div class=\"commune\">\n\t\t\t\t<svg class=\"icon icon-marker\" aria-hidden=\"true\">\n\t\t\t\t\t<use xlink:href=\"https:\/\/www.tourisme-carcassonne.fr\/assets\/themes\/faire-savoir\/icons\/sprite.svg#marker\"><\/use>\n\t\t\t\t<\/svg>\n\t\t\t\tCARCASSONNE - BASTIDE\t\t\t<\/div>\n\t\t\n\t\t<h3 class=\"titre\"><a href=\"https:\/\/www.tourisme-carcassonne.fr\/es\/actividad\/catedral-de-saint-michel\/\"  target=\"_blank\" class=\"stretched-link\">CATEDRAL DE SAINT MICHEL<\/a><\/h3>\n\t<\/div>\n<\/div>\n\n\t<\/div><div class=\"el-list\">\n<div class=\"card card--elementor-playlist\" data-id=\"12923\" data-post-id-sync-map=\"12923\" data-tis=\"offre\" data-structure=\"1-33-\" data-syndication=\"2-5-13266-\" data-offre=\"22-PCULAR011V50UTU9-\" >\n\t<div class=\"card__vignette\">\n\t\t<img decoding=\"async\" src=\"https:\/\/cdt11.media.tourinsoft.eu\/upload\/6-09.jpg?width=370&height=200&crop=1\" alt=\"6_09\" title=\"Patrimoines en Occitanie\">\n\t<\/div>\n\n\t<div class=\"card__body\">\n\t\t\t\t\t<div class=\"commune\">\n\t\t\t\t<svg class=\"icon icon-marker\" aria-hidden=\"true\">\n\t\t\t\t\t<use xlink:href=\"https:\/\/www.tourisme-carcassonne.fr\/assets\/themes\/faire-savoir\/icons\/sprite.svg#marker\"><\/use>\n\t\t\t\t<\/svg>\n\t\t\t\tCARCASSONNE - BASTIDE\t\t\t<\/div>\n\t\t\n\t\t<h3 class=\"titre\"><a href=\"https:\/\/www.tourisme-carcassonne.fr\/es\/actividad\/jardin-del-calvario\/\"  target=\"_blank\" class=\"stretched-link\">JARD\u00cdN DEL CALVARIO<\/a><\/h3>\n\t<\/div>\n<\/div>\n\n\t<\/div><div class=\"el-list\">\n<div class=\"card card--elementor-playlist\" data-id=\"12899\" data-post-id-sync-map=\"12899\" data-tis=\"offre\" data-structure=\"1-33-\" data-syndication=\"2-5-13266-\" data-offre=\"22-PCULAR0110000057-\" >\n\t<div class=\"card__vignette\">\n\t\t<img decoding=\"async\" src=\"https:\/\/cdt11.media.tourinsoft.eu\/upload\/20210527-114259.jpg?width=370&height=200&crop=1\" alt=\"CENTRO JOE BOUSQUET Y SU \u00c9POCA\" title=\"CENTRO JOE BOUSQUET Y SU \u00c9POCA\">\n\t<\/div>\n\n\t<div class=\"card__body\">\n\t\t\t\t\t<div class=\"commune\">\n\t\t\t\t<svg class=\"icon icon-marker\" aria-hidden=\"true\">\n\t\t\t\t\t<use xlink:href=\"https:\/\/www.tourisme-carcassonne.fr\/assets\/themes\/faire-savoir\/icons\/sprite.svg#marker\"><\/use>\n\t\t\t\t<\/svg>\n\t\t\t\tCARCASSONNE - BASTIDE\t\t\t<\/div>\n\t\t\n\t\t<h3 class=\"titre\"><a href=\"https:\/\/www.tourisme-carcassonne.fr\/es\/actividad\/centro-joe-bousquet-y-su-epoca\/\"  target=\"_blank\" class=\"stretched-link\">CENTRO JOE BOUSQUET Y SU \u00c9POCA<\/a><\/h3>\n\t<\/div>\n<\/div>\n\n\t<\/div><div class=\"el-list\">\n<div class=\"card card--elementor-playlist\" data-id=\"60768\" data-post-id-sync-map=\"60768\" data-tis=\"offre\" data-structure=\"1-33-\" data-syndication=\"2-5-13266-\" data-offre=\"22-PCULAR011V518NC1-\" >\n\t<div class=\"card__vignette\">\n\t\t<img decoding=\"async\" src=\"https:\/\/cdt11.media.tourinsoft.eu\/upload\/hanger-blanc-2.jpg?width=370&height=200&crop=1\" alt=\"hanger blanc-2\" title=\"Le Hangar Blanc\">\n\t<\/div>\n\n\t<div class=\"card__body\">\n\t\t\t\t\t<div class=\"commune\">\n\t\t\t\t<svg class=\"icon icon-marker\" aria-hidden=\"true\">\n\t\t\t\t\t<use xlink:href=\"https:\/\/www.tourisme-carcassonne.fr\/assets\/themes\/faire-savoir\/icons\/sprite.svg#marker\"><\/use>\n\t\t\t\t<\/svg>\n\t\t\t\tCARCASSONNE\t\t\t<\/div>\n\t\t\n\t\t<h3 class=\"titre\"><a href=\"https:\/\/www.tourisme-carcassonne.fr\/es\/actividad\/le-hangar-blanc\/\"  target=\"_blank\" class=\"stretched-link\">LE HANGAR BLANC<\/a><\/h3>\n\t<\/div>\n<\/div>\n\n\t<\/div><div class=\"el-list\">\n<div class=\"card card--elementor-playlist\" data-id=\"43576\" data-post-id-sync-map=\"43576\" data-tis=\"offre\" data-structure=\"1-33-\" data-syndication=\"2-5-13266-\" data-offre=\"22-PCULAR011V512TSB-\" >\n\t<div class=\"card__vignette\">\n\t\t<img decoding=\"async\" src=\"https:\/\/cdt11.media.tourinsoft.eu\/upload\/friche-artistique.jpg?width=370&height=200&crop=1\" alt=\"friche artistique\" title=\"LA FRICHE ARTISTIQUE\">\n\t<\/div>\n\n\t<div class=\"card__body\">\n\t\t\t\t\t<div class=\"commune\">\n\t\t\t\t<svg class=\"icon icon-marker\" aria-hidden=\"true\">\n\t\t\t\t\t<use xlink:href=\"https:\/\/www.tourisme-carcassonne.fr\/assets\/themes\/faire-savoir\/icons\/sprite.svg#marker\"><\/use>\n\t\t\t\t<\/svg>\n\t\t\t\tCARCASSONNE - BASTIDE\t\t\t<\/div>\n\t\t\n\t\t<h3 class=\"titre\"><a href=\"https:\/\/www.tourisme-carcassonne.fr\/es\/actividad\/la-friche-artistique\/\"  target=\"_blank\" class=\"stretched-link\">LA FRICHE ARTISTIQUE<\/a><\/h3>\n\t<\/div>\n<\/div>\n\n\t<\/div><\/div><\/div>\t\t\t\t<\/div>\n\t\t\t\t<\/div>\n\t\t\t\t\t<\/div>\n\t\t<\/div>\n\t\t\t\t\t<\/div>\n\t\t<\/section>\n\t\t\t\t<section class=\"elementor-section elementor-top-section elementor-element elementor-element-47f5f27 elementor-fs-modele-tis-playlist-liste-horizontale elementor-section-boxed elementor-section-height-default elementor-section-height-default\" data-id=\"47f5f27\" data-element_type=\"section\" data-e-type=\"section\">\n\t\t\t\t\t\t<div class=\"elementor-container elementor-column-gap-no\">\n\t\t\t\t\t<div class=\"elementor-column elementor-col-100 elementor-top-column elementor-element elementor-element-fb6502d\" data-id=\"fb6502d\" data-element_type=\"column\" data-e-type=\"column\">\n\t\t\t<div class=\"elementor-widget-wrap elementor-element-populated\">\n\t\t\t\t\t\t<div class=\"elementor-element elementor-element-719e51f elementor-widget elementor-widget-fs-widget-playlist\" data-id=\"719e51f\" data-element_type=\"widget\" data-e-type=\"widget\" data-widget_type=\"fs-widget-playlist.default\">\n\t\t\t\t<div class=\"elementor-widget-container\">\n\t\t\t\t\t<div class=\"playlist_list render-list\"><div class=\"list list--carrousel fs-playlist-nb-element-3\">\t\t\t\t\t<div class=\"swiper fs_playlist-swiper\" id=\"swiper-carrousel-274\">\n\t\t\t\t<div class=\"swiper-wrapper\">\n\t\t\t\t\t<div class=\"swiper-slide\">\n<div class=\"card card--elementor-playlist\" data-id=\"12876\" data-post-id-sync-map=\"12876\" data-tis=\"offre\" data-structure=\"1-33-\" data-syndication=\"2-5-13266-\" data-offre=\"5-LOILAR011V50ULB8-\" >\n\t<div class=\"card__vignette\">\n\t\t<img decoding=\"async\" src=\"https:\/\/cdt11.media.tourinsoft.eu\/upload\/56215478-2227153090882874-677982844194127872-n.jpg?width=370&height=200&crop=1\" alt=\"56215478_2227153090882874_677982844194127872_n\" title=\"CARCA ESCAPE GAME\">\n\t<\/div>\n\n\t<div class=\"card__body\">\n\t\t\t\t\t<div class=\"commune\">\n\t\t\t\t<svg class=\"icon icon-marker\" aria-hidden=\"true\">\n\t\t\t\t\t<use xlink:href=\"https:\/\/www.tourisme-carcassonne.fr\/assets\/themes\/faire-savoir\/icons\/sprite.svg#marker\"><\/use>\n\t\t\t\t<\/svg>\n\t\t\t\tCARCASSONNE - BASTIDE\t\t\t<\/div>\n\t\t\n\t\t<h3 class=\"titre\"><a href=\"https:\/\/www.tourisme-carcassonne.fr\/es\/actividad\/carca-escape-game\/\"  target=\"_blank\" class=\"stretched-link\">CARCA ESCAPE GAME<\/a><\/h3>\n\t<\/div>\n<\/div>\n\n\t<\/div><div class=\"swiper-slide\">\n<div class=\"card card--elementor-playlist\" data-id=\"12877\" data-post-id-sync-map=\"12877\" data-tis=\"offre\" data-structure=\"1-33-\" data-syndication=\"2-5-13266-\" data-offre=\"5-LOILAR011V50ULCA-\" >\n\t<div class=\"card__vignette\">\n\t\t<img decoding=\"async\" src=\"https:\/\/cdt11.media.tourinsoft.eu\/upload\/438674aa-ddff-488a-a1d8-d2895aa7e649.jpg?width=370&height=200&crop=1\" alt=\"438674aa-ddff-488a-a1d8-d2895aa7e649\" title=\"QUIZ TIME\">\n\t<\/div>\n\n\t<div class=\"card__body\">\n\t\t\t\t\t<div class=\"commune\">\n\t\t\t\t<svg class=\"icon icon-marker\" aria-hidden=\"true\">\n\t\t\t\t\t<use xlink:href=\"https:\/\/www.tourisme-carcassonne.fr\/assets\/themes\/faire-savoir\/icons\/sprite.svg#marker\"><\/use>\n\t\t\t\t<\/svg>\n\t\t\t\tCARCASSONNE - BASTIDE\t\t\t<\/div>\n\t\t\n\t\t<h3 class=\"titre\"><a href=\"https:\/\/www.tourisme-carcassonne.fr\/es\/actividad\/quiz-time\/\"  target=\"_blank\" class=\"stretched-link\">QUIZ TIME<\/a><\/h3>\n\t<\/div>\n<\/div>\n\n\t<\/div>\t\t\t\t<\/div>\n\t\t\t\t\t\t\t\t\t\n\t\t\t\t\t\t\t\t\t\t\t<div class=\"swiper-navigation\">\n\t\t\t\t\t\t\t<div class=\"swiper-button-prev\"><\/div>\n\t\t\t\t\t\t\t<div class=\"swiper-button-next\"><\/div>\n\t\t\t\t\t\t<\/div>\n\t\t\t\t\t\n\t\t\t\t\t\t\t\t\t\t\t\t<\/div>\n\t\t\n\t\t\t\t\t<script>\n\t\t\t\tjQuery(function($){\n\t\t\t\t\t$(document).ready(function(){\n\t\t\t\t\t\tvar swiper = new Swiper(\"#swiper-carrousel-274\", {\"slidesPerView\":1,\"loop\":true,\"spaceBetween\":32,\"breakpoints\":{\"768\":{\"slidesPerView\":2},\"1280\":{\"slidesPerView\":3}},\"navigation\":{\"nextEl\":\" .swiper-button-next\",\"prevEl\":\" .swiper-button-prev\"}});\n\t\t\t\t\t});\n\t\t\t\t})\n\t\t\t<\/script>\n\t\t<\/div><\/div>\t\t\t\t<\/div>\n\t\t\t\t<\/div>\n\t\t\t\t\t<\/div>\n\t\t<\/div>\n\t\t\t\t\t<\/div>\n\t\t<\/section>\n\t\t\t\t<section class=\"elementor-section elementor-top-section elementor-element elementor-element-e8d3a8b elementor-fs-modele-photo50-texte50 elementor-section-boxed elementor-section-height-default elementor-section-height-default\" data-id=\"e8d3a8b\" data-element_type=\"section\" data-e-type=\"section\">\n\t\t\t\t\t\t<div class=\"elementor-container elementor-column-gap-no\">\n\t\t\t\t\t<div class=\"elementor-column elementor-col-50 elementor-top-column elementor-element elementor-element-9bde211 fs-photo\" data-id=\"9bde211\" data-element_type=\"column\" data-e-type=\"column\">\n\t\t\t<div class=\"elementor-widget-wrap elementor-element-populated\">\n\t\t\t\t\t\t<div class=\"elementor-element elementor-element-1d9f014 elementor-widget elementor-widget-image\" data-id=\"1d9f014\" data-element_type=\"widget\" data-e-type=\"widget\" data-widget_type=\"image.default\">\n\t\t\t\t<div class=\"elementor-widget-container\">\n\t\t\t\t\t\t\t\t\t\t\t\t<figure class=\"wp-caption\">\n\t\t\t\t\t\t\t\t\t\t<img decoding=\"async\" width=\"1170\" height=\"780\" src=\"https:\/\/www.tourisme-carcassonne.fr\/assets\/uploads\/2022\/03\/dsc-0053-1170x780.jpg\" class=\"attachment-large size-large wp-image-8892\" alt=\"Vue en contre-plong\u00e9e de la cath\u00e9drale Saint-Michel de Carcassonne, avec sa fa\u00e7ade en pierre blonde typique du sud de la France, sa rosace gothique finement sculpt\u00e9e et son clocher octogonal. Des branches fleuries de cerisier encadrent l\u2019image au premier plan, tandis qu\u2019une personne photographie la sc\u00e8ne avec un smartphone\" srcset=\"https:\/\/www.tourisme-carcassonne.fr\/assets\/uploads\/2022\/03\/dsc-0053-1170x780.jpg 1170w, https:\/\/www.tourisme-carcassonne.fr\/assets\/uploads\/2022\/03\/dsc-0053-570x380.jpg 570w, https:\/\/www.tourisme-carcassonne.fr\/assets\/uploads\/2022\/03\/dsc-0053-370x247.jpg 370w, https:\/\/www.tourisme-carcassonne.fr\/assets\/uploads\/2022\/03\/dsc-0053-768x512.jpg 768w, https:\/\/www.tourisme-carcassonne.fr\/assets\/uploads\/2022\/03\/dsc-0053-1536x1024.jpg 1536w, https:\/\/www.tourisme-carcassonne.fr\/assets\/uploads\/2022\/03\/dsc-0053-scaled.jpg 2048w\" sizes=\"(max-width: 1170px) 100vw, 1170px\" \/>\t\t\t\t\t\t\t\t\t\t\t<figcaption class=\"widget-image-caption wp-caption-text\"><\/figcaption>\n\t\t\t\t\t\t\t\t\t\t<\/figure>\n\t\t\t\t\t\t\t\t\t<\/div>\n\t\t\t\t<\/div>\n\t\t\t\t\t<\/div>\n\t\t<\/div>\n\t\t\t\t<div class=\"elementor-column elementor-col-50 elementor-top-column elementor-element elementor-element-39207c6 fs-texte\" data-id=\"39207c6\" data-element_type=\"column\" data-e-type=\"column\">\n\t\t\t<div class=\"elementor-widget-wrap elementor-element-populated\">\n\t\t\t\t\t\t<div class=\"elementor-element elementor-element-bb10daa elementor-widget elementor-widget-text-editor\" data-id=\"bb10daa\" data-element_type=\"widget\" data-e-type=\"widget\" data-widget_type=\"text-editor.default\">\n\t\t\t\t<div class=\"elementor-widget-container\">\n\t\t\t\t\t\t\t\t\t<h3>Aplicaci\u00f3n gratuita \u00abCarcassonne Interactive<\/h3><h2>(Re)descubrir los tesoros de la Bastida San-Luis<\/h2><p>Descubra la Bastida San-Luis como nunca antes la hab\u00eda visto en forma de <strong>b\u00fasqueda del tesoro<\/strong>. \u00bfPor qu\u00e9 se arrasaron las murallas de la Bastida San-Luis? \u00bfCu\u00e1l es la historia de la picota de la verg\u00fcenza? Durante el recorrido, recibir\u00e1 informaci\u00f3n ins\u00f3lita y divertida sobre la historia, las leyendas y el patrimonio de una forma muy entretenida gracias a las nuevas <strong>tecnolog\u00edas<\/strong>: realidad aumentada, pel\u00edcula de 360\u00b0, rompecabezas interactivo, pel\u00edcula, postales antiguas, concurso&#8230;<\/p><ul><li>Todo P\u00fablico <\/li><li>Aproximadamente 1 hora<\/li><li>Acceso gratuito las 24 horas del d\u00eda<\/li><\/ul>\t\t\t\t\t\t\t\t<\/div>\n\t\t\t\t<\/div>\n\t\t\t\t<div class=\"elementor-element elementor-element-b2bbaf7 elementor-widget elementor-widget-button\" data-id=\"b2bbaf7\" data-element_type=\"widget\" data-e-type=\"widget\" data-widget_type=\"button.default\">\n\t\t\t\t<div class=\"elementor-widget-container\">\n\t\t\t\t\t\t\t\t\t<div class=\"elementor-button-wrapper\">\n\t\t\t\t\t<a class=\"elementor-button elementor-button-link elementor-size-sm\" href=\"https:\/\/apps.apple.com\/us\/app\/carcassonne-interactive\/id1520571941?mt=8&#038;ign-mpt=uo%3D4\" target=\"_blank\">\n\t\t\t\t\t\t<span class=\"elementor-button-content-wrapper\">\n\t\t\t\t\t\t<span class=\"elementor-button-icon\">\n\t\t\t\t<i aria-hidden=\"true\" class=\"fab fa-app-store-ios\"><\/i>\t\t\t<\/span>\n\t\t\t\t\t\t\t\t\t<span class=\"elementor-button-text\">App Store<\/span>\n\t\t\t\t\t<\/span>\n\t\t\t\t\t<\/a>\n\t\t\t\t<\/div>\n\t\t\t\t\t\t\t\t<\/div>\n\t\t\t\t<\/div>\n\t\t\t\t<div class=\"elementor-element elementor-element-47b483b elementor-widget elementor-widget-button\" data-id=\"47b483b\" data-element_type=\"widget\" data-e-type=\"widget\" data-widget_type=\"button.default\">\n\t\t\t\t<div class=\"elementor-widget-container\">\n\t\t\t\t\t\t\t\t\t<div class=\"elementor-button-wrapper\">\n\t\t\t\t\t<a class=\"elementor-button elementor-button-link elementor-size-sm\" href=\"https:\/\/play.google.com\/store\/apps\/details?id=com.adel.krkinter&#038;hl=fr&#038;showAllReviews=true\" target=\"_blank\">\n\t\t\t\t\t\t<span class=\"elementor-button-content-wrapper\">\n\t\t\t\t\t\t<span class=\"elementor-button-icon\">\n\t\t\t\t<i aria-hidden=\"true\" class=\"fab fa-google-play\"><\/i>\t\t\t<\/span>\n\t\t\t\t\t\t\t\t\t<span class=\"elementor-button-text\">Google Play<\/span>\n\t\t\t\t\t<\/span>\n\t\t\t\t\t<\/a>\n\t\t\t\t<\/div>\n\t\t\t\t\t\t\t\t<\/div>\n\t\t\t\t<\/div>\n\t\t\t\t\t<\/div>\n\t\t<\/div>\n\t\t\t\t\t<\/div>\n\t\t<\/section>\n\t\t\t\t<section class=\"elementor-section elementor-top-section elementor-element elementor-element-37970cd4 elementor-fs-modele-texte50-photo50 elementor-section-boxed elementor-section-height-default elementor-section-height-default\" data-id=\"37970cd4\" data-element_type=\"section\" data-e-type=\"section\">\n\t\t\t\t\t\t<div class=\"elementor-container elementor-column-gap-no\">\n\t\t\t\t\t<div class=\"elementor-column elementor-col-50 elementor-top-column elementor-element elementor-element-712d86e9 fs-texte\" data-id=\"712d86e9\" data-element_type=\"column\" data-e-type=\"column\">\n\t\t\t<div class=\"elementor-widget-wrap elementor-element-populated\">\n\t\t\t\t\t\t<div class=\"elementor-element elementor-element-262874f7 elementor-widget elementor-widget-text-editor\" data-id=\"262874f7\" data-element_type=\"widget\" data-e-type=\"widget\" data-widget_type=\"text-editor.default\">\n\t\t\t\t<div class=\"elementor-widget-container\">\n\t\t\t\t\t\t\t\t\t<h3>B\u00fasqueda del tesoro<\/h3><h2>Dame Carcas y la Mitoune<\/h2><p>La Dame Carcas es convertida en una<strong> estatua de sal<\/strong> por un hada de fuerte car\u00e1cter. Con la ayuda de los <strong>esp\u00edritus<\/strong> de la Bastida, ay\u00fadala a recuperar su forma humana y a convertirse en una hero\u00edna.<\/p><p>Una b\u00fasqueda del tesoro <strong>divertida<\/strong> y <strong>educativa<\/strong> para descubrir la Bastide Saint-Louis de una manera diferente, hecha en <strong>Francia<\/strong> y <strong>responsable<\/strong>.<\/p><ul><li>Disponible s\u00f3lo en el<strong> 28 rue de Verdun<\/strong>.<\/li><li>Los <strong>kits<\/strong> deben ser devueltos a la Oficina de Turismo.<\/li><li>Se ofrece <strong>UN<\/strong> regalo por caja (cualquier regalo adicional se cobrar\u00e1)<\/li><\/ul>\t\t\t\t\t\t\t\t<\/div>\n\t\t\t\t<\/div>\n\t\t\t\t<div class=\"elementor-element elementor-element-48250e0b elementor-widget elementor-widget-button\" data-id=\"48250e0b\" data-element_type=\"widget\" data-e-type=\"widget\" data-widget_type=\"button.default\">\n\t\t\t\t<div class=\"elementor-widget-container\">\n\t\t\t\t\t\t\t\t\t<div class=\"elementor-button-wrapper\">\n\t\t\t\t\t<a class=\"elementor-button elementor-button-link elementor-size-sm\" href=\"https:\/\/fr.calameo.com\/read\/0024299858f961cff70dd\" target=\"_blank\">\n\t\t\t\t\t\t<span class=\"elementor-button-content-wrapper\">\n\t\t\t\t\t\t<span class=\"elementor-button-icon\">\n\t\t\t\t<i aria-hidden=\"true\" class=\"far fa-file-pdf\"><\/i>\t\t\t<\/span>\n\t\t\t\t\t\t\t\t\t<span class=\"elementor-button-text\">Ver el mapa para venir a la Oficina de Turismo<\/span>\n\t\t\t\t\t<\/span>\n\t\t\t\t\t<\/a>\n\t\t\t\t<\/div>\n\t\t\t\t\t\t\t\t<\/div>\n\t\t\t\t<\/div>\n\t\t\t\t\t<\/div>\n\t\t<\/div>\n\t\t\t\t<div class=\"elementor-column elementor-col-50 elementor-top-column elementor-element elementor-element-7f8f8451 fs-photo\" data-id=\"7f8f8451\" data-element_type=\"column\" data-e-type=\"column\">\n\t\t\t<div class=\"elementor-widget-wrap elementor-element-populated\">\n\t\t\t\t\t\t<div class=\"elementor-element elementor-element-4fde5b78 elementor-widget elementor-widget-image\" data-id=\"4fde5b78\" data-element_type=\"widget\" data-e-type=\"widget\" data-widget_type=\"image.default\">\n\t\t\t\t<div class=\"elementor-widget-container\">\n\t\t\t\t\t\t\t\t\t\t\t\t<figure class=\"wp-caption\">\n\t\t\t\t\t\t\t\t\t\t<img loading=\"lazy\" decoding=\"async\" width=\"570\" height=\"526\" src=\"https:\/\/www.tourisme-carcassonne.fr\/assets\/uploads\/2022\/03\/dame-carcas-et-la-mitoune-hd-fr-570x526.jpg\" class=\"attachment-medium size-medium wp-image-9101\" alt=\"\" srcset=\"https:\/\/www.tourisme-carcassonne.fr\/assets\/uploads\/2022\/03\/dame-carcas-et-la-mitoune-hd-fr-570x526.jpg 570w, https:\/\/www.tourisme-carcassonne.fr\/assets\/uploads\/2022\/03\/dame-carcas-et-la-mitoune-hd-fr-1170x1080.jpg 1170w, https:\/\/www.tourisme-carcassonne.fr\/assets\/uploads\/2022\/03\/dame-carcas-et-la-mitoune-hd-fr-370x342.jpg 370w, https:\/\/www.tourisme-carcassonne.fr\/assets\/uploads\/2022\/03\/dame-carcas-et-la-mitoune-hd-fr-768x709.jpg 768w, https:\/\/www.tourisme-carcassonne.fr\/assets\/uploads\/2022\/03\/dame-carcas-et-la-mitoune-hd-fr-1536x1418.jpg 1536w, https:\/\/www.tourisme-carcassonne.fr\/assets\/uploads\/2022\/03\/dame-carcas-et-la-mitoune-hd-fr-scaled.jpg 2048w\" sizes=\"(max-width: 570px) 100vw, 570px\" \/>\t\t\t\t\t\t\t\t\t\t\t<figcaption class=\"widget-image-caption wp-caption-text\"><\/figcaption>\n\t\t\t\t\t\t\t\t\t\t<\/figure>\n\t\t\t\t\t\t\t\t\t<\/div>\n\t\t\t\t<\/div>\n\t\t\t\t\t<\/div>\n\t\t<\/div>\n\t\t\t\t\t<\/div>\n\t\t<\/section>\n\t\t\t\t<section class=\"elementor-section elementor-top-section elementor-element elementor-element-6babdc1f elementor-section-full_width elementor-fs-modele-frise-historique elementor-section-height-default elementor-section-height-default\" data-id=\"6babdc1f\" data-element_type=\"section\" data-e-type=\"section\">\n\t\t\t\t\t\t<div class=\"elementor-container elementor-column-gap-no\">\n\t\t\t\t\t<div class=\"elementor-column elementor-col-100 elementor-top-column elementor-element elementor-element-e15da57\" data-id=\"e15da57\" data-element_type=\"column\" data-e-type=\"column\">\n\t\t\t<div class=\"elementor-widget-wrap elementor-element-populated\">\n\t\t\t\t\t\t<section class=\"elementor-section elementor-inner-section elementor-element elementor-element-4db63b8e elementor-section-full_width elementor-fs-modele-frise-historique-image elementor-section-height-default elementor-section-height-default\" data-id=\"4db63b8e\" data-element_type=\"section\" data-e-type=\"section\">\n\t\t\t\t\t\t<div class=\"elementor-container elementor-column-gap-no\">\n\t\t\t\t\t<div class=\"elementor-column elementor-col-100 elementor-inner-column elementor-element elementor-element-6100d5af\" data-id=\"6100d5af\" data-element_type=\"column\" data-e-type=\"column\">\n\t\t\t<div class=\"elementor-widget-wrap elementor-element-populated\">\n\t\t\t\t\t\t<div class=\"elementor-element elementor-element-5e8ee609 elementor-widget elementor-widget-image\" data-id=\"5e8ee609\" data-element_type=\"widget\" data-e-type=\"widget\" data-widget_type=\"image.default\">\n\t\t\t\t<div class=\"elementor-widget-container\">\n\t\t\t\t\t\t\t\t\t\t\t\t\t\t\t<img loading=\"lazy\" decoding=\"async\" width=\"1170\" height=\"780\" src=\"https:\/\/www.tourisme-carcassonne.fr\/assets\/uploads\/2021\/12\/2021-img-7466-jr-2400px-1170x780.jpg\" class=\"attachment-large size-large wp-image-5446\" alt=\"\" srcset=\"https:\/\/www.tourisme-carcassonne.fr\/assets\/uploads\/2021\/12\/2021-img-7466-jr-2400px-1170x780.jpg 1170w, https:\/\/www.tourisme-carcassonne.fr\/assets\/uploads\/2021\/12\/2021-img-7466-jr-2400px-570x380.jpg 570w, https:\/\/www.tourisme-carcassonne.fr\/assets\/uploads\/2021\/12\/2021-img-7466-jr-2400px-370x247.jpg 370w, https:\/\/www.tourisme-carcassonne.fr\/assets\/uploads\/2021\/12\/2021-img-7466-jr-2400px-768x512.jpg 768w, https:\/\/www.tourisme-carcassonne.fr\/assets\/uploads\/2021\/12\/2021-img-7466-jr-2400px-1536x1024.jpg 1536w, https:\/\/www.tourisme-carcassonne.fr\/assets\/uploads\/2021\/12\/2021-img-7466-jr-2400px-scaled.jpg 2048w\" sizes=\"(max-width: 1170px) 100vw, 1170px\" \/>\t\t\t\t\t\t\t\t\t\t\t\t\t\t\t<\/div>\n\t\t\t\t<\/div>\n\t\t\t\t\t<\/div>\n\t\t<\/div>\n\t\t\t\t\t<\/div>\n\t\t<\/section>\n\t\t\t\t<section class=\"elementor-section elementor-inner-section elementor-element elementor-element-7dadba99 elementor-fs-modele-frise-historique-content elementor-section-boxed elementor-section-height-default elementor-section-height-default\" data-id=\"7dadba99\" data-element_type=\"section\" data-e-type=\"section\">\n\t\t\t\t\t\t<div class=\"elementor-container elementor-column-gap-no\">\n\t\t\t\t\t<div class=\"elementor-column elementor-col-100 elementor-inner-column elementor-element elementor-element-746d4edd\" data-id=\"746d4edd\" data-element_type=\"column\" data-e-type=\"column\">\n\t\t\t<div class=\"elementor-widget-wrap elementor-element-populated\">\n\t\t\t\t\t\t<div class=\"elementor-element elementor-element-6f36f359 elementor-widget elementor-widget-heading\" data-id=\"6f36f359\" data-element_type=\"widget\" data-e-type=\"widget\" data-widget_type=\"heading.default\">\n\t\t\t\t<div class=\"elementor-widget-container\">\n\t\t\t\t\t<h2 class=\"elementor-heading-title elementor-size-default\">La historia del barrio<\/h2>\t\t\t\t<\/div>\n\t\t\t\t<\/div>\n\t\t\t\t<div class=\"elementor-element elementor-element-12c661ee elementor--h-position-right elementor--v-position-top elementor-pagination-position-inside elementor-widget elementor-widget-slides\" data-id=\"12c661ee\" data-element_type=\"widget\" data-e-type=\"widget\" data-settings=\"{&quot;navigation&quot;:&quot;dots&quot;,&quot;transition&quot;:&quot;slide&quot;,&quot;transition_speed&quot;:500}\" data-widget_type=\"slides.default\">\n\t\t\t\t<div class=\"elementor-widget-container\">\n\t\t\t\t\t\t\t\t\t<div class=\"elementor-swiper\">\n\t\t\t\t\t<div class=\"elementor-slides-wrapper elementor-main-swiper swiper\" role=\"region\" aria-roledescription=\"carousel\" aria-label=\"Diapositives\" dir=\"ltr\" data-animation=\"fadeInRight\">\n\t\t\t\t<div class=\"swiper-wrapper elementor-slides\">\n\t\t\t\t\t\t\t\t\t\t<div class=\"elementor-repeater-item-043a339 swiper-slide\" role=\"group\" aria-roledescription=\"slide\"><div class=\"swiper-slide-bg\" role=\"img\" aria-label=\"\u00a9 Wikipedia common use\"><\/div><div class=\"swiper-slide-inner\" ><div class=\"swiper-slide-contents\"><div class=\"elementor-slide-heading\">1247<\/div><div class=\"elementor-slide-description\">Fecha de la Ordenanza de San Luis (Luis IX) que autoriza la construcci\u00f3n de ciudades en la orilla izquierda del Aude, permitiendo as\u00ed el inicio de la Bastida de San Luis. <\/div><\/div><\/div><\/div><div class=\"elementor-repeater-item-65a5d05 swiper-slide\" role=\"group\" aria-roledescription=\"slide\"><div class=\"swiper-slide-bg\" role=\"img\" aria-label=\"\u00a9\"><\/div><div class=\"swiper-slide-inner\" ><div class=\"swiper-slide-contents\"><div class=\"elementor-slide-heading\">1355<\/div><div class=\"elementor-slide-description\">Paso del Pr\u00edncipe Negro a Languedoc. La ciudad baja fue saqueada y sus habitantes se refugiaron en la ciudad medieval. La ciudad baja fue reconstruida de forma modesta pero muy fortificada. <\/div><\/div><\/div><\/div><div class=\"elementor-repeater-item-1ab2ca9 swiper-slide\" role=\"group\" aria-roledescription=\"slide\"><div class=\"swiper-slide-bg\" role=\"img\" aria-label=\"sans titre (1 sur 1)-2\"><\/div><div class=\"swiper-slide-inner\" ><div class=\"swiper-slide-contents\"><div class=\"elementor-slide-heading\">1660<\/div><div class=\"elementor-slide-description\">Apogeo de la industria textil en Carcassonne. La ciudad se convierte en uno de los primeros centros de fabricaci\u00f3n de pa\u00f1os del Languedoc. <\/div><\/div><\/div><\/div><div class=\"elementor-repeater-item-c68720d swiper-slide\" role=\"group\" aria-roledescription=\"slide\"><div class=\"swiper-slide-bg\" role=\"img\" aria-label=\"\u00a9 Archives d\u00e9partementales de l&#039;Aude\"><\/div><div class=\"swiper-slide-inner\" ><div class=\"swiper-slide-contents\"><div class=\"elementor-slide-heading\">1810<\/div><div class=\"elementor-slide-description\">Inicio de las grandes transformaciones de la Ville Basse para hacer la ciudad m\u00e1s agradable para la poblaci\u00f3n. Los fosos se transformaron en paseos, se abrieron las fortificaciones y lleg\u00f3 el Canal du Midi. <\/div><\/div><\/div><\/div><div class=\"elementor-repeater-item-52e3fbc swiper-slide\" role=\"group\" aria-roledescription=\"slide\"><div class=\"swiper-slide-bg\" role=\"img\" aria-label=\"Bastide Carcassonne\"><\/div><div class=\"swiper-slide-inner\" ><div class=\"swiper-slide-contents\"><div class=\"elementor-slide-heading\">2015<\/div><div class=\"elementor-slide-description\">Inicio de la campa\u00f1a de renovaci\u00f3n de la fachada, que contin\u00faa hasta hoy. <\/div><\/div><\/div><\/div>\t\t\t\t<\/div>\n\t\t\t\t\t\t\t\t\t\t\t\t\t\t\t\t\t\t\t\t<div class=\"swiper-pagination\"><\/div>\n\t\t\t\t\t\t\t\t\t\t\t\t<\/div>\n\t\t\t\t<\/div>\n\t\t\t\t\t\t\t\t<\/div>\n\t\t\t\t<\/div>\n\t\t\t\t\t<\/div>\n\t\t<\/div>\n\t\t\t\t\t<\/div>\n\t\t<\/section>\n\t\t\t\t\t<\/div>\n\t\t<\/div>\n\t\t\t\t\t<\/div>\n\t\t<\/section>\n\t\t\t\t<section class=\"elementor-section elementor-top-section elementor-element elementor-element-75ee209b elementor-section-content-middle elementor-fs-modele-texte50-2photos50 elementor-section-boxed elementor-section-height-default elementor-section-height-default\" data-id=\"75ee209b\" data-element_type=\"section\" data-e-type=\"section\">\n\t\t\t\t\t\t<div class=\"elementor-container elementor-column-gap-no\">\n\t\t\t\t\t<div class=\"elementor-column elementor-col-50 elementor-top-column elementor-element elementor-element-74bf3595 fs-texte\" data-id=\"74bf3595\" data-element_type=\"column\" data-e-type=\"column\">\n\t\t\t<div class=\"elementor-widget-wrap elementor-element-populated\">\n\t\t\t\t\t\t<div class=\"elementor-element elementor-element-265e0fa3 elementor-widget elementor-widget-text-editor\" data-id=\"265e0fa3\" data-element_type=\"widget\" data-e-type=\"widget\" data-widget_type=\"text-editor.default\">\n\t\t\t\t<div class=\"elementor-widget-container\">\n\t\t\t\t\t\t\t\t\t<h2>La Bastida San-Luis accessible<\/h2><p>El centro de la ciudad de Carcasona cuenta con 3 grandes aparcamientos subterr\u00e1neos seguros: Gambetta, Ch\u00e9nier y Jacobins. Tambi\u00e9n se puede aparcar en la calle seg\u00fan las tarifas horarias.<\/p><ul><li>Pago f\u00e1cil con PayByPhone o directamente en los quioscos<\/li><li>Aparcamientos subterr\u00e1neos seguros<\/li><li>Cerca de la ciudad medieval y del Canal del Midi<\/li><\/ul>\t\t\t\t\t\t\t\t<\/div>\n\t\t\t\t<\/div>\n\t\t\t\t<div class=\"elementor-element elementor-element-2d652f8 elementor-widget elementor-widget-button\" data-id=\"2d652f8\" data-element_type=\"widget\" data-e-type=\"widget\" data-widget_type=\"button.default\">\n\t\t\t\t<div class=\"elementor-widget-container\">\n\t\t\t\t\t\t\t\t\t<div class=\"elementor-button-wrapper\">\n\t\t\t\t\t<a class=\"elementor-button elementor-button-link elementor-size-sm\" href=\"https:\/\/www.tourisme-carcassonne.fr\/es\/utiles\/aparcamiento\/\" target=\"_blank\">\n\t\t\t\t\t\t<span class=\"elementor-button-content-wrapper\">\n\t\t\t\t\t\t<span class=\"elementor-button-icon\">\n\t\t\t\t<i aria-hidden=\"true\" class=\"fas fa-car\"><\/i>\t\t\t<\/span>\n\t\t\t\t\t\t\t\t\t<span class=\"elementor-button-text\">Aparcamiento <\/span>\n\t\t\t\t\t<\/span>\n\t\t\t\t\t<\/a>\n\t\t\t\t<\/div>\n\t\t\t\t\t\t\t\t<\/div>\n\t\t\t\t<\/div>\n\t\t\t\t<div class=\"elementor-element elementor-element-3821a8c elementor-align-center elementor-widget elementor-widget-button\" data-id=\"3821a8c\" data-element_type=\"widget\" data-e-type=\"widget\" data-widget_type=\"button.default\">\n\t\t\t\t<div class=\"elementor-widget-container\">\n\t\t\t\t\t\t\t\t\t<div class=\"elementor-button-wrapper\">\n\t\t\t\t\t<a class=\"elementor-button elementor-button-link elementor-size-md\" href=\"https:\/\/www.tourisme-carcassonne.fr\/es\/utiles\/como-desplazarse\/\" target=\"_blank\">\n\t\t\t\t\t\t<span class=\"elementor-button-content-wrapper\">\n\t\t\t\t\t\t<span class=\"elementor-button-icon\">\n\t\t\t\t<i aria-hidden=\"true\" class=\"fas fa-map-marked-alt\"><\/i>\t\t\t<\/span>\n\t\t\t\t\t\t\t\t\t<span class=\"elementor-button-text\">C\u00f3mo llegar a Carcassonne<\/span>\n\t\t\t\t\t<\/span>\n\t\t\t\t\t<\/a>\n\t\t\t\t<\/div>\n\t\t\t\t\t\t\t\t<\/div>\n\t\t\t\t<\/div>\n\t\t\t\t\t<\/div>\n\t\t<\/div>\n\t\t\t\t<div class=\"elementor-column elementor-col-50 elementor-top-column elementor-element elementor-element-2ef33c63 fs-photo\" data-id=\"2ef33c63\" data-element_type=\"column\" data-e-type=\"column\">\n\t\t\t<div class=\"elementor-widget-wrap elementor-element-populated\">\n\t\t\t\t\t\t<div class=\"elementor-element elementor-element-506166ba fs-photo01 elementor-widget elementor-widget-image\" data-id=\"506166ba\" data-element_type=\"widget\" data-e-type=\"widget\" data-widget_type=\"image.default\">\n\t\t\t\t<div class=\"elementor-widget-container\">\n\t\t\t\t\t\t\t\t\t\t\t\t<figure class=\"wp-caption\">\n\t\t\t\t\t\t\t\t\t\t<img loading=\"lazy\" decoding=\"async\" width=\"570\" height=\"380\" src=\"https:\/\/www.tourisme-carcassonne.fr\/assets\/uploads\/2022\/03\/2017-gambetta-fleurs-img-8647-570x380.jpg\" class=\"attachment-medium size-medium wp-image-8921\" alt=\"\" srcset=\"https:\/\/www.tourisme-carcassonne.fr\/assets\/uploads\/2022\/03\/2017-gambetta-fleurs-img-8647-570x380.jpg 570w, https:\/\/www.tourisme-carcassonne.fr\/assets\/uploads\/2022\/03\/2017-gambetta-fleurs-img-8647-1170x780.jpg 1170w, https:\/\/www.tourisme-carcassonne.fr\/assets\/uploads\/2022\/03\/2017-gambetta-fleurs-img-8647-370x247.jpg 370w, https:\/\/www.tourisme-carcassonne.fr\/assets\/uploads\/2022\/03\/2017-gambetta-fleurs-img-8647-768x512.jpg 768w, https:\/\/www.tourisme-carcassonne.fr\/assets\/uploads\/2022\/03\/2017-gambetta-fleurs-img-8647-1536x1024.jpg 1536w, https:\/\/www.tourisme-carcassonne.fr\/assets\/uploads\/2022\/03\/2017-gambetta-fleurs-img-8647.jpg 1600w\" sizes=\"(max-width: 570px) 100vw, 570px\" \/>\t\t\t\t\t\t\t\t\t\t\t<figcaption class=\"widget-image-caption wp-caption-text\">\u00a9 J.Roche - Ville de Carcassonne<\/figcaption>\n\t\t\t\t\t\t\t\t\t\t<\/figure>\n\t\t\t\t\t\t\t\t\t<\/div>\n\t\t\t\t<\/div>\n\t\t\t\t<div class=\"elementor-element elementor-element-6f30d4bd fs-photo02 elementor-widget elementor-widget-image\" data-id=\"6f30d4bd\" data-element_type=\"widget\" data-e-type=\"widget\" data-widget_type=\"image.default\">\n\t\t\t\t<div class=\"elementor-widget-container\">\n\t\t\t\t\t\t\t\t\t\t\t\t<figure class=\"wp-caption\">\n\t\t\t\t\t\t\t\t\t\t<img decoding=\"async\" src=\"https:\/\/www.tourisme-carcassonne.fr\/assets\/uploads\/2022\/01\/screenshot-2022-01-10-at-10-20-52-depliant-stationnement-pdf.png\" title=\"\" alt=\"\" loading=\"lazy\" \/>\t\t\t\t\t\t\t\t\t\t\t<figcaption class=\"widget-image-caption wp-caption-text\"><\/figcaption>\n\t\t\t\t\t\t\t\t\t\t<\/figure>\n\t\t\t\t\t\t\t\t\t<\/div>\n\t\t\t\t<\/div>\n\t\t\t\t\t<\/div>\n\t\t<\/div>\n\t\t\t\t\t<\/div>\n\t\t<\/section>\n\t\t\t\t<section class=\"elementor-section elementor-top-section elementor-element elementor-element-15fb3768 elementor-fs-modele-texte100 elementor-section-boxed elementor-section-height-default elementor-section-height-default\" data-id=\"15fb3768\" data-element_type=\"section\" data-e-type=\"section\">\n\t\t\t\t\t\t<div class=\"elementor-container elementor-column-gap-default\">\n\t\t\t\t\t<div class=\"elementor-column elementor-col-100 elementor-top-column elementor-element elementor-element-579950ab fs-texte\" data-id=\"579950ab\" data-element_type=\"column\" data-e-type=\"column\">\n\t\t\t<div class=\"elementor-widget-wrap elementor-element-populated\">\n\t\t\t\t\t\t<div class=\"elementor-element elementor-element-7ac31e12 elementor-widget elementor-widget-text-editor\" data-id=\"7ac31e12\" data-element_type=\"widget\" data-e-type=\"widget\" data-widget_type=\"text-editor.default\">\n\t\t\t\t<div class=\"elementor-widget-container\">\n\t\t\t\t\t\t\t\t\t<h1>Los lugares de convivencia de la Bastida San-Luis<\/h1>\t\t\t\t\t\t\t\t<\/div>\n\t\t\t\t<\/div>\n\t\t\t\t\t<\/div>\n\t\t<\/div>\n\t\t\t\t\t<\/div>\n\t\t<\/section>\n\t\t\t\t<section class=\"elementor-section elementor-top-section elementor-element elementor-element-2db46525 elementor-section-full_width elementor-fs-modele-diapo1OOfull elementor-section-height-default elementor-section-height-default\" data-id=\"2db46525\" data-element_type=\"section\" data-e-type=\"section\">\n\t\t\t\t\t\t<div class=\"elementor-container elementor-column-gap-no\">\n\t\t\t\t\t<div class=\"elementor-column elementor-col-100 elementor-top-column elementor-element elementor-element-3d1f5f1f\" data-id=\"3d1f5f1f\" data-element_type=\"column\" data-e-type=\"column\">\n\t\t\t<div class=\"elementor-widget-wrap elementor-element-populated\">\n\t\t\t\t\t\t<div class=\"elementor-element elementor-element-43cbaa2a elementor--h-position-left elementor--v-position-middle elementor-arrows-position-inside elementor-pagination-position-inside elementor-widget elementor-widget-slides\" data-id=\"43cbaa2a\" data-element_type=\"widget\" data-e-type=\"widget\" data-settings=\"{&quot;autoplay_speed&quot;:3500,&quot;navigation&quot;:&quot;both&quot;,&quot;autoplay&quot;:&quot;yes&quot;,&quot;pause_on_hover&quot;:&quot;yes&quot;,&quot;pause_on_interaction&quot;:&quot;yes&quot;,&quot;infinite&quot;:&quot;yes&quot;,&quot;transition&quot;:&quot;slide&quot;,&quot;transition_speed&quot;:500}\" data-widget_type=\"slides.default\">\n\t\t\t\t<div class=\"elementor-widget-container\">\n\t\t\t\t\t\t\t\t\t<div class=\"elementor-swiper\">\n\t\t\t\t\t<div class=\"elementor-slides-wrapper elementor-main-swiper swiper\" role=\"region\" aria-roledescription=\"carousel\" aria-label=\"Diapositives\" dir=\"ltr\" data-animation=\"\">\n\t\t\t\t<div class=\"swiper-wrapper elementor-slides\">\n\t\t\t\t\t\t\t\t\t\t<div class=\"elementor-repeater-item-0f76770 swiper-slide\" role=\"group\" aria-roledescription=\"slide\"><div class=\"swiper-slide-bg\" role=\"img\" aria-label=\"Sc\u00e8ne vivante en terrasse sur la place Carnot \u00e0 Carcassonne : une serveuse en tenue estivale apporte un plateau de boissons fra\u00eeches \u00e0 une client\u00e8le install\u00e9e sous de grands parasols rouges, avec en arri\u00e8re-plan la fontaine Neptune et les platanes apportant de l\u2019ombre en plein \u00e9t\u00e9.\"><\/div><div class=\"swiper-slide-inner\" ><div class=\"swiper-slide-contents\"><div class=\"elementor-slide-heading\">La Place Carnot<\/div><div class=\"elementor-slide-description\">Completamente redise\u00f1ada en 2021, esta plaza es el lugar de convivencia de Carcasona con sus caf\u00e9s y restaurantes. Sin olvidar sus mercados de los martes, jueves y s\u00e1bados. <\/div><\/div><\/div><\/div><div class=\"elementor-repeater-item-c576833 swiper-slide\" role=\"group\" aria-roledescription=\"slide\"><div class=\"swiper-slide-bg\" role=\"img\" aria-label=\"Des enfants jouent dans les jets d&#039;eau d&#039;une fontaine urbaine sur la place Andr\u00e9 Ch\u00e9nier \u00e0 Carcassonne, sous le regard d&#039;une statue en bronze repr\u00e9sentant un enfant, lors d&#039;une chaude journ\u00e9e d&#039;\u00e9t\u00e9.\"><\/div><div class=\"swiper-slide-inner\" ><div class=\"swiper-slide-contents\"><div class=\"elementor-slide-heading\">Le Square Gambetta<\/div><div class=\"elementor-slide-description\">El magn\u00edfico Museo de Bellas Artes tiene una magn\u00edfica vista de esta zona verde y animada de la ciudad. <\/div><\/div><\/div><\/div><div class=\"elementor-repeater-item-ad44ca8 swiper-slide\" role=\"group\" aria-roledescription=\"slide\"><div class=\"swiper-slide-bg\" role=\"img\" aria-label=\"Vue de la place Andr\u00e9 Ch\u00e9nier \u00e0 Carcassonne par une journ\u00e9e ensoleill\u00e9e, avec une fontaine en pierre au premier plan, une colonne en marbre au centre, et des passants profitant de l\u2019ombre des platanes.\"><\/div><div class=\"swiper-slide-inner\" ><div class=\"swiper-slide-contents\"><div class=\"elementor-slide-heading\">Le Square Andr\u00e9 Ch\u00e9nier<\/div><div class=\"elementor-slide-description\">Este lugar de entretenimiento es una visita obligada en Carcasona tanto en verano como en invierno. Tambi\u00e9n es uno de los puntos de recepci\u00f3n de la Oficina de Turismo con el Kiosco. <\/div><\/div><\/div><\/div><div class=\"elementor-repeater-item-4d8b9e3 swiper-slide\" role=\"group\" aria-roledescription=\"slide\"><div class=\"swiper-slide-bg\" role=\"img\" aria-label=\"Sc\u00e8ne de printemps sur les all\u00e9es de Carcassonne avec un massif fleuri autour d\u2019un palmier, des promeneurs en arri\u00e8re-plan, un man\u00e8ge visible au loin, et une aire de jeux pour enfants sur la droite.\"><\/div><div class=\"swiper-slide-inner\" ><div class=\"swiper-slide-contents\"><div class=\"elementor-slide-heading\">Le Boulevard du Commandant Roumens<\/div><div class=\"elementor-slide-description\">Situado en la continuaci\u00f3n del Boulevard Barb\u00e8s, este lugar de encuentro est\u00e1 especialmente animado los s\u00e1bados por la ma\u00f1ana con el mercado semanal de la ciudad. <\/div><\/div><\/div><\/div>\t\t\t\t<\/div>\n\t\t\t\t\t\t\t\t\t\t\t\t\t\t\t<div class=\"elementor-swiper-button elementor-swiper-button-prev\" role=\"button\" tabindex=\"0\" aria-label=\"Diapositiva anterior\">\n\t\t\t\t\t\t\t<i aria-hidden=\"true\" class=\"eicon-chevron-left\"><\/i>\t\t\t\t\t\t<\/div>\n\t\t\t\t\t\t<div class=\"elementor-swiper-button elementor-swiper-button-next\" role=\"button\" tabindex=\"0\" aria-label=\"Diapositiva siguiente\">\n\t\t\t\t\t\t\t<i aria-hidden=\"true\" class=\"eicon-chevron-right\"><\/i>\t\t\t\t\t\t<\/div>\n\t\t\t\t\t\t\t\t\t\t\t\t\t\t\t\t<div class=\"swiper-pagination\"><\/div>\n\t\t\t\t\t\t\t\t\t\t\t\t<\/div>\n\t\t\t\t<\/div>\n\t\t\t\t\t\t\t\t<\/div>\n\t\t\t\t<\/div>\n\t\t\t\t\t<\/div>\n\t\t<\/div>\n\t\t\t\t\t<\/div>\n\t\t<\/section>\n\t\t\t\t<section class=\"elementor-section elementor-top-section elementor-element elementor-element-36eddbf0 elementor-fs-modele-texte100 elementor-section-boxed elementor-section-height-default elementor-section-height-default\" data-id=\"36eddbf0\" data-element_type=\"section\" data-e-type=\"section\">\n\t\t\t\t\t\t<div class=\"elementor-container elementor-column-gap-default\">\n\t\t\t\t\t<div class=\"elementor-column elementor-col-100 elementor-top-column elementor-element elementor-element-2074a289 fs-texte\" data-id=\"2074a289\" data-element_type=\"column\" data-e-type=\"column\">\n\t\t\t<div class=\"elementor-widget-wrap elementor-element-populated\">\n\t\t\t\t\t\t\t<\/div>\n\t\t<\/div>\n\t\t\t\t\t<\/div>\n\t\t<\/section>\n\t\t\t\t<\/div>\n\t\t","protected":false},"excerpt":{"rendered":"<p>\u00a9 Vincent photogrpahie &#8211; OMT Carcassonne El coraz\u00f3n de la vida local La Bastida San-Luis es el centro de la ciudad local de Carcasona, y es el foco de la convivencia al estilo de Carcasona, as\u00ed como de numerosas tiendas, restaurantes y otros negocios. \u00bfPero qu\u00e9 es la Bastida San-Luis? Se trata de un barrio [&hellip;]<\/p>\n","protected":false},"author":3,"featured_media":48009,"parent":13304,"menu_order":2,"comment_status":"closed","ping_status":"closed","template":"templates\/quartier.php","meta":{"_acf_changed":false,"footnotes":""},"class_list":["post-13313","page","type-page","status-publish","has-post-thumbnail","hentry"],"acf":[],"yoast_head":"<!-- This site is optimized with the Yoast SEO plugin v27.1.1 - https:\/\/yoast.com\/product\/yoast-seo-wordpress\/ -->\n<title>La Bastida San Luis - Office de tourisme de Carcassonne<\/title>\n<meta name=\"robots\" content=\"index, follow, max-snippet:-1, max-image-preview:large, max-video-preview:-1\" \/>\n<link rel=\"canonical\" href=\"https:\/\/www.tourisme-carcassonne.fr\/es\/descubrir\/la-bastida-san-luis\/\" \/>\n<meta property=\"og:locale\" content=\"es_ES\" \/>\n<meta property=\"og:type\" content=\"article\" \/>\n<meta property=\"og:title\" content=\"La Bastida San Luis - Office de tourisme de Carcassonne\" \/>\n<meta property=\"og:description\" content=\"\u00a9 Vincent photogrpahie &#8211; OMT Carcassonne El coraz\u00f3n de la vida local La Bastida San-Luis es el centro de la ciudad local de Carcasona, y es el foco de la convivencia al estilo de Carcasona, as\u00ed como de numerosas tiendas, restaurantes y otros negocios. \u00bfPero qu\u00e9 es la Bastida San-Luis? Se trata de un barrio [&hellip;]\" \/>\n<meta property=\"og:url\" content=\"https:\/\/www.tourisme-carcassonne.fr\/es\/descubrir\/la-bastida-san-luis\/\" \/>\n<meta property=\"og:site_name\" content=\"Office de tourisme de Carcassonne\" \/>\n<meta property=\"article:publisher\" content=\"https:\/\/www.facebook.com\/tourismecarcassonne\/\" \/>\n<meta property=\"article:modified_time\" content=\"2026-01-15T10:46:09+00:00\" \/>\n<meta property=\"og:image\" content=\"https:\/\/www.tourisme-carcassonne.fr\/assets\/uploads\/2024\/07\/bastide-affichemetro-2024-sanstxt-tdc-page-001-min-scaled.jpg\" \/>\n\t<meta property=\"og:image:width\" content=\"2048\" \/>\n\t<meta property=\"og:image:height\" content=\"1549\" \/>\n\t<meta property=\"og:image:type\" content=\"image\/jpeg\" \/>\n<meta name=\"twitter:card\" content=\"summary_large_image\" \/>\n<meta name=\"twitter:label1\" content=\"Tiempo de lectura\" \/>\n\t<meta name=\"twitter:data1\" content=\"7 minutos\" \/>\n<script type=\"application\/ld+json\" class=\"yoast-schema-graph\">{\"@context\":\"https:\/\/schema.org\",\"@graph\":[{\"@type\":\"WebPage\",\"@id\":\"https:\/\/www.tourisme-carcassonne.fr\/es\/descubrir\/la-bastida-san-luis\/\",\"url\":\"https:\/\/www.tourisme-carcassonne.fr\/es\/descubrir\/la-bastida-san-luis\/\",\"name\":\"La Bastida San Luis - Office de tourisme de Carcassonne\",\"isPartOf\":{\"@id\":\"https:\/\/www.tourisme-carcassonne.fr\/es\/#website\"},\"primaryImageOfPage\":{\"@id\":\"https:\/\/www.tourisme-carcassonne.fr\/es\/descubrir\/la-bastida-san-luis\/#primaryimage\"},\"image\":{\"@id\":\"https:\/\/www.tourisme-carcassonne.fr\/es\/descubrir\/la-bastida-san-luis\/#primaryimage\"},\"thumbnailUrl\":\"https:\/\/www.tourisme-carcassonne.fr\/assets\/uploads\/2024\/07\/bastide-affichemetro-2024-sanstxt-tdc-page-001-min-scaled.jpg\",\"datePublished\":\"2021-11-19T15:47:38+00:00\",\"dateModified\":\"2026-01-15T10:46:09+00:00\",\"breadcrumb\":{\"@id\":\"https:\/\/www.tourisme-carcassonne.fr\/es\/descubrir\/la-bastida-san-luis\/#breadcrumb\"},\"inLanguage\":\"es\",\"potentialAction\":[{\"@type\":\"ReadAction\",\"target\":[\"https:\/\/www.tourisme-carcassonne.fr\/es\/descubrir\/la-bastida-san-luis\/\"]}]},{\"@type\":\"ImageObject\",\"inLanguage\":\"es\",\"@id\":\"https:\/\/www.tourisme-carcassonne.fr\/es\/descubrir\/la-bastida-san-luis\/#primaryimage\",\"url\":\"https:\/\/www.tourisme-carcassonne.fr\/assets\/uploads\/2024\/07\/bastide-affichemetro-2024-sanstxt-tdc-page-001-min-scaled.jpg\",\"contentUrl\":\"https:\/\/www.tourisme-carcassonne.fr\/assets\/uploads\/2024\/07\/bastide-affichemetro-2024-sanstxt-tdc-page-001-min-scaled.jpg\",\"width\":2048,\"height\":1549},{\"@type\":\"BreadcrumbList\",\"@id\":\"https:\/\/www.tourisme-carcassonne.fr\/es\/descubrir\/la-bastida-san-luis\/#breadcrumb\",\"itemListElement\":[{\"@type\":\"ListItem\",\"position\":1,\"name\":\"Accueil\",\"item\":\"https:\/\/www.tourisme-carcassonne.fr\/es\/\"},{\"@type\":\"ListItem\",\"position\":2,\"name\":\"Descubrir\",\"item\":\"https:\/\/www.tourisme-carcassonne.fr\/es\/descubrir\/\"},{\"@type\":\"ListItem\",\"position\":3,\"name\":\"La Bastida San Luis\"}]},{\"@type\":\"WebSite\",\"@id\":\"https:\/\/www.tourisme-carcassonne.fr\/es\/#website\",\"url\":\"https:\/\/www.tourisme-carcassonne.fr\/es\/\",\"name\":\"Office de tourisme de Carcassonne\",\"description\":\"\",\"publisher\":{\"@id\":\"https:\/\/www.tourisme-carcassonne.fr\/es\/#organization\"},\"potentialAction\":[{\"@type\":\"SearchAction\",\"target\":{\"@type\":\"EntryPoint\",\"urlTemplate\":\"https:\/\/www.tourisme-carcassonne.fr\/es\/?s={search_term_string}\"},\"query-input\":{\"@type\":\"PropertyValueSpecification\",\"valueRequired\":true,\"valueName\":\"search_term_string\"}}],\"inLanguage\":\"es\"},{\"@type\":\"Organization\",\"@id\":\"https:\/\/www.tourisme-carcassonne.fr\/es\/#organization\",\"name\":\"Office de tourisme de Carcassonne\",\"url\":\"https:\/\/www.tourisme-carcassonne.fr\/es\/\",\"logo\":{\"@type\":\"ImageObject\",\"inLanguage\":\"es\",\"@id\":\"https:\/\/www.tourisme-carcassonne.fr\/es\/#\/schema\/logo\/image\/\",\"url\":\"https:\/\/www.tourisme-carcassonne.fr\/assets\/uploads\/2021\/11\/logo-carcassonne.svg\",\"contentUrl\":\"https:\/\/www.tourisme-carcassonne.fr\/assets\/uploads\/2021\/11\/logo-carcassonne.svg\",\"width\":167,\"height\":49,\"caption\":\"Office de tourisme de Carcassonne\"},\"image\":{\"@id\":\"https:\/\/www.tourisme-carcassonne.fr\/es\/#\/schema\/logo\/image\/\"},\"sameAs\":[\"https:\/\/www.facebook.com\/tourismecarcassonne\/\",\"https:\/\/www.instagram.com\/tourismecarcassonne\/\"]}]}<\/script>\n<!-- \/ Yoast SEO plugin. -->","yoast_head_json":{"title":"La Bastida San Luis - Office de tourisme de Carcassonne","robots":{"index":"index","follow":"follow","max-snippet":"max-snippet:-1","max-image-preview":"max-image-preview:large","max-video-preview":"max-video-preview:-1"},"canonical":"https:\/\/www.tourisme-carcassonne.fr\/es\/descubrir\/la-bastida-san-luis\/","og_locale":"es_ES","og_type":"article","og_title":"La Bastida San Luis - Office de tourisme de Carcassonne","og_description":"\u00a9 Vincent photogrpahie &#8211; OMT Carcassonne El coraz\u00f3n de la vida local La Bastida San-Luis es el centro de la ciudad local de Carcasona, y es el foco de la convivencia al estilo de Carcasona, as\u00ed como de numerosas tiendas, restaurantes y otros negocios. \u00bfPero qu\u00e9 es la Bastida San-Luis? Se trata de un barrio [&hellip;]","og_url":"https:\/\/www.tourisme-carcassonne.fr\/es\/descubrir\/la-bastida-san-luis\/","og_site_name":"Office de tourisme de Carcassonne","article_publisher":"https:\/\/www.facebook.com\/tourismecarcassonne\/","article_modified_time":"2026-01-15T10:46:09+00:00","og_image":[{"width":2048,"height":1549,"url":"https:\/\/www.tourisme-carcassonne.fr\/assets\/uploads\/2024\/07\/bastide-affichemetro-2024-sanstxt-tdc-page-001-min-scaled.jpg","type":"image\/jpeg"}],"twitter_card":"summary_large_image","twitter_misc":{"Tiempo de lectura":"7 minutos"},"schema":{"@context":"https:\/\/schema.org","@graph":[{"@type":"WebPage","@id":"https:\/\/www.tourisme-carcassonne.fr\/es\/descubrir\/la-bastida-san-luis\/","url":"https:\/\/www.tourisme-carcassonne.fr\/es\/descubrir\/la-bastida-san-luis\/","name":"La Bastida San Luis - Office de tourisme de Carcassonne","isPartOf":{"@id":"https:\/\/www.tourisme-carcassonne.fr\/es\/#website"},"primaryImageOfPage":{"@id":"https:\/\/www.tourisme-carcassonne.fr\/es\/descubrir\/la-bastida-san-luis\/#primaryimage"},"image":{"@id":"https:\/\/www.tourisme-carcassonne.fr\/es\/descubrir\/la-bastida-san-luis\/#primaryimage"},"thumbnailUrl":"https:\/\/www.tourisme-carcassonne.fr\/assets\/uploads\/2024\/07\/bastide-affichemetro-2024-sanstxt-tdc-page-001-min-scaled.jpg","datePublished":"2021-11-19T15:47:38+00:00","dateModified":"2026-01-15T10:46:09+00:00","breadcrumb":{"@id":"https:\/\/www.tourisme-carcassonne.fr\/es\/descubrir\/la-bastida-san-luis\/#breadcrumb"},"inLanguage":"es","potentialAction":[{"@type":"ReadAction","target":["https:\/\/www.tourisme-carcassonne.fr\/es\/descubrir\/la-bastida-san-luis\/"]}]},{"@type":"ImageObject","inLanguage":"es","@id":"https:\/\/www.tourisme-carcassonne.fr\/es\/descubrir\/la-bastida-san-luis\/#primaryimage","url":"https:\/\/www.tourisme-carcassonne.fr\/assets\/uploads\/2024\/07\/bastide-affichemetro-2024-sanstxt-tdc-page-001-min-scaled.jpg","contentUrl":"https:\/\/www.tourisme-carcassonne.fr\/assets\/uploads\/2024\/07\/bastide-affichemetro-2024-sanstxt-tdc-page-001-min-scaled.jpg","width":2048,"height":1549},{"@type":"BreadcrumbList","@id":"https:\/\/www.tourisme-carcassonne.fr\/es\/descubrir\/la-bastida-san-luis\/#breadcrumb","itemListElement":[{"@type":"ListItem","position":1,"name":"Accueil","item":"https:\/\/www.tourisme-carcassonne.fr\/es\/"},{"@type":"ListItem","position":2,"name":"Descubrir","item":"https:\/\/www.tourisme-carcassonne.fr\/es\/descubrir\/"},{"@type":"ListItem","position":3,"name":"La Bastida San Luis"}]},{"@type":"WebSite","@id":"https:\/\/www.tourisme-carcassonne.fr\/es\/#website","url":"https:\/\/www.tourisme-carcassonne.fr\/es\/","name":"Office de tourisme de Carcassonne","description":"","publisher":{"@id":"https:\/\/www.tourisme-carcassonne.fr\/es\/#organization"},"potentialAction":[{"@type":"SearchAction","target":{"@type":"EntryPoint","urlTemplate":"https:\/\/www.tourisme-carcassonne.fr\/es\/?s={search_term_string}"},"query-input":{"@type":"PropertyValueSpecification","valueRequired":true,"valueName":"search_term_string"}}],"inLanguage":"es"},{"@type":"Organization","@id":"https:\/\/www.tourisme-carcassonne.fr\/es\/#organization","name":"Office de tourisme de Carcassonne","url":"https:\/\/www.tourisme-carcassonne.fr\/es\/","logo":{"@type":"ImageObject","inLanguage":"es","@id":"https:\/\/www.tourisme-carcassonne.fr\/es\/#\/schema\/logo\/image\/","url":"https:\/\/www.tourisme-carcassonne.fr\/assets\/uploads\/2021\/11\/logo-carcassonne.svg","contentUrl":"https:\/\/www.tourisme-carcassonne.fr\/assets\/uploads\/2021\/11\/logo-carcassonne.svg","width":167,"height":49,"caption":"Office de tourisme de Carcassonne"},"image":{"@id":"https:\/\/www.tourisme-carcassonne.fr\/es\/#\/schema\/logo\/image\/"},"sameAs":["https:\/\/www.facebook.com\/tourismecarcassonne\/","https:\/\/www.instagram.com\/tourismecarcassonne\/"]}]}},"_links":{"self":[{"href":"https:\/\/www.tourisme-carcassonne.fr\/es\/wp-json\/wp\/v2\/pages\/13313","targetHints":{"allow":["GET"]}}],"collection":[{"href":"https:\/\/www.tourisme-carcassonne.fr\/es\/wp-json\/wp\/v2\/pages"}],"about":[{"href":"https:\/\/www.tourisme-carcassonne.fr\/es\/wp-json\/wp\/v2\/types\/page"}],"author":[{"embeddable":true,"href":"https:\/\/www.tourisme-carcassonne.fr\/es\/wp-json\/wp\/v2\/users\/3"}],"replies":[{"embeddable":true,"href":"https:\/\/www.tourisme-carcassonne.fr\/es\/wp-json\/wp\/v2\/comments?post=13313"}],"version-history":[{"count":0,"href":"https:\/\/www.tourisme-carcassonne.fr\/es\/wp-json\/wp\/v2\/pages\/13313\/revisions"}],"up":[{"embeddable":true,"href":"https:\/\/www.tourisme-carcassonne.fr\/es\/wp-json\/wp\/v2\/pages\/13304"}],"wp:featuredmedia":[{"embeddable":true,"href":"https:\/\/www.tourisme-carcassonne.fr\/es\/wp-json\/wp\/v2\/media\/48009"}],"wp:attachment":[{"href":"https:\/\/www.tourisme-carcassonne.fr\/es\/wp-json\/wp\/v2\/media?parent=13313"}],"curies":[{"name":"wp","href":"https:\/\/api.w.org\/{rel}","templated":true}]}}