{"id":13274,"date":"2021-11-19T15:50:29","date_gmt":"2021-11-19T14:50:29","guid":{"rendered":"https:\/\/www.tourisme-carcassonne.fr\/temps-forts\/"},"modified":"2026-04-30T09:47:12","modified_gmt":"2026-04-30T07:47:12","slug":"momentos-culminantes","status":"publish","type":"page","link":"https:\/\/www.tourisme-carcassonne.fr\/es\/momentos-culminantes\/","title":{"rendered":"Momentos Culminantes"},"content":{"rendered":"\t\t<div data-elementor-type=\"wp-page\" data-elementor-id=\"13274\" class=\"elementor elementor-13274 elementor-504\" data-elementor-post-type=\"page\">\n\t\t\t\t\t\t<section class=\"elementor-section elementor-top-section elementor-element elementor-element-1c134f42 elementor-fs-modele-photo50-texte50 elementor-section-boxed elementor-section-height-default elementor-section-height-default\" data-id=\"1c134f42\" data-element_type=\"section\" data-e-type=\"section\">\n\t\t\t\t\t\t<div class=\"elementor-container elementor-column-gap-no\">\n\t\t\t\t\t<div class=\"elementor-column elementor-col-50 elementor-top-column elementor-element elementor-element-4fbb7a94 fs-photo\" data-id=\"4fbb7a94\" data-element_type=\"column\" data-e-type=\"column\">\n\t\t\t<div class=\"elementor-widget-wrap elementor-element-populated\">\n\t\t\t\t\t\t<div class=\"elementor-element elementor-element-26351f8 elementor-widget elementor-widget-image\" data-id=\"26351f8\" data-element_type=\"widget\" data-e-type=\"widget\" data-widget_type=\"image.default\">\n\t\t\t\t<div class=\"elementor-widget-container\">\n\t\t\t\t\t\t\t\t\t\t\t\t<figure class=\"wp-caption\">\n\t\t\t\t\t\t\t\t\t\t<img fetchpriority=\"high\" decoding=\"async\" width=\"1170\" height=\"780\" src=\"https:\/\/www.tourisme-carcassonne.fr\/assets\/uploads\/2022\/03\/carcassonne-cite-mg-6351-1170x780.jpg\" class=\"attachment-large size-large wp-image-9014\" alt=\"\" srcset=\"https:\/\/www.tourisme-carcassonne.fr\/assets\/uploads\/2022\/03\/carcassonne-cite-mg-6351-1170x780.jpg 1170w, https:\/\/www.tourisme-carcassonne.fr\/assets\/uploads\/2022\/03\/carcassonne-cite-mg-6351-570x380.jpg 570w, https:\/\/www.tourisme-carcassonne.fr\/assets\/uploads\/2022\/03\/carcassonne-cite-mg-6351-370x247.jpg 370w, https:\/\/www.tourisme-carcassonne.fr\/assets\/uploads\/2022\/03\/carcassonne-cite-mg-6351-768x512.jpg 768w, https:\/\/www.tourisme-carcassonne.fr\/assets\/uploads\/2022\/03\/carcassonne-cite-mg-6351-1536x1024.jpg 1536w, https:\/\/www.tourisme-carcassonne.fr\/assets\/uploads\/2022\/03\/carcassonne-cite-mg-6351.jpg 1600w\" sizes=\"(max-width: 1170px) 100vw, 1170px\" \/>\t\t\t\t\t\t\t\t\t\t\t<figcaption class=\"widget-image-caption wp-caption-text\">\u00a9 Ville de Carcassonne<\/figcaption>\n\t\t\t\t\t\t\t\t\t\t<\/figure>\n\t\t\t\t\t\t\t\t\t<\/div>\n\t\t\t\t<\/div>\n\t\t\t\t\t<\/div>\n\t\t<\/div>\n\t\t\t\t<div class=\"elementor-column elementor-col-50 elementor-top-column elementor-element elementor-element-4b68518a fs-texte\" data-id=\"4b68518a\" data-element_type=\"column\" data-e-type=\"column\">\n\t\t\t<div class=\"elementor-widget-wrap elementor-element-populated\">\n\t\t\t\t\t\t<div class=\"elementor-element elementor-element-6e366769 elementor-widget elementor-widget-text-editor\" data-id=\"6e366769\" data-element_type=\"widget\" data-e-type=\"widget\" data-widget_type=\"text-editor.default\">\n\t\t\t\t<div class=\"elementor-widget-container\">\n\t\t\t\t\t\t\t\t\t<h1>Festival de Carcasona<\/h1><h3>un festival que no hay que perderse<\/h3><p>Clasificado entre los 10 mayores festivales franceses, con 120 espect\u00e1culos y conciertos cada a\u00f1o, incluidos 80 conciertos gratuitos en 12 escenarios, el Festival de Carcasona atrae a cerca de 200.000 espectadores.<\/p><p>Nos vemos en <strong>julio<\/strong> en Carcasona, <strong>todos los a\u00f1os<\/strong>.<\/p><p>Il y en a pour tous les go\u00fbts, et payant ou non, la qualit\u00e9 ne d\u00e9roge pas \u00e0 la r\u00e8gle. Le Festival de Carcassonne propose une programmation \u00e9clectique qui ravira tous les amoureux de spectacle et de culture.<\/p>\t\t\t\t\t\t\t\t<\/div>\n\t\t\t\t<\/div>\n\t\t\t\t<div class=\"elementor-element elementor-element-50effa3a elementor-widget elementor-widget-button\" data-id=\"50effa3a\" data-element_type=\"widget\" data-e-type=\"widget\" data-widget_type=\"button.default\">\n\t\t\t\t<div class=\"elementor-widget-container\">\n\t\t\t\t\t\t\t\t\t<div class=\"elementor-button-wrapper\">\n\t\t\t\t\t<a class=\"elementor-button elementor-button-link elementor-size-sm\" href=\"https:\/\/www.tourisme-carcassonne.fr\/es\/momentos-culminantes\/festival-de-carcasona\/\" target=\"_blank\">\n\t\t\t\t\t\t<span class=\"elementor-button-content-wrapper\">\n\t\t\t\t\t\t<span class=\"elementor-button-icon\">\n\t\t\t\t<i aria-hidden=\"true\" class=\"fas fa-mouse-pointer\"><\/i>\t\t\t<\/span>\n\t\t\t\t\t\t\t\t\t<span class=\"elementor-button-text\">M\u00e1s informaci\u00f3n<\/span>\n\t\t\t\t\t<\/span>\n\t\t\t\t\t<\/a>\n\t\t\t\t<\/div>\n\t\t\t\t\t\t\t\t<\/div>\n\t\t\t\t<\/div>\n\t\t\t\t\t<\/div>\n\t\t<\/div>\n\t\t\t\t\t<\/div>\n\t\t<\/section>\n\t\t\t\t<section class=\"elementor-section elementor-top-section elementor-element elementor-element-1d41ee77 elementor-fs-modele-texte50-photo50 elementor-section-boxed elementor-section-height-default elementor-section-height-default\" data-id=\"1d41ee77\" data-element_type=\"section\" data-e-type=\"section\">\n\t\t\t\t\t\t<div class=\"elementor-container elementor-column-gap-no\">\n\t\t\t\t\t<div class=\"elementor-column elementor-col-50 elementor-top-column elementor-element elementor-element-368d192 fs-texte\" data-id=\"368d192\" data-element_type=\"column\" data-e-type=\"column\">\n\t\t\t<div class=\"elementor-widget-wrap elementor-element-populated\">\n\t\t\t\t\t\t<div class=\"elementor-element elementor-element-6b540f5a elementor-widget elementor-widget-text-editor\" data-id=\"6b540f5a\" data-element_type=\"widget\" data-e-type=\"widget\" data-widget_type=\"text-editor.default\">\n\t\t\t\t<div class=\"elementor-widget-container\">\n\t\t\t\t\t\t\t\t\t<h1>Torneos de caballer\u00eda<\/h1><h3>de mediados de julio a finales de agosto<\/h3><p>Al ritmo de los caballos y con el choque de las armas, los caballeros se enfrentan sin piedad en un escenario grandioso. Un espect\u00e1culo familiar de 45 minutos de duraci\u00f3n, con asientos sombreados en la tribuna.<\/p>\t\t\t\t\t\t\t\t<\/div>\n\t\t\t\t<\/div>\n\t\t\t\t<div class=\"elementor-element elementor-element-36129d40 elementor-widget elementor-widget-button\" data-id=\"36129d40\" data-element_type=\"widget\" data-e-type=\"widget\" data-widget_type=\"button.default\">\n\t\t\t\t<div class=\"elementor-widget-container\">\n\t\t\t\t\t\t\t\t\t<div class=\"elementor-button-wrapper\">\n\t\t\t\t\t<a class=\"elementor-button elementor-button-link elementor-size-sm\" href=\"https:\/\/reservation.tourisme-carcassonne.fr\/tournois-de-chevalerie.html\" target=\"_blank\">\n\t\t\t\t\t\t<span class=\"elementor-button-content-wrapper\">\n\t\t\t\t\t\t<span class=\"elementor-button-icon\">\n\t\t\t\t<i aria-hidden=\"true\" class=\"fas fa-mouse-pointer\"><\/i>\t\t\t<\/span>\n\t\t\t\t\t\t\t\t\t<span class=\"elementor-button-text\">M\u00e1s informaci\u00f3n<\/span>\n\t\t\t\t\t<\/span>\n\t\t\t\t\t<\/a>\n\t\t\t\t<\/div>\n\t\t\t\t\t\t\t\t<\/div>\n\t\t\t\t<\/div>\n\t\t\t\t\t<\/div>\n\t\t<\/div>\n\t\t\t\t<div class=\"elementor-column elementor-col-50 elementor-top-column elementor-element elementor-element-1af03fd6 fs-photo\" data-id=\"1af03fd6\" data-element_type=\"column\" data-e-type=\"column\">\n\t\t\t<div class=\"elementor-widget-wrap elementor-element-populated\">\n\t\t\t\t\t\t<div class=\"elementor-element elementor-element-4fbec2b6 elementor-widget elementor-widget-image\" data-id=\"4fbec2b6\" data-element_type=\"widget\" data-e-type=\"widget\" data-widget_type=\"image.default\">\n\t\t\t\t<div class=\"elementor-widget-container\">\n\t\t\t\t\t\t\t\t\t\t\t\t<figure class=\"wp-caption\">\n\t\t\t\t\t\t\t\t\t\t<img decoding=\"async\" width=\"570\" height=\"380\" src=\"https:\/\/www.tourisme-carcassonne.fr\/assets\/uploads\/2023\/07\/2021-tournois-chevalerie-1379-jr-2400px-scaled-1-570x380.jpg\" class=\"attachment-medium size-medium wp-image-36689\" alt=\"deux chevaliers se battent lors du tournoi de chevalerie\" srcset=\"https:\/\/www.tourisme-carcassonne.fr\/assets\/uploads\/2023\/07\/2021-tournois-chevalerie-1379-jr-2400px-scaled-1-570x380.jpg 570w, https:\/\/www.tourisme-carcassonne.fr\/assets\/uploads\/2023\/07\/2021-tournois-chevalerie-1379-jr-2400px-scaled-1-1170x780.jpg 1170w, https:\/\/www.tourisme-carcassonne.fr\/assets\/uploads\/2023\/07\/2021-tournois-chevalerie-1379-jr-2400px-scaled-1-370x247.jpg 370w, https:\/\/www.tourisme-carcassonne.fr\/assets\/uploads\/2023\/07\/2021-tournois-chevalerie-1379-jr-2400px-scaled-1-768x512.jpg 768w, https:\/\/www.tourisme-carcassonne.fr\/assets\/uploads\/2023\/07\/2021-tournois-chevalerie-1379-jr-2400px-scaled-1-1536x1024.jpg 1536w, https:\/\/www.tourisme-carcassonne.fr\/assets\/uploads\/2023\/07\/2021-tournois-chevalerie-1379-jr-2400px-scaled-1.jpg 2048w\" sizes=\"(max-width: 570px) 100vw, 570px\" \/>\t\t\t\t\t\t\t\t\t\t\t<figcaption class=\"widget-image-caption wp-caption-text\">\u00a9 Ville de Carcassonne<\/figcaption>\n\t\t\t\t\t\t\t\t\t\t<\/figure>\n\t\t\t\t\t\t\t\t\t<\/div>\n\t\t\t\t<\/div>\n\t\t\t\t\t<\/div>\n\t\t<\/div>\n\t\t\t\t\t<\/div>\n\t\t<\/section>\n\t\t\t\t<section class=\"elementor-section elementor-top-section elementor-element elementor-element-dea201a elementor-fs-modele-photo50-texte50 elementor-section-boxed elementor-section-height-default elementor-section-height-default\" data-id=\"dea201a\" data-element_type=\"section\" data-e-type=\"section\">\n\t\t\t\t\t\t<div class=\"elementor-container elementor-column-gap-no\">\n\t\t\t\t\t<div class=\"elementor-column elementor-col-50 elementor-top-column elementor-element elementor-element-2b9a584 fs-photo\" data-id=\"2b9a584\" data-element_type=\"column\" data-e-type=\"column\">\n\t\t\t<div class=\"elementor-widget-wrap elementor-element-populated\">\n\t\t\t\t\t\t<div class=\"elementor-element elementor-element-2a07cfd elementor-widget elementor-widget-image\" data-id=\"2a07cfd\" data-element_type=\"widget\" data-e-type=\"widget\" data-widget_type=\"image.default\">\n\t\t\t\t<div class=\"elementor-widget-container\">\n\t\t\t\t\t\t\t\t\t\t\t\t<figure class=\"wp-caption\">\n\t\t\t\t\t\t\t\t\t\t<img decoding=\"async\" width=\"1170\" height=\"658\" src=\"https:\/\/www.tourisme-carcassonne.fr\/assets\/uploads\/2022\/03\/216712847-1803494046489648-4415867703198363282-n-1170x658.jpg\" class=\"attachment-large size-large wp-image-9041\" alt=\"les cyclistes sur la ligne de d\u00e9part du tour de france \u00e0 carcassonne\" srcset=\"https:\/\/www.tourisme-carcassonne.fr\/assets\/uploads\/2022\/03\/216712847-1803494046489648-4415867703198363282-n-1170x658.jpg 1170w, https:\/\/www.tourisme-carcassonne.fr\/assets\/uploads\/2022\/03\/216712847-1803494046489648-4415867703198363282-n-570x321.jpg 570w, https:\/\/www.tourisme-carcassonne.fr\/assets\/uploads\/2022\/03\/216712847-1803494046489648-4415867703198363282-n-370x208.jpg 370w, https:\/\/www.tourisme-carcassonne.fr\/assets\/uploads\/2022\/03\/216712847-1803494046489648-4415867703198363282-n-768x432.jpg 768w, https:\/\/www.tourisme-carcassonne.fr\/assets\/uploads\/2022\/03\/216712847-1803494046489648-4415867703198363282-n-1536x864.jpg 1536w, https:\/\/www.tourisme-carcassonne.fr\/assets\/uploads\/2022\/03\/216712847-1803494046489648-4415867703198363282-n.jpg 2048w\" sizes=\"(max-width: 1170px) 100vw, 1170px\" \/>\t\t\t\t\t\t\t\t\t\t\t<figcaption class=\"widget-image-caption wp-caption-text\">\u00a9 J.Roche - Ville de Carcassonne<\/figcaption>\n\t\t\t\t\t\t\t\t\t\t<\/figure>\n\t\t\t\t\t\t\t\t\t<\/div>\n\t\t\t\t<\/div>\n\t\t\t\t\t<\/div>\n\t\t<\/div>\n\t\t\t\t<div class=\"elementor-column elementor-col-50 elementor-top-column elementor-element elementor-element-2e09799 fs-texte\" data-id=\"2e09799\" data-element_type=\"column\" data-e-type=\"column\">\n\t\t\t<div class=\"elementor-widget-wrap elementor-element-populated\">\n\t\t\t\t\t\t<div class=\"elementor-element elementor-element-f1de967 elementor-widget elementor-widget-text-editor\" data-id=\"f1de967\" data-element_type=\"widget\" data-e-type=\"widget\" data-widget_type=\"text-editor.default\">\n\t\t\t\t<div class=\"elementor-widget-container\">\n\t\t\t\t\t\t\t\t\t<h1><strong>El Tour de Francia<\/strong><\/h1><h3>7 de julio de 2026<\/h3><p>El Tour de Francia es uno de los eventos deportivos m\u00e1s seguidos del mundo, combinando rendimiento ciclista y espect\u00e1culo popular. Cada a\u00f1o, esta gran carrera recorre los territorios m\u00e1s bellos de Francia, ofreciendo a los espectadores paisajes excepcionales y momentos emocionantes \u00fanicos. <strong>Carcassonne<\/strong>, ciudad rica en patrimonio, se enorgullece de acoger regularmente el Tour.<\/p><p>En 2026, la ciudad ser\u00e1 el punto de partida de la 4\u00aa etapa hacia Foix, prometiendo un d\u00eda festivo y animado para los habitantes y visitantes. Esta etapa ser\u00e1 una oportunidad para descubrir la ciudad de otra manera, entre ciclismo, animaciones y patrimonio.<\/p>\t\t\t\t\t\t\t\t<\/div>\n\t\t\t\t<\/div>\n\t\t\t\t<div class=\"elementor-element elementor-element-15e872e elementor-widget elementor-widget-button\" data-id=\"15e872e\" data-element_type=\"widget\" data-e-type=\"widget\" data-widget_type=\"button.default\">\n\t\t\t\t<div class=\"elementor-widget-container\">\n\t\t\t\t\t\t\t\t\t<div class=\"elementor-button-wrapper\">\n\t\t\t\t\t<a class=\"elementor-button elementor-button-link elementor-size-sm\" href=\"https:\/\/www.tourisme-carcassonne.fr\/es\/momentos-culminantes\/tour-de-francia\/\" target=\"_blank\">\n\t\t\t\t\t\t<span class=\"elementor-button-content-wrapper\">\n\t\t\t\t\t\t<span class=\"elementor-button-icon\">\n\t\t\t\t<i aria-hidden=\"true\" class=\"fas fa-mouse-pointer\"><\/i>\t\t\t<\/span>\n\t\t\t\t\t\t\t\t\t<span class=\"elementor-button-text\">M\u00e1s informaci\u00f3n<\/span>\n\t\t\t\t\t<\/span>\n\t\t\t\t\t<\/a>\n\t\t\t\t<\/div>\n\t\t\t\t\t\t\t\t<\/div>\n\t\t\t\t<\/div>\n\t\t\t\t\t<\/div>\n\t\t<\/div>\n\t\t\t\t\t<\/div>\n\t\t<\/section>\n\t\t\t\t<section class=\"elementor-section elementor-top-section elementor-element elementor-element-b0da43d elementor-fs-modele-texte50-photo50 elementor-section-boxed elementor-section-height-default elementor-section-height-default\" data-id=\"b0da43d\" data-element_type=\"section\" data-e-type=\"section\">\n\t\t\t\t\t\t<div class=\"elementor-container elementor-column-gap-no\">\n\t\t\t\t\t<div class=\"elementor-column elementor-col-50 elementor-top-column elementor-element elementor-element-6ef0f0e fs-texte\" data-id=\"6ef0f0e\" data-element_type=\"column\" data-e-type=\"column\">\n\t\t\t<div class=\"elementor-widget-wrap elementor-element-populated\">\n\t\t\t\t\t\t<div class=\"elementor-element elementor-element-92113df elementor-widget elementor-widget-text-editor\" data-id=\"92113df\" data-element_type=\"widget\" data-e-type=\"widget\" data-widget_type=\"text-editor.default\">\n\t\t\t\t<div class=\"elementor-widget-container\">\n\t\t\t\t\t\t\t\t\t<h1>La Iluminaci\u00f3n de la ciudad de Carcasona<\/h1><h3>14 de julio<\/h3><p>Disparados desde la ciudad medieval, los <strong>fuegos artificiales de Carcasona<\/strong> son el acontecimiento m\u00e1s importante del mundo y atraen a cientos de miles de personas cada a\u00f1o.<\/p><p>Se ha convertido en uno de los espect\u00e1culos pirot\u00e9cnicos m\u00e1s famosos y bellos de Francia, iluminando el cielo de la ciudad cada a\u00f1o <strong>desde 1898<\/strong>.<\/p><p>Venga a ver este <strong>extraordinario e inolvidable espect\u00e1culo<\/strong>. Lluvia dorada, mariposas y remolinos, corazones y smileys, palmeras, estrellas estrobosc\u00f3picas&#8230; har\u00e1n las delicias de grandes y peque\u00f1os.<\/p>\t\t\t\t\t\t\t\t<\/div>\n\t\t\t\t<\/div>\n\t\t\t\t<div class=\"elementor-element elementor-element-b7f2155 elementor-widget elementor-widget-button\" data-id=\"b7f2155\" data-element_type=\"widget\" data-e-type=\"widget\" data-widget_type=\"button.default\">\n\t\t\t\t<div class=\"elementor-widget-container\">\n\t\t\t\t\t\t\t\t\t<div class=\"elementor-button-wrapper\">\n\t\t\t\t\t<a class=\"elementor-button elementor-button-link elementor-size-sm\" href=\"https:\/\/www.tourisme-carcassonne.fr\/es\/momentos-culminantes\/iluminacion-de-la-ciudad\/\" target=\"_blank\">\n\t\t\t\t\t\t<span class=\"elementor-button-content-wrapper\">\n\t\t\t\t\t\t<span class=\"elementor-button-icon\">\n\t\t\t\t<i aria-hidden=\"true\" class=\"fas fa-mouse-pointer\"><\/i>\t\t\t<\/span>\n\t\t\t\t\t\t\t\t\t<span class=\"elementor-button-text\">M\u00e1s informaci\u00f3n<\/span>\n\t\t\t\t\t<\/span>\n\t\t\t\t\t<\/a>\n\t\t\t\t<\/div>\n\t\t\t\t\t\t\t\t<\/div>\n\t\t\t\t<\/div>\n\t\t\t\t\t<\/div>\n\t\t<\/div>\n\t\t\t\t<div class=\"elementor-column elementor-col-50 elementor-top-column elementor-element elementor-element-1a1520b fs-photo\" data-id=\"1a1520b\" data-element_type=\"column\" data-e-type=\"column\">\n\t\t\t<div class=\"elementor-widget-wrap elementor-element-populated\">\n\t\t\t\t\t\t<div class=\"elementor-element elementor-element-67d20fa elementor-widget elementor-widget-image\" data-id=\"67d20fa\" data-element_type=\"widget\" data-e-type=\"widget\" data-widget_type=\"image.default\">\n\t\t\t\t<div class=\"elementor-widget-container\">\n\t\t\t\t\t\t\t\t\t\t\t\t<figure class=\"wp-caption\">\n\t\t\t\t\t\t\t\t\t\t<img loading=\"lazy\" decoding=\"async\" width=\"570\" height=\"380\" src=\"https:\/\/www.tourisme-carcassonne.fr\/assets\/uploads\/2022\/03\/credit-photo-vincent-photographie-570x380.jpg\" class=\"attachment-medium size-medium wp-image-9017\" alt=\"\" srcset=\"https:\/\/www.tourisme-carcassonne.fr\/assets\/uploads\/2022\/03\/credit-photo-vincent-photographie-570x380.jpg 570w, https:\/\/www.tourisme-carcassonne.fr\/assets\/uploads\/2022\/03\/credit-photo-vincent-photographie-1170x780.jpg 1170w, https:\/\/www.tourisme-carcassonne.fr\/assets\/uploads\/2022\/03\/credit-photo-vincent-photographie-370x247.jpg 370w, https:\/\/www.tourisme-carcassonne.fr\/assets\/uploads\/2022\/03\/credit-photo-vincent-photographie-768x512.jpg 768w, https:\/\/www.tourisme-carcassonne.fr\/assets\/uploads\/2022\/03\/credit-photo-vincent-photographie-1536x1024.jpg 1536w, https:\/\/www.tourisme-carcassonne.fr\/assets\/uploads\/2022\/03\/credit-photo-vincent-photographie-scaled.jpg 2048w\" sizes=\"(max-width: 570px) 100vw, 570px\" \/>\t\t\t\t\t\t\t\t\t\t\t<figcaption class=\"widget-image-caption wp-caption-text\">\u00a9 Vincent Photographie<\/figcaption>\n\t\t\t\t\t\t\t\t\t\t<\/figure>\n\t\t\t\t\t\t\t\t\t<\/div>\n\t\t\t\t<\/div>\n\t\t\t\t\t<\/div>\n\t\t<\/div>\n\t\t\t\t\t<\/div>\n\t\t<\/section>\n\t\t\t\t<section class=\"elementor-section elementor-top-section elementor-element elementor-element-6e5a8b15 elementor-fs-modele-photo50-texte50 elementor-section-boxed elementor-section-height-default elementor-section-height-default\" data-id=\"6e5a8b15\" data-element_type=\"section\" data-e-type=\"section\">\n\t\t\t\t\t\t<div class=\"elementor-container elementor-column-gap-no\">\n\t\t\t\t\t<div class=\"elementor-column elementor-col-50 elementor-top-column elementor-element elementor-element-53a4fca7 fs-photo\" data-id=\"53a4fca7\" data-element_type=\"column\" data-e-type=\"column\">\n\t\t\t<div class=\"elementor-widget-wrap elementor-element-populated\">\n\t\t\t\t\t\t<div class=\"elementor-element elementor-element-624b7a72 elementor-widget elementor-widget-image\" data-id=\"624b7a72\" data-element_type=\"widget\" data-e-type=\"widget\" data-widget_type=\"image.default\">\n\t\t\t\t<div class=\"elementor-widget-container\">\n\t\t\t\t\t\t\t\t\t\t\t\t<figure class=\"wp-caption\">\n\t\t\t\t\t\t\t\t\t\t<img loading=\"lazy\" decoding=\"async\" width=\"1170\" height=\"780\" src=\"https:\/\/www.tourisme-carcassonne.fr\/assets\/uploads\/2022\/08\/300634987-2105339649638418-3299712051170842279-n-1170x780.jpg\" class=\"attachment-large size-large wp-image-16167\" alt=\"les s\u00e9villanes dansent sur la place carnot\" srcset=\"https:\/\/www.tourisme-carcassonne.fr\/assets\/uploads\/2022\/08\/300634987-2105339649638418-3299712051170842279-n-1170x780.jpg 1170w, https:\/\/www.tourisme-carcassonne.fr\/assets\/uploads\/2022\/08\/300634987-2105339649638418-3299712051170842279-n-570x380.jpg 570w, https:\/\/www.tourisme-carcassonne.fr\/assets\/uploads\/2022\/08\/300634987-2105339649638418-3299712051170842279-n-370x247.jpg 370w, https:\/\/www.tourisme-carcassonne.fr\/assets\/uploads\/2022\/08\/300634987-2105339649638418-3299712051170842279-n-768x512.jpg 768w, https:\/\/www.tourisme-carcassonne.fr\/assets\/uploads\/2022\/08\/300634987-2105339649638418-3299712051170842279-n-1536x1024.jpg 1536w, https:\/\/www.tourisme-carcassonne.fr\/assets\/uploads\/2022\/08\/300634987-2105339649638418-3299712051170842279-n.jpg 2048w\" sizes=\"(max-width: 1170px) 100vw, 1170px\" \/>\t\t\t\t\t\t\t\t\t\t\t<figcaption class=\"widget-image-caption wp-caption-text\">\u00a9 J.ROCHE - Ville de Carcassonne<\/figcaption>\n\t\t\t\t\t\t\t\t\t\t<\/figure>\n\t\t\t\t\t\t\t\t\t<\/div>\n\t\t\t\t<\/div>\n\t\t\t\t\t<\/div>\n\t\t<\/div>\n\t\t\t\t<div class=\"elementor-column elementor-col-50 elementor-top-column elementor-element elementor-element-2146a163 fs-texte\" data-id=\"2146a163\" data-element_type=\"column\" data-e-type=\"column\">\n\t\t\t<div class=\"elementor-widget-wrap elementor-element-populated\">\n\t\t\t\t\t\t<div class=\"elementor-element elementor-element-35680772 elementor-widget elementor-widget-text-editor\" data-id=\"35680772\" data-element_type=\"widget\" data-e-type=\"widget\" data-widget_type=\"text-editor.default\">\n\t\t\t\t<div class=\"elementor-widget-container\">\n\t\t\t\t\t\t\t\t\t<h1>La Feria de Carcasona<\/h1><h3>el \u00faltimo fin de semana de agosto<\/h3><p>La Feria de Carcasona, un evento verdaderamente festivo, le invita a descubrir la m\u00fasica y el baile tradicional espa\u00f1ol y sevillano.<\/p><p>La Feria de Carcasona vuelve en su forma tradicional con 4 d\u00edas de fiesta en el centro de la ciudad (bodegas, conciertos, bailes de sevillanas&#8230;).<\/p>\t\t\t\t\t\t\t\t<\/div>\n\t\t\t\t<\/div>\n\t\t\t\t<div class=\"elementor-element elementor-element-b432d0e elementor-widget elementor-widget-button\" data-id=\"b432d0e\" data-element_type=\"widget\" data-e-type=\"widget\" data-widget_type=\"button.default\">\n\t\t\t\t<div class=\"elementor-widget-container\">\n\t\t\t\t\t\t\t\t\t<div class=\"elementor-button-wrapper\">\n\t\t\t\t\t<a class=\"elementor-button elementor-button-link elementor-size-sm\" href=\"https:\/\/www.tourisme-carcassonne.fr\/es\/momentos-culminantes\/feria-de-carcasona\/\" target=\"_blank\">\n\t\t\t\t\t\t<span class=\"elementor-button-content-wrapper\">\n\t\t\t\t\t\t<span class=\"elementor-button-icon\">\n\t\t\t\t<i aria-hidden=\"true\" class=\"fas fa-mouse-pointer\"><\/i>\t\t\t<\/span>\n\t\t\t\t\t\t\t\t\t<span class=\"elementor-button-text\">M\u00e1s informaci\u00f3n<\/span>\n\t\t\t\t\t<\/span>\n\t\t\t\t\t<\/a>\n\t\t\t\t<\/div>\n\t\t\t\t\t\t\t\t<\/div>\n\t\t\t\t<\/div>\n\t\t\t\t\t<\/div>\n\t\t<\/div>\n\t\t\t\t\t<\/div>\n\t\t<\/section>\n\t\t\t\t<section class=\"elementor-section elementor-top-section elementor-element elementor-element-63ea23d4 elementor-fs-modele-texte50-photo50 elementor-section-boxed elementor-section-height-default elementor-section-height-default\" data-id=\"63ea23d4\" data-element_type=\"section\" data-e-type=\"section\">\n\t\t\t\t\t\t<div class=\"elementor-container elementor-column-gap-no\">\n\t\t\t\t\t<div class=\"elementor-column elementor-col-50 elementor-top-column elementor-element elementor-element-20908057 fs-texte\" data-id=\"20908057\" data-element_type=\"column\" data-e-type=\"column\">\n\t\t\t<div class=\"elementor-widget-wrap elementor-element-populated\">\n\t\t\t\t\t\t<div class=\"elementor-element elementor-element-1bf18850 elementor-widget elementor-widget-text-editor\" data-id=\"1bf18850\" data-element_type=\"widget\" data-e-type=\"widget\" data-widget_type=\"text-editor.default\">\n\t\t\t\t<div class=\"elementor-widget-container\">\n\t\t\t\t\t\t\t\t\t<h1>Festival del Juego Carcassonne<\/h1><h3>13 y 14 de septiembre de 2025<\/h3><p>\u00a1 La cuarta edici\u00f3n del festival vuelve a Carcasona !<\/p><p>Animaciones, mesas de juegos, talleres y espect\u00e1culos est\u00e1n previstos en diferentes espacios de la Ciudad Medieval.<\/p><p><em>\u00a1Muchas golosinas y sorpresas in\u00e9ditas est\u00e1n previstas! <\/em><\/p>\t\t\t\t\t\t\t\t<\/div>\n\t\t\t\t<\/div>\n\t\t\t\t<div class=\"elementor-element elementor-element-3e67957b elementor-widget elementor-widget-button\" data-id=\"3e67957b\" data-element_type=\"widget\" data-e-type=\"widget\" data-widget_type=\"button.default\">\n\t\t\t\t<div class=\"elementor-widget-container\">\n\t\t\t\t\t\t\t\t\t<div class=\"elementor-button-wrapper\">\n\t\t\t\t\t<a class=\"elementor-button elementor-button-link elementor-size-sm\" href=\"https:\/\/www.tourisme-carcassonne.fr\/es\/momentos-culminantes\/festival-juegos-carcassonne\/\" target=\"_blank\">\n\t\t\t\t\t\t<span class=\"elementor-button-content-wrapper\">\n\t\t\t\t\t\t<span class=\"elementor-button-icon\">\n\t\t\t\t<i aria-hidden=\"true\" class=\"fas fa-mouse-pointer\"><\/i>\t\t\t<\/span>\n\t\t\t\t\t\t\t\t\t<span class=\"elementor-button-text\">M\u00e1s informaci\u00f3n<\/span>\n\t\t\t\t\t<\/span>\n\t\t\t\t\t<\/a>\n\t\t\t\t<\/div>\n\t\t\t\t\t\t\t\t<\/div>\n\t\t\t\t<\/div>\n\t\t\t\t\t<\/div>\n\t\t<\/div>\n\t\t\t\t<div class=\"elementor-column elementor-col-50 elementor-top-column elementor-element elementor-element-3240aca4 fs-photo\" data-id=\"3240aca4\" data-element_type=\"column\" data-e-type=\"column\">\n\t\t\t<div class=\"elementor-widget-wrap elementor-element-populated\">\n\t\t\t\t\t\t<div class=\"elementor-element elementor-element-25533206 elementor-widget elementor-widget-image\" data-id=\"25533206\" data-element_type=\"widget\" data-e-type=\"widget\" data-widget_type=\"image.default\">\n\t\t\t\t<div class=\"elementor-widget-container\">\n\t\t\t\t\t\t\t\t\t\t\t\t<figure class=\"wp-caption\">\n\t\t\t\t\t\t\t\t\t\t<img loading=\"lazy\" decoding=\"async\" width=\"570\" height=\"380\" src=\"https:\/\/www.tourisme-carcassonne.fr\/assets\/uploads\/2024\/07\/festival-de-jeux-carcassonne-570x380.jpg\" class=\"attachment-medium size-medium wp-image-48842\" alt=\"trois personnes sont en train de jouer au jeu Carcassonne g\u00e9ant dans les douves du ch\u00e2teau comtal de carcassonne\" srcset=\"https:\/\/www.tourisme-carcassonne.fr\/assets\/uploads\/2024\/07\/festival-de-jeux-carcassonne-570x380.jpg 570w, https:\/\/www.tourisme-carcassonne.fr\/assets\/uploads\/2024\/07\/festival-de-jeux-carcassonne-1170x780.jpg 1170w, https:\/\/www.tourisme-carcassonne.fr\/assets\/uploads\/2024\/07\/festival-de-jeux-carcassonne-370x247.jpg 370w, https:\/\/www.tourisme-carcassonne.fr\/assets\/uploads\/2024\/07\/festival-de-jeux-carcassonne-768x512.jpg 768w, https:\/\/www.tourisme-carcassonne.fr\/assets\/uploads\/2024\/07\/festival-de-jeux-carcassonne-1536x1024.jpg 1536w, https:\/\/www.tourisme-carcassonne.fr\/assets\/uploads\/2024\/07\/festival-de-jeux-carcassonne.jpg 2048w\" sizes=\"(max-width: 570px) 100vw, 570px\" \/>\t\t\t\t\t\t\t\t\t\t\t<figcaption class=\"widget-image-caption wp-caption-text\">\u00a9 D. REINA - Ville de Carcassonne <\/figcaption>\n\t\t\t\t\t\t\t\t\t\t<\/figure>\n\t\t\t\t\t\t\t\t\t<\/div>\n\t\t\t\t<\/div>\n\t\t\t\t\t<\/div>\n\t\t<\/div>\n\t\t\t\t\t<\/div>\n\t\t<\/section>\n\t\t\t\t<section class=\"elementor-section elementor-top-section elementor-element elementor-element-1d60c0e elementor-fs-modele-photo50-texte50 elementor-section-boxed elementor-section-height-default elementor-section-height-default\" data-id=\"1d60c0e\" data-element_type=\"section\" data-e-type=\"section\">\n\t\t\t\t\t\t<div class=\"elementor-container elementor-column-gap-no\">\n\t\t\t\t\t<div class=\"elementor-column elementor-col-50 elementor-top-column elementor-element elementor-element-96985f4 fs-photo\" data-id=\"96985f4\" data-element_type=\"column\" data-e-type=\"column\">\n\t\t\t<div class=\"elementor-widget-wrap elementor-element-populated\">\n\t\t\t\t\t\t<div class=\"elementor-element elementor-element-cc67f86 elementor-widget elementor-widget-image\" data-id=\"cc67f86\" data-element_type=\"widget\" data-e-type=\"widget\" data-widget_type=\"image.default\">\n\t\t\t\t<div class=\"elementor-widget-container\">\n\t\t\t\t\t\t\t\t\t\t\t\t<figure class=\"wp-caption\">\n\t\t\t\t\t\t\t\t\t\t\t<a href=\"https:\/\/reservation.tourisme-carcassonne.fr\/tournois-de-chevalerie.html\" target=\"_blank\">\n\t\t\t\t\t\t\t<img loading=\"lazy\" decoding=\"async\" width=\"1170\" height=\"780\" src=\"https:\/\/www.tourisme-carcassonne.fr\/assets\/uploads\/2025\/10\/fete-du-vin-carcassonne6-1170x780.jpg\" class=\"attachment-large size-large wp-image-61197\" alt=\"plusieurs personnes sont sur la Place Carnot pendant la f\u00eate du vin\" srcset=\"https:\/\/www.tourisme-carcassonne.fr\/assets\/uploads\/2025\/10\/fete-du-vin-carcassonne6-1170x780.jpg 1170w, https:\/\/www.tourisme-carcassonne.fr\/assets\/uploads\/2025\/10\/fete-du-vin-carcassonne6-570x380.jpg 570w, https:\/\/www.tourisme-carcassonne.fr\/assets\/uploads\/2025\/10\/fete-du-vin-carcassonne6-370x247.jpg 370w, https:\/\/www.tourisme-carcassonne.fr\/assets\/uploads\/2025\/10\/fete-du-vin-carcassonne6-768x512.jpg 768w, https:\/\/www.tourisme-carcassonne.fr\/assets\/uploads\/2025\/10\/fete-du-vin-carcassonne6-1536x1024.jpg 1536w, https:\/\/www.tourisme-carcassonne.fr\/assets\/uploads\/2025\/10\/fete-du-vin-carcassonne6.jpg 2048w\" sizes=\"(max-width: 1170px) 100vw, 1170px\" \/>\t\t\t\t\t\t\t\t<\/a>\n\t\t\t\t\t\t\t\t\t\t\t<figcaption class=\"widget-image-caption wp-caption-text\">\u00a9 Ville de Carcassonne <\/figcaption>\n\t\t\t\t\t\t\t\t\t\t<\/figure>\n\t\t\t\t\t\t\t\t\t<\/div>\n\t\t\t\t<\/div>\n\t\t\t\t\t<\/div>\n\t\t<\/div>\n\t\t\t\t<div class=\"elementor-column elementor-col-50 elementor-top-column elementor-element elementor-element-4f1a651 fs-texte\" data-id=\"4f1a651\" data-element_type=\"column\" data-e-type=\"column\">\n\t\t\t<div class=\"elementor-widget-wrap elementor-element-populated\">\n\t\t\t\t\t\t<div class=\"elementor-element elementor-element-2c2ac3c elementor-widget elementor-widget-text-editor\" data-id=\"2c2ac3c\" data-element_type=\"widget\" data-e-type=\"widget\" data-widget_type=\"text-editor.default\">\n\t\t\t\t<div class=\"elementor-widget-container\">\n\t\t\t\t\t\t\t\t\t<h1><strong data-start=\"717\" data-end=\"736\">Fiesta del Vino<\/strong><\/h1><h3>\u00a0Del 16 al 17 de octubre de 2025<\/h3><p>Los d\u00edas 16 y 17 de octubre de 2025, \u00a1ven a celebrar la Fiesta del Vino de Carcasona en la Plaza Carnot, en la Bastida Saint-Louis! Dos noches de catas de vinos del Aude, encuentros con viticultores locales y descubrimientos gastron\u00f3micos en torno al terru\u00f1o audois te esperan.<\/p><p>Disfruta de un ambiente festivo y acogedor animado por bandas, grupos musicales y DJ\u2019s, y apoya el valor y la pasi\u00f3n de los productores de vino de la regi\u00f3n.\u00a1Una cita imprescindible para los amantes del vino, la gastronom\u00eda y el enoturismo en Carcasona!<\/p>\t\t\t\t\t\t\t\t<\/div>\n\t\t\t\t<\/div>\n\t\t\t\t<div class=\"elementor-element elementor-element-c1ca071 elementor-widget elementor-widget-button\" data-id=\"c1ca071\" data-element_type=\"widget\" data-e-type=\"widget\" data-widget_type=\"button.default\">\n\t\t\t\t<div class=\"elementor-widget-container\">\n\t\t\t\t\t\t\t\t\t<div class=\"elementor-button-wrapper\">\n\t\t\t\t\t<a class=\"elementor-button elementor-button-link elementor-size-sm\" href=\"https:\/\/www.tourisme-carcassonne.fr\/es\/momentos-culminantes\/fiesta-del-vino\/\" target=\"_blank\">\n\t\t\t\t\t\t<span class=\"elementor-button-content-wrapper\">\n\t\t\t\t\t\t<span class=\"elementor-button-icon\">\n\t\t\t\t<i aria-hidden=\"true\" class=\"fas fa-mouse-pointer\"><\/i>\t\t\t<\/span>\n\t\t\t\t\t\t\t\t\t<span class=\"elementor-button-text\">M\u00e1s informaci\u00f3n<\/span>\n\t\t\t\t\t<\/span>\n\t\t\t\t\t<\/a>\n\t\t\t\t<\/div>\n\t\t\t\t\t\t\t\t<\/div>\n\t\t\t\t<\/div>\n\t\t\t\t\t<\/div>\n\t\t<\/div>\n\t\t\t\t\t<\/div>\n\t\t<\/section>\n\t\t\t\t<section class=\"elementor-section elementor-top-section elementor-element elementor-element-a571512 elementor-fs-modele-texte50-photo50 elementor-section-boxed elementor-section-height-default elementor-section-height-default\" data-id=\"a571512\" data-element_type=\"section\" data-e-type=\"section\">\n\t\t\t\t\t\t<div class=\"elementor-container elementor-column-gap-no\">\n\t\t\t\t\t<div class=\"elementor-column elementor-col-50 elementor-top-column elementor-element elementor-element-10ec10c fs-texte\" data-id=\"10ec10c\" data-element_type=\"column\" data-e-type=\"column\">\n\t\t\t<div class=\"elementor-widget-wrap elementor-element-populated\">\n\t\t\t\t\t\t<div class=\"elementor-element elementor-element-d321887 elementor-widget elementor-widget-text-editor\" data-id=\"d321887\" data-element_type=\"widget\" data-e-type=\"widget\" data-widget_type=\"text-editor.default\">\n\t\t\t\t<div class=\"elementor-widget-container\">\n\t\t\t\t\t\t\t\t\t<h1><strong>Gran Raid de los C\u00e1taros<\/strong><\/h1><h3>Del 23 al 25 de octubre de 2025<\/h3><p>El Gran Raid de los C\u00e1taros es uno de los grandes eventos deportivos de <strong>Carcassonne<\/strong>, que re\u00fane cada oto\u00f1o a apasionados del trail de toda Francia. Desde la ciudad medieval de <strong>Carcassonne<\/strong>, los corredores exploran los paisajes espectaculares del Pa\u00eds C\u00e1taro, entre castillos, bosques y monta\u00f1as de los Pirineos.<\/p><p>La prueba ofrece varios recorridos adaptados a todos los niveles: el Gran Raid de los C\u00e1taros (161 km), el Trail de los Bogomilos (101 km), el Trail de los Herejes (63 km), el Trail de las Palomas (40 km), as\u00ed como los Trails de los Patarinos (25 km) y la Nocturna del Castillo Condal (12 km).<\/p><p>Una aventura deportiva y humana \u00fanica en el coraz\u00f3n del Aude, entre patrimonio, naturaleza y superaci\u00f3n personal.<\/p>\t\t\t\t\t\t\t\t<\/div>\n\t\t\t\t<\/div>\n\t\t\t\t<div class=\"elementor-element elementor-element-f7cd588 elementor-widget elementor-widget-button\" data-id=\"f7cd588\" data-element_type=\"widget\" data-e-type=\"widget\" data-widget_type=\"button.default\">\n\t\t\t\t<div class=\"elementor-widget-container\">\n\t\t\t\t\t\t\t\t\t<div class=\"elementor-button-wrapper\">\n\t\t\t\t\t<a class=\"elementor-button elementor-button-link elementor-size-sm\" href=\"https:\/\/www.grandraid-cathares.fr\/\" target=\"_blank\">\n\t\t\t\t\t\t<span class=\"elementor-button-content-wrapper\">\n\t\t\t\t\t\t<span class=\"elementor-button-icon\">\n\t\t\t\t<i aria-hidden=\"true\" class=\"fas fa-mouse-pointer\"><\/i>\t\t\t<\/span>\n\t\t\t\t\t\t\t\t\t<span class=\"elementor-button-text\">M\u00e1s informaci\u00f3n<\/span>\n\t\t\t\t\t<\/span>\n\t\t\t\t\t<\/a>\n\t\t\t\t<\/div>\n\t\t\t\t\t\t\t\t<\/div>\n\t\t\t\t<\/div>\n\t\t\t\t\t<\/div>\n\t\t<\/div>\n\t\t\t\t<div class=\"elementor-column elementor-col-50 elementor-top-column elementor-element elementor-element-e48937f fs-photo\" data-id=\"e48937f\" data-element_type=\"column\" data-e-type=\"column\">\n\t\t\t<div class=\"elementor-widget-wrap elementor-element-populated\">\n\t\t\t\t\t\t<div class=\"elementor-element elementor-element-acce070 elementor-widget elementor-widget-image\" data-id=\"acce070\" data-element_type=\"widget\" data-e-type=\"widget\" data-widget_type=\"image.default\">\n\t\t\t\t<div class=\"elementor-widget-container\">\n\t\t\t\t\t\t\t\t\t\t\t\t<figure class=\"wp-caption\">\n\t\t\t\t\t\t\t\t\t\t\t<a href=\"https:\/\/reservation.tourisme-carcassonne.fr\/carcassonne-au-xviii-siecle-une-ville-drapiere-florissante.html\" target=\"_blank\">\n\t\t\t\t\t\t\t<img loading=\"lazy\" decoding=\"async\" width=\"570\" height=\"380\" src=\"https:\/\/www.tourisme-carcassonne.fr\/assets\/uploads\/2025\/10\/firefox-screenshot-2025-10-20t12-39-00408z-570x380.png\" class=\"attachment-medium size-medium wp-image-61540\" alt=\"Un homme en pleine course \u00e0 la Porte d&#039;Aude de la Cit\u00e9 M\u00e9di\u00e9vale de Carcassonne\" srcset=\"https:\/\/www.tourisme-carcassonne.fr\/assets\/uploads\/2025\/10\/firefox-screenshot-2025-10-20t12-39-00408z-570x380.png 570w, https:\/\/www.tourisme-carcassonne.fr\/assets\/uploads\/2025\/10\/firefox-screenshot-2025-10-20t12-39-00408z-1170x779.png 1170w, https:\/\/www.tourisme-carcassonne.fr\/assets\/uploads\/2025\/10\/firefox-screenshot-2025-10-20t12-39-00408z-370x246.png 370w, https:\/\/www.tourisme-carcassonne.fr\/assets\/uploads\/2025\/10\/firefox-screenshot-2025-10-20t12-39-00408z-768x511.png 768w, https:\/\/www.tourisme-carcassonne.fr\/assets\/uploads\/2025\/10\/firefox-screenshot-2025-10-20t12-39-00408z.png 1182w\" sizes=\"(max-width: 570px) 100vw, 570px\" \/>\t\t\t\t\t\t\t\t<\/a>\n\t\t\t\t\t\t\t\t\t\t\t<figcaption class=\"widget-image-caption wp-caption-text\">\u00a9 Cyril Quintard - GRC <\/figcaption>\n\t\t\t\t\t\t\t\t\t\t<\/figure>\n\t\t\t\t\t\t\t\t\t<\/div>\n\t\t\t\t<\/div>\n\t\t\t\t\t<\/div>\n\t\t<\/div>\n\t\t\t\t\t<\/div>\n\t\t<\/section>\n\t\t\t\t<section class=\"elementor-section elementor-top-section elementor-element elementor-element-14de9437 elementor-fs-modele-photo50-texte50 elementor-section-boxed elementor-section-height-default elementor-section-height-default\" data-id=\"14de9437\" data-element_type=\"section\" data-e-type=\"section\">\n\t\t\t\t\t\t<div class=\"elementor-container elementor-column-gap-no\">\n\t\t\t\t\t<div class=\"elementor-column elementor-col-50 elementor-top-column elementor-element elementor-element-13fec33c fs-photo\" data-id=\"13fec33c\" data-element_type=\"column\" data-e-type=\"column\">\n\t\t\t<div class=\"elementor-widget-wrap elementor-element-populated\">\n\t\t\t\t\t\t<div class=\"elementor-element elementor-element-686d959e elementor-widget elementor-widget-image\" data-id=\"686d959e\" data-element_type=\"widget\" data-e-type=\"widget\" data-widget_type=\"image.default\">\n\t\t\t\t<div class=\"elementor-widget-container\">\n\t\t\t\t\t\t\t\t\t\t\t\t<figure class=\"wp-caption\">\n\t\t\t\t\t\t\t\t\t\t<img loading=\"lazy\" decoding=\"async\" width=\"1170\" height=\"658\" src=\"https:\/\/www.tourisme-carcassonne.fr\/assets\/uploads\/2022\/12\/2021-magie-noel-7021-2400px-jr-1170x658.jpg\" class=\"attachment-large size-large wp-image-29507\" alt=\"La Patinoire sur la Place Carnot de Carcassonne avec des patineurs.\" srcset=\"https:\/\/www.tourisme-carcassonne.fr\/assets\/uploads\/2022\/12\/2021-magie-noel-7021-2400px-jr-1170x658.jpg 1170w, https:\/\/www.tourisme-carcassonne.fr\/assets\/uploads\/2022\/12\/2021-magie-noel-7021-2400px-jr-570x321.jpg 570w, https:\/\/www.tourisme-carcassonne.fr\/assets\/uploads\/2022\/12\/2021-magie-noel-7021-2400px-jr-370x208.jpg 370w, https:\/\/www.tourisme-carcassonne.fr\/assets\/uploads\/2022\/12\/2021-magie-noel-7021-2400px-jr-768x432.jpg 768w, https:\/\/www.tourisme-carcassonne.fr\/assets\/uploads\/2022\/12\/2021-magie-noel-7021-2400px-jr-1536x864.jpg 1536w, https:\/\/www.tourisme-carcassonne.fr\/assets\/uploads\/2022\/12\/2021-magie-noel-7021-2400px-jr-scaled.jpg 2048w\" sizes=\"(max-width: 1170px) 100vw, 1170px\" \/>\t\t\t\t\t\t\t\t\t\t\t<figcaption class=\"widget-image-caption wp-caption-text\">La Patinoire sur la Place Carnot de Carcassonne avec des patineurs. <\/figcaption>\n\t\t\t\t\t\t\t\t\t\t<\/figure>\n\t\t\t\t\t\t\t\t\t<\/div>\n\t\t\t\t<\/div>\n\t\t\t\t\t<\/div>\n\t\t<\/div>\n\t\t\t\t<div class=\"elementor-column elementor-col-50 elementor-top-column elementor-element elementor-element-4c95d844 fs-texte\" data-id=\"4c95d844\" data-element_type=\"column\" data-e-type=\"column\">\n\t\t\t<div class=\"elementor-widget-wrap elementor-element-populated\">\n\t\t\t\t\t\t<div class=\"elementor-element elementor-element-1c078961 elementor-widget elementor-widget-text-editor\" data-id=\"1c078961\" data-element_type=\"widget\" data-e-type=\"widget\" data-widget_type=\"text-editor.default\">\n\t\t\t\t<div class=\"elementor-widget-container\">\n\t\t\t\t\t\t\t\t\t<h1>La Magia de la Navidad<\/h1><h3>Del 3 de diciembre de 2025 al 3 de enero de 2026<\/h3><h6>Un mes de magia, un mes de encanto<\/h6><p>Carcasona se ilumina y se pone el abrigo de invierno. Desde la Bastida San-Luis hasta la Ciudad Medieval, Carcasona hace todo lo posible para ofrecerle la m\u00e1s bella Navidad.<\/p><p>Atracciones sensacionales, conciertos, espect\u00e1culos callejeros, decoraciones y luces m\u00e1gicas, una pista de hielo, un mercado navide\u00f1o, una noria, un carrusel y multitud de espect\u00e1culos se ofrecer\u00e1n durante todo el <strong>mes de diciembre<\/strong>.<\/p>\t\t\t\t\t\t\t\t<\/div>\n\t\t\t\t<\/div>\n\t\t\t\t<div class=\"elementor-element elementor-element-4088d20f elementor-widget elementor-widget-button\" data-id=\"4088d20f\" data-element_type=\"widget\" data-e-type=\"widget\" data-widget_type=\"button.default\">\n\t\t\t\t<div class=\"elementor-widget-container\">\n\t\t\t\t\t\t\t\t\t<div class=\"elementor-button-wrapper\">\n\t\t\t\t\t<a class=\"elementor-button elementor-button-link elementor-size-sm\" href=\"https:\/\/www.tourisme-carcassonne.fr\/es\/momentos-culminantes\/magia-de-la-navidad\/\" target=\"_blank\">\n\t\t\t\t\t\t<span class=\"elementor-button-content-wrapper\">\n\t\t\t\t\t\t<span class=\"elementor-button-icon\">\n\t\t\t\t<i aria-hidden=\"true\" class=\"fas fa-mouse-pointer\"><\/i>\t\t\t<\/span>\n\t\t\t\t\t\t\t\t\t<span class=\"elementor-button-text\">M\u00e1s informaci\u00f3n<\/span>\n\t\t\t\t\t<\/span>\n\t\t\t\t\t<\/a>\n\t\t\t\t<\/div>\n\t\t\t\t\t\t\t\t<\/div>\n\t\t\t\t<\/div>\n\t\t\t\t\t<\/div>\n\t\t<\/div>\n\t\t\t\t\t<\/div>\n\t\t<\/section>\n\t\t\t\t<section class=\"elementor-section elementor-top-section elementor-element elementor-element-8e71887 elementor-fs-modele-texte50-photo50 elementor-section-boxed elementor-section-height-default elementor-section-height-default\" data-id=\"8e71887\" data-element_type=\"section\" data-e-type=\"section\">\n\t\t\t\t\t\t<div class=\"elementor-container elementor-column-gap-no\">\n\t\t\t\t\t<div class=\"elementor-column elementor-col-50 elementor-top-column elementor-element elementor-element-ce75497 fs-texte\" data-id=\"ce75497\" data-element_type=\"column\" data-e-type=\"column\">\n\t\t\t<div class=\"elementor-widget-wrap elementor-element-populated\">\n\t\t\t\t\t\t<div class=\"elementor-element elementor-element-8240190 elementor-widget elementor-widget-text-editor\" data-id=\"8240190\" data-element_type=\"widget\" data-e-type=\"widget\" data-widget_type=\"text-editor.default\">\n\t\t\t\t<div class=\"elementor-widget-container\">\n\t\t\t\t\t\t\t\t\t<h1>El Festival Internacional de Cine Pol\u00edtico<\/h1><h3>Del 15 al 19 de enero 2026<\/h3><h6>Descubra las obras pol\u00edticas del mundo<\/h6><p>El Festival Internacional de Cine Pol\u00edtico (FIFP) es un festival de cine dirigido al p\u00fablico en general y a los escolares, que destaca obras excepcionales.<\/p><p>Durante <strong>4 d\u00edas de enero<\/strong> de cada a\u00f1o, la ciudad de Carcasona celebra el cine y las obras pol\u00edticas.<\/p>\t\t\t\t\t\t\t\t<\/div>\n\t\t\t\t<\/div>\n\t\t\t\t<div class=\"elementor-element elementor-element-fcc0e88 elementor-widget elementor-widget-button\" data-id=\"fcc0e88\" data-element_type=\"widget\" data-e-type=\"widget\" data-widget_type=\"button.default\">\n\t\t\t\t<div class=\"elementor-widget-container\">\n\t\t\t\t\t\t\t\t\t<div class=\"elementor-button-wrapper\">\n\t\t\t\t\t<a class=\"elementor-button elementor-button-link elementor-size-sm\" href=\"https:\/\/www.tourisme-carcassonne.fr\/es\/momentos-culminantes\/festival-internacional-de-cine-politico\/\" target=\"_blank\">\n\t\t\t\t\t\t<span class=\"elementor-button-content-wrapper\">\n\t\t\t\t\t\t<span class=\"elementor-button-icon\">\n\t\t\t\t<i aria-hidden=\"true\" class=\"fas fa-mouse-pointer\"><\/i>\t\t\t<\/span>\n\t\t\t\t\t\t\t\t\t<span class=\"elementor-button-text\">M\u00e1s informaci\u00f3n<\/span>\n\t\t\t\t\t<\/span>\n\t\t\t\t\t<\/a>\n\t\t\t\t<\/div>\n\t\t\t\t\t\t\t\t<\/div>\n\t\t\t\t<\/div>\n\t\t\t\t\t<\/div>\n\t\t<\/div>\n\t\t\t\t<div class=\"elementor-column elementor-col-50 elementor-top-column elementor-element elementor-element-fee6a7f fs-photo\" data-id=\"fee6a7f\" data-element_type=\"column\" data-e-type=\"column\">\n\t\t\t<div class=\"elementor-widget-wrap elementor-element-populated\">\n\t\t\t\t\t\t<div class=\"elementor-element elementor-element-c2b3136 elementor-widget elementor-widget-image\" data-id=\"c2b3136\" data-element_type=\"widget\" data-e-type=\"widget\" data-widget_type=\"image.default\">\n\t\t\t\t<div class=\"elementor-widget-container\">\n\t\t\t\t\t\t\t\t\t\t\t\t<figure class=\"wp-caption\">\n\t\t\t\t\t\t\t\t\t\t<img loading=\"lazy\" decoding=\"async\" width=\"570\" height=\"211\" src=\"https:\/\/www.tourisme-carcassonne.fr\/assets\/uploads\/2025\/09\/festival-du-film-politique-570x211.jpg\" class=\"attachment-medium size-medium wp-image-60787\" alt=\"\" srcset=\"https:\/\/www.tourisme-carcassonne.fr\/assets\/uploads\/2025\/09\/festival-du-film-politique-570x211.jpg 570w, https:\/\/www.tourisme-carcassonne.fr\/assets\/uploads\/2025\/09\/festival-du-film-politique-1170x433.jpg 1170w, https:\/\/www.tourisme-carcassonne.fr\/assets\/uploads\/2025\/09\/festival-du-film-politique-370x137.jpg 370w, https:\/\/www.tourisme-carcassonne.fr\/assets\/uploads\/2025\/09\/festival-du-film-politique-768x284.jpg 768w, https:\/\/www.tourisme-carcassonne.fr\/assets\/uploads\/2025\/09\/festival-du-film-politique-1536x569.jpg 1536w, https:\/\/www.tourisme-carcassonne.fr\/assets\/uploads\/2025\/09\/festival-du-film-politique-scaled.jpg 2048w\" sizes=\"(max-width: 570px) 100vw, 570px\" \/>\t\t\t\t\t\t\t\t\t\t\t<figcaption class=\"widget-image-caption wp-caption-text\"><\/figcaption>\n\t\t\t\t\t\t\t\t\t\t<\/figure>\n\t\t\t\t\t\t\t\t\t<\/div>\n\t\t\t\t<\/div>\n\t\t\t\t\t<\/div>\n\t\t<\/div>\n\t\t\t\t\t<\/div>\n\t\t<\/section>\n\t\t\t\t<section class=\"elementor-section elementor-top-section elementor-element elementor-element-8aa035a elementor-fs-modele-photo50-texte50 elementor-section-boxed elementor-section-height-default elementor-section-height-default\" data-id=\"8aa035a\" data-element_type=\"section\" data-e-type=\"section\">\n\t\t\t\t\t\t<div class=\"elementor-container elementor-column-gap-no\">\n\t\t\t\t\t<div class=\"elementor-column elementor-col-50 elementor-top-column elementor-element elementor-element-eab104b fs-photo\" data-id=\"eab104b\" data-element_type=\"column\" data-e-type=\"column\">\n\t\t\t<div class=\"elementor-widget-wrap elementor-element-populated\">\n\t\t\t\t\t\t<div class=\"elementor-element elementor-element-6d70469 elementor-widget elementor-widget-image\" data-id=\"6d70469\" data-element_type=\"widget\" data-e-type=\"widget\" data-widget_type=\"image.default\">\n\t\t\t\t<div class=\"elementor-widget-container\">\n\t\t\t\t\t\t\t\t\t\t\t\t<figure class=\"wp-caption\">\n\t\t\t\t\t\t\t\t\t\t<img loading=\"lazy\" decoding=\"async\" width=\"1170\" height=\"658\" src=\"https:\/\/www.tourisme-carcassonne.fr\/assets\/uploads\/2026\/04\/spartan-race-carcassonne-4-1170x658.jpg\" class=\"attachment-large size-large wp-image-80672\" alt=\"On\" srcset=\"https:\/\/www.tourisme-carcassonne.fr\/assets\/uploads\/2026\/04\/spartan-race-carcassonne-4-1170x658.jpg 1170w, https:\/\/www.tourisme-carcassonne.fr\/assets\/uploads\/2026\/04\/spartan-race-carcassonne-4-570x321.jpg 570w, https:\/\/www.tourisme-carcassonne.fr\/assets\/uploads\/2026\/04\/spartan-race-carcassonne-4-370x208.jpg 370w, https:\/\/www.tourisme-carcassonne.fr\/assets\/uploads\/2026\/04\/spartan-race-carcassonne-4-768x432.jpg 768w, https:\/\/www.tourisme-carcassonne.fr\/assets\/uploads\/2026\/04\/spartan-race-carcassonne-4-1536x864.jpg 1536w, https:\/\/www.tourisme-carcassonne.fr\/assets\/uploads\/2026\/04\/spartan-race-carcassonne-4.jpg 2000w\" sizes=\"(max-width: 1170px) 100vw, 1170px\" \/>\t\t\t\t\t\t\t\t\t\t\t<figcaption class=\"widget-image-caption wp-caption-text\">default<\/figcaption>\n\t\t\t\t\t\t\t\t\t\t<\/figure>\n\t\t\t\t\t\t\t\t\t<\/div>\n\t\t\t\t<\/div>\n\t\t\t\t\t<\/div>\n\t\t<\/div>\n\t\t\t\t<div class=\"elementor-column elementor-col-50 elementor-top-column elementor-element elementor-element-0afaa4e fs-texte\" data-id=\"0afaa4e\" data-element_type=\"column\" data-e-type=\"column\">\n\t\t\t<div class=\"elementor-widget-wrap elementor-element-populated\">\n\t\t\t\t\t\t<div class=\"elementor-element elementor-element-ed59921 elementor-widget elementor-widget-text-editor\" data-id=\"ed59921\" data-element_type=\"widget\" data-e-type=\"widget\" data-widget_type=\"text-editor.default\">\n\t\t\t\t<div class=\"elementor-widget-container\">\n\t\t\t\t\t\t\t\t\t<h1><strong>La Spartan Race<\/strong><\/h1><h3>9 y 10 de mayo de 2026<\/h3><h5>Un reto deportivo fuera de lo com\u00fan<\/h5><p>\u00bfListo para vivir una aventura inolvidable? La Spartan Race Carcassonne 2026 regresa para su 8\u00aa edici\u00f3n los d\u00edas 9 y 10 de mayo de 2026, en el marco excepcional de la Ciudad Medieval. Este evento estrella del Carcassonne Trifecta Weekend promete ser m\u00e1s intenso, m\u00e1s emocionante y m\u00e1s inolvidable que nunca.<\/p><p>\u00danete a miles de participantes procedentes de Francia y de toda Europa para enfrentar juntos los obst\u00e1culos emblem\u00e1ticos de esta carrera m\u00edtica. Ya seas un atleta experimentado en busca de un nuevo reto o un principiante entusiasta dispuesto a vivir tu primera experiencia Spartan, esta competici\u00f3n es para ti.<\/p>\t\t\t\t\t\t\t\t<\/div>\n\t\t\t\t<\/div>\n\t\t\t\t<div class=\"elementor-element elementor-element-4fca83e elementor-widget elementor-widget-button\" data-id=\"4fca83e\" data-element_type=\"widget\" data-e-type=\"widget\" data-widget_type=\"button.default\">\n\t\t\t\t<div class=\"elementor-widget-container\">\n\t\t\t\t\t\t\t\t\t<div class=\"elementor-button-wrapper\">\n\t\t\t\t\t<a class=\"elementor-button elementor-button-link elementor-size-sm\" href=\"https:\/\/fr.spartan.com\/fr\/races\/carcassonne\" target=\"_blank\">\n\t\t\t\t\t\t<span class=\"elementor-button-content-wrapper\">\n\t\t\t\t\t\t<span class=\"elementor-button-icon\">\n\t\t\t\t<i aria-hidden=\"true\" class=\"fas fa-mouse-pointer\"><\/i>\t\t\t<\/span>\n\t\t\t\t\t\t\t\t\t<span class=\"elementor-button-text\">M\u00e1s informaci\u00f3n<\/span>\n\t\t\t\t\t<\/span>\n\t\t\t\t\t<\/a>\n\t\t\t\t<\/div>\n\t\t\t\t\t\t\t\t<\/div>\n\t\t\t\t<\/div>\n\t\t\t\t\t<\/div>\n\t\t<\/div>\n\t\t\t\t\t<\/div>\n\t\t<\/section>\n\t\t\t\t<section class=\"elementor-section elementor-top-section elementor-element elementor-element-fe04270 elementor-fs-modele-texte50-photo50 elementor-section-boxed elementor-section-height-default elementor-section-height-default\" data-id=\"fe04270\" data-element_type=\"section\" data-e-type=\"section\">\n\t\t\t\t\t\t<div class=\"elementor-container elementor-column-gap-no\">\n\t\t\t\t\t<div class=\"elementor-column elementor-col-50 elementor-top-column elementor-element elementor-element-33e67da fs-texte\" data-id=\"33e67da\" data-element_type=\"column\" data-e-type=\"column\">\n\t\t\t<div class=\"elementor-widget-wrap elementor-element-populated\">\n\t\t\t\t\t\t<div class=\"elementor-element elementor-element-bb796e4 elementor-widget elementor-widget-text-editor\" data-id=\"bb796e4\" data-element_type=\"widget\" data-e-type=\"widget\" data-widget_type=\"text-editor.default\">\n\t\t\t\t<div class=\"elementor-widget-container\">\n\t\t\t\t\t\t\t\t\t<h1>Teatro Jean Alary<\/h1><h6>un programa ineludible de veladas culturales<\/h6><p>Para todos los gustos y en todos los g\u00e9neros, el Teatro Jean-Alary le sorprender\u00e1 una vez m\u00e1s por la calidad y la variedad de su programaci\u00f3n.<\/p><p>Para esta nueva temporada, nuevos conciertos, obras de teatro, espect\u00e1culos c\u00f3micos, \u00f3peras, operetas, pero tambi\u00e9n danza, conferencias, &#8230; \u00a1Preparen sus <strong>agendas<\/strong>!<\/p>\t\t\t\t\t\t\t\t<\/div>\n\t\t\t\t<\/div>\n\t\t\t\t<div class=\"elementor-element elementor-element-ae1cbf3 elementor-widget elementor-widget-button\" data-id=\"ae1cbf3\" data-element_type=\"widget\" data-e-type=\"widget\" data-widget_type=\"button.default\">\n\t\t\t\t<div class=\"elementor-widget-container\">\n\t\t\t\t\t\t\t\t\t<div class=\"elementor-button-wrapper\">\n\t\t\t\t\t<a class=\"elementor-button elementor-button-link elementor-size-sm\" href=\"https:\/\/www.theatre.carcassonne.org\/toutes-les-manifs\" target=\"_blank\">\n\t\t\t\t\t\t<span class=\"elementor-button-content-wrapper\">\n\t\t\t\t\t\t<span class=\"elementor-button-icon\">\n\t\t\t\t<i aria-hidden=\"true\" class=\"fas fa-mouse-pointer\"><\/i>\t\t\t<\/span>\n\t\t\t\t\t\t\t\t\t<span class=\"elementor-button-text\">M\u00e1s informaci\u00f3n<\/span>\n\t\t\t\t\t<\/span>\n\t\t\t\t\t<\/a>\n\t\t\t\t<\/div>\n\t\t\t\t\t\t\t\t<\/div>\n\t\t\t\t<\/div>\n\t\t\t\t\t<\/div>\n\t\t<\/div>\n\t\t\t\t<div class=\"elementor-column elementor-col-50 elementor-top-column elementor-element elementor-element-8a4c7b2 fs-photo\" data-id=\"8a4c7b2\" data-element_type=\"column\" data-e-type=\"column\">\n\t\t\t<div class=\"elementor-widget-wrap elementor-element-populated\">\n\t\t\t\t\t\t<div class=\"elementor-element elementor-element-3bb3633 elementor-widget elementor-widget-image\" data-id=\"3bb3633\" data-element_type=\"widget\" data-e-type=\"widget\" data-widget_type=\"image.default\">\n\t\t\t\t<div class=\"elementor-widget-container\">\n\t\t\t\t\t\t\t\t\t\t\t\t<figure class=\"wp-caption\">\n\t\t\t\t\t\t\t\t\t\t<img loading=\"lazy\" decoding=\"async\" width=\"570\" height=\"380\" src=\"https:\/\/www.tourisme-carcassonne.fr\/assets\/uploads\/2024\/12\/img-9611-modifier-wwwvincentphotographiecom-scaled-1-570x380.jpg\" class=\"attachment-medium size-medium wp-image-51881\" alt=\"vue du b\u00e2timent du th\u00e9\u00e2tre Jean Alary\" srcset=\"https:\/\/www.tourisme-carcassonne.fr\/assets\/uploads\/2024\/12\/img-9611-modifier-wwwvincentphotographiecom-scaled-1-570x380.jpg 570w, https:\/\/www.tourisme-carcassonne.fr\/assets\/uploads\/2024\/12\/img-9611-modifier-wwwvincentphotographiecom-scaled-1-1170x780.jpg 1170w, https:\/\/www.tourisme-carcassonne.fr\/assets\/uploads\/2024\/12\/img-9611-modifier-wwwvincentphotographiecom-scaled-1-370x247.jpg 370w, https:\/\/www.tourisme-carcassonne.fr\/assets\/uploads\/2024\/12\/img-9611-modifier-wwwvincentphotographiecom-scaled-1-768x512.jpg 768w, https:\/\/www.tourisme-carcassonne.fr\/assets\/uploads\/2024\/12\/img-9611-modifier-wwwvincentphotographiecom-scaled-1-1536x1024.jpg 1536w, https:\/\/www.tourisme-carcassonne.fr\/assets\/uploads\/2024\/12\/img-9611-modifier-wwwvincentphotographiecom-scaled-1.jpg 2048w\" sizes=\"(max-width: 570px) 100vw, 570px\" \/>\t\t\t\t\t\t\t\t\t\t\t<figcaption class=\"widget-image-caption wp-caption-text\">\u00a9 Vincent Photographie - Tourisme Carcassonne <\/figcaption>\n\t\t\t\t\t\t\t\t\t\t<\/figure>\n\t\t\t\t\t\t\t\t\t<\/div>\n\t\t\t\t<\/div>\n\t\t\t\t\t<\/div>\n\t\t<\/div>\n\t\t\t\t\t<\/div>\n\t\t<\/section>\n\t\t\t\t<section class=\"elementor-section elementor-top-section elementor-element elementor-element-6d55f073 elementor-section-full_width elementor-fs-modele-photo100-full elementor-section-height-default elementor-section-height-default\" data-id=\"6d55f073\" data-element_type=\"section\" data-e-type=\"section\">\n\t\t\t\t\t\t<div class=\"elementor-container elementor-column-gap-default\">\n\t\t\t\t\t<div class=\"elementor-column elementor-col-100 elementor-top-column elementor-element elementor-element-7a60f6d1 fs-photo\" data-id=\"7a60f6d1\" data-element_type=\"column\" data-e-type=\"column\">\n\t\t\t<div class=\"elementor-widget-wrap elementor-element-populated\">\n\t\t\t\t\t\t<div class=\"elementor-element elementor-element-2cb7b268 elementor-widget elementor-widget-image\" data-id=\"2cb7b268\" data-element_type=\"widget\" data-e-type=\"widget\" data-widget_type=\"image.default\">\n\t\t\t\t<div class=\"elementor-widget-container\">\n\t\t\t\t\t\t\t\t\t\t\t\t<figure class=\"wp-caption\">\n\t\t\t\t\t\t\t\t\t\t<img loading=\"lazy\" decoding=\"async\" width=\"1170\" height=\"780\" src=\"https:\/\/www.tourisme-carcassonne.fr\/assets\/uploads\/2022\/02\/2021-tournois-chevalerie-1379-jr-2400px-1170x780.jpg\" class=\"attachment-large size-large wp-image-8354\" alt=\"\" srcset=\"https:\/\/www.tourisme-carcassonne.fr\/assets\/uploads\/2022\/02\/2021-tournois-chevalerie-1379-jr-2400px-1170x780.jpg 1170w, https:\/\/www.tourisme-carcassonne.fr\/assets\/uploads\/2022\/02\/2021-tournois-chevalerie-1379-jr-2400px-570x380.jpg 570w, https:\/\/www.tourisme-carcassonne.fr\/assets\/uploads\/2022\/02\/2021-tournois-chevalerie-1379-jr-2400px-370x247.jpg 370w, https:\/\/www.tourisme-carcassonne.fr\/assets\/uploads\/2022\/02\/2021-tournois-chevalerie-1379-jr-2400px-768x512.jpg 768w, https:\/\/www.tourisme-carcassonne.fr\/assets\/uploads\/2022\/02\/2021-tournois-chevalerie-1379-jr-2400px-1536x1024.jpg 1536w, https:\/\/www.tourisme-carcassonne.fr\/assets\/uploads\/2022\/02\/2021-tournois-chevalerie-1379-jr-2400px-scaled.jpg 2048w\" sizes=\"(max-width: 1170px) 100vw, 1170px\" \/>\t\t\t\t\t\t\t\t\t\t\t<figcaption class=\"widget-image-caption wp-caption-text\">Le Tournois de Chevalerie dans la Cit\u00e9 M\u00e9di\u00e9vale<\/figcaption>\n\t\t\t\t\t\t\t\t\t\t<\/figure>\n\t\t\t\t\t\t\t\t\t<\/div>\n\t\t\t\t<\/div>\n\t\t\t\t\t<\/div>\n\t\t<\/div>\n\t\t\t\t\t<\/div>\n\t\t<\/section>\n\t\t\t\t<\/div>\n\t\t","protected":false},"excerpt":{"rendered":"<p>\u00a9 Ville de Carcassonne Festival de Carcasona un festival que no hay que perderse Clasificado entre los 10 mayores festivales franceses, con 120 espect\u00e1culos y conciertos cada a\u00f1o, incluidos 80 conciertos gratuitos en 12 escenarios, el Festival de Carcasona atrae a cerca de 200.000 espectadores. Nos vemos en julio en Carcasona, todos los a\u00f1os. Il [&hellip;]<\/p>\n","protected":false},"author":3,"featured_media":37149,"parent":0,"menu_order":0,"comment_status":"closed","ping_status":"closed","template":"templates\/temps-fort.php","meta":{"_acf_changed":false,"footnotes":""},"class_list":["post-13274","page","type-page","status-publish","has-post-thumbnail","hentry"],"acf":[],"yoast_head":"<!-- This site is optimized with the Yoast SEO plugin v27.1.1 - https:\/\/yoast.com\/product\/yoast-seo-wordpress\/ -->\n<title>Momentos Culminantes - Office de tourisme de Carcassonne<\/title>\n<meta name=\"description\" content=\"El Festival de Carcasona, los fuegos artificiales de la ciudad, la magia de la Navidad, la Feria, el Tour de Francia... son momentos inolvidables en Carcasona.\" \/>\n<meta name=\"robots\" content=\"index, follow, max-snippet:-1, max-image-preview:large, max-video-preview:-1\" \/>\n<link rel=\"canonical\" href=\"https:\/\/www.tourisme-carcassonne.fr\/es\/momentos-culminantes\/\" \/>\n<meta property=\"og:locale\" content=\"es_ES\" \/>\n<meta property=\"og:type\" content=\"article\" \/>\n<meta property=\"og:title\" content=\"Momentos Culminantes - Office de tourisme de Carcassonne\" \/>\n<meta property=\"og:description\" content=\"El Festival de Carcasona, los fuegos artificiales de la ciudad, la magia de la Navidad, la Feria, el Tour de Francia... son momentos inolvidables en Carcasona.\" \/>\n<meta property=\"og:url\" content=\"https:\/\/www.tourisme-carcassonne.fr\/es\/momentos-culminantes\/\" \/>\n<meta property=\"og:site_name\" content=\"Office de tourisme de Carcassonne\" \/>\n<meta property=\"article:publisher\" content=\"https:\/\/www.facebook.com\/tourismecarcassonne\/\" \/>\n<meta property=\"article:modified_time\" content=\"2026-04-30T07:47:12+00:00\" \/>\n<meta property=\"og:image\" content=\"https:\/\/www.tourisme-carcassonne.fr\/assets\/uploads\/2023\/08\/festival-de-carcassonne-4-scaled.jpg\" \/>\n\t<meta property=\"og:image:width\" content=\"2048\" \/>\n\t<meta property=\"og:image:height\" content=\"1000\" \/>\n\t<meta property=\"og:image:type\" content=\"image\/jpeg\" \/>\n<meta name=\"twitter:card\" content=\"summary_large_image\" \/>\n<meta name=\"twitter:label1\" content=\"Tiempo de lectura\" \/>\n\t<meta name=\"twitter:data1\" content=\"5 minutos\" \/>\n<script type=\"application\/ld+json\" class=\"yoast-schema-graph\">{\"@context\":\"https:\/\/schema.org\",\"@graph\":[{\"@type\":\"WebPage\",\"@id\":\"https:\/\/www.tourisme-carcassonne.fr\/es\/momentos-culminantes\/\",\"url\":\"https:\/\/www.tourisme-carcassonne.fr\/es\/momentos-culminantes\/\",\"name\":\"Momentos Culminantes - Office de tourisme de Carcassonne\",\"isPartOf\":{\"@id\":\"https:\/\/www.tourisme-carcassonne.fr\/es\/#website\"},\"primaryImageOfPage\":{\"@id\":\"https:\/\/www.tourisme-carcassonne.fr\/es\/momentos-culminantes\/#primaryimage\"},\"image\":{\"@id\":\"https:\/\/www.tourisme-carcassonne.fr\/es\/momentos-culminantes\/#primaryimage\"},\"thumbnailUrl\":\"https:\/\/www.tourisme-carcassonne.fr\/assets\/uploads\/2023\/08\/festival-de-carcassonne-4-scaled.jpg\",\"datePublished\":\"2021-11-19T14:50:29+00:00\",\"dateModified\":\"2026-04-30T07:47:12+00:00\",\"description\":\"El Festival de Carcasona, los fuegos artificiales de la ciudad, la magia de la Navidad, la Feria, el Tour de Francia... son momentos inolvidables en Carcasona.\",\"breadcrumb\":{\"@id\":\"https:\/\/www.tourisme-carcassonne.fr\/es\/momentos-culminantes\/#breadcrumb\"},\"inLanguage\":\"es\",\"potentialAction\":[{\"@type\":\"ReadAction\",\"target\":[\"https:\/\/www.tourisme-carcassonne.fr\/es\/momentos-culminantes\/\"]}]},{\"@type\":\"ImageObject\",\"inLanguage\":\"es\",\"@id\":\"https:\/\/www.tourisme-carcassonne.fr\/es\/momentos-culminantes\/#primaryimage\",\"url\":\"https:\/\/www.tourisme-carcassonne.fr\/assets\/uploads\/2023\/08\/festival-de-carcassonne-4-scaled.jpg\",\"contentUrl\":\"https:\/\/www.tourisme-carcassonne.fr\/assets\/uploads\/2023\/08\/festival-de-carcassonne-4-scaled.jpg\",\"width\":2048,\"height\":1000,\"caption\":\"\u00a9 J.ROCHE - Ville de Carcassonne\"},{\"@type\":\"BreadcrumbList\",\"@id\":\"https:\/\/www.tourisme-carcassonne.fr\/es\/momentos-culminantes\/#breadcrumb\",\"itemListElement\":[{\"@type\":\"ListItem\",\"position\":1,\"name\":\"Accueil\",\"item\":\"https:\/\/www.tourisme-carcassonne.fr\/es\/\"},{\"@type\":\"ListItem\",\"position\":2,\"name\":\"Momentos Culminantes\"}]},{\"@type\":\"WebSite\",\"@id\":\"https:\/\/www.tourisme-carcassonne.fr\/es\/#website\",\"url\":\"https:\/\/www.tourisme-carcassonne.fr\/es\/\",\"name\":\"Office de tourisme de Carcassonne\",\"description\":\"\",\"publisher\":{\"@id\":\"https:\/\/www.tourisme-carcassonne.fr\/es\/#organization\"},\"potentialAction\":[{\"@type\":\"SearchAction\",\"target\":{\"@type\":\"EntryPoint\",\"urlTemplate\":\"https:\/\/www.tourisme-carcassonne.fr\/es\/?s={search_term_string}\"},\"query-input\":{\"@type\":\"PropertyValueSpecification\",\"valueRequired\":true,\"valueName\":\"search_term_string\"}}],\"inLanguage\":\"es\"},{\"@type\":\"Organization\",\"@id\":\"https:\/\/www.tourisme-carcassonne.fr\/es\/#organization\",\"name\":\"Office de tourisme de Carcassonne\",\"url\":\"https:\/\/www.tourisme-carcassonne.fr\/es\/\",\"logo\":{\"@type\":\"ImageObject\",\"inLanguage\":\"es\",\"@id\":\"https:\/\/www.tourisme-carcassonne.fr\/es\/#\/schema\/logo\/image\/\",\"url\":\"https:\/\/www.tourisme-carcassonne.fr\/assets\/uploads\/2021\/11\/logo-carcassonne.svg\",\"contentUrl\":\"https:\/\/www.tourisme-carcassonne.fr\/assets\/uploads\/2021\/11\/logo-carcassonne.svg\",\"width\":167,\"height\":49,\"caption\":\"Office de tourisme de Carcassonne\"},\"image\":{\"@id\":\"https:\/\/www.tourisme-carcassonne.fr\/es\/#\/schema\/logo\/image\/\"},\"sameAs\":[\"https:\/\/www.facebook.com\/tourismecarcassonne\/\",\"https:\/\/www.instagram.com\/tourismecarcassonne\/\"]}]}<\/script>\n<!-- \/ Yoast SEO plugin. -->","yoast_head_json":{"title":"Momentos Culminantes - Office de tourisme de Carcassonne","description":"El Festival de Carcasona, los fuegos artificiales de la ciudad, la magia de la Navidad, la Feria, el Tour de Francia... son momentos inolvidables en Carcasona.","robots":{"index":"index","follow":"follow","max-snippet":"max-snippet:-1","max-image-preview":"max-image-preview:large","max-video-preview":"max-video-preview:-1"},"canonical":"https:\/\/www.tourisme-carcassonne.fr\/es\/momentos-culminantes\/","og_locale":"es_ES","og_type":"article","og_title":"Momentos Culminantes - Office de tourisme de Carcassonne","og_description":"El Festival de Carcasona, los fuegos artificiales de la ciudad, la magia de la Navidad, la Feria, el Tour de Francia... son momentos inolvidables en Carcasona.","og_url":"https:\/\/www.tourisme-carcassonne.fr\/es\/momentos-culminantes\/","og_site_name":"Office de tourisme de Carcassonne","article_publisher":"https:\/\/www.facebook.com\/tourismecarcassonne\/","article_modified_time":"2026-04-30T07:47:12+00:00","og_image":[{"width":2048,"height":1000,"url":"https:\/\/www.tourisme-carcassonne.fr\/assets\/uploads\/2023\/08\/festival-de-carcassonne-4-scaled.jpg","type":"image\/jpeg"}],"twitter_card":"summary_large_image","twitter_misc":{"Tiempo de lectura":"5 minutos"},"schema":{"@context":"https:\/\/schema.org","@graph":[{"@type":"WebPage","@id":"https:\/\/www.tourisme-carcassonne.fr\/es\/momentos-culminantes\/","url":"https:\/\/www.tourisme-carcassonne.fr\/es\/momentos-culminantes\/","name":"Momentos Culminantes - Office de tourisme de Carcassonne","isPartOf":{"@id":"https:\/\/www.tourisme-carcassonne.fr\/es\/#website"},"primaryImageOfPage":{"@id":"https:\/\/www.tourisme-carcassonne.fr\/es\/momentos-culminantes\/#primaryimage"},"image":{"@id":"https:\/\/www.tourisme-carcassonne.fr\/es\/momentos-culminantes\/#primaryimage"},"thumbnailUrl":"https:\/\/www.tourisme-carcassonne.fr\/assets\/uploads\/2023\/08\/festival-de-carcassonne-4-scaled.jpg","datePublished":"2021-11-19T14:50:29+00:00","dateModified":"2026-04-30T07:47:12+00:00","description":"El Festival de Carcasona, los fuegos artificiales de la ciudad, la magia de la Navidad, la Feria, el Tour de Francia... son momentos inolvidables en Carcasona.","breadcrumb":{"@id":"https:\/\/www.tourisme-carcassonne.fr\/es\/momentos-culminantes\/#breadcrumb"},"inLanguage":"es","potentialAction":[{"@type":"ReadAction","target":["https:\/\/www.tourisme-carcassonne.fr\/es\/momentos-culminantes\/"]}]},{"@type":"ImageObject","inLanguage":"es","@id":"https:\/\/www.tourisme-carcassonne.fr\/es\/momentos-culminantes\/#primaryimage","url":"https:\/\/www.tourisme-carcassonne.fr\/assets\/uploads\/2023\/08\/festival-de-carcassonne-4-scaled.jpg","contentUrl":"https:\/\/www.tourisme-carcassonne.fr\/assets\/uploads\/2023\/08\/festival-de-carcassonne-4-scaled.jpg","width":2048,"height":1000,"caption":"\u00a9 J.ROCHE - Ville de Carcassonne"},{"@type":"BreadcrumbList","@id":"https:\/\/www.tourisme-carcassonne.fr\/es\/momentos-culminantes\/#breadcrumb","itemListElement":[{"@type":"ListItem","position":1,"name":"Accueil","item":"https:\/\/www.tourisme-carcassonne.fr\/es\/"},{"@type":"ListItem","position":2,"name":"Momentos Culminantes"}]},{"@type":"WebSite","@id":"https:\/\/www.tourisme-carcassonne.fr\/es\/#website","url":"https:\/\/www.tourisme-carcassonne.fr\/es\/","name":"Office de tourisme de Carcassonne","description":"","publisher":{"@id":"https:\/\/www.tourisme-carcassonne.fr\/es\/#organization"},"potentialAction":[{"@type":"SearchAction","target":{"@type":"EntryPoint","urlTemplate":"https:\/\/www.tourisme-carcassonne.fr\/es\/?s={search_term_string}"},"query-input":{"@type":"PropertyValueSpecification","valueRequired":true,"valueName":"search_term_string"}}],"inLanguage":"es"},{"@type":"Organization","@id":"https:\/\/www.tourisme-carcassonne.fr\/es\/#organization","name":"Office de tourisme de Carcassonne","url":"https:\/\/www.tourisme-carcassonne.fr\/es\/","logo":{"@type":"ImageObject","inLanguage":"es","@id":"https:\/\/www.tourisme-carcassonne.fr\/es\/#\/schema\/logo\/image\/","url":"https:\/\/www.tourisme-carcassonne.fr\/assets\/uploads\/2021\/11\/logo-carcassonne.svg","contentUrl":"https:\/\/www.tourisme-carcassonne.fr\/assets\/uploads\/2021\/11\/logo-carcassonne.svg","width":167,"height":49,"caption":"Office de tourisme de Carcassonne"},"image":{"@id":"https:\/\/www.tourisme-carcassonne.fr\/es\/#\/schema\/logo\/image\/"},"sameAs":["https:\/\/www.facebook.com\/tourismecarcassonne\/","https:\/\/www.instagram.com\/tourismecarcassonne\/"]}]}},"_links":{"self":[{"href":"https:\/\/www.tourisme-carcassonne.fr\/es\/wp-json\/wp\/v2\/pages\/13274","targetHints":{"allow":["GET"]}}],"collection":[{"href":"https:\/\/www.tourisme-carcassonne.fr\/es\/wp-json\/wp\/v2\/pages"}],"about":[{"href":"https:\/\/www.tourisme-carcassonne.fr\/es\/wp-json\/wp\/v2\/types\/page"}],"author":[{"embeddable":true,"href":"https:\/\/www.tourisme-carcassonne.fr\/es\/wp-json\/wp\/v2\/users\/3"}],"replies":[{"embeddable":true,"href":"https:\/\/www.tourisme-carcassonne.fr\/es\/wp-json\/wp\/v2\/comments?post=13274"}],"version-history":[{"count":0,"href":"https:\/\/www.tourisme-carcassonne.fr\/es\/wp-json\/wp\/v2\/pages\/13274\/revisions"}],"wp:featuredmedia":[{"embeddable":true,"href":"https:\/\/www.tourisme-carcassonne.fr\/es\/wp-json\/wp\/v2\/media\/37149"}],"wp:attachment":[{"href":"https:\/\/www.tourisme-carcassonne.fr\/es\/wp-json\/wp\/v2\/media?parent=13274"}],"curies":[{"name":"wp","href":"https:\/\/api.w.org\/{rel}","templated":true}]}}