{"id":13205,"date":"2021-11-19T15:50:42","date_gmt":"2021-11-19T15:50:42","guid":{"rendered":"https:\/\/www.tourisme-carcassonne.fr\/groupes\/"},"modified":"2025-04-09T18:28:06","modified_gmt":"2025-04-09T16:28:06","slug":"escolares","status":"publish","type":"page","link":"https:\/\/www.tourisme-carcassonne.fr\/es\/escolares\/","title":{"rendered":"Escolares"},"content":{"rendered":"\t\t<div data-elementor-type=\"wp-page\" data-elementor-id=\"13205\" class=\"elementor elementor-13205 elementor-516\" data-elementor-post-type=\"page\">\n\t\t\t\t\t\t<section class=\"elementor-section elementor-top-section elementor-element elementor-element-59d72860 elementor-fs-modele-texte100 elementor-section-boxed elementor-section-height-default elementor-section-height-default\" data-id=\"59d72860\" data-element_type=\"section\" data-e-type=\"section\">\n\t\t\t\t\t\t<div class=\"elementor-container elementor-column-gap-default\">\n\t\t\t\t\t<div class=\"elementor-column elementor-col-100 elementor-top-column elementor-element elementor-element-6d340884 fs-texte\" data-id=\"6d340884\" data-element_type=\"column\" data-e-type=\"column\">\n\t\t\t<div class=\"elementor-widget-wrap elementor-element-populated\">\n\t\t\t\t\t\t<div class=\"elementor-element elementor-element-36a701d6 elementor-widget elementor-widget-text-editor\" data-id=\"36a701d6\" data-element_type=\"widget\" data-e-type=\"widget\" data-widget_type=\"text-editor.default\">\n\t\t\t\t<div class=\"elementor-widget-container\">\n\t\t\t\t\t\t\t\t\t<h1>Carcasona le acoge<\/h1><p>Carcasona es un incre\u00edble campo de juego para sus grupos escolares. Ya sea la Bastida San-Luis, la ciudad medieval, el Canal del Midi o el Lago de Cavay\u00e8re, seguro que encontrar\u00e1 algo a su medida.<\/p><p><strong>Antonella Grieco<\/strong>, est\u00e1 a su disposici\u00f3n para responder a sus preguntas. No dude en ponerse en contacto con ella por correo electr\u00f3nico en <a href=\"mailto:scolaires@carcassonne-tourisme.com\" target=\"_blank\" rel=\"noopener\">scolaires@carcassonne-tourisme.com<\/a> o por tel\u00e9fono en el <strong>(+33) 04 48 22 12 80<br \/><\/strong><\/p>\t\t\t\t\t\t\t\t<\/div>\n\t\t\t\t<\/div>\n\t\t\t\t\t<\/div>\n\t\t<\/div>\n\t\t\t\t\t<\/div>\n\t\t<\/section>\n\t\t\t\t<section class=\"elementor-section elementor-top-section elementor-element elementor-element-456749e9 elementor-fs-modele-texte50-photo50 elementor-section-boxed elementor-section-height-default elementor-section-height-default\" data-id=\"456749e9\" data-element_type=\"section\" data-e-type=\"section\">\n\t\t\t\t\t\t<div class=\"elementor-container elementor-column-gap-no\">\n\t\t\t\t\t<div class=\"elementor-column elementor-col-50 elementor-top-column elementor-element elementor-element-55ed1291 fs-texte\" data-id=\"55ed1291\" data-element_type=\"column\" data-e-type=\"column\">\n\t\t\t<div class=\"elementor-widget-wrap elementor-element-populated\">\n\t\t\t\t\t\t<div class=\"elementor-element elementor-element-16380148 elementor-widget elementor-widget-text-editor\" data-id=\"16380148\" data-element_type=\"widget\" data-e-type=\"widget\" data-widget_type=\"text-editor.default\">\n\t\t\t\t<div class=\"elementor-widget-container\">\n\t\t\t\t\t\t\t\t\t<h4>Manual de ventas<\/h4><h2>Para grupos escolares<\/h2><p>Descubra Carcasona en grupo con las numerosas actividades y visitas disponibles en este manual de venta. Encuentre actividades inusuales o m\u00e1s cl\u00e1sicas seg\u00fan sus deseos y necesidades.<\/p><p>Disfrute al m\u00e1ximo de Carcasona<\/p><ul><li>por correo a <a href=\"mailto:scolaires@carcassonne-tourisme.com\" target=\"_blank\" rel=\"noopener\">scolaires@carcassonne-tourisme.com<\/a><\/li><li><a href=\"https:\/\/fr.calameo.com\/carcassonne-tourisme\/read\/00242998566e224f24365\" target=\"_blank\" rel=\"noopener\">Disponible en Internet<\/a><\/li><\/ul>\t\t\t\t\t\t\t\t<\/div>\n\t\t\t\t<\/div>\n\t\t\t\t\t<\/div>\n\t\t<\/div>\n\t\t\t\t<div class=\"elementor-column elementor-col-50 elementor-top-column elementor-element elementor-element-415ee4cf fs-photo\" data-id=\"415ee4cf\" data-element_type=\"column\" data-e-type=\"column\">\n\t\t\t<div class=\"elementor-widget-wrap elementor-element-populated\">\n\t\t\t\t\t\t<div class=\"elementor-element elementor-element-647074b elementor-widget elementor-widget-image\" data-id=\"647074b\" data-element_type=\"widget\" data-e-type=\"widget\" data-widget_type=\"image.default\">\n\t\t\t\t<div class=\"elementor-widget-container\">\n\t\t\t\t\t\t\t\t\t\t\t\t\t\t\t\t<a href=\"https:\/\/www.calameo.com\/carcassonne-tourisme\/read\/00242998566e224f24365\" target=\"_blank\">\n\t\t\t\t\t\t\t<img fetchpriority=\"high\" decoding=\"async\" width=\"570\" height=\"428\" src=\"https:\/\/www.tourisme-carcassonne.fr\/assets\/uploads\/2025\/02\/manuel-des-ventes-570x428.jpg\" class=\"attachment-medium size-medium wp-image-53053\" alt=\"\" srcset=\"https:\/\/www.tourisme-carcassonne.fr\/assets\/uploads\/2025\/02\/manuel-des-ventes-570x428.jpg 570w, https:\/\/www.tourisme-carcassonne.fr\/assets\/uploads\/2025\/02\/manuel-des-ventes-1170x878.jpg 1170w, https:\/\/www.tourisme-carcassonne.fr\/assets\/uploads\/2025\/02\/manuel-des-ventes-370x278.jpg 370w, https:\/\/www.tourisme-carcassonne.fr\/assets\/uploads\/2025\/02\/manuel-des-ventes-768x576.jpg 768w, https:\/\/www.tourisme-carcassonne.fr\/assets\/uploads\/2025\/02\/manuel-des-ventes.jpg 1200w\" sizes=\"(max-width: 570px) 100vw, 570px\" \/>\t\t\t\t\t\t\t\t<\/a>\n\t\t\t\t\t\t\t\t\t\t\t\t\t\t\t<\/div>\n\t\t\t\t<\/div>\n\t\t\t\t\t<\/div>\n\t\t<\/div>\n\t\t\t\t\t<\/div>\n\t\t<\/section>\n\t\t\t\t<section class=\"elementor-section elementor-top-section elementor-element elementor-element-3eae2a78 elementor-fs-modele-galerie100full elementor-section-boxed elementor-section-height-default elementor-section-height-default\" data-id=\"3eae2a78\" data-element_type=\"section\" data-e-type=\"section\">\n\t\t\t\t\t\t<div class=\"elementor-container elementor-column-gap-default\">\n\t\t\t\t\t<div class=\"elementor-column elementor-col-100 elementor-top-column elementor-element elementor-element-47a5e797\" data-id=\"47a5e797\" data-element_type=\"column\" data-e-type=\"column\">\n\t\t\t<div class=\"elementor-widget-wrap elementor-element-populated\">\n\t\t\t\t\t\t<div class=\"elementor-element elementor-element-4fe535ab elementor-widget elementor-widget-image-carousel\" data-id=\"4fe535ab\" data-element_type=\"widget\" data-e-type=\"widget\" data-settings=\"{&quot;slides_to_show&quot;:&quot;3&quot;,&quot;navigation&quot;:&quot;none&quot;,&quot;autoplay&quot;:&quot;no&quot;,&quot;infinite&quot;:&quot;no&quot;,&quot;image_spacing_custom&quot;:{&quot;unit&quot;:&quot;px&quot;,&quot;size&quot;:30,&quot;sizes&quot;:[]},&quot;speed&quot;:500,&quot;image_spacing_custom_tablet&quot;:{&quot;unit&quot;:&quot;px&quot;,&quot;size&quot;:&quot;&quot;,&quot;sizes&quot;:[]},&quot;image_spacing_custom_mobile&quot;:{&quot;unit&quot;:&quot;px&quot;,&quot;size&quot;:&quot;&quot;,&quot;sizes&quot;:[]}}\" data-widget_type=\"image-carousel.default\">\n\t\t\t\t<div class=\"elementor-widget-container\">\n\t\t\t\t\t\t\t<div class=\"elementor-image-carousel-wrapper swiper\" role=\"region\" aria-roledescription=\"carousel\" aria-label=\"Carrusel de im\u00e1genes\" dir=\"ltr\">\n\t\t\t<div class=\"elementor-image-carousel swiper-wrapper swiper-image-stretch\" aria-live=\"polite\">\n\t\t\t\t\t\t\t\t<div class=\"swiper-slide\" role=\"group\" aria-roledescription=\"slide\" aria-label=\"1 de 5\"><figure class=\"swiper-slide-inner\"><img decoding=\"async\" class=\"swiper-slide-image\" src=\"https:\/\/www.tourisme-carcassonne.fr\/assets\/uploads\/2021\/11\/264097817-1911677165671335-756520154882670144-n-370x247.jpg\" alt=\"cc Julien ROCHE - Ville de Carcassonne\" \/><\/figure><\/div><div class=\"swiper-slide\" role=\"group\" aria-roledescription=\"slide\" aria-label=\"2 de 5\"><figure class=\"swiper-slide-inner\"><img decoding=\"async\" class=\"swiper-slide-image\" src=\"https:\/\/www.tourisme-carcassonne.fr\/assets\/uploads\/2021\/12\/lac-de-la-cavayerevincent-photographie-19-370x247.jpg\" alt=\"\u00a9Vincent Photographie\" \/><\/figure><\/div><div class=\"swiper-slide\" role=\"group\" aria-roledescription=\"slide\" aria-label=\"3 de 5\"><figure class=\"swiper-slide-inner\"><img decoding=\"async\" class=\"swiper-slide-image\" src=\"https:\/\/www.tourisme-carcassonne.fr\/assets\/uploads\/2022\/02\/ok5-370x258.jpg\" alt=\"\u00a9 S\u00e9bastien Carles\" \/><\/figure><\/div><div class=\"swiper-slide\" role=\"group\" aria-roledescription=\"slide\" aria-label=\"4 de 5\"><figure class=\"swiper-slide-inner\"><img decoding=\"async\" class=\"swiper-slide-image\" src=\"https:\/\/www.tourisme-carcassonne.fr\/assets\/uploads\/2021\/12\/lac-de-la-cavayerevincent-photographie-23-scaled.jpg\" alt=\"\" \/><\/figure><\/div><div class=\"swiper-slide\" role=\"group\" aria-roledescription=\"slide\" aria-label=\"5 de 5\"><figure class=\"swiper-slide-inner\"><img decoding=\"async\" class=\"swiper-slide-image\" src=\"https:\/\/www.tourisme-carcassonne.fr\/assets\/uploads\/2022\/03\/sans-titre-5-sur-7-370x247.jpg\" alt=\"sans titre (5 sur 7)\" \/><\/figure><\/div>\t\t\t<\/div>\n\t\t\t\t\t\t\t\n\t\t\t\t\t\t\t\t\t<\/div>\n\t\t\t\t\t\t<\/div>\n\t\t\t\t<\/div>\n\t\t\t\t\t<\/div>\n\t\t<\/div>\n\t\t\t\t\t<\/div>\n\t\t<\/section>\n\t\t\t\t<section class=\"elementor-section elementor-top-section elementor-element elementor-element-161aed3 elementor-fs-modele-photo33-texte66 elementor-section-boxed elementor-section-height-default elementor-section-height-default\" data-id=\"161aed3\" data-element_type=\"section\" data-e-type=\"section\">\n\t\t\t\t\t\t<div class=\"elementor-container elementor-column-gap-no\">\n\t\t\t\t\t<div class=\"elementor-column elementor-col-50 elementor-top-column elementor-element elementor-element-2c9a427 fs-photo\" data-id=\"2c9a427\" data-element_type=\"column\" data-e-type=\"column\">\n\t\t\t<div class=\"elementor-widget-wrap elementor-element-populated\">\n\t\t\t\t\t\t<div class=\"elementor-element elementor-element-b8c9e7f elementor-widget elementor-widget-image\" data-id=\"b8c9e7f\" data-element_type=\"widget\" data-e-type=\"widget\" data-widget_type=\"image.default\">\n\t\t\t\t<div class=\"elementor-widget-container\">\n\t\t\t\t\t\t\t\t\t\t\t\t<figure class=\"wp-caption\">\n\t\t\t\t\t\t\t\t\t\t<img decoding=\"async\" width=\"1170\" height=\"1170\" src=\"https:\/\/www.tourisme-carcassonne.fr\/assets\/uploads\/2025\/03\/anto-1170x1170.jpg\" class=\"attachment-large size-large wp-image-53884\" alt=\"\" srcset=\"https:\/\/www.tourisme-carcassonne.fr\/assets\/uploads\/2025\/03\/anto-1170x1170.jpg 1170w, https:\/\/www.tourisme-carcassonne.fr\/assets\/uploads\/2025\/03\/anto-570x570.jpg 570w, https:\/\/www.tourisme-carcassonne.fr\/assets\/uploads\/2025\/03\/anto-370x370.jpg 370w, https:\/\/www.tourisme-carcassonne.fr\/assets\/uploads\/2025\/03\/anto-768x768.jpg 768w, https:\/\/www.tourisme-carcassonne.fr\/assets\/uploads\/2025\/03\/anto-1536x1536.jpg 1536w, https:\/\/www.tourisme-carcassonne.fr\/assets\/uploads\/2025\/03\/anto.jpg 2048w\" sizes=\"(max-width: 1170px) 100vw, 1170px\" \/>\t\t\t\t\t\t\t\t\t\t\t<figcaption class=\"widget-image-caption wp-caption-text\"><\/figcaption>\n\t\t\t\t\t\t\t\t\t\t<\/figure>\n\t\t\t\t\t\t\t\t\t<\/div>\n\t\t\t\t<\/div>\n\t\t\t\t\t<\/div>\n\t\t<\/div>\n\t\t\t\t<div class=\"elementor-column elementor-col-50 elementor-top-column elementor-element elementor-element-4bcb206 fs-texte\" data-id=\"4bcb206\" data-element_type=\"column\" data-e-type=\"column\">\n\t\t\t<div class=\"elementor-widget-wrap elementor-element-populated\">\n\t\t\t\t\t\t<div class=\"elementor-element elementor-element-9db56d2 elementor-widget elementor-widget-text-editor\" data-id=\"9db56d2\" data-element_type=\"widget\" data-e-type=\"widget\" data-widget_type=\"text-editor.default\">\n\t\t\t\t<div class=\"elementor-widget-container\">\n\t\t\t\t\t\t\t\t\t<h2>\u00a1Estamos a su servicio!<\/h2><p>No dude en ponerse en contacto con Antonella y contarle su proyecto. Estar\u00e1 encantada de ofrecerle su asesoramiento y experiencia.<\/p><ol><li><strong>Antonella GRIECO<\/strong> &#8211; <a href=\"mailto:antonella.grieco@carcassonne-tourisme.com\" target=\"_blank\" rel=\"noopener\">antonella.grieco@carcassonne-tourisme.com<\/a><\/li><\/ol><ul><li>Tel\u00e9fono :<strong> +33 (0)4 48 22 12 80<br \/><\/strong><\/li><li>Correo : <a href=\"mailto:scolaires@carcassonne-tourisme.com\" target=\"_blank\" rel=\"noopener\">scolaires@carcassonne-tourisme.com<\/a><\/li><\/ul>\t\t\t\t\t\t\t\t<\/div>\n\t\t\t\t<\/div>\n\t\t\t\t\t<\/div>\n\t\t<\/div>\n\t\t\t\t\t<\/div>\n\t\t<\/section>\n\t\t\t\t<\/div>\n\t\t","protected":false},"excerpt":{"rendered":"<p>Carcasona le acoge Carcasona es un incre\u00edble campo de juego para sus grupos escolares. Ya sea la Bastida San-Luis, la ciudad medieval, el Canal del Midi o el Lago de Cavay\u00e8re, seguro que encontrar\u00e1 algo a su medida. Antonella Grieco, est\u00e1 a su disposici\u00f3n para responder a sus preguntas. No dude en ponerse en contacto [&hellip;]<\/p>\n","protected":false},"author":3,"featured_media":38570,"parent":0,"menu_order":0,"comment_status":"closed","ping_status":"closed","template":"templates\/edito.php","meta":{"_acf_changed":false,"footnotes":""},"class_list":["post-13205","page","type-page","status-publish","has-post-thumbnail","hentry"],"acf":[],"yoast_head":"<!-- This site is optimized with the Yoast SEO plugin v27.1.1 - https:\/\/yoast.com\/product\/yoast-seo-wordpress\/ -->\n<title>Escolares - Office de tourisme de Carcassonne<\/title>\n<meta name=\"description\" content=\"Escuelas, colegios, centros de ocio...\" \/>\n<meta name=\"robots\" content=\"index, follow, max-snippet:-1, max-image-preview:large, max-video-preview:-1\" \/>\n<link rel=\"canonical\" href=\"https:\/\/www.tourisme-carcassonne.fr\/es\/escolares\/\" \/>\n<meta property=\"og:locale\" content=\"es_ES\" \/>\n<meta property=\"og:type\" content=\"article\" \/>\n<meta property=\"og:title\" content=\"Escolares - Office de tourisme de Carcassonne\" \/>\n<meta property=\"og:description\" content=\"Escuelas, colegios, centros de ocio...\" \/>\n<meta property=\"og:url\" content=\"https:\/\/www.tourisme-carcassonne.fr\/es\/escolares\/\" \/>\n<meta property=\"og:site_name\" content=\"Office de tourisme de Carcassonne\" \/>\n<meta property=\"article:publisher\" content=\"https:\/\/www.facebook.com\/tourismecarcassonne\/\" \/>\n<meta property=\"article:modified_time\" content=\"2025-04-09T16:28:06+00:00\" \/>\n<meta property=\"og:image\" content=\"https:\/\/www.tourisme-carcassonne.fr\/assets\/uploads\/2023\/09\/img-0335-wwwvincentphotographiecom-scaled.jpg\" \/>\n\t<meta property=\"og:image:width\" content=\"2048\" \/>\n\t<meta property=\"og:image:height\" content=\"1365\" \/>\n\t<meta property=\"og:image:type\" content=\"image\/jpeg\" \/>\n<meta name=\"twitter:card\" content=\"summary_large_image\" \/>\n<meta name=\"twitter:label1\" content=\"Tiempo de lectura\" \/>\n\t<meta name=\"twitter:data1\" content=\"4 minutos\" \/>\n<script type=\"application\/ld+json\" class=\"yoast-schema-graph\">{\"@context\":\"https:\/\/schema.org\",\"@graph\":[{\"@type\":\"WebPage\",\"@id\":\"https:\/\/www.tourisme-carcassonne.fr\/es\/escolares\/\",\"url\":\"https:\/\/www.tourisme-carcassonne.fr\/es\/escolares\/\",\"name\":\"Escolares - Office de tourisme de Carcassonne\",\"isPartOf\":{\"@id\":\"https:\/\/www.tourisme-carcassonne.fr\/es\/#website\"},\"primaryImageOfPage\":{\"@id\":\"https:\/\/www.tourisme-carcassonne.fr\/es\/escolares\/#primaryimage\"},\"image\":{\"@id\":\"https:\/\/www.tourisme-carcassonne.fr\/es\/escolares\/#primaryimage\"},\"thumbnailUrl\":\"https:\/\/www.tourisme-carcassonne.fr\/assets\/uploads\/2023\/09\/img-0335-wwwvincentphotographiecom-scaled.jpg\",\"datePublished\":\"2021-11-19T15:50:42+00:00\",\"dateModified\":\"2025-04-09T16:28:06+00:00\",\"description\":\"Escuelas, colegios, centros de ocio...\",\"breadcrumb\":{\"@id\":\"https:\/\/www.tourisme-carcassonne.fr\/es\/escolares\/#breadcrumb\"},\"inLanguage\":\"es\",\"potentialAction\":[{\"@type\":\"ReadAction\",\"target\":[\"https:\/\/www.tourisme-carcassonne.fr\/es\/escolares\/\"]}]},{\"@type\":\"ImageObject\",\"inLanguage\":\"es\",\"@id\":\"https:\/\/www.tourisme-carcassonne.fr\/es\/escolares\/#primaryimage\",\"url\":\"https:\/\/www.tourisme-carcassonne.fr\/assets\/uploads\/2023\/09\/img-0335-wwwvincentphotographiecom-scaled.jpg\",\"contentUrl\":\"https:\/\/www.tourisme-carcassonne.fr\/assets\/uploads\/2023\/09\/img-0335-wwwvincentphotographiecom-scaled.jpg\",\"width\":2048,\"height\":1365,\"caption\":\"Deux personnes s'affrontent dans un duel \u00e0 l'\u00e9p\u00e9e sous un ciel bleu clair. L'une est v\u00eatue d'une tenue m\u00e9di\u00e9vale avec une armure en cuir et un pantalon vert, tandis que l'autre porte des v\u00eatements modernes, dont un t-shirt blanc et un short beige. En arri\u00e8re-plan, des tentes en toile blanche et des spectateurs, dont un enfant portant un t-shirt gris, observent la sc\u00e8ne. L'ambiance est dynamique et ludique, \u00e9voquant une reconstitution historique ou un \u00e9v\u00e9nement m\u00e9di\u00e9val.\\\"\"},{\"@type\":\"BreadcrumbList\",\"@id\":\"https:\/\/www.tourisme-carcassonne.fr\/es\/escolares\/#breadcrumb\",\"itemListElement\":[{\"@type\":\"ListItem\",\"position\":1,\"name\":\"Accueil\",\"item\":\"https:\/\/www.tourisme-carcassonne.fr\/es\/\"},{\"@type\":\"ListItem\",\"position\":2,\"name\":\"Escolares\"}]},{\"@type\":\"WebSite\",\"@id\":\"https:\/\/www.tourisme-carcassonne.fr\/es\/#website\",\"url\":\"https:\/\/www.tourisme-carcassonne.fr\/es\/\",\"name\":\"Office de tourisme de Carcassonne\",\"description\":\"\",\"publisher\":{\"@id\":\"https:\/\/www.tourisme-carcassonne.fr\/es\/#organization\"},\"potentialAction\":[{\"@type\":\"SearchAction\",\"target\":{\"@type\":\"EntryPoint\",\"urlTemplate\":\"https:\/\/www.tourisme-carcassonne.fr\/es\/?s={search_term_string}\"},\"query-input\":{\"@type\":\"PropertyValueSpecification\",\"valueRequired\":true,\"valueName\":\"search_term_string\"}}],\"inLanguage\":\"es\"},{\"@type\":\"Organization\",\"@id\":\"https:\/\/www.tourisme-carcassonne.fr\/es\/#organization\",\"name\":\"Office de tourisme de Carcassonne\",\"url\":\"https:\/\/www.tourisme-carcassonne.fr\/es\/\",\"logo\":{\"@type\":\"ImageObject\",\"inLanguage\":\"es\",\"@id\":\"https:\/\/www.tourisme-carcassonne.fr\/es\/#\/schema\/logo\/image\/\",\"url\":\"https:\/\/www.tourisme-carcassonne.fr\/assets\/uploads\/2021\/11\/logo-carcassonne.svg\",\"contentUrl\":\"https:\/\/www.tourisme-carcassonne.fr\/assets\/uploads\/2021\/11\/logo-carcassonne.svg\",\"width\":167,\"height\":49,\"caption\":\"Office de tourisme de Carcassonne\"},\"image\":{\"@id\":\"https:\/\/www.tourisme-carcassonne.fr\/es\/#\/schema\/logo\/image\/\"},\"sameAs\":[\"https:\/\/www.facebook.com\/tourismecarcassonne\/\",\"https:\/\/www.instagram.com\/tourismecarcassonne\/\"]}]}<\/script>\n<!-- \/ Yoast SEO plugin. -->","yoast_head_json":{"title":"Escolares - Office de tourisme de Carcassonne","description":"Escuelas, colegios, centros de ocio...","robots":{"index":"index","follow":"follow","max-snippet":"max-snippet:-1","max-image-preview":"max-image-preview:large","max-video-preview":"max-video-preview:-1"},"canonical":"https:\/\/www.tourisme-carcassonne.fr\/es\/escolares\/","og_locale":"es_ES","og_type":"article","og_title":"Escolares - Office de tourisme de Carcassonne","og_description":"Escuelas, colegios, centros de ocio...","og_url":"https:\/\/www.tourisme-carcassonne.fr\/es\/escolares\/","og_site_name":"Office de tourisme de Carcassonne","article_publisher":"https:\/\/www.facebook.com\/tourismecarcassonne\/","article_modified_time":"2025-04-09T16:28:06+00:00","og_image":[{"width":2048,"height":1365,"url":"https:\/\/www.tourisme-carcassonne.fr\/assets\/uploads\/2023\/09\/img-0335-wwwvincentphotographiecom-scaled.jpg","type":"image\/jpeg"}],"twitter_card":"summary_large_image","twitter_misc":{"Tiempo de lectura":"4 minutos"},"schema":{"@context":"https:\/\/schema.org","@graph":[{"@type":"WebPage","@id":"https:\/\/www.tourisme-carcassonne.fr\/es\/escolares\/","url":"https:\/\/www.tourisme-carcassonne.fr\/es\/escolares\/","name":"Escolares - Office de tourisme de Carcassonne","isPartOf":{"@id":"https:\/\/www.tourisme-carcassonne.fr\/es\/#website"},"primaryImageOfPage":{"@id":"https:\/\/www.tourisme-carcassonne.fr\/es\/escolares\/#primaryimage"},"image":{"@id":"https:\/\/www.tourisme-carcassonne.fr\/es\/escolares\/#primaryimage"},"thumbnailUrl":"https:\/\/www.tourisme-carcassonne.fr\/assets\/uploads\/2023\/09\/img-0335-wwwvincentphotographiecom-scaled.jpg","datePublished":"2021-11-19T15:50:42+00:00","dateModified":"2025-04-09T16:28:06+00:00","description":"Escuelas, colegios, centros de ocio...","breadcrumb":{"@id":"https:\/\/www.tourisme-carcassonne.fr\/es\/escolares\/#breadcrumb"},"inLanguage":"es","potentialAction":[{"@type":"ReadAction","target":["https:\/\/www.tourisme-carcassonne.fr\/es\/escolares\/"]}]},{"@type":"ImageObject","inLanguage":"es","@id":"https:\/\/www.tourisme-carcassonne.fr\/es\/escolares\/#primaryimage","url":"https:\/\/www.tourisme-carcassonne.fr\/assets\/uploads\/2023\/09\/img-0335-wwwvincentphotographiecom-scaled.jpg","contentUrl":"https:\/\/www.tourisme-carcassonne.fr\/assets\/uploads\/2023\/09\/img-0335-wwwvincentphotographiecom-scaled.jpg","width":2048,"height":1365,"caption":"Deux personnes s'affrontent dans un duel \u00e0 l'\u00e9p\u00e9e sous un ciel bleu clair. L'une est v\u00eatue d'une tenue m\u00e9di\u00e9vale avec une armure en cuir et un pantalon vert, tandis que l'autre porte des v\u00eatements modernes, dont un t-shirt blanc et un short beige. En arri\u00e8re-plan, des tentes en toile blanche et des spectateurs, dont un enfant portant un t-shirt gris, observent la sc\u00e8ne. L'ambiance est dynamique et ludique, \u00e9voquant une reconstitution historique ou un \u00e9v\u00e9nement m\u00e9di\u00e9val.\""},{"@type":"BreadcrumbList","@id":"https:\/\/www.tourisme-carcassonne.fr\/es\/escolares\/#breadcrumb","itemListElement":[{"@type":"ListItem","position":1,"name":"Accueil","item":"https:\/\/www.tourisme-carcassonne.fr\/es\/"},{"@type":"ListItem","position":2,"name":"Escolares"}]},{"@type":"WebSite","@id":"https:\/\/www.tourisme-carcassonne.fr\/es\/#website","url":"https:\/\/www.tourisme-carcassonne.fr\/es\/","name":"Office de tourisme de Carcassonne","description":"","publisher":{"@id":"https:\/\/www.tourisme-carcassonne.fr\/es\/#organization"},"potentialAction":[{"@type":"SearchAction","target":{"@type":"EntryPoint","urlTemplate":"https:\/\/www.tourisme-carcassonne.fr\/es\/?s={search_term_string}"},"query-input":{"@type":"PropertyValueSpecification","valueRequired":true,"valueName":"search_term_string"}}],"inLanguage":"es"},{"@type":"Organization","@id":"https:\/\/www.tourisme-carcassonne.fr\/es\/#organization","name":"Office de tourisme de Carcassonne","url":"https:\/\/www.tourisme-carcassonne.fr\/es\/","logo":{"@type":"ImageObject","inLanguage":"es","@id":"https:\/\/www.tourisme-carcassonne.fr\/es\/#\/schema\/logo\/image\/","url":"https:\/\/www.tourisme-carcassonne.fr\/assets\/uploads\/2021\/11\/logo-carcassonne.svg","contentUrl":"https:\/\/www.tourisme-carcassonne.fr\/assets\/uploads\/2021\/11\/logo-carcassonne.svg","width":167,"height":49,"caption":"Office de tourisme de Carcassonne"},"image":{"@id":"https:\/\/www.tourisme-carcassonne.fr\/es\/#\/schema\/logo\/image\/"},"sameAs":["https:\/\/www.facebook.com\/tourismecarcassonne\/","https:\/\/www.instagram.com\/tourismecarcassonne\/"]}]}},"_links":{"self":[{"href":"https:\/\/www.tourisme-carcassonne.fr\/es\/wp-json\/wp\/v2\/pages\/13205","targetHints":{"allow":["GET"]}}],"collection":[{"href":"https:\/\/www.tourisme-carcassonne.fr\/es\/wp-json\/wp\/v2\/pages"}],"about":[{"href":"https:\/\/www.tourisme-carcassonne.fr\/es\/wp-json\/wp\/v2\/types\/page"}],"author":[{"embeddable":true,"href":"https:\/\/www.tourisme-carcassonne.fr\/es\/wp-json\/wp\/v2\/users\/3"}],"replies":[{"embeddable":true,"href":"https:\/\/www.tourisme-carcassonne.fr\/es\/wp-json\/wp\/v2\/comments?post=13205"}],"version-history":[{"count":0,"href":"https:\/\/www.tourisme-carcassonne.fr\/es\/wp-json\/wp\/v2\/pages\/13205\/revisions"}],"wp:featuredmedia":[{"embeddable":true,"href":"https:\/\/www.tourisme-carcassonne.fr\/es\/wp-json\/wp\/v2\/media\/38570"}],"wp:attachment":[{"href":"https:\/\/www.tourisme-carcassonne.fr\/es\/wp-json\/wp\/v2\/media?parent=13205"}],"curies":[{"name":"wp","href":"https:\/\/api.w.org\/{rel}","templated":true}]}}