{"id":13281,"date":"2022-02-16T16:12:24","date_gmt":"2022-02-16T15:12:24","guid":{"rendered":"https:\/\/www.tourisme-carcassonne.fr\/temps-forts\/la-magie-de-noel\/"},"modified":"2025-12-05T12:21:31","modified_gmt":"2025-12-05T11:21:31","slug":"the-magic-of-christmas","status":"publish","type":"page","link":"https:\/\/www.tourisme-carcassonne.fr\/en\/highligths\/the-magic-of-christmas\/","title":{"rendered":"The Magic of Christmas"},"content":{"rendered":"\t\t<div data-elementor-type=\"wp-page\" data-elementor-id=\"13281\" class=\"elementor elementor-13281 elementor-8392\" data-elementor-post-type=\"page\">\n\t\t\t\t\t\t<section class=\"elementor-section elementor-top-section elementor-element elementor-element-0d48dbc elementor-fs-modele-texte100 elementor-section-boxed elementor-section-height-default elementor-section-height-default\" data-id=\"0d48dbc\" data-element_type=\"section\" data-e-type=\"section\">\n\t\t\t\t\t\t<div class=\"elementor-container elementor-column-gap-default\">\n\t\t\t\t\t<div class=\"elementor-column elementor-col-100 elementor-top-column elementor-element elementor-element-688c009 fs-texte\" data-id=\"688c009\" data-element_type=\"column\" data-e-type=\"column\">\n\t\t\t<div class=\"elementor-widget-wrap elementor-element-populated\">\n\t\t\t\t\t\t<div class=\"elementor-element elementor-element-648844a elementor-widget elementor-widget-text-editor\" data-id=\"648844a\" data-element_type=\"widget\" data-e-type=\"widget\" data-widget_type=\"text-editor.default\">\n\t\t\t\t<div class=\"elementor-widget-container\">\n\t\t\t\t\t\t\t\t\t<p>During 1 month, share unforgettable moments with family or friends in the 4 corners of the city: giant bubbles and luminous fountains in Gambetta, medieval camps in the City, a visual immersion in the Christmas universe under the Halles Prosper Montagn\u00e9, virtual reality, the return of the ice rink place Carnot but also the park of Santa Claus and its inevitable big wheel on the square Ch\u00e9nier&#8230;<\/p><h6><strong>The City of Carcassonne has prepared an array of activities for young and old and, this year again, new magical surprises await you&#8230;<\/strong><\/h6><h4><strong>The next edition starts on the 3rd of December 2025!<\/strong><\/h4>\t\t\t\t\t\t\t\t<\/div>\n\t\t\t\t<\/div>\n\t\t\t\t\t<\/div>\n\t\t<\/div>\n\t\t\t\t\t<\/div>\n\t\t<\/section>\n\t\t\t\t<section class=\"elementor-section elementor-top-section elementor-element elementor-element-e6680ef elementor-fs-modele-photo33-texte66 elementor-section-boxed elementor-section-height-default elementor-section-height-default\" data-id=\"e6680ef\" data-element_type=\"section\" data-e-type=\"section\">\n\t\t\t\t\t\t<div class=\"elementor-container elementor-column-gap-no\">\n\t\t\t\t\t<div class=\"elementor-column elementor-col-50 elementor-top-column elementor-element elementor-element-83159c7 fs-photo\" data-id=\"83159c7\" data-element_type=\"column\" data-e-type=\"column\">\n\t\t\t<div class=\"elementor-widget-wrap elementor-element-populated\">\n\t\t\t\t\t\t<div class=\"elementor-element elementor-element-1bd9deb elementor-widget elementor-widget-image\" data-id=\"1bd9deb\" data-element_type=\"widget\" data-e-type=\"widget\" data-widget_type=\"image.default\">\n\t\t\t\t<div class=\"elementor-widget-container\">\n\t\t\t\t\t\t\t\t\t\t\t\t<figure class=\"wp-caption\">\n\t\t\t\t\t\t\t\t\t\t<img fetchpriority=\"high\" decoding=\"async\" width=\"886\" height=\"1300\" src=\"https:\/\/www.tourisme-carcassonne.fr\/assets\/uploads\/2025\/11\/25-12-magie-de-noel.jpg\" class=\"attachment-large size-large wp-image-61944\" alt=\"l&#039;affiche officielle de la Magie de No\u00ebl\" srcset=\"https:\/\/www.tourisme-carcassonne.fr\/assets\/uploads\/2025\/11\/25-12-magie-de-noel.jpg 886w, https:\/\/www.tourisme-carcassonne.fr\/assets\/uploads\/2025\/11\/25-12-magie-de-noel-570x836.jpg 570w, https:\/\/www.tourisme-carcassonne.fr\/assets\/uploads\/2025\/11\/25-12-magie-de-noel-370x543.jpg 370w, https:\/\/www.tourisme-carcassonne.fr\/assets\/uploads\/2025\/11\/25-12-magie-de-noel-768x1127.jpg 768w\" sizes=\"(max-width: 886px) 100vw, 886px\" \/>\t\t\t\t\t\t\t\t\t\t\t<figcaption class=\"widget-image-caption wp-caption-text\">l'affiche officielle de la Magie de No\u00ebl <\/figcaption>\n\t\t\t\t\t\t\t\t\t\t<\/figure>\n\t\t\t\t\t\t\t\t\t<\/div>\n\t\t\t\t<\/div>\n\t\t\t\t\t<\/div>\n\t\t<\/div>\n\t\t\t\t<div class=\"elementor-column elementor-col-50 elementor-top-column elementor-element elementor-element-d6d2f2a fs-texte\" data-id=\"d6d2f2a\" data-element_type=\"column\" data-e-type=\"column\">\n\t\t\t<div class=\"elementor-widget-wrap elementor-element-populated\">\n\t\t\t\t\t\t<div class=\"elementor-element elementor-element-1d976cb elementor-widget elementor-widget-text-editor\" data-id=\"1d976cb\" data-element_type=\"widget\" data-e-type=\"widget\" data-widget_type=\"text-editor.default\">\n\t\t\t\t<div class=\"elementor-widget-container\">\n\t\t\t\t\t\t\t\t\t<h2>From 3rd December 2025 to 3rd January 2026<\/h2><div class=\"\"><div class=\"field field--name-field-corps field--type-text-long field--label-hidden field--item\"><p>Created in 2005 by the City of Carcassonne, the Magic of Christmas has continually reinvented and expanded to become, over the years, an unmissable event in the great south of France, even crossing borders and attracting thousands of Spanish visitors every year. Since its beginnings, this Magic of Christmas has seen generations of children from Carcassonne pass through.<\/p><p>Every winter, Carcassonne lights up and transforms itself to offer its residents and visitors a truly enchanting break: the Magic of Christmas.<\/p><p>From December 3, 2025 to January 3, 2026, the city will come alive with lights, decorations and activities that make this event a major highlight of the Great South.<\/p><p>Designed as a festive and family-friendly celebration, the Magic of Christmas invites young and old alike to come together and share moments of joy, wonder and enchantment. From the city centre streets to the Medieval City, visitors are invited on a journey into the warm and festive year-end atmosphere, where tradition and modernity meet.<\/p><p>The Magic of Christmas brings together families, friends and travellers: all generations are invited to create unique shared memories.<\/p><p>More than an event, it is a wonderful experience that makes the heart of Carcassonne beat to the rhythm of the Christmas spirit.<\/p><\/div><\/div>\t\t\t\t\t\t\t\t<\/div>\n\t\t\t\t<\/div>\n\t\t\t\t\t<\/div>\n\t\t<\/div>\n\t\t\t\t\t<\/div>\n\t\t<\/section>\n\t\t\t\t<section class=\"elementor-section elementor-top-section elementor-element elementor-element-de27e85 elementor-fs-modele-texte50-photo50 elementor-section-boxed elementor-section-height-default elementor-section-height-default\" data-id=\"de27e85\" data-element_type=\"section\" data-e-type=\"section\">\n\t\t\t\t\t\t<div class=\"elementor-container elementor-column-gap-no\">\n\t\t\t\t\t<div class=\"elementor-column elementor-col-50 elementor-top-column elementor-element elementor-element-f69d070 fs-texte\" data-id=\"f69d070\" data-element_type=\"column\" data-e-type=\"column\">\n\t\t\t<div class=\"elementor-widget-wrap elementor-element-populated\">\n\t\t\t\t\t\t<div class=\"elementor-element elementor-element-bb61847 elementor-widget elementor-widget-text-editor\" data-id=\"bb61847\" data-element_type=\"widget\" data-e-type=\"widget\" data-widget_type=\"text-editor.default\">\n\t\t\t\t<div class=\"elementor-widget-container\">\n\t\t\t\t\t\t\t\t\t<h1>The Torchlight Parade<\/h1><div class=\"field field--name-field-corps field--type-text-long field--label-hidden field--item\"><h2><strong data-start=\"0\" data-end=\"24\" data-is-last-node=\"\" data-is-only-node=\"\">Saturday, December 6<\/strong><\/h2><p>The Cit\u00e9 of Carcassonne opens these festivities with the Saint Nicholas Festival, taking place during the weekend of December 6 and 7.<\/p><p>The highlight of the weekend will be the traditional Torchlight Walk in aid of the Telethon: the public is invited to join this lively procession accompanied by music and medieval performers in costume.<\/p><ul><li>Torch sale from 4:30 p.m. at \u20ac4. All proceeds will be donated to the Telethon.<\/li><li>Departure from Place du Prado at 6:30 p.m. (gathering from 5:30 p.m.)<\/li><li>Arrival around 7:30\/8:00 p.m. at Place Carnot.<\/li><\/ul><\/div>\t\t\t\t\t\t\t\t<\/div>\n\t\t\t\t<\/div>\n\t\t\t\t\t<\/div>\n\t\t<\/div>\n\t\t\t\t<div class=\"elementor-column elementor-col-50 elementor-top-column elementor-element elementor-element-45906f0 fs-photo\" data-id=\"45906f0\" data-element_type=\"column\" data-e-type=\"column\">\n\t\t\t<div class=\"elementor-widget-wrap elementor-element-populated\">\n\t\t\t\t\t\t<div class=\"elementor-element elementor-element-c7db066 elementor-widget elementor-widget-image\" data-id=\"c7db066\" data-element_type=\"widget\" data-e-type=\"widget\" data-widget_type=\"image.default\">\n\t\t\t\t<div class=\"elementor-widget-container\">\n\t\t\t\t\t\t\t\t\t\t\t\t<figure class=\"wp-caption\">\n\t\t\t\t\t\t\t\t\t\t<img decoding=\"async\" width=\"570\" height=\"380\" src=\"https:\/\/www.tourisme-carcassonne.fr\/assets\/uploads\/2024\/11\/408117405-339490168788899-8431035806047109109-n-1-570x380.jpg\" class=\"attachment-medium size-medium wp-image-51120\" alt=\"\" srcset=\"https:\/\/www.tourisme-carcassonne.fr\/assets\/uploads\/2024\/11\/408117405-339490168788899-8431035806047109109-n-1-570x380.jpg 570w, https:\/\/www.tourisme-carcassonne.fr\/assets\/uploads\/2024\/11\/408117405-339490168788899-8431035806047109109-n-1-1170x780.jpg 1170w, https:\/\/www.tourisme-carcassonne.fr\/assets\/uploads\/2024\/11\/408117405-339490168788899-8431035806047109109-n-1-370x247.jpg 370w, https:\/\/www.tourisme-carcassonne.fr\/assets\/uploads\/2024\/11\/408117405-339490168788899-8431035806047109109-n-1-768x512.jpg 768w, https:\/\/www.tourisme-carcassonne.fr\/assets\/uploads\/2024\/11\/408117405-339490168788899-8431035806047109109-n-1-1536x1025.jpg 1536w, https:\/\/www.tourisme-carcassonne.fr\/assets\/uploads\/2024\/11\/408117405-339490168788899-8431035806047109109-n-1.jpg 2048w\" sizes=\"(max-width: 570px) 100vw, 570px\" \/>\t\t\t\t\t\t\t\t\t\t\t<figcaption class=\"widget-image-caption wp-caption-text\"><\/figcaption>\n\t\t\t\t\t\t\t\t\t\t<\/figure>\n\t\t\t\t\t\t\t\t\t<\/div>\n\t\t\t\t<\/div>\n\t\t\t\t\t<\/div>\n\t\t<\/div>\n\t\t\t\t\t<\/div>\n\t\t<\/section>\n\t\t\t\t<section class=\"elementor-section elementor-top-section elementor-element elementor-element-7eeb6ff elementor-fs-modele-photo50-texte50 elementor-section-boxed elementor-section-height-default elementor-section-height-default\" data-id=\"7eeb6ff\" data-element_type=\"section\" data-e-type=\"section\">\n\t\t\t\t\t\t<div class=\"elementor-container elementor-column-gap-no\">\n\t\t\t\t\t<div class=\"elementor-column elementor-col-50 elementor-top-column elementor-element elementor-element-4c2c513 fs-photo\" data-id=\"4c2c513\" data-element_type=\"column\" data-e-type=\"column\">\n\t\t\t<div class=\"elementor-widget-wrap elementor-element-populated\">\n\t\t\t\t\t\t<div class=\"elementor-element elementor-element-cc67f82 elementor-widget elementor-widget-image\" data-id=\"cc67f82\" data-element_type=\"widget\" data-e-type=\"widget\" data-widget_type=\"image.default\">\n\t\t\t\t<div class=\"elementor-widget-container\">\n\t\t\t\t\t\t\t\t\t\t\t\t<figure class=\"wp-caption\">\n\t\t\t\t\t\t\t\t\t\t<img decoding=\"async\" width=\"1170\" height=\"878\" src=\"https:\/\/www.tourisme-carcassonne.fr\/assets\/uploads\/2023\/11\/264097817-1911677165671335-756520154882670144-n-1170x878.jpg\" class=\"attachment-large size-large wp-image-39864\" alt=\"Un homme pr\u00e9sente son \u00e9tale sur le campement m\u00e9di\u00e9val de la Saint-nicolas dans la Cit\u00e9 M\u00e9di\u00e9vale de Carcassonne\" srcset=\"https:\/\/www.tourisme-carcassonne.fr\/assets\/uploads\/2023\/11\/264097817-1911677165671335-756520154882670144-n-1170x878.jpg 1170w, https:\/\/www.tourisme-carcassonne.fr\/assets\/uploads\/2023\/11\/264097817-1911677165671335-756520154882670144-n-570x428.jpg 570w, https:\/\/www.tourisme-carcassonne.fr\/assets\/uploads\/2023\/11\/264097817-1911677165671335-756520154882670144-n-370x278.jpg 370w, https:\/\/www.tourisme-carcassonne.fr\/assets\/uploads\/2023\/11\/264097817-1911677165671335-756520154882670144-n-768x576.jpg 768w, https:\/\/www.tourisme-carcassonne.fr\/assets\/uploads\/2023\/11\/264097817-1911677165671335-756520154882670144-n.jpg 1200w\" sizes=\"(max-width: 1170px) 100vw, 1170px\" \/>\t\t\t\t\t\t\t\t\t\t\t<figcaption class=\"widget-image-caption wp-caption-text\">\u00a9 J.ROCHE - Ville de Carcassonne<\/figcaption>\n\t\t\t\t\t\t\t\t\t\t<\/figure>\n\t\t\t\t\t\t\t\t\t<\/div>\n\t\t\t\t<\/div>\n\t\t\t\t\t<\/div>\n\t\t<\/div>\n\t\t\t\t<div class=\"elementor-column elementor-col-50 elementor-top-column elementor-element elementor-element-1d1bf6c fs-texte\" data-id=\"1d1bf6c\" data-element_type=\"column\" data-e-type=\"column\">\n\t\t\t<div class=\"elementor-widget-wrap elementor-element-populated\">\n\t\t\t\t\t\t<div class=\"elementor-element elementor-element-77d47af elementor-widget elementor-widget-text-editor\" data-id=\"77d47af\" data-element_type=\"widget\" data-e-type=\"widget\" data-widget_type=\"text-editor.default\">\n\t\t\t\t<div class=\"elementor-widget-container\">\n\t\t\t\t\t\t\t\t\t<h1><strong data-start=\"41\" data-end=\"68\">The Medieval Encampment<\/strong><\/h1><h2>\u00a0<strong data-start=\"71\" data-end=\"104\">Weekend of December 6\u20137, 2025<\/strong><\/h2><p>Carcassonne invites you to experience an exceptional weekend for Saint Nicholas\u2019 Day, right in the heart of its medieval encampments. In the open grounds, several troupes will set up their tents to showcase daily life in the Middle Ages. Through various workshops, you can try your hand at leatherworking, create your own coat of arms, and enjoy traditional wooden games. Archery demonstrations and knightly combats will bring this immersive journey to life.<\/p><p>A large medieval market will bring together around thirty artisans offering costumes, leather goods, pottery, wooden crafts, and unique creations. At Prado Garden, a second market will feature local creators and producers, perfect for your year-end gifts.<\/p><p>The entire Citadel will come alive to the sounds of ancient music, with troubadours, stilt walkers, and street performances.<\/p>\t\t\t\t\t\t\t\t<\/div>\n\t\t\t\t<\/div>\n\t\t\t\t\t<\/div>\n\t\t<\/div>\n\t\t\t\t\t<\/div>\n\t\t<\/section>\n\t\t\t\t<section class=\"elementor-section elementor-top-section elementor-element elementor-element-676abda elementor-fs-modele-texte50-photo50 elementor-section-boxed elementor-section-height-default elementor-section-height-default\" data-id=\"676abda\" data-element_type=\"section\" data-e-type=\"section\">\n\t\t\t\t\t\t<div class=\"elementor-container elementor-column-gap-no\">\n\t\t\t\t\t<div class=\"elementor-column elementor-col-50 elementor-top-column elementor-element elementor-element-44335bc fs-texte\" data-id=\"44335bc\" data-element_type=\"column\" data-e-type=\"column\">\n\t\t\t<div class=\"elementor-widget-wrap elementor-element-populated\">\n\t\t\t\t\t\t<div class=\"elementor-element elementor-element-0c75ad0 elementor-widget elementor-widget-text-editor\" data-id=\"0c75ad0\" data-element_type=\"widget\" data-e-type=\"widget\" data-widget_type=\"text-editor.default\">\n\t\t\t\t<div class=\"elementor-widget-container\">\n\t\t\t\t\t\t\t\t\t<h1>La Place Carnot<\/h1><div class=\"field field--name-field-corps field--type-text-long field--label-hidden field--item\"><h2>Ice Rink, Christmas Market, and Entertainment<\/h2><p>Lace up your skates, ready? Go! The iconic ice rink returns to its spot on Place Carnot! Glide around the Neptune Fountain on real ice, before strolling towards the Christmas Market stalls, where you\u2019ll find a wide variety of gift ideas and delicious treats.<\/p><p>Many other highlights await you: musical performances, an advent calendar with chances to win gifts, and of course, the many magical parades that will wander through the streets of the town centre.<\/p><\/div>\t\t\t\t\t\t\t\t<\/div>\n\t\t\t\t<\/div>\n\t\t\t\t\t<\/div>\n\t\t<\/div>\n\t\t\t\t<div class=\"elementor-column elementor-col-50 elementor-top-column elementor-element elementor-element-ea68460 fs-photo\" data-id=\"ea68460\" data-element_type=\"column\" data-e-type=\"column\">\n\t\t\t<div class=\"elementor-widget-wrap elementor-element-populated\">\n\t\t\t\t\t\t<div class=\"elementor-element elementor-element-589a4d9 elementor-widget elementor-widget-image\" data-id=\"589a4d9\" data-element_type=\"widget\" data-e-type=\"widget\" data-widget_type=\"image.default\">\n\t\t\t\t<div class=\"elementor-widget-container\">\n\t\t\t\t\t\t\t\t\t\t\t\t<figure class=\"wp-caption\">\n\t\t\t\t\t\t\t\t\t\t<img loading=\"lazy\" decoding=\"async\" width=\"570\" height=\"380\" src=\"https:\/\/www.tourisme-carcassonne.fr\/assets\/uploads\/2024\/11\/320443762-737978244610909-3816428876549817261-n-1-570x380.jpg\" class=\"attachment-medium size-medium wp-image-51129\" alt=\"\" srcset=\"https:\/\/www.tourisme-carcassonne.fr\/assets\/uploads\/2024\/11\/320443762-737978244610909-3816428876549817261-n-1-570x380.jpg 570w, https:\/\/www.tourisme-carcassonne.fr\/assets\/uploads\/2024\/11\/320443762-737978244610909-3816428876549817261-n-1-1170x780.jpg 1170w, https:\/\/www.tourisme-carcassonne.fr\/assets\/uploads\/2024\/11\/320443762-737978244610909-3816428876549817261-n-1-370x247.jpg 370w, https:\/\/www.tourisme-carcassonne.fr\/assets\/uploads\/2024\/11\/320443762-737978244610909-3816428876549817261-n-1-768x512.jpg 768w, https:\/\/www.tourisme-carcassonne.fr\/assets\/uploads\/2024\/11\/320443762-737978244610909-3816428876549817261-n-1-1536x1024.jpg 1536w, https:\/\/www.tourisme-carcassonne.fr\/assets\/uploads\/2024\/11\/320443762-737978244610909-3816428876549817261-n-1.jpg 2048w\" sizes=\"(max-width: 570px) 100vw, 570px\" \/>\t\t\t\t\t\t\t\t\t\t\t<figcaption class=\"widget-image-caption wp-caption-text\"><\/figcaption>\n\t\t\t\t\t\t\t\t\t\t<\/figure>\n\t\t\t\t\t\t\t\t\t<\/div>\n\t\t\t\t<\/div>\n\t\t\t\t\t<\/div>\n\t\t<\/div>\n\t\t\t\t\t<\/div>\n\t\t<\/section>\n\t\t\t\t<section class=\"elementor-section elementor-top-section elementor-element elementor-element-091e401 elementor-fs-modele-photo50-texte50 elementor-section-boxed elementor-section-height-default elementor-section-height-default\" data-id=\"091e401\" data-element_type=\"section\" data-e-type=\"section\">\n\t\t\t\t\t\t<div class=\"elementor-container elementor-column-gap-no\">\n\t\t\t\t\t<div class=\"elementor-column elementor-col-50 elementor-top-column elementor-element elementor-element-31a0503 fs-photo\" data-id=\"31a0503\" data-element_type=\"column\" data-e-type=\"column\">\n\t\t\t<div class=\"elementor-widget-wrap elementor-element-populated\">\n\t\t\t\t\t\t<div class=\"elementor-element elementor-element-419b864 elementor-widget elementor-widget-image\" data-id=\"419b864\" data-element_type=\"widget\" data-e-type=\"widget\" data-widget_type=\"image.default\">\n\t\t\t\t<div class=\"elementor-widget-container\">\n\t\t\t\t\t\t\t\t\t\t\t\t<figure class=\"wp-caption\">\n\t\t\t\t\t\t\t\t\t\t<img loading=\"lazy\" decoding=\"async\" width=\"1170\" height=\"780\" src=\"https:\/\/www.tourisme-carcassonne.fr\/assets\/uploads\/2024\/11\/467697204-552470077490906-1611633057337624057-n-1-1170x780.jpg\" class=\"attachment-large size-large wp-image-51124\" alt=\"Des bulles d\u00e9coratives sont sur le square gambetta de carcassonne pour la Magie de No\u00ebl\" srcset=\"https:\/\/www.tourisme-carcassonne.fr\/assets\/uploads\/2024\/11\/467697204-552470077490906-1611633057337624057-n-1-1170x780.jpg 1170w, https:\/\/www.tourisme-carcassonne.fr\/assets\/uploads\/2024\/11\/467697204-552470077490906-1611633057337624057-n-1-570x380.jpg 570w, https:\/\/www.tourisme-carcassonne.fr\/assets\/uploads\/2024\/11\/467697204-552470077490906-1611633057337624057-n-1-370x247.jpg 370w, https:\/\/www.tourisme-carcassonne.fr\/assets\/uploads\/2024\/11\/467697204-552470077490906-1611633057337624057-n-1-768x512.jpg 768w, https:\/\/www.tourisme-carcassonne.fr\/assets\/uploads\/2024\/11\/467697204-552470077490906-1611633057337624057-n-1-1536x1025.jpg 1536w, https:\/\/www.tourisme-carcassonne.fr\/assets\/uploads\/2024\/11\/467697204-552470077490906-1611633057337624057-n-1.jpg 2048w\" sizes=\"(max-width: 1170px) 100vw, 1170px\" \/>\t\t\t\t\t\t\t\t\t\t\t<figcaption class=\"widget-image-caption wp-caption-text\">Des bulles d\u00e9coratives sont sur le square gambetta de carcassonne pour la Magie de No\u00ebl<\/figcaption>\n\t\t\t\t\t\t\t\t\t\t<\/figure>\n\t\t\t\t\t\t\t\t\t<\/div>\n\t\t\t\t<\/div>\n\t\t\t\t\t<\/div>\n\t\t<\/div>\n\t\t\t\t<div class=\"elementor-column elementor-col-50 elementor-top-column elementor-element elementor-element-746ba07 fs-texte\" data-id=\"746ba07\" data-element_type=\"column\" data-e-type=\"column\">\n\t\t\t<div class=\"elementor-widget-wrap elementor-element-populated\">\n\t\t\t\t\t\t<div class=\"elementor-element elementor-element-4bb9983 elementor-widget elementor-widget-text-editor\" data-id=\"4bb9983\" data-element_type=\"widget\" data-e-type=\"widget\" data-widget_type=\"text-editor.default\">\n\t\t\t\t<div class=\"elementor-widget-container\">\n\t\t\t\t\t\t\t\t\t<h1 class=\" mt-0\">Le Square Gambetta<\/h1><h2><strong>&#8220;The Enchanted Garden&#8221; \u2013 Christmas Illuminations, Artisan Market, Sound &amp; Light Show&#8230;<\/strong><\/h2><p>In a fantastic and illuminated atmosphere, wander through a magical forest populated by increasingly fantastical creatures.<\/p><p>A free, open-air exhibition that transforms Square Gambetta into an enchanted, luminous, and magical garden, sure to captivate both young and old alike! This year, the Christmas Artisan Market makes its debut on Square Gambetta, where passionate craftsmen display their handmade treasures, creating a true paradise for lovers of authenticity and originality.<\/p><p>Numerous musical performances will also liven up the market throughout the month! Finally, children will be able to enjoy the traditional flying chairs carousel; not to mention the grand sound and light show, &#8220;The Incredible Story of Carcassonne&#8221;, projected onto the fa\u00e7ades of the Fine Arts Museum.<\/p>\t\t\t\t\t\t\t\t<\/div>\n\t\t\t\t<\/div>\n\t\t\t\t\t<\/div>\n\t\t<\/div>\n\t\t\t\t\t<\/div>\n\t\t<\/section>\n\t\t\t\t<section class=\"elementor-section elementor-top-section elementor-element elementor-element-e97c22f elementor-fs-modele-texte50-photo50 elementor-section-boxed elementor-section-height-default elementor-section-height-default\" data-id=\"e97c22f\" data-element_type=\"section\" data-e-type=\"section\">\n\t\t\t\t\t\t<div class=\"elementor-container elementor-column-gap-no\">\n\t\t\t\t\t<div class=\"elementor-column elementor-col-50 elementor-top-column elementor-element elementor-element-b991144 fs-texte\" data-id=\"b991144\" data-element_type=\"column\" data-e-type=\"column\">\n\t\t\t<div class=\"elementor-widget-wrap elementor-element-populated\">\n\t\t\t\t\t\t<div class=\"elementor-element elementor-element-4841934 elementor-widget elementor-widget-text-editor\" data-id=\"4841934\" data-element_type=\"widget\" data-e-type=\"widget\" data-widget_type=\"text-editor.default\">\n\t\t\t\t<div class=\"elementor-widget-container\">\n\t\t\t\t\t\t\t\t\t<h1><strong>Place G\u00e9n\u00e9ral de Gaulle<\/strong><\/h1><div class=\"field field--name-field-corps field--type-text-long field--label-hidden field--item\"><h2>Ice Rink, Christmas Market, and Entertainment<\/h2><p>Back again, the rooftop and its cable cars offer an intimate setting where you can enjoy a meal or a drink with friends or family at the mountain chalet: a relaxing space with a stunning panoramic view of the medieval Cit\u00e9! On the ground, don&#8217;t miss the must-see curling rink, the Virtual Reality zone, and the Christmas Laser Game, all making a return to Place G\u00e9n\u00e9ral de Gaulle.<\/p><\/div>\t\t\t\t\t\t\t\t<\/div>\n\t\t\t\t<\/div>\n\t\t\t\t\t<\/div>\n\t\t<\/div>\n\t\t\t\t<div class=\"elementor-column elementor-col-50 elementor-top-column elementor-element elementor-element-b15967c fs-photo\" data-id=\"b15967c\" data-element_type=\"column\" data-e-type=\"column\">\n\t\t\t<div class=\"elementor-widget-wrap elementor-element-populated\">\n\t\t\t\t\t\t<div class=\"elementor-element elementor-element-40cc67e elementor-widget elementor-widget-image\" data-id=\"40cc67e\" data-element_type=\"widget\" data-e-type=\"widget\" data-widget_type=\"image.default\">\n\t\t\t\t<div class=\"elementor-widget-container\">\n\t\t\t\t\t\t\t\t\t\t\t\t<figure class=\"wp-caption\">\n\t\t\t\t\t\t\t\t\t\t<img loading=\"lazy\" decoding=\"async\" width=\"570\" height=\"321\" src=\"https:\/\/www.tourisme-carcassonne.fr\/assets\/uploads\/2024\/11\/467394898-552470537490860-2422095433402853486-n-1-570x321.jpg\" class=\"attachment-medium size-medium wp-image-51137\" alt=\"Le rooftp de la Magie de No\u00ebl \u00e0 Carcassonne avec des cabines de stations de ski\" srcset=\"https:\/\/www.tourisme-carcassonne.fr\/assets\/uploads\/2024\/11\/467394898-552470537490860-2422095433402853486-n-1-570x321.jpg 570w, https:\/\/www.tourisme-carcassonne.fr\/assets\/uploads\/2024\/11\/467394898-552470537490860-2422095433402853486-n-1-1170x658.jpg 1170w, https:\/\/www.tourisme-carcassonne.fr\/assets\/uploads\/2024\/11\/467394898-552470537490860-2422095433402853486-n-1-370x208.jpg 370w, https:\/\/www.tourisme-carcassonne.fr\/assets\/uploads\/2024\/11\/467394898-552470537490860-2422095433402853486-n-1-768x432.jpg 768w, https:\/\/www.tourisme-carcassonne.fr\/assets\/uploads\/2024\/11\/467394898-552470537490860-2422095433402853486-n-1-1536x864.jpg 1536w, https:\/\/www.tourisme-carcassonne.fr\/assets\/uploads\/2024\/11\/467394898-552470537490860-2422095433402853486-n-1.jpg 2048w\" sizes=\"(max-width: 570px) 100vw, 570px\" \/>\t\t\t\t\t\t\t\t\t\t\t<figcaption class=\"widget-image-caption wp-caption-text\">Le rooftp de la Magie de No\u00ebl \u00e0 Carcassonne avec des cabines de stations de ski<\/figcaption>\n\t\t\t\t\t\t\t\t\t\t<\/figure>\n\t\t\t\t\t\t\t\t\t<\/div>\n\t\t\t\t<\/div>\n\t\t\t\t\t<\/div>\n\t\t<\/div>\n\t\t\t\t\t<\/div>\n\t\t<\/section>\n\t\t\t\t<section class=\"elementor-section elementor-top-section elementor-element elementor-element-ae7f4a1 elementor-fs-modele-photo50-texte50 elementor-section-boxed elementor-section-height-default elementor-section-height-default\" data-id=\"ae7f4a1\" data-element_type=\"section\" data-e-type=\"section\">\n\t\t\t\t\t\t<div class=\"elementor-container elementor-column-gap-no\">\n\t\t\t\t\t<div class=\"elementor-column elementor-col-50 elementor-top-column elementor-element elementor-element-5a9fd93 fs-photo\" data-id=\"5a9fd93\" data-element_type=\"column\" data-e-type=\"column\">\n\t\t\t<div class=\"elementor-widget-wrap elementor-element-populated\">\n\t\t\t\t\t\t<div class=\"elementor-element elementor-element-a6eacaf elementor-widget elementor-widget-image\" data-id=\"a6eacaf\" data-element_type=\"widget\" data-e-type=\"widget\" data-widget_type=\"image.default\">\n\t\t\t\t<div class=\"elementor-widget-container\">\n\t\t\t\t\t\t\t\t\t\t\t\t<figure class=\"wp-caption\">\n\t\t\t\t\t\t\t\t\t\t<img loading=\"lazy\" decoding=\"async\" width=\"770\" height=\"577\" src=\"https:\/\/www.tourisme-carcassonne.fr\/assets\/uploads\/2025\/12\/mini-voitures-electriques.jpg\" class=\"attachment-large size-large wp-image-62307\" alt=\"\" srcset=\"https:\/\/www.tourisme-carcassonne.fr\/assets\/uploads\/2025\/12\/mini-voitures-electriques.jpg 770w, https:\/\/www.tourisme-carcassonne.fr\/assets\/uploads\/2025\/12\/mini-voitures-electriques-570x427.jpg 570w, https:\/\/www.tourisme-carcassonne.fr\/assets\/uploads\/2025\/12\/mini-voitures-electriques-370x277.jpg 370w, https:\/\/www.tourisme-carcassonne.fr\/assets\/uploads\/2025\/12\/mini-voitures-electriques-768x576.jpg 768w\" sizes=\"(max-width: 770px) 100vw, 770px\" \/>\t\t\t\t\t\t\t\t\t\t\t<figcaption class=\"widget-image-caption wp-caption-text\"><\/figcaption>\n\t\t\t\t\t\t\t\t\t\t<\/figure>\n\t\t\t\t\t\t\t\t\t<\/div>\n\t\t\t\t<\/div>\n\t\t\t\t\t<\/div>\n\t\t<\/div>\n\t\t\t\t<div class=\"elementor-column elementor-col-50 elementor-top-column elementor-element elementor-element-dee0a0c fs-texte\" data-id=\"dee0a0c\" data-element_type=\"column\" data-e-type=\"column\">\n\t\t\t<div class=\"elementor-widget-wrap elementor-element-populated\">\n\t\t\t\t\t\t<div class=\"elementor-element elementor-element-00062c9 elementor-widget elementor-widget-text-editor\" data-id=\"00062c9\" data-element_type=\"widget\" data-e-type=\"widget\" data-widget_type=\"text-editor.default\">\n\t\t\t\t<div class=\"elementor-widget-container\">\n\t\t\t\t\t\t\t\t\t<h1 class=\" mt-0\">Prosper Montagn\u00e9 Halls<\/h1><h2><strong>Electric Mini-Cars<\/strong><\/h2><p>For the little ones, head to the track under the Prosper Montagn\u00e9 Halls: behind the wheel of an electric mini-car, which they can choose to drive themselves, your children will zoom around a dedicated track just for them.<\/p>\t\t\t\t\t\t\t\t<\/div>\n\t\t\t\t<\/div>\n\t\t\t\t\t<\/div>\n\t\t<\/div>\n\t\t\t\t\t<\/div>\n\t\t<\/section>\n\t\t\t\t<section class=\"elementor-section elementor-top-section elementor-element elementor-element-4c13d55 elementor-fs-modele-texte50-photo50 elementor-section-boxed elementor-section-height-default elementor-section-height-default\" data-id=\"4c13d55\" data-element_type=\"section\" data-e-type=\"section\">\n\t\t\t\t\t\t<div class=\"elementor-container elementor-column-gap-no\">\n\t\t\t\t\t<div class=\"elementor-column elementor-col-50 elementor-top-column elementor-element elementor-element-f78635d fs-texte\" data-id=\"f78635d\" data-element_type=\"column\" data-e-type=\"column\">\n\t\t\t<div class=\"elementor-widget-wrap elementor-element-populated\">\n\t\t\t\t\t\t<div class=\"elementor-element elementor-element-6204714 elementor-widget elementor-widget-text-editor\" data-id=\"6204714\" data-element_type=\"widget\" data-e-type=\"widget\" data-widget_type=\"text-editor.default\">\n\t\t\t\t<div class=\"elementor-widget-container\">\n\t\t\t\t\t\t\t\t\t<h1 class=\" mt-0\">Square Andr\u00e9 Ch\u00e9nier<\/h1><h2><strong>The Father Christmas Park Rides<\/strong><\/h2><p>The traditional Christmas rides are back to entertain you on Square Andr\u00e9 Ch\u00e9nier, with nearly fifteen attractions offering a mix of thrills, dreams, and magic\u2026 There\u2019s something for everyone! And because big adventures work up an appetite, chalets will provide a tasty break between rides.<\/p>\t\t\t\t\t\t\t\t<\/div>\n\t\t\t\t<\/div>\n\t\t\t\t\t<\/div>\n\t\t<\/div>\n\t\t\t\t<div class=\"elementor-column elementor-col-50 elementor-top-column elementor-element elementor-element-721ea80 fs-photo\" data-id=\"721ea80\" data-element_type=\"column\" data-e-type=\"column\">\n\t\t\t<div class=\"elementor-widget-wrap elementor-element-populated\">\n\t\t\t\t\t\t<div class=\"elementor-element elementor-element-5a664bb elementor-widget elementor-widget-image\" data-id=\"5a664bb\" data-element_type=\"widget\" data-e-type=\"widget\" data-widget_type=\"image.default\">\n\t\t\t\t<div class=\"elementor-widget-container\">\n\t\t\t\t\t\t\t\t\t\t\t\t<figure class=\"wp-caption\">\n\t\t\t\t\t\t\t\t\t\t<img loading=\"lazy\" decoding=\"async\" width=\"570\" height=\"380\" src=\"https:\/\/www.tourisme-carcassonne.fr\/assets\/uploads\/2024\/11\/467631443-552470464157534-4846896967071999399-n-570x380.jpg\" class=\"attachment-medium size-medium wp-image-51112\" alt=\"\" srcset=\"https:\/\/www.tourisme-carcassonne.fr\/assets\/uploads\/2024\/11\/467631443-552470464157534-4846896967071999399-n-570x380.jpg 570w, https:\/\/www.tourisme-carcassonne.fr\/assets\/uploads\/2024\/11\/467631443-552470464157534-4846896967071999399-n-1170x780.jpg 1170w, https:\/\/www.tourisme-carcassonne.fr\/assets\/uploads\/2024\/11\/467631443-552470464157534-4846896967071999399-n-370x247.jpg 370w, https:\/\/www.tourisme-carcassonne.fr\/assets\/uploads\/2024\/11\/467631443-552470464157534-4846896967071999399-n-768x512.jpg 768w, https:\/\/www.tourisme-carcassonne.fr\/assets\/uploads\/2024\/11\/467631443-552470464157534-4846896967071999399-n-1536x1025.jpg 1536w, https:\/\/www.tourisme-carcassonne.fr\/assets\/uploads\/2024\/11\/467631443-552470464157534-4846896967071999399-n.jpg 2048w\" sizes=\"(max-width: 570px) 100vw, 570px\" \/>\t\t\t\t\t\t\t\t\t\t\t<figcaption class=\"widget-image-caption wp-caption-text\">\u00a9 Ville de Carcassonne<\/figcaption>\n\t\t\t\t\t\t\t\t\t\t<\/figure>\n\t\t\t\t\t\t\t\t\t<\/div>\n\t\t\t\t<\/div>\n\t\t\t\t\t<\/div>\n\t\t<\/div>\n\t\t\t\t\t<\/div>\n\t\t<\/section>\n\t\t\t\t<section class=\"elementor-section elementor-top-section elementor-element elementor-element-58052cb elementor-fs-modele-photo50-texte50 elementor-section-boxed elementor-section-height-default elementor-section-height-default\" data-id=\"58052cb\" data-element_type=\"section\" data-e-type=\"section\">\n\t\t\t\t\t\t<div class=\"elementor-container elementor-column-gap-no\">\n\t\t\t\t\t<div class=\"elementor-column elementor-col-50 elementor-top-column elementor-element elementor-element-918d135 fs-photo\" data-id=\"918d135\" data-element_type=\"column\" data-e-type=\"column\">\n\t\t\t<div class=\"elementor-widget-wrap elementor-element-populated\">\n\t\t\t\t\t\t<div class=\"elementor-element elementor-element-19cedbf elementor-widget elementor-widget-image\" data-id=\"19cedbf\" data-element_type=\"widget\" data-e-type=\"widget\" data-widget_type=\"image.default\">\n\t\t\t\t<div class=\"elementor-widget-container\">\n\t\t\t\t\t\t\t\t\t\t\t\t<figure class=\"wp-caption\">\n\t\t\t\t\t\t\t\t\t\t<img loading=\"lazy\" decoding=\"async\" width=\"770\" height=\"577\" src=\"https:\/\/www.tourisme-carcassonne.fr\/assets\/uploads\/2025\/12\/l-incroyable-histoire-de-carcassonne.jpg\" class=\"attachment-large size-large wp-image-62311\" alt=\"\" srcset=\"https:\/\/www.tourisme-carcassonne.fr\/assets\/uploads\/2025\/12\/l-incroyable-histoire-de-carcassonne.jpg 770w, https:\/\/www.tourisme-carcassonne.fr\/assets\/uploads\/2025\/12\/l-incroyable-histoire-de-carcassonne-570x427.jpg 570w, https:\/\/www.tourisme-carcassonne.fr\/assets\/uploads\/2025\/12\/l-incroyable-histoire-de-carcassonne-370x277.jpg 370w, https:\/\/www.tourisme-carcassonne.fr\/assets\/uploads\/2025\/12\/l-incroyable-histoire-de-carcassonne-768x576.jpg 768w\" sizes=\"(max-width: 770px) 100vw, 770px\" \/>\t\t\t\t\t\t\t\t\t\t\t<figcaption class=\"widget-image-caption wp-caption-text\"><\/figcaption>\n\t\t\t\t\t\t\t\t\t\t<\/figure>\n\t\t\t\t\t\t\t\t\t<\/div>\n\t\t\t\t<\/div>\n\t\t\t\t\t<\/div>\n\t\t<\/div>\n\t\t\t\t<div class=\"elementor-column elementor-col-50 elementor-top-column elementor-element elementor-element-15583f9 fs-texte\" data-id=\"15583f9\" data-element_type=\"column\" data-e-type=\"column\">\n\t\t\t<div class=\"elementor-widget-wrap elementor-element-populated\">\n\t\t\t\t\t\t<div class=\"elementor-element elementor-element-f1b7c78 elementor-widget elementor-widget-text-editor\" data-id=\"f1b7c78\" data-element_type=\"widget\" data-e-type=\"widget\" data-widget_type=\"text-editor.default\">\n\t\t\t\t<div class=\"elementor-widget-container\">\n\t\t\t\t\t\t\t\t\t<h1 class=\" mt-0\"><strong data-start=\"54\" data-end=\"93\">The Incredible Story of Carcassonne<\/strong><\/h1><h2>\u00a0<strong data-start=\"96\" data-end=\"118\">Sound &amp; Light Show<\/strong><\/h2><p>A creation by CS PROD \u2013 Architects of Imaginaries, <em data-start=\"173\" data-end=\"212\">\u201cThe Incredible Story of Carcassonne\u201d<\/em> returns to the heart of Carcassonne\u2019s Medieval City for a magical sound and light experience. Discover why the Citadel and the lower town developed, which peoples shaped this territory, and how the identity of Carcassonne was built.<\/p><p>Told for children, this immersive show brings over 2,000 years of history to life on the stones of the Ch\u00e2teau Comtal, a jewel listed as a UNESCO World Heritage site.<\/p><p>Projections run from December 3, 2025, to January 3, 2026, every day at 6 PM and 7 PM, except on December 9, 11, 15, 16, 18, 24, 25, 31, and January 1.<\/p>\t\t\t\t\t\t\t\t<\/div>\n\t\t\t\t<\/div>\n\t\t\t\t\t<\/div>\n\t\t<\/div>\n\t\t\t\t\t<\/div>\n\t\t<\/section>\n\t\t\t\t<section class=\"elementor-section elementor-top-section elementor-element elementor-element-9ae8707 elementor-fs-modele-texte33-xblocs33 elementor-section-boxed elementor-section-height-default elementor-section-height-default\" data-id=\"9ae8707\" data-element_type=\"section\" data-e-type=\"section\">\n\t\t\t\t\t\t<div class=\"elementor-container elementor-column-gap-no\">\n\t\t\t\t\t<div class=\"elementor-column elementor-col-100 elementor-top-column elementor-element elementor-element-003ca2b\" data-id=\"003ca2b\" data-element_type=\"column\" data-e-type=\"column\">\n\t\t\t<div class=\"elementor-widget-wrap elementor-element-populated\">\n\t\t\t\t\t\t<div class=\"elementor-element elementor-element-295040f elementor-widget elementor-widget-fs-widget-playlist\" data-id=\"295040f\" data-element_type=\"widget\" data-e-type=\"widget\" data-widget_type=\"fs-widget-playlist.default\">\n\t\t\t\t<div class=\"elementor-widget-container\">\n\t\t\t\t\t<div class=\"playlist_list render-list\"><div class=\"list list--list_edito fs-playlist-nb-element-13\"><div class=\"intro-list\">\n\t<strong class=\"srtitre\">Christmas Activities \u2013 Gambetta Square<\/strong>\n\n\t<h2 class=\"titre\">Concerts, Parades, and Shows<\/h2>\n\n\t<div class=\"intro\"><p>Experience the holiday spirit at Gambetta Square in Carcassonne with an enchanting program featuring concerts, illuminated parades, and Christmas shows for the whole family. In the heart of Carcassonne\u2019s lower town, these free activities create a magical atmosphere perfect for your year-end outings. Enjoy a must-see event of The Magic of Christmas in Carcassonne, designed to delight both young and old while celebrating the festive identity of the destination.<\/p><\/div>\n<\/div><\/div><\/div>\t\t\t\t<\/div>\n\t\t\t\t<\/div>\n\t\t\t\t\t<\/div>\n\t\t<\/div>\n\t\t\t\t\t<\/div>\n\t\t<\/section>\n\t\t\t\t<section class=\"elementor-section elementor-top-section elementor-element elementor-element-e0777bd elementor-fs-modele-texte33-xblocs33 elementor-section-boxed elementor-section-height-default elementor-section-height-default\" data-id=\"e0777bd\" data-element_type=\"section\" data-e-type=\"section\">\n\t\t\t\t\t\t<div class=\"elementor-container elementor-column-gap-no\">\n\t\t\t\t\t<div class=\"elementor-column elementor-col-100 elementor-top-column elementor-element elementor-element-30ad5ca\" data-id=\"30ad5ca\" data-element_type=\"column\" data-e-type=\"column\">\n\t\t\t<div class=\"elementor-widget-wrap elementor-element-populated\">\n\t\t\t\t\t\t<div class=\"elementor-element elementor-element-fec7783 elementor-widget elementor-widget-fs-widget-playlist\" data-id=\"fec7783\" data-element_type=\"widget\" data-e-type=\"widget\" data-widget_type=\"fs-widget-playlist.default\">\n\t\t\t\t<div class=\"elementor-widget-container\">\n\t\t\t\t\t<div class=\"playlist_list render-list\"><div class=\"list list--list_edito fs-playlist-nb-element-8\"><div class=\"intro-list\">\n\t<strong class=\"srtitre\">Youth Shows \u2013 Jo\u00eb Bousquet Hall<\/strong>\n\n\t<h2 class=\"titre\">Activities and Shows for Children<\/h2>\n\n\t<div class=\"intro\"><p>Give your children a magical experience at Jo\u00eb Bousquet Hall, located in the former Town Hall at 39 Rue Aim\u00e9 Ramond in Carcassonne. Throughout the Christmas season, shows, workshops, and activities for young audiences bring the lower town to life. This iconic venue hosts family-friendly events filled with laughter, creativity, and discovery. A must-visit stop to fully enjoy the Christmas festivities in Carcassonne with your family.<\/p><\/div>\n<\/div><\/div><\/div>\t\t\t\t<\/div>\n\t\t\t\t<\/div>\n\t\t\t\t\t<\/div>\n\t\t<\/div>\n\t\t\t\t\t<\/div>\n\t\t<\/section>\n\t\t\t\t<section class=\"elementor-section elementor-top-section elementor-element elementor-element-fb3c0c6 elementor-section-boxed elementor-section-height-default elementor-section-height-default\" data-id=\"fb3c0c6\" data-element_type=\"section\" data-e-type=\"section\">\n\t\t\t\t\t\t<div class=\"elementor-container elementor-column-gap-default\">\n\t\t\t\t\t<div class=\"elementor-column elementor-col-66 elementor-top-column elementor-element elementor-element-49a6f34\" data-id=\"49a6f34\" data-element_type=\"column\" data-e-type=\"column\">\n\t\t\t<div class=\"elementor-widget-wrap elementor-element-populated\">\n\t\t\t\t\t\t<div class=\"elementor-element elementor-element-a620452 elementor-widget elementor-widget-image\" data-id=\"a620452\" data-element_type=\"widget\" data-e-type=\"widget\" data-widget_type=\"image.default\">\n\t\t\t\t<div class=\"elementor-widget-container\">\n\t\t\t\t\t\t\t\t\t\t\t\t\t\t\t<img loading=\"lazy\" decoding=\"async\" width=\"1170\" height=\"780\" src=\"https:\/\/www.tourisme-carcassonne.fr\/assets\/uploads\/2023\/11\/img-7730-wwwvincentphotographiecom-scaled-1-1170x780.jpg\" class=\"attachment-large size-large wp-image-39964\" alt=\"\" srcset=\"https:\/\/www.tourisme-carcassonne.fr\/assets\/uploads\/2023\/11\/img-7730-wwwvincentphotographiecom-scaled-1-1170x780.jpg 1170w, https:\/\/www.tourisme-carcassonne.fr\/assets\/uploads\/2023\/11\/img-7730-wwwvincentphotographiecom-scaled-1-570x380.jpg 570w, https:\/\/www.tourisme-carcassonne.fr\/assets\/uploads\/2023\/11\/img-7730-wwwvincentphotographiecom-scaled-1-370x247.jpg 370w, https:\/\/www.tourisme-carcassonne.fr\/assets\/uploads\/2023\/11\/img-7730-wwwvincentphotographiecom-scaled-1-768x512.jpg 768w, https:\/\/www.tourisme-carcassonne.fr\/assets\/uploads\/2023\/11\/img-7730-wwwvincentphotographiecom-scaled-1-1536x1024.jpg 1536w, https:\/\/www.tourisme-carcassonne.fr\/assets\/uploads\/2023\/11\/img-7730-wwwvincentphotographiecom-scaled-1.jpg 2048w\" sizes=\"(max-width: 1170px) 100vw, 1170px\" \/>\t\t\t\t\t\t\t\t\t\t\t\t\t\t\t<\/div>\n\t\t\t\t<\/div>\n\t\t\t\t\t<\/div>\n\t\t<\/div>\n\t\t\t\t<div class=\"elementor-column elementor-col-33 elementor-top-column elementor-element elementor-element-0622035\" data-id=\"0622035\" data-element_type=\"column\" data-e-type=\"column\">\n\t\t\t<div class=\"elementor-widget-wrap elementor-element-populated\">\n\t\t\t\t\t\t<div class=\"elementor-element elementor-element-d7088e9 elementor-widget elementor-widget-image\" data-id=\"d7088e9\" data-element_type=\"widget\" data-e-type=\"widget\" data-widget_type=\"image.default\">\n\t\t\t\t<div class=\"elementor-widget-container\">\n\t\t\t\t\t\t\t\t\t\t\t\t\t\t\t<img loading=\"lazy\" decoding=\"async\" width=\"1170\" height=\"1755\" src=\"https:\/\/www.tourisme-carcassonne.fr\/assets\/uploads\/2023\/11\/img-8031-wwwvincentphotographiecom-scaled-1-1170x1755.jpg\" class=\"attachment-large size-large wp-image-39968\" alt=\"\" srcset=\"https:\/\/www.tourisme-carcassonne.fr\/assets\/uploads\/2023\/11\/img-8031-wwwvincentphotographiecom-scaled-1-1170x1755.jpg 1170w, https:\/\/www.tourisme-carcassonne.fr\/assets\/uploads\/2023\/11\/img-8031-wwwvincentphotographiecom-scaled-1-570x855.jpg 570w, https:\/\/www.tourisme-carcassonne.fr\/assets\/uploads\/2023\/11\/img-8031-wwwvincentphotographiecom-scaled-1-370x555.jpg 370w, https:\/\/www.tourisme-carcassonne.fr\/assets\/uploads\/2023\/11\/img-8031-wwwvincentphotographiecom-scaled-1-768x1152.jpg 768w, https:\/\/www.tourisme-carcassonne.fr\/assets\/uploads\/2023\/11\/img-8031-wwwvincentphotographiecom-scaled-1-1024x1536.jpg 1024w, https:\/\/www.tourisme-carcassonne.fr\/assets\/uploads\/2023\/11\/img-8031-wwwvincentphotographiecom-scaled-1.jpg 1365w\" sizes=\"(max-width: 1170px) 100vw, 1170px\" \/>\t\t\t\t\t\t\t\t\t\t\t\t\t\t\t<\/div>\n\t\t\t\t<\/div>\n\t\t\t\t\t<\/div>\n\t\t<\/div>\n\t\t\t\t\t<\/div>\n\t\t<\/section>\n\t\t\t\t<section class=\"elementor-section elementor-top-section elementor-element elementor-element-54cf709 elementor-section-boxed elementor-section-height-default elementor-section-height-default\" data-id=\"54cf709\" data-element_type=\"section\" data-e-type=\"section\">\n\t\t\t\t\t\t<div class=\"elementor-container elementor-column-gap-default\">\n\t\t\t\t\t<div class=\"elementor-column elementor-col-25 elementor-top-column elementor-element elementor-element-9fa19d5\" data-id=\"9fa19d5\" data-element_type=\"column\" data-e-type=\"column\">\n\t\t\t<div class=\"elementor-widget-wrap elementor-element-populated\">\n\t\t\t\t\t\t<div class=\"elementor-element elementor-element-7e54d70 elementor-widget elementor-widget-image\" data-id=\"7e54d70\" data-element_type=\"widget\" data-e-type=\"widget\" data-widget_type=\"image.default\">\n\t\t\t\t<div class=\"elementor-widget-container\">\n\t\t\t\t\t\t\t\t\t\t\t\t\t\t\t<img loading=\"lazy\" decoding=\"async\" width=\"1170\" height=\"1755\" src=\"https:\/\/www.tourisme-carcassonne.fr\/assets\/uploads\/2023\/11\/img-8011-wwwvincentphotographiecom-scaled-1-1170x1755.jpg\" class=\"attachment-large size-large wp-image-39972\" alt=\"\" srcset=\"https:\/\/www.tourisme-carcassonne.fr\/assets\/uploads\/2023\/11\/img-8011-wwwvincentphotographiecom-scaled-1-1170x1755.jpg 1170w, https:\/\/www.tourisme-carcassonne.fr\/assets\/uploads\/2023\/11\/img-8011-wwwvincentphotographiecom-scaled-1-570x855.jpg 570w, https:\/\/www.tourisme-carcassonne.fr\/assets\/uploads\/2023\/11\/img-8011-wwwvincentphotographiecom-scaled-1-370x555.jpg 370w, https:\/\/www.tourisme-carcassonne.fr\/assets\/uploads\/2023\/11\/img-8011-wwwvincentphotographiecom-scaled-1-768x1152.jpg 768w, https:\/\/www.tourisme-carcassonne.fr\/assets\/uploads\/2023\/11\/img-8011-wwwvincentphotographiecom-scaled-1-1024x1536.jpg 1024w, https:\/\/www.tourisme-carcassonne.fr\/assets\/uploads\/2023\/11\/img-8011-wwwvincentphotographiecom-scaled-1.jpg 1365w\" sizes=\"(max-width: 1170px) 100vw, 1170px\" \/>\t\t\t\t\t\t\t\t\t\t\t\t\t\t\t<\/div>\n\t\t\t\t<\/div>\n\t\t\t\t\t<\/div>\n\t\t<\/div>\n\t\t\t\t<div class=\"elementor-column elementor-col-25 elementor-top-column elementor-element elementor-element-2d1b3c4\" data-id=\"2d1b3c4\" data-element_type=\"column\" data-e-type=\"column\">\n\t\t\t<div class=\"elementor-widget-wrap elementor-element-populated\">\n\t\t\t\t\t\t<div class=\"elementor-element elementor-element-46c7797 elementor-widget elementor-widget-image\" data-id=\"46c7797\" data-element_type=\"widget\" data-e-type=\"widget\" data-widget_type=\"image.default\">\n\t\t\t\t<div class=\"elementor-widget-container\">\n\t\t\t\t\t\t\t\t\t\t\t\t\t\t\t<img loading=\"lazy\" decoding=\"async\" width=\"1170\" height=\"1755\" src=\"https:\/\/www.tourisme-carcassonne.fr\/assets\/uploads\/2023\/11\/img-7820-wwwvincentphotographiecom-scaled-1-1170x1755.jpg\" class=\"attachment-large size-large wp-image-39976\" alt=\"\" srcset=\"https:\/\/www.tourisme-carcassonne.fr\/assets\/uploads\/2023\/11\/img-7820-wwwvincentphotographiecom-scaled-1-1170x1755.jpg 1170w, https:\/\/www.tourisme-carcassonne.fr\/assets\/uploads\/2023\/11\/img-7820-wwwvincentphotographiecom-scaled-1-570x855.jpg 570w, https:\/\/www.tourisme-carcassonne.fr\/assets\/uploads\/2023\/11\/img-7820-wwwvincentphotographiecom-scaled-1-370x555.jpg 370w, https:\/\/www.tourisme-carcassonne.fr\/assets\/uploads\/2023\/11\/img-7820-wwwvincentphotographiecom-scaled-1-768x1152.jpg 768w, https:\/\/www.tourisme-carcassonne.fr\/assets\/uploads\/2023\/11\/img-7820-wwwvincentphotographiecom-scaled-1-1024x1536.jpg 1024w, https:\/\/www.tourisme-carcassonne.fr\/assets\/uploads\/2023\/11\/img-7820-wwwvincentphotographiecom-scaled-1.jpg 1365w\" sizes=\"(max-width: 1170px) 100vw, 1170px\" \/>\t\t\t\t\t\t\t\t\t\t\t\t\t\t\t<\/div>\n\t\t\t\t<\/div>\n\t\t\t\t\t<\/div>\n\t\t<\/div>\n\t\t\t\t<div class=\"elementor-column elementor-col-50 elementor-top-column elementor-element elementor-element-5f65a73\" data-id=\"5f65a73\" data-element_type=\"column\" data-e-type=\"column\">\n\t\t\t<div class=\"elementor-widget-wrap elementor-element-populated\">\n\t\t\t\t\t\t<div class=\"elementor-element elementor-element-dcae5ca elementor-widget elementor-widget-image\" data-id=\"dcae5ca\" data-element_type=\"widget\" data-e-type=\"widget\" data-widget_type=\"image.default\">\n\t\t\t\t<div class=\"elementor-widget-container\">\n\t\t\t\t\t\t\t\t\t\t\t\t\t\t\t<img loading=\"lazy\" decoding=\"async\" width=\"1170\" height=\"780\" src=\"https:\/\/www.tourisme-carcassonne.fr\/assets\/uploads\/2023\/11\/img-7547-wwwvincentphotographiecom-scaled-1-1170x780.jpg\" class=\"attachment-large size-large wp-image-39980\" alt=\"\" srcset=\"https:\/\/www.tourisme-carcassonne.fr\/assets\/uploads\/2023\/11\/img-7547-wwwvincentphotographiecom-scaled-1-1170x780.jpg 1170w, https:\/\/www.tourisme-carcassonne.fr\/assets\/uploads\/2023\/11\/img-7547-wwwvincentphotographiecom-scaled-1-570x380.jpg 570w, https:\/\/www.tourisme-carcassonne.fr\/assets\/uploads\/2023\/11\/img-7547-wwwvincentphotographiecom-scaled-1-370x247.jpg 370w, https:\/\/www.tourisme-carcassonne.fr\/assets\/uploads\/2023\/11\/img-7547-wwwvincentphotographiecom-scaled-1-768x512.jpg 768w, https:\/\/www.tourisme-carcassonne.fr\/assets\/uploads\/2023\/11\/img-7547-wwwvincentphotographiecom-scaled-1-1536x1024.jpg 1536w, https:\/\/www.tourisme-carcassonne.fr\/assets\/uploads\/2023\/11\/img-7547-wwwvincentphotographiecom-scaled-1.jpg 2048w\" sizes=\"(max-width: 1170px) 100vw, 1170px\" \/>\t\t\t\t\t\t\t\t\t\t\t\t\t\t\t<\/div>\n\t\t\t\t<\/div>\n\t\t\t\t\t<\/div>\n\t\t<\/div>\n\t\t\t\t\t<\/div>\n\t\t<\/section>\n\t\t\t\t<section class=\"elementor-section elementor-top-section elementor-element elementor-element-87c10fd elementor-fs-modele-texte100 elementor-section-boxed elementor-section-height-default elementor-section-height-default\" data-id=\"87c10fd\" data-element_type=\"section\" data-e-type=\"section\">\n\t\t\t\t\t\t<div class=\"elementor-container elementor-column-gap-default\">\n\t\t\t\t\t<div class=\"elementor-column elementor-col-100 elementor-top-column elementor-element elementor-element-7899589 fs-texte\" data-id=\"7899589\" data-element_type=\"column\" data-e-type=\"column\">\n\t\t\t<div class=\"elementor-widget-wrap elementor-element-populated\">\n\t\t\t\t\t\t<div class=\"elementor-element elementor-element-f81ec73 elementor-widget elementor-widget-text-editor\" data-id=\"f81ec73\" data-element_type=\"widget\" data-e-type=\"widget\" data-widget_type=\"text-editor.default\">\n\t\t\t\t<div class=\"elementor-widget-container\">\n\t\t\t\t\t\t\t\t\t<p>\ud83d\udc49 <a href=\"https:\/\/www.tourisme-carcassonne.fr\/temps-forts\/\" target=\"_blank\" rel=\"noopener\"><em><a href=\"https:\/\/www.tourisme-carcassonne.fr\/en\/highligths\/\" target=\"_blank\" rel=\"noopener\">Find all the highlights of Carcassonne by clicking on this link<\/a><\/em><\/a><\/p>\t\t\t\t\t\t\t\t<\/div>\n\t\t\t\t<\/div>\n\t\t\t\t\t<\/div>\n\t\t<\/div>\n\t\t\t\t\t<\/div>\n\t\t<\/section>\n\t\t\t\t<\/div>\n\t\t","protected":false},"excerpt":{"rendered":"<p>During 1 month, share unforgettable moments with family or friends in the 4 corners of the city: giant bubbles and luminous fountains in Gambetta, medieval camps in the City, a visual immersion in the Christmas universe under the Halles Prosper Montagn\u00e9, virtual reality, the return of the ice rink place Carnot but also the park [&hellip;]<\/p>\n","protected":false},"author":3,"featured_media":8401,"parent":13272,"menu_order":3,"comment_status":"closed","ping_status":"closed","template":"templates\/temps-fort.php","meta":{"_acf_changed":false,"footnotes":""},"class_list":["post-13281","page","type-page","status-publish","has-post-thumbnail","hentry"],"acf":[],"yoast_head":"<!-- This site is optimized with the Yoast SEO plugin v27.1.1 - https:\/\/yoast.com\/product\/yoast-seo-wordpress\/ -->\n<title>The Magic of Christmas - Office de tourisme de Carcassonne<\/title>\n<meta name=\"description\" content=\"A month of magic in Carcassonne. Activities, rink, pop-up restaurant, Christmas market...\" \/>\n<meta name=\"robots\" content=\"index, follow, max-snippet:-1, max-image-preview:large, max-video-preview:-1\" \/>\n<link rel=\"canonical\" href=\"https:\/\/www.tourisme-carcassonne.fr\/en\/highligths\/the-magic-of-christmas\/\" \/>\n<meta property=\"og:locale\" content=\"en_US\" \/>\n<meta property=\"og:type\" content=\"article\" \/>\n<meta property=\"og:title\" content=\"The Magic of Christmas - Office de tourisme de Carcassonne\" \/>\n<meta property=\"og:description\" content=\"A month of magic in Carcassonne. Activities, rink, pop-up restaurant, Christmas market...\" \/>\n<meta property=\"og:url\" content=\"https:\/\/www.tourisme-carcassonne.fr\/en\/highligths\/the-magic-of-christmas\/\" \/>\n<meta property=\"og:site_name\" content=\"Office de tourisme de Carcassonne\" \/>\n<meta property=\"article:publisher\" content=\"https:\/\/www.facebook.com\/tourismecarcassonne\/\" \/>\n<meta property=\"article:modified_time\" content=\"2025-12-05T11:21:31+00:00\" \/>\n<meta property=\"og:image\" content=\"https:\/\/www.tourisme-carcassonne.fr\/assets\/uploads\/2022\/02\/265473204-590224635604336-349494376791726813-n.jpg\" \/>\n\t<meta property=\"og:image:width\" content=\"1080\" \/>\n\t<meta property=\"og:image:height\" content=\"720\" \/>\n\t<meta property=\"og:image:type\" content=\"image\/jpeg\" \/>\n<meta name=\"twitter:card\" content=\"summary_large_image\" \/>\n<meta name=\"twitter:label1\" content=\"Est. reading time\" \/>\n\t<meta name=\"twitter:data1\" content=\"3 minutes\" \/>\n<script type=\"application\/ld+json\" class=\"yoast-schema-graph\">{\"@context\":\"https:\/\/schema.org\",\"@graph\":[{\"@type\":\"WebPage\",\"@id\":\"https:\/\/www.tourisme-carcassonne.fr\/en\/highligths\/the-magic-of-christmas\/\",\"url\":\"https:\/\/www.tourisme-carcassonne.fr\/en\/highligths\/the-magic-of-christmas\/\",\"name\":\"The Magic of Christmas - Office de tourisme de Carcassonne\",\"isPartOf\":{\"@id\":\"https:\/\/www.tourisme-carcassonne.fr\/en\/#website\"},\"primaryImageOfPage\":{\"@id\":\"https:\/\/www.tourisme-carcassonne.fr\/en\/highligths\/the-magic-of-christmas\/#primaryimage\"},\"image\":{\"@id\":\"https:\/\/www.tourisme-carcassonne.fr\/en\/highligths\/the-magic-of-christmas\/#primaryimage\"},\"thumbnailUrl\":\"https:\/\/www.tourisme-carcassonne.fr\/assets\/uploads\/2022\/02\/265473204-590224635604336-349494376791726813-n.jpg\",\"datePublished\":\"2022-02-16T15:12:24+00:00\",\"dateModified\":\"2025-12-05T11:21:31+00:00\",\"description\":\"A month of magic in Carcassonne. Activities, rink, pop-up restaurant, Christmas market...\",\"breadcrumb\":{\"@id\":\"https:\/\/www.tourisme-carcassonne.fr\/en\/highligths\/the-magic-of-christmas\/#breadcrumb\"},\"inLanguage\":\"en-US\",\"potentialAction\":[{\"@type\":\"ReadAction\",\"target\":[\"https:\/\/www.tourisme-carcassonne.fr\/en\/highligths\/the-magic-of-christmas\/\"]}]},{\"@type\":\"ImageObject\",\"inLanguage\":\"en-US\",\"@id\":\"https:\/\/www.tourisme-carcassonne.fr\/en\/highligths\/the-magic-of-christmas\/#primaryimage\",\"url\":\"https:\/\/www.tourisme-carcassonne.fr\/assets\/uploads\/2022\/02\/265473204-590224635604336-349494376791726813-n.jpg\",\"contentUrl\":\"https:\/\/www.tourisme-carcassonne.fr\/assets\/uploads\/2022\/02\/265473204-590224635604336-349494376791726813-n.jpg\",\"width\":1080,\"height\":720,\"caption\":\"\u00a9 Roftop Carcassonne\"},{\"@type\":\"BreadcrumbList\",\"@id\":\"https:\/\/www.tourisme-carcassonne.fr\/en\/highligths\/the-magic-of-christmas\/#breadcrumb\",\"itemListElement\":[{\"@type\":\"ListItem\",\"position\":1,\"name\":\"Accueil\",\"item\":\"https:\/\/www.tourisme-carcassonne.fr\/en\/\"},{\"@type\":\"ListItem\",\"position\":2,\"name\":\"Highligths\",\"item\":\"https:\/\/www.tourisme-carcassonne.fr\/en\/temps-forts\/\"},{\"@type\":\"ListItem\",\"position\":3,\"name\":\"The Magic of Christmas\"}]},{\"@type\":\"WebSite\",\"@id\":\"https:\/\/www.tourisme-carcassonne.fr\/en\/#website\",\"url\":\"https:\/\/www.tourisme-carcassonne.fr\/en\/\",\"name\":\"Office de tourisme de Carcassonne\",\"description\":\"\",\"publisher\":{\"@id\":\"https:\/\/www.tourisme-carcassonne.fr\/en\/#organization\"},\"potentialAction\":[{\"@type\":\"SearchAction\",\"target\":{\"@type\":\"EntryPoint\",\"urlTemplate\":\"https:\/\/www.tourisme-carcassonne.fr\/en\/?s={search_term_string}\"},\"query-input\":{\"@type\":\"PropertyValueSpecification\",\"valueRequired\":true,\"valueName\":\"search_term_string\"}}],\"inLanguage\":\"en-US\"},{\"@type\":\"Organization\",\"@id\":\"https:\/\/www.tourisme-carcassonne.fr\/en\/#organization\",\"name\":\"Office de tourisme de Carcassonne\",\"url\":\"https:\/\/www.tourisme-carcassonne.fr\/en\/\",\"logo\":{\"@type\":\"ImageObject\",\"inLanguage\":\"en-US\",\"@id\":\"https:\/\/www.tourisme-carcassonne.fr\/en\/#\/schema\/logo\/image\/\",\"url\":\"https:\/\/www.tourisme-carcassonne.fr\/assets\/uploads\/2021\/11\/logo-carcassonne.svg\",\"contentUrl\":\"https:\/\/www.tourisme-carcassonne.fr\/assets\/uploads\/2021\/11\/logo-carcassonne.svg\",\"width\":167,\"height\":49,\"caption\":\"Office de tourisme de Carcassonne\"},\"image\":{\"@id\":\"https:\/\/www.tourisme-carcassonne.fr\/en\/#\/schema\/logo\/image\/\"},\"sameAs\":[\"https:\/\/www.facebook.com\/tourismecarcassonne\/\",\"https:\/\/www.instagram.com\/tourismecarcassonne\/\"]}]}<\/script>\n<!-- \/ Yoast SEO plugin. -->","yoast_head_json":{"title":"The Magic of Christmas - Office de tourisme de Carcassonne","description":"A month of magic in Carcassonne. Activities, rink, pop-up restaurant, Christmas market...","robots":{"index":"index","follow":"follow","max-snippet":"max-snippet:-1","max-image-preview":"max-image-preview:large","max-video-preview":"max-video-preview:-1"},"canonical":"https:\/\/www.tourisme-carcassonne.fr\/en\/highligths\/the-magic-of-christmas\/","og_locale":"en_US","og_type":"article","og_title":"The Magic of Christmas - Office de tourisme de Carcassonne","og_description":"A month of magic in Carcassonne. Activities, rink, pop-up restaurant, Christmas market...","og_url":"https:\/\/www.tourisme-carcassonne.fr\/en\/highligths\/the-magic-of-christmas\/","og_site_name":"Office de tourisme de Carcassonne","article_publisher":"https:\/\/www.facebook.com\/tourismecarcassonne\/","article_modified_time":"2025-12-05T11:21:31+00:00","og_image":[{"width":1080,"height":720,"url":"https:\/\/www.tourisme-carcassonne.fr\/assets\/uploads\/2022\/02\/265473204-590224635604336-349494376791726813-n.jpg","type":"image\/jpeg"}],"twitter_card":"summary_large_image","twitter_misc":{"Est. reading time":"3 minutes"},"schema":{"@context":"https:\/\/schema.org","@graph":[{"@type":"WebPage","@id":"https:\/\/www.tourisme-carcassonne.fr\/en\/highligths\/the-magic-of-christmas\/","url":"https:\/\/www.tourisme-carcassonne.fr\/en\/highligths\/the-magic-of-christmas\/","name":"The Magic of Christmas - Office de tourisme de Carcassonne","isPartOf":{"@id":"https:\/\/www.tourisme-carcassonne.fr\/en\/#website"},"primaryImageOfPage":{"@id":"https:\/\/www.tourisme-carcassonne.fr\/en\/highligths\/the-magic-of-christmas\/#primaryimage"},"image":{"@id":"https:\/\/www.tourisme-carcassonne.fr\/en\/highligths\/the-magic-of-christmas\/#primaryimage"},"thumbnailUrl":"https:\/\/www.tourisme-carcassonne.fr\/assets\/uploads\/2022\/02\/265473204-590224635604336-349494376791726813-n.jpg","datePublished":"2022-02-16T15:12:24+00:00","dateModified":"2025-12-05T11:21:31+00:00","description":"A month of magic in Carcassonne. Activities, rink, pop-up restaurant, Christmas market...","breadcrumb":{"@id":"https:\/\/www.tourisme-carcassonne.fr\/en\/highligths\/the-magic-of-christmas\/#breadcrumb"},"inLanguage":"en-US","potentialAction":[{"@type":"ReadAction","target":["https:\/\/www.tourisme-carcassonne.fr\/en\/highligths\/the-magic-of-christmas\/"]}]},{"@type":"ImageObject","inLanguage":"en-US","@id":"https:\/\/www.tourisme-carcassonne.fr\/en\/highligths\/the-magic-of-christmas\/#primaryimage","url":"https:\/\/www.tourisme-carcassonne.fr\/assets\/uploads\/2022\/02\/265473204-590224635604336-349494376791726813-n.jpg","contentUrl":"https:\/\/www.tourisme-carcassonne.fr\/assets\/uploads\/2022\/02\/265473204-590224635604336-349494376791726813-n.jpg","width":1080,"height":720,"caption":"\u00a9 Roftop Carcassonne"},{"@type":"BreadcrumbList","@id":"https:\/\/www.tourisme-carcassonne.fr\/en\/highligths\/the-magic-of-christmas\/#breadcrumb","itemListElement":[{"@type":"ListItem","position":1,"name":"Accueil","item":"https:\/\/www.tourisme-carcassonne.fr\/en\/"},{"@type":"ListItem","position":2,"name":"Highligths","item":"https:\/\/www.tourisme-carcassonne.fr\/en\/temps-forts\/"},{"@type":"ListItem","position":3,"name":"The Magic of Christmas"}]},{"@type":"WebSite","@id":"https:\/\/www.tourisme-carcassonne.fr\/en\/#website","url":"https:\/\/www.tourisme-carcassonne.fr\/en\/","name":"Office de tourisme de Carcassonne","description":"","publisher":{"@id":"https:\/\/www.tourisme-carcassonne.fr\/en\/#organization"},"potentialAction":[{"@type":"SearchAction","target":{"@type":"EntryPoint","urlTemplate":"https:\/\/www.tourisme-carcassonne.fr\/en\/?s={search_term_string}"},"query-input":{"@type":"PropertyValueSpecification","valueRequired":true,"valueName":"search_term_string"}}],"inLanguage":"en-US"},{"@type":"Organization","@id":"https:\/\/www.tourisme-carcassonne.fr\/en\/#organization","name":"Office de tourisme de Carcassonne","url":"https:\/\/www.tourisme-carcassonne.fr\/en\/","logo":{"@type":"ImageObject","inLanguage":"en-US","@id":"https:\/\/www.tourisme-carcassonne.fr\/en\/#\/schema\/logo\/image\/","url":"https:\/\/www.tourisme-carcassonne.fr\/assets\/uploads\/2021\/11\/logo-carcassonne.svg","contentUrl":"https:\/\/www.tourisme-carcassonne.fr\/assets\/uploads\/2021\/11\/logo-carcassonne.svg","width":167,"height":49,"caption":"Office de tourisme de Carcassonne"},"image":{"@id":"https:\/\/www.tourisme-carcassonne.fr\/en\/#\/schema\/logo\/image\/"},"sameAs":["https:\/\/www.facebook.com\/tourismecarcassonne\/","https:\/\/www.instagram.com\/tourismecarcassonne\/"]}]}},"_links":{"self":[{"href":"https:\/\/www.tourisme-carcassonne.fr\/en\/wp-json\/wp\/v2\/pages\/13281","targetHints":{"allow":["GET"]}}],"collection":[{"href":"https:\/\/www.tourisme-carcassonne.fr\/en\/wp-json\/wp\/v2\/pages"}],"about":[{"href":"https:\/\/www.tourisme-carcassonne.fr\/en\/wp-json\/wp\/v2\/types\/page"}],"author":[{"embeddable":true,"href":"https:\/\/www.tourisme-carcassonne.fr\/en\/wp-json\/wp\/v2\/users\/3"}],"replies":[{"embeddable":true,"href":"https:\/\/www.tourisme-carcassonne.fr\/en\/wp-json\/wp\/v2\/comments?post=13281"}],"version-history":[{"count":0,"href":"https:\/\/www.tourisme-carcassonne.fr\/en\/wp-json\/wp\/v2\/pages\/13281\/revisions"}],"up":[{"embeddable":true,"href":"https:\/\/www.tourisme-carcassonne.fr\/en\/wp-json\/wp\/v2\/pages\/13272"}],"wp:featuredmedia":[{"embeddable":true,"href":"https:\/\/www.tourisme-carcassonne.fr\/en\/wp-json\/wp\/v2\/media\/8401"}],"wp:attachment":[{"href":"https:\/\/www.tourisme-carcassonne.fr\/en\/wp-json\/wp\/v2\/media?parent=13281"}],"curies":[{"name":"wp","href":"https:\/\/api.w.org\/{rel}","templated":true}]}}