{"id":13462,"date":"2021-11-19T15:50:37","date_gmt":"2021-11-19T15:50:37","guid":{"rendered":"https:\/\/www.tourisme-carcassonne.fr\/pratique\/accueil-velo\/"},"modified":"2022-11-23T17:32:28","modified_gmt":"2022-11-23T16:32:28","slug":"entdecken-mit-dem-fahrrad","status":"publish","type":"page","link":"https:\/\/www.tourisme-carcassonne.fr\/de\/praktik\/entdecken-mit-dem-fahrrad\/","title":{"rendered":"entdecken Mit dem Fahrrad"},"content":{"rendered":"\t\t<div data-elementor-type=\"wp-page\" data-elementor-id=\"13462\" class=\"elementor elementor-13462 elementor-510\" data-elementor-post-type=\"page\">\n\t\t\t\t\t\t<section class=\"elementor-section elementor-top-section elementor-element elementor-element-2fc2a479 elementor-fs-modele-texte100 elementor-section-boxed elementor-section-height-default elementor-section-height-default\" data-id=\"2fc2a479\" data-element_type=\"section\" data-e-type=\"section\">\n\t\t\t\t\t\t<div class=\"elementor-container elementor-column-gap-default\">\n\t\t\t\t\t<div class=\"elementor-column elementor-col-100 elementor-top-column elementor-element elementor-element-bc1c417 fs-texte\" data-id=\"bc1c417\" data-element_type=\"column\" data-e-type=\"column\">\n\t\t\t<div class=\"elementor-widget-wrap elementor-element-populated\">\n\t\t\t\t\t\t<div class=\"elementor-element elementor-element-12b1f286 elementor-widget elementor-widget-text-editor\" data-id=\"12b1f286\" data-element_type=\"widget\" data-e-type=\"widget\" data-widget_type=\"text-editor.default\">\n\t\t\t\t<div class=\"elementor-widget-container\">\n\t\t\t\t\t\t\t\t\t<h2>Carcassonne mit dem Fahrrad entdecken<\/h2><p>Das Fahrrad ist zu einem unverzichtbaren Transportmittel f\u00fcr den Urlaub geworden. Das Fahrrad ist praktisch und angenehm zugleich und erm\u00f6glicht es Ihnen, sich die Zeit zu nehmen, um mit der Familie oder Freunden das Kulturerbe und die Landschaften eines Reiseziels zu entdecken. Radfahren, das Kulturerbe, die Landschaften, die Begegnungen&#8230; Slow Tourism liegt im Trend!<\/p><p>Seine Aus\u00fcbung erscheint wie ein Gegenmittel zum Stress des Alltags und wer bietet besser als der Canal du Midi diesen Raum der Authentizit\u00e4t, der Gelassenheit, in dem die gelebte Erfahrung Vorrang vor der Schnelligkeit der Entdeckung hat&#8230;<\/p><p>Die Marke &#8222;Accueil V\u00e9lo&#8220; steht f\u00fcr die Qualit\u00e4t der touristischen Dienstleistungen und Services. Wenn Sie sich f\u00fcr einen Anbieter mit dem G\u00fctesiegel entscheiden, k\u00f6nnen Sie sicher sein, dass Sie von speziellen Einrichtungen wie einem sicheren Fahrradunterstand in der Unterkunft, einem Fahrradpark an einer Sehensw\u00fcrdigkeit, Dokumentationen und vor allem von einem besonderen Empfang und zuverl\u00e4ssigen Informationen f\u00fcr Radtouristen profitieren!<\/p><p>Unterk\u00fcnfte, Restaurants, Vermieter\/Reparateure, historische, nat\u00fcrliche und kulturelle Sehensw\u00fcrdigkeiten&#8230;Sie erwarten Identifizierbar durch sein Logo &#8222;Accueil V\u00e9lo&#8220; signalisiert die Anwesenheit eines Anbieters, der angepasste Dienstleistungen anbietet.<\/p><p><a href=\"https:\/\/www.tourisme-carcassonne.fr\/de\/praktik\/sich-bewegen\/\"><em>Entspannen Sie sich &#8230;.Carcassonne hei\u00dft Sie willkommen. Entdecken Sie auch andere M\u00f6glichkeiten, durch die Stadt zu spazieren.<\/em><\/a><\/p>\t\t\t\t\t\t\t\t<\/div>\n\t\t\t\t<\/div>\n\t\t\t\t\t<\/div>\n\t\t<\/div>\n\t\t\t\t\t<\/div>\n\t\t<\/section>\n\t\t\t\t<section class=\"elementor-section elementor-top-section elementor-element elementor-element-4b0e8039 elementor-fs-modele-photo50-texte50 elementor-section-boxed elementor-section-height-default elementor-section-height-default\" data-id=\"4b0e8039\" data-element_type=\"section\" data-e-type=\"section\">\n\t\t\t\t\t\t<div class=\"elementor-container elementor-column-gap-no\">\n\t\t\t\t\t<div class=\"elementor-column elementor-col-50 elementor-top-column elementor-element elementor-element-18e34777 fs-photo\" data-id=\"18e34777\" data-element_type=\"column\" data-e-type=\"column\">\n\t\t\t<div class=\"elementor-widget-wrap elementor-element-populated\">\n\t\t\t\t\t\t<div class=\"elementor-element elementor-element-71f7cf18 elementor-widget elementor-widget-image\" data-id=\"71f7cf18\" data-element_type=\"widget\" data-e-type=\"widget\" data-widget_type=\"image.default\">\n\t\t\t\t<div class=\"elementor-widget-container\">\n\t\t\t\t\t\t\t\t\t\t\t\t<figure class=\"wp-caption\">\n\t\t\t\t\t\t\t\t\t\t<img fetchpriority=\"high\" decoding=\"async\" width=\"1170\" height=\"780\" src=\"https:\/\/www.tourisme-carcassonne.fr\/assets\/uploads\/2022\/03\/vincent-photographies-3-1170x780.jpg\" class=\"attachment-large size-large wp-image-11830\" alt=\"\" srcset=\"https:\/\/www.tourisme-carcassonne.fr\/assets\/uploads\/2022\/03\/vincent-photographies-3-1170x780.jpg 1170w, https:\/\/www.tourisme-carcassonne.fr\/assets\/uploads\/2022\/03\/vincent-photographies-3-570x380.jpg 570w, https:\/\/www.tourisme-carcassonne.fr\/assets\/uploads\/2022\/03\/vincent-photographies-3-370x247.jpg 370w, https:\/\/www.tourisme-carcassonne.fr\/assets\/uploads\/2022\/03\/vincent-photographies-3-768x512.jpg 768w, https:\/\/www.tourisme-carcassonne.fr\/assets\/uploads\/2022\/03\/vincent-photographies-3-1536x1024.jpg 1536w, https:\/\/www.tourisme-carcassonne.fr\/assets\/uploads\/2022\/03\/vincent-photographies-3-scaled.jpg 2048w\" sizes=\"(max-width: 1170px) 100vw, 1170px\" \/>\t\t\t\t\t\t\t\t\t\t\t<figcaption class=\"widget-image-caption wp-caption-text\">\u00a9Vincent photographies<\/figcaption>\n\t\t\t\t\t\t\t\t\t\t<\/figure>\n\t\t\t\t\t\t\t\t\t<\/div>\n\t\t\t\t<\/div>\n\t\t\t\t\t<\/div>\n\t\t<\/div>\n\t\t\t\t<div class=\"elementor-column elementor-col-50 elementor-top-column elementor-element elementor-element-66ce0ad fs-texte\" data-id=\"66ce0ad\" data-element_type=\"column\" data-e-type=\"column\">\n\t\t\t<div class=\"elementor-widget-wrap elementor-element-populated\">\n\t\t\t\t\t\t<div class=\"elementor-element elementor-element-46c4d092 elementor-widget elementor-widget-text-editor\" data-id=\"46c4d092\" data-element_type=\"widget\" data-e-type=\"widget\" data-widget_type=\"text-editor.default\">\n\t\t\t\t<div class=\"elementor-widget-container\">\n\t\t\t\t\t\t\t\t\t<p><strong>Accueil V\u00e9lo<\/strong> ist eine nationale Marke, die Fachleute dazu verpflichtet, Ihnen einen Empfang, aber auch Dienstleistungen anzubieten, die auf Ihre Bed\u00fcrfnisse w\u00e4hrend Ihrer Radtour zugeschnitten sind.<\/p><p>Mehrere Arten von Berufst\u00e4tigen sind von dieser Marke betroffen:<\/p><ol><li>Touristische Unterk\u00fcnfte, die Sie gern f\u00fcr eine oder mehrere N\u00e4chte aufnehmen<\/li><li>Fahrradverleiher und -reparateure, die Ihnen helfen und Sie beraten k\u00f6nnen<\/li><li>Tourismusb\u00fcros, die Ihnen Vorschl\u00e4ge f\u00fcr die Gestaltung Ihres Tages machen k\u00f6nnen<\/li><li>Besichtigungs- und Freizeitst\u00e4tten, die Sie f\u00fcr die Dauer eines kulturellen oder sportlichen Zwischenstopps willkommen hei\u00dfen.<\/li><\/ol>\t\t\t\t\t\t\t\t<\/div>\n\t\t\t\t<\/div>\n\t\t\t\t\t<\/div>\n\t\t<\/div>\n\t\t\t\t\t<\/div>\n\t\t<\/section>\n\t\t\t\t<section class=\"elementor-section elementor-top-section elementor-element elementor-element-3a794571 elementor-fs-modele-texte66-photo33 elementor-section-boxed elementor-section-height-default elementor-section-height-default\" data-id=\"3a794571\" data-element_type=\"section\" data-e-type=\"section\">\n\t\t\t\t\t\t<div class=\"elementor-container elementor-column-gap-no\">\n\t\t\t\t\t<div class=\"elementor-column elementor-col-50 elementor-top-column elementor-element elementor-element-4081c57e fs-texte\" data-id=\"4081c57e\" data-element_type=\"column\" data-e-type=\"column\">\n\t\t\t<div class=\"elementor-widget-wrap elementor-element-populated\">\n\t\t\t\t\t\t<div class=\"elementor-element elementor-element-3179cb18 elementor-widget elementor-widget-text-editor\" data-id=\"3179cb18\" data-element_type=\"widget\" data-e-type=\"widget\" data-widget_type=\"text-editor.default\">\n\t\t\t\t<div class=\"elementor-widget-container\">\n\t\t\t\t\t\t\t\t\t<div class=\"elementor-element elementor-element-87f196 elementor-widget elementor-widget-text-editor\" data-id=\"87f196\" data-element_type=\"widget\" data-widget_type=\"text-editor.default\"><div class=\"elementor-widget-container\"><h4>Warum eine Accueil V\u00e9lo-Einrichtung w\u00e4hlen?<\/h4><p>Dank des offiziellen &#8222;Accueil V\u00e9lo&#8220;-Logos k\u00f6nnen Sie die &#8222;Accueil V\u00e9lo&#8220;-Einrichtungen leicht erkennen. Zahlreiche Dienstleister aus Carcassonnais haben sich zu diesem Schritt verpflichtet, um Sie zufrieden zu stellen.<\/p><p>Die Accueil V\u00e9lo-Betriebe garantieren Ihnen, dass :<\/p><ol><li>Sich weniger als 5 km von einer Fahrradroute entfernt befinden<\/li><li>\u00dcber geeignete Einrichtungen zu verf\u00fcgen: sicherer Fahrradunterstand, Reparaturset,&#8230;<\/li><li>einen aufmerksamen Empfang zu genie\u00dfen: Informationen und n\u00fctzliche Tipps (Touren, Wetter, Sehensw\u00fcrdigkeiten,&#8230;)<\/li><li>\u00dcber Dienstleistungen zu verf\u00fcgen, die auf Fahrradtouristen zugeschnitten sind: Gep\u00e4cktransfer, W\u00e4sche waschen und trocknen, Fahrradverleih und Zubeh\u00f6r,&#8230;<\/li><\/ol><\/div><\/div>\t\t\t\t\t\t\t\t<\/div>\n\t\t\t\t<\/div>\n\t\t\t\t\t<\/div>\n\t\t<\/div>\n\t\t\t\t<div class=\"elementor-column elementor-col-50 elementor-top-column elementor-element elementor-element-4b899cc3 fs-photo\" data-id=\"4b899cc3\" data-element_type=\"column\" data-e-type=\"column\">\n\t\t\t<div class=\"elementor-widget-wrap elementor-element-populated\">\n\t\t\t\t\t\t<div class=\"elementor-element elementor-element-38f6cb63 elementor-widget elementor-widget-image\" data-id=\"38f6cb63\" data-element_type=\"widget\" data-e-type=\"widget\" data-widget_type=\"image.default\">\n\t\t\t\t<div class=\"elementor-widget-container\">\n\t\t\t\t\t\t\t\t\t\t\t\t<figure class=\"wp-caption\">\n\t\t\t\t\t\t\t\t\t\t<img decoding=\"async\" width=\"346\" height=\"438\" src=\"https:\/\/www.tourisme-carcassonne.fr\/assets\/uploads\/2021\/12\/accueil-velo-carcassonne.jpg\" class=\"attachment-large size-large wp-image-11674\" alt=\"\" \/>\t\t\t\t\t\t\t\t\t\t\t<figcaption class=\"widget-image-caption wp-caption-text\"><\/figcaption>\n\t\t\t\t\t\t\t\t\t\t<\/figure>\n\t\t\t\t\t\t\t\t\t<\/div>\n\t\t\t\t<\/div>\n\t\t\t\t\t<\/div>\n\t\t<\/div>\n\t\t\t\t\t<\/div>\n\t\t<\/section>\n\t\t\t\t<section class=\"elementor-section elementor-top-section elementor-element elementor-element-1d68927 elementor-fs-modele-texte100 elementor-section-boxed elementor-section-height-default elementor-section-height-default\" data-id=\"1d68927\" data-element_type=\"section\" data-e-type=\"section\">\n\t\t\t\t\t\t<div class=\"elementor-container elementor-column-gap-default\">\n\t\t\t\t\t<div class=\"elementor-column elementor-col-100 elementor-top-column elementor-element elementor-element-4e3a19c fs-texte\" data-id=\"4e3a19c\" data-element_type=\"column\" data-e-type=\"column\">\n\t\t\t<div class=\"elementor-widget-wrap elementor-element-populated\">\n\t\t\t\t\t\t<div class=\"elementor-element elementor-element-5560796 elementor-widget elementor-widget-text-editor\" data-id=\"5560796\" data-element_type=\"widget\" data-e-type=\"widget\" data-widget_type=\"text-editor.default\">\n\t\t\t\t<div class=\"elementor-widget-container\">\n\t\t\t\t\t\t\t\t\t<h1>Gep\u00e4ckaufbewahrung<\/h1><p><strong>H\u00d4TEL ESPACE CIT\u00c9 &#8211; <\/strong>132 rue Trivalle (Tel : 04.68.25.24.24) <strong>5\u20ac<\/strong> pro Tag.<\/p><p><strong>SAQUETTE BY FRED &#8211;\u00a0<\/strong> 9 Avenue du Mar\u00e9chal Foch (Tel: 04.68.25.07.24 \/ 04.68.71.62.18 ) Tarfis: 5\u20ac pro Tag; Fahrr\u00e4der: 8\u20ac pro Tag.<\/p><p><strong>AUBERGE DE JEUNESSE &#8211; <\/strong>Rue Trencaval &#8211; Die Stadt (Tel : 04 68 25 03 84) Kostenlos f\u00fcr Mitglieder &amp; 2\u20ac f\u00fcr Nichtmitglieder.<\/p>\t\t\t\t\t\t\t\t<\/div>\n\t\t\t\t<\/div>\n\t\t\t\t\t<\/div>\n\t\t<\/div>\n\t\t\t\t\t<\/div>\n\t\t<\/section>\n\t\t\t\t<section class=\"elementor-section elementor-top-section elementor-element elementor-element-50ba2506 elementor-fs-modele-texte33-xblocs33 elementor-section-boxed elementor-section-height-default elementor-section-height-default\" data-id=\"50ba2506\" data-element_type=\"section\" data-e-type=\"section\">\n\t\t\t\t\t\t<div class=\"elementor-container elementor-column-gap-no\">\n\t\t\t\t\t<div class=\"elementor-column elementor-col-100 elementor-top-column elementor-element elementor-element-7c10f0f3\" data-id=\"7c10f0f3\" data-element_type=\"column\" data-e-type=\"column\">\n\t\t\t<div class=\"elementor-widget-wrap elementor-element-populated\">\n\t\t\t\t\t\t<div class=\"elementor-element elementor-element-35d59ca6 elementor-widget elementor-widget-fs-widget-playlist\" data-id=\"35d59ca6\" data-element_type=\"widget\" data-e-type=\"widget\" data-widget_type=\"fs-widget-playlist.default\">\n\t\t\t\t<div class=\"elementor-widget-container\">\n\t\t\t\t\t<div class=\"playlist_list render-list\"><div class=\"list list--list_edito fs-playlist-nb-element-26\"><div class=\"intro-list\">\n\t<strong class=\"srtitre\">LABELISIERTES ACCUEIL V\u00e9lo<\/strong>\n\n\t<h2 class=\"titre\">Die Anbieter<\/h2>\n\n\t<div class=\"intro\"><p>Hier finden Sie Gesch\u00e4fte, Aktivit\u00e4ten und Unterk\u00fcnfte in Carcassonne, die das G\u00fctesiegel \"Accueil V\u00e9lo\" tragen. Sie empfangen Sie gerne und versorgen Sie mit allem, was Sie f\u00fcr Ihr Fahrrad ben\u00f6tigen.<\/p><\/div>\n<\/div><div class=\"el-list\">\n<div class=\"card card--elementor-playlist\" data-id=\"14087\" data-post-id-sync-map=\"14087\" data-tis=\"offre\" data-structure=\"1-33-\" data-syndication=\"2-3-13282-\" data-offre=\"13-DEGLAR011V50KHEM-\" >\n\t<div class=\"card__vignette\">\n\t\t<img decoding=\"async\" src=\"https:\/\/cdt11.media.tourinsoft.eu\/upload\/LE-VERRE-D-UN-cave.jpg?width=370&height=200&crop=1\" alt=\"LE VERRE D&#039;UN cave\" title=\"Herv\u00e9 Leclair Aspheries\">\n\t<\/div>\n\n\t<div class=\"card__body\">\n\t\t\t\t\t<div class=\"commune\">\n\t\t\t\t<svg class=\"icon icon-marker\" aria-hidden=\"true\">\n\t\t\t\t\t<use xlink:href=\"https:\/\/www.tourisme-carcassonne.fr\/assets\/themes\/faire-savoir\/icons\/sprite.svg#marker\"><\/use>\n\t\t\t\t<\/svg>\n\t\t\t\tCARCASSONNE - BASTIDE\t\t\t<\/div>\n\t\t\n\t\t<h3 class=\"titre\"><a href=\"https:\/\/www.tourisme-carcassonne.fr\/de\/restaurant\/le-verre-dun\/\"  target=\"_blank\" class=\"stretched-link\">LE VERRE D'UN<\/a><\/h3>\n\t<\/div>\n<\/div>\n\n\t<\/div><div class=\"el-list\">\n<div class=\"card card--elementor-playlist\" data-id=\"12955\" data-post-id-sync-map=\"12955\" data-tis=\"offre\" data-structure=\"1-33-\" data-syndication=\"2-3-13267-\" data-offre=\"5-LOILAR011V502ATA-\" >\n\t<div class=\"card__vignette\">\n\t\t<img decoding=\"async\" src=\"https:\/\/cdt11.media.tourinsoft.eu\/upload\/capitainerie-1-.jpg?width=370&height=200&crop=1\" alt=\"capitainerie - 1\" title=\"HAFEN DES CANAL DU MIDI\">\n\t<\/div>\n\n\t<div class=\"card__body\">\n\t\t\t\t\t<div class=\"commune\">\n\t\t\t\t<svg class=\"icon icon-marker\" aria-hidden=\"true\">\n\t\t\t\t\t<use xlink:href=\"https:\/\/www.tourisme-carcassonne.fr\/assets\/themes\/faire-savoir\/icons\/sprite.svg#marker\"><\/use>\n\t\t\t\t<\/svg>\n\t\t\t\tCARCASSONNE - BASTIDE\t\t\t<\/div>\n\t\t\n\t\t<h3 class=\"titre\"><a href=\"https:\/\/www.tourisme-carcassonne.fr\/de\/freizeitaktivitat\/hafen-des-canal-du-midi\/\"  target=\"_blank\" class=\"stretched-link\">HAFEN DES CANAL DU MIDI<\/a><\/h3>\n\t<\/div>\n<\/div>\n\n\t<\/div><div class=\"el-list\">\n<div class=\"card card--elementor-playlist\" data-id=\"20959\" data-post-id-sync-map=\"20959\" data-tis=\"offre\" data-structure=\"1-33-\" data-syndication=\"2-3-13282-\" data-offre=\"40-RESLAR011V5034JZ-\" >\n\t<div class=\"card__vignette\">\n\t\t<img decoding=\"async\" src=\"https:\/\/cdt11.media.tourinsoft.eu\/upload\/37-8.jpg?width=370&height=200&crop=1\" alt=\"37-8\" title=\"Le 37\">\n\t<\/div>\n\n\t<div class=\"card__body\">\n\t\t\t\t\t<div class=\"commune\">\n\t\t\t\t<svg class=\"icon icon-marker\" aria-hidden=\"true\">\n\t\t\t\t\t<use xlink:href=\"https:\/\/www.tourisme-carcassonne.fr\/assets\/themes\/faire-savoir\/icons\/sprite.svg#marker\"><\/use>\n\t\t\t\t<\/svg>\n\t\t\t\tCARCASSONNE\t\t\t<\/div>\n\t\t\n\t\t<h3 class=\"titre\"><a href=\"https:\/\/www.tourisme-carcassonne.fr\/de\/restaurant\/le-37\/\"  target=\"_blank\" class=\"stretched-link\">LE 37<\/a><\/h3>\n\t<\/div>\n<\/div>\n\n\t<\/div><div class=\"el-list\">\n<div class=\"card card--elementor-playlist\" data-id=\"20964\" data-post-id-sync-map=\"20964\" data-tis=\"offre\" data-structure=\"1-33-\" data-syndication=\"2-3-13282-\" data-offre=\"40-RESLAR011V50C16J-\" >\n\t<div class=\"card__vignette\">\n\t\t<img decoding=\"async\" src=\"https:\/\/cdt11.media.tourinsoft.eu\/upload\/Brasserie-a-4Temps.jpg?width=370&height=200&crop=1\" alt=\"Brasserie \u00e0 4Temps - 1\" title=\"BRASSERIE \u00c0 4 TEMPS\">\n\t<\/div>\n\n\t<div class=\"card__body\">\n\t\t\t\t\t<div class=\"commune\">\n\t\t\t\t<svg class=\"icon icon-marker\" aria-hidden=\"true\">\n\t\t\t\t\t<use xlink:href=\"https:\/\/www.tourisme-carcassonne.fr\/assets\/themes\/faire-savoir\/icons\/sprite.svg#marker\"><\/use>\n\t\t\t\t<\/svg>\n\t\t\t\tCARCASSONNE - BASTIDE\t\t\t<\/div>\n\t\t\n\t\t<h3 class=\"titre\"><a href=\"https:\/\/www.tourisme-carcassonne.fr\/de\/restaurant\/brasserie-a-4-temps\/\"  target=\"_blank\" class=\"stretched-link\">BRASSERIE \u00c0 4 TEMPS<\/a><\/h3>\n\t<\/div>\n<\/div>\n\n\t<\/div><div class=\"el-list\">\n<div class=\"card card--elementor-playlist\" data-id=\"14342\" data-post-id-sync-map=\"14342\" data-tis=\"offre\" data-structure=\"1-33-\" data-syndication=\"2-3-13282-\" data-offre=\"40-RESLAR011V50FQC3-\" >\n\t<div class=\"card__vignette\">\n\t\t<img decoding=\"async\" src=\"https:\/\/cdt11.media.tourinsoft.eu\/upload\/LEBRISTOL6.jpg?width=370&height=200&crop=1\" alt=\"LEBRISTOL6\" title=\"LE BRISTOL\">\n\t<\/div>\n\n\t<div class=\"card__body\">\n\t\t\t\t\t<div class=\"commune\">\n\t\t\t\t<svg class=\"icon icon-marker\" aria-hidden=\"true\">\n\t\t\t\t\t<use xlink:href=\"https:\/\/www.tourisme-carcassonne.fr\/assets\/themes\/faire-savoir\/icons\/sprite.svg#marker\"><\/use>\n\t\t\t\t<\/svg>\n\t\t\t\tCARCASSONNE - BASTIDE\t\t\t<\/div>\n\t\t\n\t\t<h3 class=\"titre\"><a href=\"https:\/\/www.tourisme-carcassonne.fr\/de\/restaurant\/la-saquette-by-fred-du-bristol\/\"  target=\"_blank\" class=\"stretched-link\">LA SAQUETTE BY FRED DU BRISTOL<\/a><\/h3>\n\t<\/div>\n<\/div>\n\n\t<\/div><div class=\"el-list\">\n<div class=\"card card--elementor-playlist\" data-id=\"14587\" data-post-id-sync-map=\"14587\" data-tis=\"offre\" data-structure=\"1-33-\" data-syndication=\"2-3-13282-\" data-offre=\"40-RESLAR011V50JH8H-\" >\n\t<div class=\"card__vignette\">\n\t\t<img decoding=\"async\" src=\"https:\/\/cdt11.media.tourinsoft.eu\/upload\/rive-belle1.jpg?width=370&height=200&crop=1\" alt=\"RIVE BELLE\" title=\"RIVE BELLE\">\n\t<\/div>\n\n\t<div class=\"card__body\">\n\t\t\t\t\t<div class=\"commune\">\n\t\t\t\t<svg class=\"icon icon-marker\" aria-hidden=\"true\">\n\t\t\t\t\t<use xlink:href=\"https:\/\/www.tourisme-carcassonne.fr\/assets\/themes\/faire-savoir\/icons\/sprite.svg#marker\"><\/use>\n\t\t\t\t<\/svg>\n\t\t\t\tCARCASSONNE\t\t\t<\/div>\n\t\t\n\t\t<h3 class=\"titre\"><a href=\"https:\/\/www.tourisme-carcassonne.fr\/de\/restaurant\/la-rive-belle\/\"  target=\"_blank\" class=\"stretched-link\">LA RIVE BELLE<\/a><\/h3>\n\t<\/div>\n<\/div>\n\n\t<\/div><div class=\"el-list\">\n<div class=\"card card--elementor-playlist\" data-id=\"13975\" data-post-id-sync-map=\"13975\" data-tis=\"offre\" data-structure=\"1-33-\" data-syndication=\"2-3-13276-\" data-offre=\"10-HCOLLLAR011V50RGHL-\" >\n\t<div class=\"card__vignette\">\n\t\t<img decoding=\"async\" src=\"https:\/\/cdt11.media.tourinsoft.eu\/upload\/DSC-6263.jpg?width=370&height=200&crop=1\" alt=\"DSC_6263\" title=\"Ludo Charles \">\n\t<\/div>\n\n\t<div class=\"card__body\">\n\t\t\t\t\t<div class=\"commune\">\n\t\t\t\t<svg class=\"icon icon-marker\" aria-hidden=\"true\">\n\t\t\t\t\t<use xlink:href=\"https:\/\/www.tourisme-carcassonne.fr\/assets\/themes\/faire-savoir\/icons\/sprite.svg#marker\"><\/use>\n\t\t\t\t<\/svg>\n\t\t\t\tCARCASSONNE - BASTIDE\t\t\t<\/div>\n\t\t\n\t\t<h3 class=\"titre\"><a href=\"https:\/\/www.tourisme-carcassonne.fr\/de\/unterkunft\/hostel-le-couvent\/\"  target=\"_blank\" class=\"stretched-link\">HOSTEL LE COUVENT<\/a><\/h3>\n\t<\/div>\n<\/div>\n\n\t<\/div><div class=\"el-list\">\n<div class=\"card card--elementor-playlist\" data-id=\"56576\" data-post-id-sync-map=\"56576\" data-tis=\"offre\" data-structure=\"1-33-\" data-syndication=\"2-3-13276-\" data-offre=\"10-HCOLLLAR01100001-\" >\n\t<div class=\"card__vignette\">\n\t\t<img decoding=\"async\" src=\"https:\/\/cdt11.media.tourinsoft.eu\/upload\/-Auberge-de-jeunesse--2-.jpg?width=370&height=200&crop=1\" alt=\"-Auberge-de-jeunesse--2-\" title=\"AUBERGE DE JEUNESSE DE CARCASSONNE\">\n\t<\/div>\n\n\t<div class=\"card__body\">\n\t\t\t\t\t<div class=\"commune\">\n\t\t\t\t<svg class=\"icon icon-marker\" aria-hidden=\"true\">\n\t\t\t\t\t<use xlink:href=\"https:\/\/www.tourisme-carcassonne.fr\/assets\/themes\/faire-savoir\/icons\/sprite.svg#marker\"><\/use>\n\t\t\t\t<\/svg>\n\t\t\t\tCARCASSONNE - CITE MEDIEVALE\t\t\t<\/div>\n\t\t\n\t\t<h3 class=\"titre\"><a href=\"https:\/\/www.tourisme-carcassonne.fr\/de\/unterkunft\/auberge-de-jeunesse-de-carcassonne\/\"  target=\"_blank\" class=\"stretched-link\">AUBERGE DE JEUNESSE DE CARCASSONNE<\/a><\/h3>\n\t<\/div>\n<\/div>\n\n\t<\/div><div class=\"el-list\">\n<div class=\"card card--elementor-playlist\" data-id=\"12649\" data-post-id-sync-map=\"12649\" data-tis=\"offre\" data-structure=\"1-33-\" data-syndication=\"2-3-13276-\" data-offre=\"18-RETOULAR0110000A-\" >\n\t<div class=\"card__vignette\">\n\t\t<img decoding=\"async\" src=\"https:\/\/cdt11.media.tourinsoft.eu\/upload\/3-273.jpg?width=370&height=200&crop=1\" alt=\"Sans titre - 3\" title=\"CERISE CARCASSONNE SUD\">\n\t<\/div>\n\n\t<div class=\"card__body\">\n\t\t\t\t\t<div class=\"commune\">\n\t\t\t\t<svg class=\"icon icon-marker\" aria-hidden=\"true\">\n\t\t\t\t\t<use xlink:href=\"https:\/\/www.tourisme-carcassonne.fr\/assets\/themes\/faire-savoir\/icons\/sprite.svg#marker\"><\/use>\n\t\t\t\t<\/svg>\n\t\t\t\tCARCASSONNE\t\t\t<\/div>\n\t\t\n\t\t<h3 class=\"titre\"><a href=\"https:\/\/www.tourisme-carcassonne.fr\/de\/unterkunft\/cerise-carcassonne-sud\/\"  target=\"_blank\" class=\"stretched-link\">CERISE CARCASSONNE SUD<\/a><\/h3>\n\t<\/div>\n<\/div>\n\n\t<\/div><div class=\"el-list\">\n<div class=\"card card--elementor-playlist\" data-id=\"12619\" data-post-id-sync-map=\"12619\" data-tis=\"offre\" data-structure=\"1-33-\" data-syndication=\"2-3-13276-\" data-offre=\"20-HOTLAR011FS000B5-\" >\n\t<div class=\"card__vignette\">\n\t\t<img decoding=\"async\" src=\"https:\/\/cdt11.media.tourinsoft.eu\/upload\/AU-ROYAL-HOTEL.jpg?width=370&height=200&crop=1\" alt=\"AU ROYAL HOTEL\" title=\"AU ROYAL HOTEL\">\n\t<\/div>\n\n\t<div class=\"card__body\">\n\t\t\t\t\t<div class=\"commune\">\n\t\t\t\t<svg class=\"icon icon-marker\" aria-hidden=\"true\">\n\t\t\t\t\t<use xlink:href=\"https:\/\/www.tourisme-carcassonne.fr\/assets\/themes\/faire-savoir\/icons\/sprite.svg#marker\"><\/use>\n\t\t\t\t<\/svg>\n\t\t\t\tCARCASSONNE\t\t\t<\/div>\n\t\t\n\t\t<h3 class=\"titre\"><a href=\"https:\/\/www.tourisme-carcassonne.fr\/de\/unterkunft\/au-royal-hotel\/\"  target=\"_blank\" class=\"stretched-link\">AU ROYAL HOTEL<\/a><\/h3>\n\t<\/div>\n<\/div>\n\n\t<\/div><div class=\"el-list\">\n<div class=\"card card--elementor-playlist\" data-id=\"12625\" data-post-id-sync-map=\"12625\" data-tis=\"offre\" data-structure=\"1-33-\" data-syndication=\"2-3-13276-\" data-offre=\"20-HOTLAR011FS000BB-\" >\n\t<div class=\"card__vignette\">\n\t\t<img decoding=\"async\" src=\"https:\/\/cdt11.media.tourinsoft.eu\/upload\/HOTEL-ASTORIA--3-.jpg?width=370&height=200&crop=1\" alt=\"H\u00d4TEL ASTORIA (3)\" title=\"HOTEL ASTORIA\">\n\t<\/div>\n\n\t<div class=\"card__body\">\n\t\t\t\t\t<div class=\"commune\">\n\t\t\t\t<svg class=\"icon icon-marker\" aria-hidden=\"true\">\n\t\t\t\t\t<use xlink:href=\"https:\/\/www.tourisme-carcassonne.fr\/assets\/themes\/faire-savoir\/icons\/sprite.svg#marker\"><\/use>\n\t\t\t\t<\/svg>\n\t\t\t\tCARCASSONNE\t\t\t<\/div>\n\t\t\n\t\t<h3 class=\"titre\"><a href=\"https:\/\/www.tourisme-carcassonne.fr\/de\/unterkunft\/hotel-astoria\/\"  target=\"_blank\" class=\"stretched-link\">HOTEL ASTORIA<\/a><\/h3>\n\t<\/div>\n<\/div>\n\n\t<\/div><div class=\"el-list\">\n<div class=\"card card--elementor-playlist\" data-id=\"12618\" data-post-id-sync-map=\"12618\" data-tis=\"offre\" data-structure=\"1-33-\" data-syndication=\"2-3-13276-\" data-offre=\"20-HOTLAR011FS000B4-\" >\n\t<div class=\"card__vignette\">\n\t\t<img decoding=\"async\" src=\"https:\/\/cdt11.media.tourinsoft.eu\/upload\/chambre-double-privilege-5.jpg?width=370&height=200&crop=1\" alt=\"HOTEL DU PONT VIEUX\" title=\"HOTEL DU PONT VIEUX\">\n\t<\/div>\n\n\t<div class=\"card__body\">\n\t\t\t\t\t<div class=\"commune\">\n\t\t\t\t<svg class=\"icon icon-marker\" aria-hidden=\"true\">\n\t\t\t\t\t<use xlink:href=\"https:\/\/www.tourisme-carcassonne.fr\/assets\/themes\/faire-savoir\/icons\/sprite.svg#marker\"><\/use>\n\t\t\t\t<\/svg>\n\t\t\t\tCARCASSONNE\t\t\t<\/div>\n\t\t\n\t\t<h3 class=\"titre\"><a href=\"https:\/\/www.tourisme-carcassonne.fr\/de\/unterkunft\/hotel-du-pont-vieux\/\"  target=\"_blank\" class=\"stretched-link\">HOTEL DU PONT VIEUX<\/a><\/h3>\n\t<\/div>\n<\/div>\n\n\t<\/div><div class=\"el-list\">\n<div class=\"card card--elementor-playlist\" data-id=\"12642\" data-post-id-sync-map=\"12642\" data-tis=\"offre\" data-structure=\"1-33-\" data-syndication=\"2-3-13276-\" data-offre=\"20-HOTLAR011FS000FW-\" >\n\t<div class=\"card__vignette\">\n\t\t<img decoding=\"async\" src=\"https:\/\/cdt11.media.tourinsoft.eu\/upload\/pontrougecarca-40.jpg?width=370&height=200&crop=1\" alt=\"pontrougecarca-40\" title=\"THE ORIGINALS HOTEL PONT ROUGE\">\n\t<\/div>\n\n\t<div class=\"card__body\">\n\t\t\t\t\t<div class=\"commune\">\n\t\t\t\t<svg class=\"icon icon-marker\" aria-hidden=\"true\">\n\t\t\t\t\t<use xlink:href=\"https:\/\/www.tourisme-carcassonne.fr\/assets\/themes\/faire-savoir\/icons\/sprite.svg#marker\"><\/use>\n\t\t\t\t<\/svg>\n\t\t\t\tCARCASSONNE\t\t\t<\/div>\n\t\t\n\t\t<h3 class=\"titre\"><a href=\"https:\/\/www.tourisme-carcassonne.fr\/de\/unterkunft\/the-originals-hotel-pont-rouge\/\"  target=\"_blank\" class=\"stretched-link\">THE ORIGINALS HOTEL PONT ROUGE<\/a><\/h3>\n\t<\/div>\n<\/div>\n\n\t<\/div><div class=\"el-list\">\n<div class=\"card card--elementor-playlist\" data-id=\"38709\" data-post-id-sync-map=\"38709\" data-tis=\"offre\" data-structure=\"1-33-\" data-syndication=\"2-3-13276-\" data-offre=\"17-HLOLAR011FS0007G-\" >\n\t<div class=\"card__vignette\">\n\t\t<img decoding=\"async\" src=\"https:\/\/cdt11.media.tourinsoft.eu\/upload\/PENICHE-LE-MIRAGE--12-.jpg?width=370&height=200&crop=1\" alt=\"PENICHE LE MIRAGE\" title=\"@P\u00e9niche Mirage (Mai 2018)\">\n\t<\/div>\n\n\t<div class=\"card__body\">\n\t\t\t\t\t<div class=\"commune\">\n\t\t\t\t<svg class=\"icon icon-marker\" aria-hidden=\"true\">\n\t\t\t\t\t<use xlink:href=\"https:\/\/www.tourisme-carcassonne.fr\/assets\/themes\/faire-savoir\/icons\/sprite.svg#marker\"><\/use>\n\t\t\t\t<\/svg>\n\t\t\t\tCARCASSONNE\t\t\t<\/div>\n\t\t\n\t\t<h3 class=\"titre\"><a href=\"https:\/\/www.tourisme-carcassonne.fr\/de\/unterkunft\/peniche-mirage\/\"  target=\"_blank\" class=\"stretched-link\">P\u00c9NICHE MIRAGE<\/a><\/h3>\n\t<\/div>\n<\/div>\n\n\t<\/div><div class=\"el-list\">\n<div class=\"card card--elementor-playlist\" data-id=\"14177\" data-post-id-sync-map=\"14177\" data-tis=\"offre\" data-structure=\"1-33-\" data-syndication=\"2-3-13276-\" data-offre=\"17-HLOLAR011V50JV56-\" >\n\t<div class=\"card__vignette\">\n\t\t<img decoding=\"async\" src=\"https:\/\/cdt11.media.tourinsoft.eu\/upload\/LA-COUR-CARREE.JPG?width=370&height=200&crop=1\" alt=\"LA COUR CARREE\" title=\"LA COUR CARR\u00c9E\">\n\t<\/div>\n\n\t<div class=\"card__body\">\n\t\t\t\t\t<div class=\"commune\">\n\t\t\t\t<svg class=\"icon icon-marker\" aria-hidden=\"true\">\n\t\t\t\t\t<use xlink:href=\"https:\/\/www.tourisme-carcassonne.fr\/assets\/themes\/faire-savoir\/icons\/sprite.svg#marker\"><\/use>\n\t\t\t\t<\/svg>\n\t\t\t\tCARCASSONNE - BASTIDE\t\t\t<\/div>\n\t\t\n\t\t<h3 class=\"titre\"><a href=\"https:\/\/www.tourisme-carcassonne.fr\/de\/unterkunft\/la-cour-carree\/\"  target=\"_blank\" class=\"stretched-link\">LA COUR CARR\u00c9E<\/a><\/h3>\n\t<\/div>\n<\/div>\n\n\t<\/div><div class=\"el-list\">\n<div class=\"card card--elementor-playlist\" data-id=\"14165\" data-post-id-sync-map=\"14165\" data-tis=\"offre\" data-structure=\"1-33-\" data-syndication=\"2-3-13276-\" data-offre=\"17-HLOLAR011V5006XM-\" >\n\t<div class=\"card__vignette\">\n\t\t<img decoding=\"async\" src=\"https:\/\/cdt11.media.tourinsoft.eu\/upload\/00-Entre-Bastide-et-Cite-Cabardes.jpg?width=370&height=200&crop=1\" alt=\"00 Entre Bastide et Cit\u00e9 Cabard\u00e8s\" title=\"Entre Bastide et Cit\u00e9\">\n\t<\/div>\n\n\t<div class=\"card__body\">\n\t\t\t\t\t<div class=\"commune\">\n\t\t\t\t<svg class=\"icon icon-marker\" aria-hidden=\"true\">\n\t\t\t\t\t<use xlink:href=\"https:\/\/www.tourisme-carcassonne.fr\/assets\/themes\/faire-savoir\/icons\/sprite.svg#marker\"><\/use>\n\t\t\t\t<\/svg>\n\t\t\t\tCARCASSONNE - BASTIDE\t\t\t<\/div>\n\t\t\n\t\t<h3 class=\"titre\"><a href=\"https:\/\/www.tourisme-carcassonne.fr\/de\/unterkunft\/entre-bastide-et-cite\/\"  target=\"_blank\" class=\"stretched-link\">ENTRE BASTIDE ET CIT\u00c9<\/a><\/h3>\n\t<\/div>\n<\/div>\n\n\t<\/div><div class=\"el-list\">\n<div class=\"card card--elementor-playlist\" data-id=\"28083\" data-post-id-sync-map=\"28083\" data-tis=\"offre\" data-structure=\"1-33-\" data-syndication=\"2-3-13276-\" data-offre=\"17-HLOLAR011V50TFIT-\" >\n\t<div class=\"card__vignette\">\n\t\t<img decoding=\"async\" src=\"https:\/\/cdt11.media.tourinsoft.eu\/upload\/IMG-20210622-WA0002.jpg?width=370&height=200&crop=1\" alt=\"LE SELAMAT\" title=\"Mme Convers\">\n\t<\/div>\n\n\t<div class=\"card__body\">\n\t\t\t\t\t<div class=\"commune\">\n\t\t\t\t<svg class=\"icon icon-marker\" aria-hidden=\"true\">\n\t\t\t\t\t<use xlink:href=\"https:\/\/www.tourisme-carcassonne.fr\/assets\/themes\/faire-savoir\/icons\/sprite.svg#marker\"><\/use>\n\t\t\t\t<\/svg>\n\t\t\t\tCARCASSONNE - BASTIDE\t\t\t<\/div>\n\t\t\n\t\t<h3 class=\"titre\"><a href=\"https:\/\/www.tourisme-carcassonne.fr\/de\/unterkunft\/le-selamat\/\"  target=\"_blank\" class=\"stretched-link\">LE SELAMAT<\/a><\/h3>\n\t<\/div>\n<\/div>\n\n\t<\/div><div class=\"el-list\">\n<div class=\"card card--elementor-playlist\" data-id=\"14180\" data-post-id-sync-map=\"14180\" data-tis=\"offre\" data-structure=\"1-33-\" data-syndication=\"2-3-13276-\" data-offre=\"17-HLOLAR011V50U1S0-\" >\n\t<div class=\"card__vignette\">\n\t\t<img decoding=\"async\" src=\"https:\/\/cdt11.media.tourinsoft.eu\/upload\/1Le-9-de-cour.jpg?width=370&height=200&crop=1\" alt=\"1Le 9 de cour\" title=\"Le 9 de cour\">\n\t<\/div>\n\n\t<div class=\"card__body\">\n\t\t\t\t\t<div class=\"commune\">\n\t\t\t\t<svg class=\"icon icon-marker\" aria-hidden=\"true\">\n\t\t\t\t\t<use xlink:href=\"https:\/\/www.tourisme-carcassonne.fr\/assets\/themes\/faire-savoir\/icons\/sprite.svg#marker\"><\/use>\n\t\t\t\t<\/svg>\n\t\t\t\tCARCASSONNE - BASTIDE\t\t\t<\/div>\n\t\t\n\t\t<h3 class=\"titre\"><a href=\"https:\/\/www.tourisme-carcassonne.fr\/de\/unterkunft\/le-9-de-cour\/\"  target=\"_blank\" class=\"stretched-link\">LE 9 DE COUR<\/a><\/h3>\n\t<\/div>\n<\/div>\n\n\t<\/div><div class=\"el-list\">\n<div class=\"card card--elementor-playlist\" data-id=\"13976\" data-post-id-sync-map=\"13976\" data-tis=\"offre\" data-structure=\"1-33-\" data-syndication=\"2-3-13276-\" data-offre=\"10-HCOLLLAR011V50VBIY-\" >\n\t<div class=\"card__vignette\">\n\t\t<img decoding=\"async\" src=\"https:\/\/cdt11.media.tourinsoft.eu\/upload\/LAMOURELLE-EXT.JPG?width=370&height=200&crop=1\" alt=\"LAMOURELLE EXT\" title=\"U. Redon\">\n\t<\/div>\n\n\t<div class=\"card__body\">\n\t\t\t\t\t<div class=\"commune\">\n\t\t\t\t<svg class=\"icon icon-marker\" aria-hidden=\"true\">\n\t\t\t\t\t<use xlink:href=\"https:\/\/www.tourisme-carcassonne.fr\/assets\/themes\/faire-savoir\/icons\/sprite.svg#marker\"><\/use>\n\t\t\t\t<\/svg>\n\t\t\t\tCARCASSONNE\t\t\t<\/div>\n\t\t\n\t\t<h3 class=\"titre\"><a href=\"https:\/\/www.tourisme-carcassonne.fr\/de\/unterkunft\/lamourelle-mitte-bleiben\/\"  target=\"_blank\" class=\"stretched-link\">LAMOURELLE MITTE BLEIBEN<\/a><\/h3>\n\t<\/div>\n<\/div>\n\n\t<\/div><div class=\"el-list\">\n<div class=\"card card--elementor-playlist\" data-id=\"30477\" data-post-id-sync-map=\"30477\" data-tis=\"offre\" data-structure=\"1-33-\" data-syndication=\"2-3-13276-\" data-offre=\"17-HLOLAR011V501FAG-\" >\n\t<div class=\"card__vignette\">\n\t\t<img decoding=\"async\" src=\"https:\/\/cdt11.media.tourinsoft.eu\/upload\/PRESBYETRE-EXT-A-2.jpg?width=370&height=200&crop=1\" alt=\"PRESBYETRE-EXT-A\" title=\"DOMAINE DU PRIEUR\u00c9 - GITE LE PRESBYTERE\">\n\t<\/div>\n\n\t<div class=\"card__body\">\n\t\t\t\t\t<div class=\"commune\">\n\t\t\t\t<svg class=\"icon icon-marker\" aria-hidden=\"true\">\n\t\t\t\t\t<use xlink:href=\"https:\/\/www.tourisme-carcassonne.fr\/assets\/themes\/faire-savoir\/icons\/sprite.svg#marker\"><\/use>\n\t\t\t\t<\/svg>\n\t\t\t\tCARCASSONNE\t\t\t<\/div>\n\t\t\n\t\t<h3 class=\"titre\"><a href=\"https:\/\/www.tourisme-carcassonne.fr\/de\/unterkunft\/domaine-du-prieure-gite-le-presbytere\/\"  target=\"_blank\" class=\"stretched-link\">DOMAINE DU PRIEUR\u00c9 - GITE LE PRESBYTERE<\/a><\/h3>\n\t<\/div>\n<\/div>\n\n\t<\/div><\/div><\/div>\t\t\t\t<\/div>\n\t\t\t\t<\/div>\n\t\t\t\t\t<\/div>\n\t\t<\/div>\n\t\t\t\t\t<\/div>\n\t\t<\/section>\n\t\t\t\t<section class=\"elementor-section elementor-top-section elementor-element elementor-element-72da5c75 elementor-fs-modele-photo50-texte50 elementor-section-boxed elementor-section-height-default elementor-section-height-default\" data-id=\"72da5c75\" data-element_type=\"section\" data-e-type=\"section\">\n\t\t\t\t\t\t<div class=\"elementor-container elementor-column-gap-no\">\n\t\t\t\t\t<div class=\"elementor-column elementor-col-50 elementor-top-column elementor-element elementor-element-6ef21788 fs-photo\" data-id=\"6ef21788\" data-element_type=\"column\" data-e-type=\"column\">\n\t\t\t<div class=\"elementor-widget-wrap elementor-element-populated\">\n\t\t\t\t\t\t<div class=\"elementor-element elementor-element-5e50c071 elementor-widget elementor-widget-image\" data-id=\"5e50c071\" data-element_type=\"widget\" data-e-type=\"widget\" data-widget_type=\"image.default\">\n\t\t\t\t<div class=\"elementor-widget-container\">\n\t\t\t\t\t\t\t\t\t\t\t\t<figure class=\"wp-caption\">\n\t\t\t\t\t\t\t\t\t\t<img decoding=\"async\" width=\"1170\" height=\"879\" src=\"https:\/\/www.tourisme-carcassonne.fr\/assets\/uploads\/2022\/03\/img-20210701-102158-1170x879.jpg\" class=\"attachment-large size-large wp-image-11815\" alt=\"\" srcset=\"https:\/\/www.tourisme-carcassonne.fr\/assets\/uploads\/2022\/03\/img-20210701-102158-1170x879.jpg 1170w, https:\/\/www.tourisme-carcassonne.fr\/assets\/uploads\/2022\/03\/img-20210701-102158-570x428.jpg 570w, https:\/\/www.tourisme-carcassonne.fr\/assets\/uploads\/2022\/03\/img-20210701-102158-370x278.jpg 370w, https:\/\/www.tourisme-carcassonne.fr\/assets\/uploads\/2022\/03\/img-20210701-102158-768x577.jpg 768w, https:\/\/www.tourisme-carcassonne.fr\/assets\/uploads\/2022\/03\/img-20210701-102158-1536x1154.jpg 1536w, https:\/\/www.tourisme-carcassonne.fr\/assets\/uploads\/2022\/03\/img-20210701-102158-scaled.jpg 2048w\" sizes=\"(max-width: 1170px) 100vw, 1170px\" \/>\t\t\t\t\t\t\t\t\t\t\t<figcaption class=\"widget-image-caption wp-caption-text\"><\/figcaption>\n\t\t\t\t\t\t\t\t\t\t<\/figure>\n\t\t\t\t\t\t\t\t\t<\/div>\n\t\t\t\t<\/div>\n\t\t\t\t\t<\/div>\n\t\t<\/div>\n\t\t\t\t<div class=\"elementor-column elementor-col-50 elementor-top-column elementor-element elementor-element-4c30d3d4 fs-texte\" data-id=\"4c30d3d4\" data-element_type=\"column\" data-e-type=\"column\">\n\t\t\t<div class=\"elementor-widget-wrap elementor-element-populated\">\n\t\t\t\t\t\t<div class=\"elementor-element elementor-element-5d8742dc elementor-widget elementor-widget-text-editor\" data-id=\"5d8742dc\" data-element_type=\"widget\" data-e-type=\"widget\" data-widget_type=\"text-editor.default\">\n\t\t\t\t<div class=\"elementor-widget-container\">\n\t\t\t\t\t\t\t\t\t<h1>Eine kostenlose Anwendung<\/h1><h2>Carcassonne Interactive<\/h2><p>Entdecken Sie Carcassonne mit Wanderungen, Joggingrouten und VTC-Routen (Mountainbike). Aber auch mehr von der Aude entdecken mit Rennradtouren von \u00fcber 130 km f\u00fcr die Spezialisten.<\/p><ol><li>\u00dcber den <a href=\"https:\/\/apps.apple.com\/us\/app\/carcassonne-interactive\/id1520571941?mt=8&amp;ign-mpt=uo%3D4\" target=\"_blank\" rel=\"noopener\">App Store\u00a0<\/a>herunterladen<\/li><li>\u00dcber den <a href=\"https:\/\/play.google.com\/store\/apps\/details?id=com.adel.krkinter&amp;hl=fr\" target=\"_blank\" rel=\"noopener\">Google Play<\/a> herunterladen<\/li><\/ol><ul><li>Sobald Sie die App heruntergeladen haben, m\u00fcssen Sie vor Ort sein, um jede Aktivit\u00e4t zu beginnen.<\/li><\/ul>\t\t\t\t\t\t\t\t<\/div>\n\t\t\t\t<\/div>\n\t\t\t\t<div class=\"elementor-element elementor-element-66088de8 elementor-widget elementor-widget-button\" data-id=\"66088de8\" data-element_type=\"widget\" data-e-type=\"widget\" data-widget_type=\"button.default\">\n\t\t\t\t<div class=\"elementor-widget-container\">\n\t\t\t\t\t\t\t\t\t<div class=\"elementor-button-wrapper\">\n\t\t\t\t\t<a class=\"elementor-button elementor-button-link elementor-size-sm\" href=\"https:\/\/apps.apple.com\/us\/app\/carcassonne-interactive\/id1520571941?mt=8&#038;ign-mpt=uo%3D4\" target=\"_blank\">\n\t\t\t\t\t\t<span class=\"elementor-button-content-wrapper\">\n\t\t\t\t\t\t<span class=\"elementor-button-icon\">\n\t\t\t\t<i aria-hidden=\"true\" class=\"fab fa-app-store-ios\"><\/i>\t\t\t<\/span>\n\t\t\t\t\t\t\t\t\t<span class=\"elementor-button-text\">App Store<\/span>\n\t\t\t\t\t<\/span>\n\t\t\t\t\t<\/a>\n\t\t\t\t<\/div>\n\t\t\t\t\t\t\t\t<\/div>\n\t\t\t\t<\/div>\n\t\t\t\t<div class=\"elementor-element elementor-element-5ba9efad elementor-widget elementor-widget-button\" data-id=\"5ba9efad\" data-element_type=\"widget\" data-e-type=\"widget\" data-widget_type=\"button.default\">\n\t\t\t\t<div class=\"elementor-widget-container\">\n\t\t\t\t\t\t\t\t\t<div class=\"elementor-button-wrapper\">\n\t\t\t\t\t<a class=\"elementor-button elementor-button-link elementor-size-sm\" href=\"https:\/\/play.google.com\/store\/apps\/details?id=com.adel.krkinter&#038;hl=fr&#038;showAllReviews=true\" target=\"_blank\">\n\t\t\t\t\t\t<span class=\"elementor-button-content-wrapper\">\n\t\t\t\t\t\t<span class=\"elementor-button-icon\">\n\t\t\t\t<i aria-hidden=\"true\" class=\"fab fa-google-play\"><\/i>\t\t\t<\/span>\n\t\t\t\t\t\t\t\t\t<span class=\"elementor-button-text\">Google Play<\/span>\n\t\t\t\t\t<\/span>\n\t\t\t\t\t<\/a>\n\t\t\t\t<\/div>\n\t\t\t\t\t\t\t\t<\/div>\n\t\t\t\t<\/div>\n\t\t\t\t\t<\/div>\n\t\t<\/div>\n\t\t\t\t\t<\/div>\n\t\t<\/section>\n\t\t\t\t<\/div>\n\t\t","protected":false},"excerpt":{"rendered":"<p>Carcassonne mit dem Fahrrad entdecken Das Fahrrad ist zu einem unverzichtbaren Transportmittel f\u00fcr den Urlaub geworden. Das Fahrrad ist praktisch und angenehm zugleich und erm\u00f6glicht es Ihnen, sich die Zeit zu nehmen, um mit der Familie oder Freunden das Kulturerbe und die Landschaften eines Reiseziels zu entdecken. Radfahren, das Kulturerbe, die Landschaften, die Begegnungen&#8230; Slow [&hellip;]<\/p>\n","protected":false},"author":3,"featured_media":36231,"parent":13363,"menu_order":6,"comment_status":"closed","ping_status":"closed","template":"templates\/edito.php","meta":{"_acf_changed":false,"footnotes":""},"class_list":["post-13462","page","type-page","status-publish","has-post-thumbnail","hentry"],"acf":[],"yoast_head":"<!-- This site is optimized with the Yoast SEO plugin v27.1.1 - https:\/\/yoast.com\/product\/yoast-seo-wordpress\/ -->\n<title>entdecken Mit dem Fahrrad - Office de tourisme de Carcassonne<\/title>\n<meta name=\"robots\" content=\"index, follow, max-snippet:-1, max-image-preview:large, max-video-preview:-1\" \/>\n<link rel=\"canonical\" href=\"https:\/\/www.tourisme-carcassonne.fr\/de\/praktik\/entdecken-mit-dem-fahrrad\/\" \/>\n<meta property=\"og:locale\" content=\"de_DE\" \/>\n<meta property=\"og:type\" content=\"article\" \/>\n<meta property=\"og:title\" content=\"entdecken Mit dem Fahrrad - Office de tourisme de Carcassonne\" \/>\n<meta property=\"og:description\" content=\"Carcassonne mit dem Fahrrad entdecken Das Fahrrad ist zu einem unverzichtbaren Transportmittel f\u00fcr den Urlaub geworden. Das Fahrrad ist praktisch und angenehm zugleich und erm\u00f6glicht es Ihnen, sich die Zeit zu nehmen, um mit der Familie oder Freunden das Kulturerbe und die Landschaften eines Reiseziels zu entdecken. Radfahren, das Kulturerbe, die Landschaften, die Begegnungen&#8230; Slow [&hellip;]\" \/>\n<meta property=\"og:url\" content=\"https:\/\/www.tourisme-carcassonne.fr\/de\/praktik\/entdecken-mit-dem-fahrrad\/\" \/>\n<meta property=\"og:site_name\" content=\"Office de tourisme de Carcassonne\" \/>\n<meta property=\"article:publisher\" content=\"https:\/\/www.facebook.com\/tourismecarcassonne\/\" \/>\n<meta property=\"article:modified_time\" content=\"2022-11-23T16:32:28+00:00\" \/>\n<meta property=\"og:image\" content=\"https:\/\/www.tourisme-carcassonne.fr\/assets\/uploads\/2022\/01\/balade-a-velovincent-photographie-scaled.jpg\" \/>\n\t<meta property=\"og:image:width\" content=\"2048\" \/>\n\t<meta property=\"og:image:height\" content=\"1365\" \/>\n\t<meta property=\"og:image:type\" content=\"image\/jpeg\" \/>\n<meta name=\"twitter:card\" content=\"summary_large_image\" \/>\n<meta name=\"twitter:label1\" content=\"Gesch\u00e4tzte Lesezeit\" \/>\n\t<meta name=\"twitter:data1\" content=\"9\u00a0Minuten\" \/>\n<script type=\"application\/ld+json\" class=\"yoast-schema-graph\">{\"@context\":\"https:\/\/schema.org\",\"@graph\":[{\"@type\":\"WebPage\",\"@id\":\"https:\/\/www.tourisme-carcassonne.fr\/de\/praktik\/entdecken-mit-dem-fahrrad\/\",\"url\":\"https:\/\/www.tourisme-carcassonne.fr\/de\/praktik\/entdecken-mit-dem-fahrrad\/\",\"name\":\"entdecken Mit dem Fahrrad - Office de tourisme de Carcassonne\",\"isPartOf\":{\"@id\":\"https:\/\/www.tourisme-carcassonne.fr\/de\/#website\"},\"primaryImageOfPage\":{\"@id\":\"https:\/\/www.tourisme-carcassonne.fr\/de\/praktik\/entdecken-mit-dem-fahrrad\/#primaryimage\"},\"image\":{\"@id\":\"https:\/\/www.tourisme-carcassonne.fr\/de\/praktik\/entdecken-mit-dem-fahrrad\/#primaryimage\"},\"thumbnailUrl\":\"https:\/\/www.tourisme-carcassonne.fr\/assets\/uploads\/2023\/07\/img-6652-wwwvincentphotographiecom-scaled.jpg\",\"datePublished\":\"2021-11-19T15:50:37+00:00\",\"dateModified\":\"2022-11-23T16:32:28+00:00\",\"breadcrumb\":{\"@id\":\"https:\/\/www.tourisme-carcassonne.fr\/de\/praktik\/entdecken-mit-dem-fahrrad\/#breadcrumb\"},\"inLanguage\":\"de\",\"potentialAction\":[{\"@type\":\"ReadAction\",\"target\":[\"https:\/\/www.tourisme-carcassonne.fr\/de\/praktik\/entdecken-mit-dem-fahrrad\/\"]}]},{\"@type\":\"ImageObject\",\"inLanguage\":\"de\",\"@id\":\"https:\/\/www.tourisme-carcassonne.fr\/de\/praktik\/entdecken-mit-dem-fahrrad\/#primaryimage\",\"url\":\"https:\/\/www.tourisme-carcassonne.fr\/assets\/uploads\/2023\/07\/img-6652-wwwvincentphotographiecom-scaled.jpg\",\"contentUrl\":\"https:\/\/www.tourisme-carcassonne.fr\/assets\/uploads\/2023\/07\/img-6652-wwwvincentphotographiecom-scaled.jpg\",\"width\":2048,\"height\":1365,\"caption\":\"\u00a9 Vincent Photographie - OMT Carcassonne\"},{\"@type\":\"BreadcrumbList\",\"@id\":\"https:\/\/www.tourisme-carcassonne.fr\/de\/praktik\/entdecken-mit-dem-fahrrad\/#breadcrumb\",\"itemListElement\":[{\"@type\":\"ListItem\",\"position\":1,\"name\":\"Accueil\",\"item\":\"https:\/\/www.tourisme-carcassonne.fr\/de\/\"},{\"@type\":\"ListItem\",\"position\":2,\"name\":\"Praktik\",\"item\":\"https:\/\/www.tourisme-carcassonne.fr\/de\/praktik\/\"},{\"@type\":\"ListItem\",\"position\":3,\"name\":\"\u00dcbernachtungsangebot\"},{\"@type\":\"ListItem\",\"position\":4,\"name\":\"entdecken Mit dem Fahrrad\"}]},{\"@type\":\"WebSite\",\"@id\":\"https:\/\/www.tourisme-carcassonne.fr\/de\/#website\",\"url\":\"https:\/\/www.tourisme-carcassonne.fr\/de\/\",\"name\":\"Office de tourisme de Carcassonne\",\"description\":\"\",\"publisher\":{\"@id\":\"https:\/\/www.tourisme-carcassonne.fr\/de\/#organization\"},\"potentialAction\":[{\"@type\":\"SearchAction\",\"target\":{\"@type\":\"EntryPoint\",\"urlTemplate\":\"https:\/\/www.tourisme-carcassonne.fr\/de\/?s={search_term_string}\"},\"query-input\":{\"@type\":\"PropertyValueSpecification\",\"valueRequired\":true,\"valueName\":\"search_term_string\"}}],\"inLanguage\":\"de\"},{\"@type\":\"Organization\",\"@id\":\"https:\/\/www.tourisme-carcassonne.fr\/de\/#organization\",\"name\":\"Office de tourisme de Carcassonne\",\"url\":\"https:\/\/www.tourisme-carcassonne.fr\/de\/\",\"logo\":{\"@type\":\"ImageObject\",\"inLanguage\":\"de\",\"@id\":\"https:\/\/www.tourisme-carcassonne.fr\/de\/#\/schema\/logo\/image\/\",\"url\":\"https:\/\/www.tourisme-carcassonne.fr\/assets\/uploads\/2021\/11\/logo-carcassonne.svg\",\"contentUrl\":\"https:\/\/www.tourisme-carcassonne.fr\/assets\/uploads\/2021\/11\/logo-carcassonne.svg\",\"width\":167,\"height\":49,\"caption\":\"Office de tourisme de Carcassonne\"},\"image\":{\"@id\":\"https:\/\/www.tourisme-carcassonne.fr\/de\/#\/schema\/logo\/image\/\"},\"sameAs\":[\"https:\/\/www.facebook.com\/tourismecarcassonne\/\",\"https:\/\/www.instagram.com\/tourismecarcassonne\/\"]}]}<\/script>\n<!-- \/ Yoast SEO plugin. -->","yoast_head_json":{"title":"entdecken Mit dem Fahrrad - Office de tourisme de Carcassonne","robots":{"index":"index","follow":"follow","max-snippet":"max-snippet:-1","max-image-preview":"max-image-preview:large","max-video-preview":"max-video-preview:-1"},"canonical":"https:\/\/www.tourisme-carcassonne.fr\/de\/praktik\/entdecken-mit-dem-fahrrad\/","og_locale":"de_DE","og_type":"article","og_title":"entdecken Mit dem Fahrrad - Office de tourisme de Carcassonne","og_description":"Carcassonne mit dem Fahrrad entdecken Das Fahrrad ist zu einem unverzichtbaren Transportmittel f\u00fcr den Urlaub geworden. Das Fahrrad ist praktisch und angenehm zugleich und erm\u00f6glicht es Ihnen, sich die Zeit zu nehmen, um mit der Familie oder Freunden das Kulturerbe und die Landschaften eines Reiseziels zu entdecken. Radfahren, das Kulturerbe, die Landschaften, die Begegnungen&#8230; Slow [&hellip;]","og_url":"https:\/\/www.tourisme-carcassonne.fr\/de\/praktik\/entdecken-mit-dem-fahrrad\/","og_site_name":"Office de tourisme de Carcassonne","article_publisher":"https:\/\/www.facebook.com\/tourismecarcassonne\/","article_modified_time":"2022-11-23T16:32:28+00:00","og_image":[{"width":2048,"height":1365,"url":"https:\/\/www.tourisme-carcassonne.fr\/assets\/uploads\/2022\/01\/balade-a-velovincent-photographie-scaled.jpg","type":"image\/jpeg"}],"twitter_card":"summary_large_image","twitter_misc":{"Gesch\u00e4tzte Lesezeit":"9\u00a0Minuten"},"schema":{"@context":"https:\/\/schema.org","@graph":[{"@type":"WebPage","@id":"https:\/\/www.tourisme-carcassonne.fr\/de\/praktik\/entdecken-mit-dem-fahrrad\/","url":"https:\/\/www.tourisme-carcassonne.fr\/de\/praktik\/entdecken-mit-dem-fahrrad\/","name":"entdecken Mit dem Fahrrad - Office de tourisme de Carcassonne","isPartOf":{"@id":"https:\/\/www.tourisme-carcassonne.fr\/de\/#website"},"primaryImageOfPage":{"@id":"https:\/\/www.tourisme-carcassonne.fr\/de\/praktik\/entdecken-mit-dem-fahrrad\/#primaryimage"},"image":{"@id":"https:\/\/www.tourisme-carcassonne.fr\/de\/praktik\/entdecken-mit-dem-fahrrad\/#primaryimage"},"thumbnailUrl":"https:\/\/www.tourisme-carcassonne.fr\/assets\/uploads\/2023\/07\/img-6652-wwwvincentphotographiecom-scaled.jpg","datePublished":"2021-11-19T15:50:37+00:00","dateModified":"2022-11-23T16:32:28+00:00","breadcrumb":{"@id":"https:\/\/www.tourisme-carcassonne.fr\/de\/praktik\/entdecken-mit-dem-fahrrad\/#breadcrumb"},"inLanguage":"de","potentialAction":[{"@type":"ReadAction","target":["https:\/\/www.tourisme-carcassonne.fr\/de\/praktik\/entdecken-mit-dem-fahrrad\/"]}]},{"@type":"ImageObject","inLanguage":"de","@id":"https:\/\/www.tourisme-carcassonne.fr\/de\/praktik\/entdecken-mit-dem-fahrrad\/#primaryimage","url":"https:\/\/www.tourisme-carcassonne.fr\/assets\/uploads\/2023\/07\/img-6652-wwwvincentphotographiecom-scaled.jpg","contentUrl":"https:\/\/www.tourisme-carcassonne.fr\/assets\/uploads\/2023\/07\/img-6652-wwwvincentphotographiecom-scaled.jpg","width":2048,"height":1365,"caption":"\u00a9 Vincent Photographie - OMT Carcassonne"},{"@type":"BreadcrumbList","@id":"https:\/\/www.tourisme-carcassonne.fr\/de\/praktik\/entdecken-mit-dem-fahrrad\/#breadcrumb","itemListElement":[{"@type":"ListItem","position":1,"name":"Accueil","item":"https:\/\/www.tourisme-carcassonne.fr\/de\/"},{"@type":"ListItem","position":2,"name":"Praktik","item":"https:\/\/www.tourisme-carcassonne.fr\/de\/praktik\/"},{"@type":"ListItem","position":3,"name":"\u00dcbernachtungsangebot"},{"@type":"ListItem","position":4,"name":"entdecken Mit dem Fahrrad"}]},{"@type":"WebSite","@id":"https:\/\/www.tourisme-carcassonne.fr\/de\/#website","url":"https:\/\/www.tourisme-carcassonne.fr\/de\/","name":"Office de tourisme de Carcassonne","description":"","publisher":{"@id":"https:\/\/www.tourisme-carcassonne.fr\/de\/#organization"},"potentialAction":[{"@type":"SearchAction","target":{"@type":"EntryPoint","urlTemplate":"https:\/\/www.tourisme-carcassonne.fr\/de\/?s={search_term_string}"},"query-input":{"@type":"PropertyValueSpecification","valueRequired":true,"valueName":"search_term_string"}}],"inLanguage":"de"},{"@type":"Organization","@id":"https:\/\/www.tourisme-carcassonne.fr\/de\/#organization","name":"Office de tourisme de Carcassonne","url":"https:\/\/www.tourisme-carcassonne.fr\/de\/","logo":{"@type":"ImageObject","inLanguage":"de","@id":"https:\/\/www.tourisme-carcassonne.fr\/de\/#\/schema\/logo\/image\/","url":"https:\/\/www.tourisme-carcassonne.fr\/assets\/uploads\/2021\/11\/logo-carcassonne.svg","contentUrl":"https:\/\/www.tourisme-carcassonne.fr\/assets\/uploads\/2021\/11\/logo-carcassonne.svg","width":167,"height":49,"caption":"Office de tourisme de Carcassonne"},"image":{"@id":"https:\/\/www.tourisme-carcassonne.fr\/de\/#\/schema\/logo\/image\/"},"sameAs":["https:\/\/www.facebook.com\/tourismecarcassonne\/","https:\/\/www.instagram.com\/tourismecarcassonne\/"]}]}},"_links":{"self":[{"href":"https:\/\/www.tourisme-carcassonne.fr\/de\/wp-json\/wp\/v2\/pages\/13462","targetHints":{"allow":["GET"]}}],"collection":[{"href":"https:\/\/www.tourisme-carcassonne.fr\/de\/wp-json\/wp\/v2\/pages"}],"about":[{"href":"https:\/\/www.tourisme-carcassonne.fr\/de\/wp-json\/wp\/v2\/types\/page"}],"author":[{"embeddable":true,"href":"https:\/\/www.tourisme-carcassonne.fr\/de\/wp-json\/wp\/v2\/users\/3"}],"replies":[{"embeddable":true,"href":"https:\/\/www.tourisme-carcassonne.fr\/de\/wp-json\/wp\/v2\/comments?post=13462"}],"version-history":[{"count":0,"href":"https:\/\/www.tourisme-carcassonne.fr\/de\/wp-json\/wp\/v2\/pages\/13462\/revisions"}],"up":[{"embeddable":true,"href":"https:\/\/www.tourisme-carcassonne.fr\/de\/wp-json\/wp\/v2\/pages\/13363"}],"wp:featuredmedia":[{"embeddable":true,"href":"https:\/\/www.tourisme-carcassonne.fr\/de\/wp-json\/wp\/v2\/media\/36231"}],"wp:attachment":[{"href":"https:\/\/www.tourisme-carcassonne.fr\/de\/wp-json\/wp\/v2\/media?parent=13462"}],"curies":[{"name":"wp","href":"https:\/\/api.w.org\/{rel}","templated":true}]}}