{"id":13450,"date":"2021-11-19T15:50:30","date_gmt":"2021-11-19T15:50:30","guid":{"rendered":"https:\/\/www.tourisme-carcassonne.fr\/pratique\/stationnement\/"},"modified":"2022-11-22T18:18:56","modified_gmt":"2022-11-22T17:18:56","slug":"parken","status":"publish","type":"page","link":"https:\/\/www.tourisme-carcassonne.fr\/de\/praktik\/parken\/","title":{"rendered":"Parken"},"content":{"rendered":"\t\t<div data-elementor-type=\"wp-page\" data-elementor-id=\"13450\" class=\"elementor elementor-13450 elementor-506\" data-elementor-post-type=\"page\">\n\t\t\t\t\t\t<section class=\"elementor-section elementor-top-section elementor-element elementor-element-80744b9 elementor-fs-modele-texte100 elementor-section-boxed elementor-section-height-default elementor-section-height-default\" data-id=\"80744b9\" data-element_type=\"section\" data-e-type=\"section\">\n\t\t\t\t\t\t<div class=\"elementor-container elementor-column-gap-default\">\n\t\t\t\t\t<div class=\"elementor-column elementor-col-100 elementor-top-column elementor-element elementor-element-133af5e7 fs-texte\" data-id=\"133af5e7\" data-element_type=\"column\" data-e-type=\"column\">\n\t\t\t<div class=\"elementor-widget-wrap elementor-element-populated\">\n\t\t\t\t\t\t<div class=\"elementor-element elementor-element-1dc93af9 elementor-widget elementor-widget-text-editor\" data-id=\"1dc93af9\" data-element_type=\"widget\" data-e-type=\"widget\" data-widget_type=\"text-editor.default\">\n\t\t\t\t<div class=\"elementor-widget-container\">\n\t\t\t\t\t\t\t\t\t<h1>Mit dem Auto nach Carcassonne<\/h1>\t\t\t\t\t\t\t\t<\/div>\n\t\t\t\t<\/div>\n\t\t\t\t\t<\/div>\n\t\t<\/div>\n\t\t\t\t\t<\/div>\n\t\t<\/section>\n\t\t\t\t<section class=\"elementor-section elementor-top-section elementor-element elementor-element-46f48868 elementor-fs-modele-photo33-texte66 elementor-section-boxed elementor-section-height-default elementor-section-height-default\" data-id=\"46f48868\" data-element_type=\"section\" data-e-type=\"section\">\n\t\t\t\t\t\t<div class=\"elementor-container elementor-column-gap-no\">\n\t\t\t\t\t<div class=\"elementor-column elementor-col-50 elementor-top-column elementor-element elementor-element-44175f53 fs-photo\" data-id=\"44175f53\" data-element_type=\"column\" data-e-type=\"column\">\n\t\t\t<div class=\"elementor-widget-wrap elementor-element-populated\">\n\t\t\t\t\t\t<div class=\"elementor-element elementor-element-7404cc66 elementor-widget elementor-widget-image\" data-id=\"7404cc66\" data-element_type=\"widget\" data-e-type=\"widget\" data-widget_type=\"image.default\">\n\t\t\t\t<div class=\"elementor-widget-container\">\n\t\t\t\t\t\t\t\t\t\t\t\t<figure class=\"wp-caption\">\n\t\t\t\t\t\t\t\t\t\t\t<a href=\"https:\/\/www.tourisme-carcassonne.fr\/assets\/uploads\/2022\/01\/screenshot-2022-01-10-at-10-20-52-depliant-stationnement-pdf.png\" data-elementor-open-lightbox=\"yes\" data-e-action-hash=\"#elementor-action%3Aaction%3Dlightbox%26settings%3DeyJpZCI6NzcxOCwidXJsIjpmYWxzZX0%3D\">\n\t\t\t\t\t\t\t<img decoding=\"async\" src=\"https:\/\/www.tourisme-carcassonne.fr\/assets\/uploads\/2022\/01\/screenshot-2022-01-10-at-10-20-52-depliant-stationnement-pdf.png\" title=\"\" alt=\"\" loading=\"lazy\" \/>\t\t\t\t\t\t\t\t<\/a>\n\t\t\t\t\t\t\t\t\t\t\t<figcaption class=\"widget-image-caption wp-caption-text\"><\/figcaption>\n\t\t\t\t\t\t\t\t\t\t<\/figure>\n\t\t\t\t\t\t\t\t\t<\/div>\n\t\t\t\t<\/div>\n\t\t\t\t\t<\/div>\n\t\t<\/div>\n\t\t\t\t<div class=\"elementor-column elementor-col-50 elementor-top-column elementor-element elementor-element-2e73d390 fs-texte\" data-id=\"2e73d390\" data-element_type=\"column\" data-e-type=\"column\">\n\t\t\t<div class=\"elementor-widget-wrap elementor-element-populated\">\n\t\t\t\t\t\t<div class=\"elementor-element elementor-element-440d7b50 elementor-widget elementor-widget-text-editor\" data-id=\"440d7b50\" data-element_type=\"widget\" data-e-type=\"widget\" data-widget_type=\"text-editor.default\">\n\t\t\t\t<div class=\"elementor-widget-container\">\n\t\t\t\t\t\t\t\t\t<h2>Wo man in der Bastide Saint-Louis parken kann<\/h2><p>Die Parkpl\u00e4tze der Bastide Saint-Louis liegen nur etwa 20 Gehminuten von der Cit\u00e9 M\u00e9di\u00e9vale entfernt und erm\u00f6glichen es Ihnen, sowohl die Cit\u00e9 M\u00e9di\u00e9vale als auch das lokale Herz von Carcassonne zu entdecken.<\/p><ol><li><strong>P3<\/strong>, das Parkhaus Gambetta 403 Pl\u00e4tze: 30 Minuten kostenlos, dann 1\u20ac pro Stunde.<\/li><li><strong>P4<\/strong>, der Parkplatz Andr\u00e9 Ch\u00e9nier 340 Pl\u00e4tze: 30 Minuten kostenlos, dann 1\u20ac pro Stunde.\u00a0<\/li><li><strong>P5<\/strong>, der Parkplatz Jacobins 211 Pl\u00e4tze: 30 Minuten kostenlos, dann 1\u20ac pro Stunde.\u00a0<\/li><li>P, Parking MJC: 1 Stunde kostenlos, dann 1\u20ac pro Stunde.<\/li><\/ol><ul><li><strong>Hellgr\u00fcne Zone<\/strong>, Dauer auf maximal 2 Stunden begrenzt: 2 Stunden f\u00fcr 1\u20ac.<\/li><li><strong>Gr\u00fcne Zone<\/strong>, Dauer auf maximal 5 Stunden begrenzt: 0,50\u20ac pro 35 Minuten.\u00a0<\/li><li><strong>Orange Zone<\/strong>, Dauer auf maximal 2 Stunden begrenzt, 0,30\u20ac 20min, dann 0,50\u20ac f\u00fcr 30min.<\/li><\/ul>\t\t\t\t\t\t\t\t<\/div>\n\t\t\t\t<\/div>\n\t\t\t\t<div class=\"elementor-element elementor-element-25561b0 elementor-widget elementor-widget-button\" data-id=\"25561b0\" data-element_type=\"widget\" data-e-type=\"widget\" data-widget_type=\"button.default\">\n\t\t\t\t<div class=\"elementor-widget-container\">\n\t\t\t\t\t\t\t\t\t<div class=\"elementor-button-wrapper\">\n\t\t\t\t\t<a class=\"elementor-button elementor-button-link elementor-size-sm\" href=\"https:\/\/www.paybyphone.fr\/\" target=\"_blank\">\n\t\t\t\t\t\t<span class=\"elementor-button-content-wrapper\">\n\t\t\t\t\t\t<span class=\"elementor-button-icon\">\n\t\t\t\t<i aria-hidden=\"true\" class=\"far fa-file-pdf\"><\/i>\t\t\t<\/span>\n\t\t\t\t\t\t\t\t\t<span class=\"elementor-button-text\">\u00dcber PayByPhone bezahlen<\/span>\n\t\t\t\t\t<\/span>\n\t\t\t\t\t<\/a>\n\t\t\t\t<\/div>\n\t\t\t\t\t\t\t\t<\/div>\n\t\t\t\t<\/div>\n\t\t\t\t<div class=\"elementor-element elementor-element-f656138 elementor-widget elementor-widget-button\" data-id=\"f656138\" data-element_type=\"widget\" data-e-type=\"widget\" data-widget_type=\"button.default\">\n\t\t\t\t<div class=\"elementor-widget-container\">\n\t\t\t\t\t\t\t\t\t<div class=\"elementor-button-wrapper\">\n\t\t\t\t\t<a class=\"elementor-button elementor-button-link elementor-size-sm\" href=\"https:\/\/fr.calameo.com\/read\/002445000084ba7478abc?page=2\" target=\"_blank\">\n\t\t\t\t\t\t<span class=\"elementor-button-content-wrapper\">\n\t\t\t\t\t\t<span class=\"elementor-button-icon\">\n\t\t\t\t<i aria-hidden=\"true\" class=\"far fa-file-pdf\"><\/i>\t\t\t<\/span>\n\t\t\t\t\t\t\t\t\t<span class=\"elementor-button-text\">Weitere Informationen zum Parken<\/span>\n\t\t\t\t\t<\/span>\n\t\t\t\t\t<\/a>\n\t\t\t\t<\/div>\n\t\t\t\t\t\t\t\t<\/div>\n\t\t\t\t<\/div>\n\t\t\t\t\t<\/div>\n\t\t<\/div>\n\t\t\t\t\t<\/div>\n\t\t<\/section>\n\t\t\t\t<section class=\"elementor-section elementor-top-section elementor-element elementor-element-347ffebc elementor-fs-modele-texte50-photo50 elementor-section-boxed elementor-section-height-default elementor-section-height-default\" data-id=\"347ffebc\" data-element_type=\"section\" data-e-type=\"section\">\n\t\t\t\t\t\t<div class=\"elementor-container elementor-column-gap-no\">\n\t\t\t\t\t<div class=\"elementor-column elementor-col-50 elementor-top-column elementor-element elementor-element-7ac80f15 fs-texte\" data-id=\"7ac80f15\" data-element_type=\"column\" data-e-type=\"column\">\n\t\t\t<div class=\"elementor-widget-wrap elementor-element-populated\">\n\t\t\t\t\t\t<div class=\"elementor-element elementor-element-27523d7 elementor-widget elementor-widget-text-editor\" data-id=\"27523d7\" data-element_type=\"widget\" data-e-type=\"widget\" data-widget_type=\"text-editor.default\">\n\t\t\t\t<div class=\"elementor-widget-container\">\n\t\t\t\t\t\t\t\t\t<h2>Wo kann man in der N\u00e4he der Cit\u00e9 M\u00e9di\u00e9vale parken?<\/h2><p>Finden Sie drei Parkh\u00e4user in der N\u00e4he der Cit\u00e9 M\u00e9di\u00e9vale, die Ihnen eine schnelle und effiziente Entdeckungstour ohne Kopfzerbrechen erm\u00f6glichen.<\/p><ol><li><strong>P0<\/strong>, Porte Narbonnaise: bis 2 Uhr 1\u20ac f\u00fcr 15 min &amp; bis 12 Uhr 0,50\u20ac f\u00fcr 45min.<\/li><li><strong>P1<\/strong>, Porte Narbonnaise: bis 2 Uhr 1\u20ac f\u00fcr 15 min &amp; bis 12 Uhr 0,50\u20ac f\u00fcr 45min.<\/li><li><strong>P2<\/strong>, Porte d&#8217;Aude: bis 2 Uhr 1\u20ac f\u00fcr 15 min &amp; bis 12 Uhr 0,50\u20ac f\u00fcr 45min.<\/li><\/ol>\t\t\t\t\t\t\t\t<\/div>\n\t\t\t\t<\/div>\n\t\t\t\t<div class=\"elementor-element elementor-element-5af6ce6a elementor-widget elementor-widget-button\" data-id=\"5af6ce6a\" data-element_type=\"widget\" data-e-type=\"widget\" data-widget_type=\"button.default\">\n\t\t\t\t<div class=\"elementor-widget-container\">\n\t\t\t\t\t\t\t\t\t<div class=\"elementor-button-wrapper\">\n\t\t\t\t\t<a class=\"elementor-button elementor-button-link elementor-size-sm\" href=\"https:\/\/fr.calameo.com\/read\/002445000084ba7478abc?page=2\" target=\"_blank\">\n\t\t\t\t\t\t<span class=\"elementor-button-content-wrapper\">\n\t\t\t\t\t\t<span class=\"elementor-button-icon\">\n\t\t\t\t<i aria-hidden=\"true\" class=\"far fa-file-pdf\"><\/i>\t\t\t<\/span>\n\t\t\t\t\t\t\t\t\t<span class=\"elementor-button-text\">Weitere Informationen zum Parken<\/span>\n\t\t\t\t\t<\/span>\n\t\t\t\t\t<\/a>\n\t\t\t\t<\/div>\n\t\t\t\t\t\t\t\t<\/div>\n\t\t\t\t<\/div>\n\t\t\t\t\t<\/div>\n\t\t<\/div>\n\t\t\t\t<div class=\"elementor-column elementor-col-50 elementor-top-column elementor-element elementor-element-136467c fs-photo\" data-id=\"136467c\" data-element_type=\"column\" data-e-type=\"column\">\n\t\t\t<div class=\"elementor-widget-wrap elementor-element-populated\">\n\t\t\t\t\t\t<div class=\"elementor-element elementor-element-790d021f elementor-widget elementor-widget-image\" data-id=\"790d021f\" data-element_type=\"widget\" data-e-type=\"widget\" data-widget_type=\"image.default\">\n\t\t\t\t<div class=\"elementor-widget-container\">\n\t\t\t\t\t\t\t\t\t\t\t\t<figure class=\"wp-caption\">\n\t\t\t\t\t\t\t\t\t\t\t<a href=\"https:\/\/www.tourisme-carcassonne.fr\/assets\/uploads\/2022\/05\/parking-cite-stationnement.jpg\" data-elementor-open-lightbox=\"yes\" data-e-action-hash=\"#elementor-action%3Aaction%3Dlightbox%26settings%3DeyJpZCI6MTAxNDMsInVybCI6ZmFsc2V9\">\n\t\t\t\t\t\t\t<img decoding=\"async\" src=\"https:\/\/www.tourisme-carcassonne.fr\/assets\/uploads\/2022\/05\/parking-cite-stationnement.jpg\" title=\"\" alt=\"\" loading=\"lazy\" \/>\t\t\t\t\t\t\t\t<\/a>\n\t\t\t\t\t\t\t\t\t\t\t<figcaption class=\"widget-image-caption wp-caption-text\"><\/figcaption>\n\t\t\t\t\t\t\t\t\t\t<\/figure>\n\t\t\t\t\t\t\t\t\t<\/div>\n\t\t\t\t<\/div>\n\t\t\t\t\t<\/div>\n\t\t<\/div>\n\t\t\t\t\t<\/div>\n\t\t<\/section>\n\t\t\t\t<section class=\"elementor-section elementor-top-section elementor-element elementor-element-7515afc7 elementor-fs-modele-texte100 elementor-section-boxed elementor-section-height-default elementor-section-height-default\" data-id=\"7515afc7\" data-element_type=\"section\" data-e-type=\"section\">\n\t\t\t\t\t\t<div class=\"elementor-container elementor-column-gap-default\">\n\t\t\t\t\t<div class=\"elementor-column elementor-col-100 elementor-top-column elementor-element elementor-element-259468d3 fs-texte\" data-id=\"259468d3\" data-element_type=\"column\" data-e-type=\"column\">\n\t\t\t<div class=\"elementor-widget-wrap elementor-element-populated\">\n\t\t\t\t\t\t<div class=\"elementor-element elementor-element-16efc881 elementor-widget elementor-widget-text-editor\" data-id=\"16efc881\" data-element_type=\"widget\" data-e-type=\"widget\" data-widget_type=\"text-editor.default\">\n\t\t\t\t<div class=\"elementor-widget-container\">\n\t\t\t\t\t\t\t\t\t<h1>\u00a0<\/h1><h1>Mit dem Wohnmobil in Carcassonne<\/h1>\t\t\t\t\t\t\t\t<\/div>\n\t\t\t\t<\/div>\n\t\t\t\t\t<\/div>\n\t\t<\/div>\n\t\t\t\t\t<\/div>\n\t\t<\/section>\n\t\t\t\t<section class=\"elementor-section elementor-top-section elementor-element elementor-element-437da42a elementor-fs-modele-photo50-texte50 elementor-section-boxed elementor-section-height-default elementor-section-height-default\" data-id=\"437da42a\" data-element_type=\"section\" data-e-type=\"section\">\n\t\t\t\t\t\t<div class=\"elementor-container elementor-column-gap-no\">\n\t\t\t\t\t<div class=\"elementor-column elementor-col-50 elementor-top-column elementor-element elementor-element-71ea8789 fs-photo\" data-id=\"71ea8789\" data-element_type=\"column\" data-e-type=\"column\">\n\t\t\t<div class=\"elementor-widget-wrap elementor-element-populated\">\n\t\t\t\t\t\t<div class=\"elementor-element elementor-element-1b208c8c elementor-widget elementor-widget-image\" data-id=\"1b208c8c\" data-element_type=\"widget\" data-e-type=\"widget\" data-widget_type=\"image.default\">\n\t\t\t\t<div class=\"elementor-widget-container\">\n\t\t\t\t\t\t\t\t\t\t\t\t<figure class=\"wp-caption\">\n\t\t\t\t\t\t\t\t\t\t<img fetchpriority=\"high\" decoding=\"async\" width=\"600\" height=\"450\" src=\"https:\/\/www.tourisme-carcassonne.fr\/assets\/uploads\/2022\/01\/aire-camping-car-carcassonne.jpg\" class=\"attachment-large size-large wp-image-11504\" alt=\"\" srcset=\"https:\/\/www.tourisme-carcassonne.fr\/assets\/uploads\/2022\/01\/aire-camping-car-carcassonne.jpg 600w, https:\/\/www.tourisme-carcassonne.fr\/assets\/uploads\/2022\/01\/aire-camping-car-carcassonne-570x428.jpg 570w, https:\/\/www.tourisme-carcassonne.fr\/assets\/uploads\/2022\/01\/aire-camping-car-carcassonne-370x278.jpg 370w\" sizes=\"(max-width: 600px) 100vw, 600px\" \/>\t\t\t\t\t\t\t\t\t\t\t<figcaption class=\"widget-image-caption wp-caption-text\"><\/figcaption>\n\t\t\t\t\t\t\t\t\t\t<\/figure>\n\t\t\t\t\t\t\t\t\t<\/div>\n\t\t\t\t<\/div>\n\t\t\t\t\t<\/div>\n\t\t<\/div>\n\t\t\t\t<div class=\"elementor-column elementor-col-50 elementor-top-column elementor-element elementor-element-46eb6bb9 fs-texte\" data-id=\"46eb6bb9\" data-element_type=\"column\" data-e-type=\"column\">\n\t\t\t<div class=\"elementor-widget-wrap elementor-element-populated\">\n\t\t\t\t\t\t<div class=\"elementor-element elementor-element-55f06afd elementor-widget elementor-widget-text-editor\" data-id=\"55f06afd\" data-element_type=\"widget\" data-e-type=\"widget\" data-widget_type=\"text-editor.default\">\n\t\t\t\t<div class=\"elementor-widget-container\">\n\t\t\t\t\t\t\t\t\t<p>2 Wohnmobilstellpl\u00e4tze in unmittelbarer N\u00e4he der Cit\u00e9 M\u00e9di\u00e9vale und der Bastide Saint-Louis<\/p><ol><li><strong>Parkplatz P2 &#8211; Porte d&#8217;Aude<\/strong><\/li><\/ol><ul><li>Ab 20\u20ac f\u00fcr 24 Stunden<\/li><\/ul><p><span style=\"text-decoration: underline;\">kontakt :<\/span> +33 4 68 77 73 11<\/p><ol><li><strong>Chemin Bernard D\u00e9licieux &#8211; Camping de la Cit\u00e9<\/strong><\/li><\/ol><p>38 standorte, Automatisch (ohne Strom),Wasser\/Abfluss<\/p><ul><li>\u00c0 partir de <strong>15<\/strong>\u20ac les 24h<\/li><\/ul><p><span style=\"text-decoration: underline;\">kontakt :<\/span> +33 4 68 10 01 00<\/p><p><em>Zwischen dem 1. April und dem 31. Oktober ist das Parken im \u00dcbernachtungsmodus nur auf diesen eingerichteten Fl\u00e4chen erlaubt.<\/em><\/p>\t\t\t\t\t\t\t\t<\/div>\n\t\t\t\t<\/div>\n\t\t\t\t<div class=\"elementor-element elementor-element-7090655c elementor-widget elementor-widget-button\" data-id=\"7090655c\" data-element_type=\"widget\" data-e-type=\"widget\" data-widget_type=\"button.default\">\n\t\t\t\t<div class=\"elementor-widget-container\">\n\t\t\t\t\t\t\t\t\t<div class=\"elementor-button-wrapper\">\n\t\t\t\t\t<a class=\"elementor-button elementor-button-link elementor-size-sm\" href=\"https:\/\/campingcitecarcassonne.com\/index.php\/airedecampingcar-carcassonne\/\" target=\"_blank\">\n\t\t\t\t\t\t<span class=\"elementor-button-content-wrapper\">\n\t\t\t\t\t\t<span class=\"elementor-button-icon\">\n\t\t\t\t<i aria-hidden=\"true\" class=\"fas fa-caravan\"><\/i>\t\t\t<\/span>\n\t\t\t\t\t\t\t\t\t<span class=\"elementor-button-text\">Mehr erfahren<\/span>\n\t\t\t\t\t<\/span>\n\t\t\t\t\t<\/a>\n\t\t\t\t<\/div>\n\t\t\t\t\t\t\t\t<\/div>\n\t\t\t\t<\/div>\n\t\t\t\t\t<\/div>\n\t\t<\/div>\n\t\t\t\t\t<\/div>\n\t\t<\/section>\n\t\t\t\t<section class=\"elementor-section elementor-top-section elementor-element elementor-element-47447d1f elementor-fs-modele-texte50-photo50 elementor-section-boxed elementor-section-height-default elementor-section-height-default\" data-id=\"47447d1f\" data-element_type=\"section\" data-e-type=\"section\">\n\t\t\t\t\t\t<div class=\"elementor-container elementor-column-gap-no\">\n\t\t\t\t\t<div class=\"elementor-column elementor-col-50 elementor-top-column elementor-element elementor-element-4439a073 fs-texte\" data-id=\"4439a073\" data-element_type=\"column\" data-e-type=\"column\">\n\t\t\t<div class=\"elementor-widget-wrap elementor-element-populated\">\n\t\t\t\t\t\t<div class=\"elementor-element elementor-element-263bcb4f elementor-widget elementor-widget-text-editor\" data-id=\"263bcb4f\" data-element_type=\"widget\" data-e-type=\"widget\" data-widget_type=\"text-editor.default\">\n\t\t\t\t<div class=\"elementor-widget-container\">\n\t\t\t\t\t\t\t\t\t<h4>Wo kann ich mein Wohnmobil tags\u00fcber abstellen? (<em>\u00dcbernachten ist verboten<\/em>)<\/h4><p>Ob in der N\u00e4he der Cit\u00e9 M\u00e9di\u00e9vale oder der Bastide Saint-Louis, Sie haben mehrere Pauschalangebote, um Ihr Wohnmobil einen Tag lang zu parken.<\/p><ol><li>Der Parkplatz P1 befindet sich am Chemin de Montlegun, nur wenige Meter von der Cit\u00e9 M\u00e9di\u00e9vale entfernt. Infos unter <strong>+33 4 68 25 70 61<\/strong><\/li><li>Pl\u00e4tze auf dem Boulevard de Varsovie, der sich am Rande der Bastide Saint-Louis befindet (nur w\u00e4hrend der sommerlichen Schulferien).<\/li><li>Der Parkplatz am <strong>Boulevard Marcou<\/strong> in seinem Abschnitt zwischen der Rue Aim\u00e9 Ramond und der Rue de Verdun.<\/li><li>Die <strong>Route Minervoise<\/strong> am Ufer des Canal du Midi.<\/li><li>Der <strong>Boulevard Jean Jaur\u00e8s<\/strong> von Nr. 28 bis Nr. 36<\/li><\/ol>\t\t\t\t\t\t\t\t<\/div>\n\t\t\t\t<\/div>\n\t\t\t\t<div class=\"elementor-element elementor-element-1b5dec9e elementor-align-left elementor-widget elementor-widget-button\" data-id=\"1b5dec9e\" data-element_type=\"widget\" data-e-type=\"widget\" data-widget_type=\"button.default\">\n\t\t\t\t<div class=\"elementor-widget-container\">\n\t\t\t\t\t\t\t\t\t<div class=\"elementor-button-wrapper\">\n\t\t\t\t\t<a class=\"elementor-button elementor-button-link elementor-size-sm\" href=\"https:\/\/www.carcassonne.org\/sites\/default\/files\/paragraph\/field_fichiers_ressources\/2021-05\/Arr%C3%AAt%C3%A9%20de%20stationnement%20CC.pdf\" target=\"_blank\">\n\t\t\t\t\t\t<span class=\"elementor-button-content-wrapper\">\n\t\t\t\t\t\t<span class=\"elementor-button-icon\">\n\t\t\t\t<i aria-hidden=\"true\" class=\"far fa-file-pdf\"><\/i>\t\t\t<\/span>\n\t\t\t\t\t\t\t\t\t<span class=\"elementor-button-text\">Siehe Parkverordnung (auf Franz\u00f6sisch)<\/span>\n\t\t\t\t\t<\/span>\n\t\t\t\t\t<\/a>\n\t\t\t\t<\/div>\n\t\t\t\t\t\t\t\t<\/div>\n\t\t\t\t<\/div>\n\t\t\t\t\t<\/div>\n\t\t<\/div>\n\t\t\t\t<div class=\"elementor-column elementor-col-50 elementor-top-column elementor-element elementor-element-276c351b fs-photo\" data-id=\"276c351b\" data-element_type=\"column\" data-e-type=\"column\">\n\t\t\t<div class=\"elementor-widget-wrap elementor-element-populated\">\n\t\t\t\t\t\t<div class=\"elementor-element elementor-element-726f605b elementor-widget elementor-widget-image\" data-id=\"726f605b\" data-element_type=\"widget\" data-e-type=\"widget\" data-widget_type=\"image.default\">\n\t\t\t\t<div class=\"elementor-widget-container\">\n\t\t\t\t\t\t\t\t\t\t\t\t<figure class=\"wp-caption\">\n\t\t\t\t\t\t\t\t\t\t\t<a href=\"https:\/\/www.tourisme-carcassonne.fr\/assets\/uploads\/2022\/03\/arrete-de-stationnement-carte.jpg\" data-elementor-open-lightbox=\"yes\" data-elementor-lightbox-title=\"Arr\u00eat\u00e9 de stationnement carte\" data-e-action-hash=\"#elementor-action%3Aaction%3Dlightbox%26settings%3DeyJpZCI6MTE3OTcsInVybCI6Imh0dHBzOlwvXC93d3cudG91cmlzbWUtY2FyY2Fzc29ubmUuZnJcL2Fzc2V0c1wvdXBsb2Fkc1wvMjAyMlwvMDNcL2FycmV0ZS1kZS1zdGF0aW9ubmVtZW50LWNhcnRlLmpwZyJ9\">\n\t\t\t\t\t\t\t<img decoding=\"async\" width=\"570\" height=\"403\" src=\"https:\/\/www.tourisme-carcassonne.fr\/assets\/uploads\/2022\/03\/arrete-de-stationnement-carte-570x403.jpg\" class=\"attachment-medium size-medium wp-image-11797\" alt=\"\" srcset=\"https:\/\/www.tourisme-carcassonne.fr\/assets\/uploads\/2022\/03\/arrete-de-stationnement-carte-570x403.jpg 570w, https:\/\/www.tourisme-carcassonne.fr\/assets\/uploads\/2022\/03\/arrete-de-stationnement-carte-1170x827.jpg 1170w, https:\/\/www.tourisme-carcassonne.fr\/assets\/uploads\/2022\/03\/arrete-de-stationnement-carte-370x262.jpg 370w, https:\/\/www.tourisme-carcassonne.fr\/assets\/uploads\/2022\/03\/arrete-de-stationnement-carte-768x543.jpg 768w, https:\/\/www.tourisme-carcassonne.fr\/assets\/uploads\/2022\/03\/arrete-de-stationnement-carte-1536x1086.jpg 1536w, https:\/\/www.tourisme-carcassonne.fr\/assets\/uploads\/2022\/03\/arrete-de-stationnement-carte.jpg 1755w\" sizes=\"(max-width: 570px) 100vw, 570px\" \/>\t\t\t\t\t\t\t\t<\/a>\n\t\t\t\t\t\t\t\t\t\t\t<figcaption class=\"widget-image-caption wp-caption-text\">\u00a9 Mairie de Carcassonne<\/figcaption>\n\t\t\t\t\t\t\t\t\t\t<\/figure>\n\t\t\t\t\t\t\t\t\t<\/div>\n\t\t\t\t<\/div>\n\t\t\t\t\t<\/div>\n\t\t<\/div>\n\t\t\t\t\t<\/div>\n\t\t<\/section>\n\t\t\t\t<section class=\"elementor-section elementor-top-section elementor-element elementor-element-733f546 elementor-fs-modele-texte100 elementor-section-boxed elementor-section-height-default elementor-section-height-default\" data-id=\"733f546\" data-element_type=\"section\" data-e-type=\"section\">\n\t\t\t\t\t\t<div class=\"elementor-container elementor-column-gap-default\">\n\t\t\t\t\t<div class=\"elementor-column elementor-col-100 elementor-top-column elementor-element elementor-element-6cafad4a fs-texte\" data-id=\"6cafad4a\" data-element_type=\"column\" data-e-type=\"column\">\n\t\t\t<div class=\"elementor-widget-wrap elementor-element-populated\">\n\t\t\t\t\t\t<div class=\"elementor-element elementor-element-2861136d elementor-widget elementor-widget-text-editor\" data-id=\"2861136d\" data-element_type=\"widget\" data-e-type=\"widget\" data-widget_type=\"text-editor.default\">\n\t\t\t\t<div class=\"elementor-widget-container\">\n\t\t\t\t\t\t\t\t\t<h3>\u00a0<\/h3><h1>Mit dem Bus f\u00fcr die breite \u00d6ffentlichkeit in Carcassonne<\/h1>\t\t\t\t\t\t\t\t<\/div>\n\t\t\t\t<\/div>\n\t\t\t\t\t<\/div>\n\t\t<\/div>\n\t\t\t\t\t<\/div>\n\t\t<\/section>\n\t\t\t\t<section class=\"elementor-section elementor-top-section elementor-element elementor-element-4cfa2728 elementor-fs-modele-photo33-texte66 elementor-section-boxed elementor-section-height-default elementor-section-height-default\" data-id=\"4cfa2728\" data-element_type=\"section\" data-e-type=\"section\">\n\t\t\t\t\t\t<div class=\"elementor-container elementor-column-gap-no\">\n\t\t\t\t\t<div class=\"elementor-column elementor-col-50 elementor-top-column elementor-element elementor-element-2fb6645d fs-photo\" data-id=\"2fb6645d\" data-element_type=\"column\" data-e-type=\"column\">\n\t\t\t<div class=\"elementor-widget-wrap elementor-element-populated\">\n\t\t\t\t\t\t<div class=\"elementor-element elementor-element-7b5e34dd elementor-widget elementor-widget-image\" data-id=\"7b5e34dd\" data-element_type=\"widget\" data-e-type=\"widget\" data-widget_type=\"image.default\">\n\t\t\t\t<div class=\"elementor-widget-container\">\n\t\t\t\t\t\t\t\t\t\t\t\t<figure class=\"wp-caption\">\n\t\t\t\t\t\t\t\t\t\t<img decoding=\"async\" width=\"1170\" height=\"779\" src=\"https:\/\/www.tourisme-carcassonne.fr\/assets\/uploads\/2022\/07\/annie-spratt-bus-car-carcassonne-1170x779.jpg\" class=\"attachment-large size-large wp-image-13843\" alt=\"\" srcset=\"https:\/\/www.tourisme-carcassonne.fr\/assets\/uploads\/2022\/07\/annie-spratt-bus-car-carcassonne-1170x779.jpg 1170w, https:\/\/www.tourisme-carcassonne.fr\/assets\/uploads\/2022\/07\/annie-spratt-bus-car-carcassonne-570x379.jpg 570w, https:\/\/www.tourisme-carcassonne.fr\/assets\/uploads\/2022\/07\/annie-spratt-bus-car-carcassonne-370x246.jpg 370w, https:\/\/www.tourisme-carcassonne.fr\/assets\/uploads\/2022\/07\/annie-spratt-bus-car-carcassonne-768x511.jpg 768w, https:\/\/www.tourisme-carcassonne.fr\/assets\/uploads\/2022\/07\/annie-spratt-bus-car-carcassonne-1536x1022.jpg 1536w, https:\/\/www.tourisme-carcassonne.fr\/assets\/uploads\/2022\/07\/annie-spratt-bus-car-carcassonne-scaled.jpg 2048w\" sizes=\"(max-width: 1170px) 100vw, 1170px\" \/>\t\t\t\t\t\t\t\t\t\t\t<figcaption class=\"widget-image-caption wp-caption-text\">\u00a9Annie Spratt<\/figcaption>\n\t\t\t\t\t\t\t\t\t\t<\/figure>\n\t\t\t\t\t\t\t\t\t<\/div>\n\t\t\t\t<\/div>\n\t\t\t\t\t<\/div>\n\t\t<\/div>\n\t\t\t\t<div class=\"elementor-column elementor-col-50 elementor-top-column elementor-element elementor-element-765e1850 fs-texte\" data-id=\"765e1850\" data-element_type=\"column\" data-e-type=\"column\">\n\t\t\t<div class=\"elementor-widget-wrap elementor-element-populated\">\n\t\t\t\t\t\t<div class=\"elementor-element elementor-element-62d540f6 elementor-widget elementor-widget-text-editor\" data-id=\"62d540f6\" data-element_type=\"widget\" data-e-type=\"widget\" data-widget_type=\"text-editor.default\">\n\t\t\t\t<div class=\"elementor-widget-container\">\n\t\t\t\t\t\t\t\t\t<h2>Parken mit einem Reisebus in Carcassonne<\/h2><p>In der Stadt Carcassonne gibt es drei Parkpl\u00e4tze, auf denen die verschiedenen \u00f6ffentlichen Busse und Reisebusse parken k\u00f6nnen. Diese Parkpl\u00e4tze sind beschr\u00e4nkt. F\u00fcr weitere Anfragen empfehlen wir Ihnen, die Nummer <strong>+33 4 68 25 70 61 zu kontaktieren.<\/strong><\/p><ol><li>Der Parkplatz P1 befindet sich am<strong> Chemin de Montlegun<\/strong>, nur wenige Meter von der mittelalterlichen Stadt entfernt.<\/li><li>Stellpl\u00e4tze auf der H\u00f6he des <strong>Boulevard de Varsovie<\/strong> am Rande der Bastide Saint-Louis.<\/li><li>Der Parkplatz am <strong>Place G\u00e9n\u00e9ral de Gaulle<\/strong> am Eingang der Rue Courtejaire.<\/li><\/ol><p>Bez\u00fcglich des Absetzens und Abholens von Gruppen beachten Sie bitte die folgenden Informationen:<\/p><ul><li><strong>Von September bis Juni<\/strong> k\u00f6nnen Gruppen an der Haltestelle &#8222;Porte Narbonnaise&#8220; vor der Cit\u00e9 abgesetzt und abgeholt werden.<\/li><li><strong>Juli und August,<\/strong> Absetzen\/Abholen im &#8222;Minutenstopp&#8220; verboten, Sie m\u00fcssen direkt am P1 parken.<\/li><\/ul>\t\t\t\t\t\t\t\t<\/div>\n\t\t\t\t<\/div>\n\t\t\t\t\t<\/div>\n\t\t<\/div>\n\t\t\t\t\t<\/div>\n\t\t<\/section>\n\t\t\t\t<\/div>\n\t\t","protected":false},"excerpt":{"rendered":"<p>Mit dem Auto nach Carcassonne Wo man in der Bastide Saint-Louis parken kann Die Parkpl\u00e4tze der Bastide Saint-Louis liegen nur etwa 20 Gehminuten von der Cit\u00e9 M\u00e9di\u00e9vale entfernt und erm\u00f6glichen es Ihnen, sowohl die Cit\u00e9 M\u00e9di\u00e9vale als auch das lokale Herz von Carcassonne zu entdecken. P3, das Parkhaus Gambetta 403 Pl\u00e4tze: 30 Minuten kostenlos, dann [&hellip;]<\/p>\n","protected":false},"author":3,"featured_media":11484,"parent":13363,"menu_order":2,"comment_status":"closed","ping_status":"closed","template":"templates\/edito.php","meta":{"_acf_changed":false,"footnotes":""},"class_list":["post-13450","page","type-page","status-publish","has-post-thumbnail","hentry"],"acf":[],"yoast_head":"<!-- This site is optimized with the Yoast SEO plugin v27.1.1 - https:\/\/yoast.com\/product\/yoast-seo-wordpress\/ -->\n<title>Parken - Office de tourisme de Carcassonne<\/title>\n<meta name=\"robots\" content=\"index, follow, max-snippet:-1, max-image-preview:large, max-video-preview:-1\" \/>\n<link rel=\"canonical\" href=\"https:\/\/www.tourisme-carcassonne.fr\/de\/praktik\/parken\/\" \/>\n<meta property=\"og:locale\" content=\"de_DE\" \/>\n<meta property=\"og:type\" content=\"article\" \/>\n<meta property=\"og:title\" content=\"Parken - Office de tourisme de Carcassonne\" \/>\n<meta property=\"og:description\" content=\"Mit dem Auto nach Carcassonne Wo man in der Bastide Saint-Louis parken kann Die Parkpl\u00e4tze der Bastide Saint-Louis liegen nur etwa 20 Gehminuten von der Cit\u00e9 M\u00e9di\u00e9vale entfernt und erm\u00f6glichen es Ihnen, sowohl die Cit\u00e9 M\u00e9di\u00e9vale als auch das lokale Herz von Carcassonne zu entdecken. P3, das Parkhaus Gambetta 403 Pl\u00e4tze: 30 Minuten kostenlos, dann [&hellip;]\" \/>\n<meta property=\"og:url\" content=\"https:\/\/www.tourisme-carcassonne.fr\/de\/praktik\/parken\/\" \/>\n<meta property=\"og:site_name\" content=\"Office de tourisme de Carcassonne\" \/>\n<meta property=\"article:publisher\" content=\"https:\/\/www.facebook.com\/tourismecarcassonne\/\" \/>\n<meta property=\"article:modified_time\" content=\"2022-11-22T17:18:56+00:00\" \/>\n<meta property=\"og:image\" content=\"https:\/\/www.tourisme-carcassonne.fr\/assets\/uploads\/2021\/12\/parking-citesebastien-carles-scaled.jpg\" \/>\n\t<meta property=\"og:image:width\" content=\"2048\" \/>\n\t<meta property=\"og:image:height\" content=\"1367\" \/>\n\t<meta property=\"og:image:type\" content=\"image\/jpeg\" \/>\n<meta name=\"twitter:card\" content=\"summary_large_image\" \/>\n<meta name=\"twitter:label1\" content=\"Gesch\u00e4tzte Lesezeit\" \/>\n\t<meta name=\"twitter:data1\" content=\"5\u00a0Minuten\" \/>\n<script type=\"application\/ld+json\" class=\"yoast-schema-graph\">{\"@context\":\"https:\/\/schema.org\",\"@graph\":[{\"@type\":\"WebPage\",\"@id\":\"https:\/\/www.tourisme-carcassonne.fr\/de\/praktik\/parken\/\",\"url\":\"https:\/\/www.tourisme-carcassonne.fr\/de\/praktik\/parken\/\",\"name\":\"Parken - Office de tourisme de Carcassonne\",\"isPartOf\":{\"@id\":\"https:\/\/www.tourisme-carcassonne.fr\/de\/#website\"},\"primaryImageOfPage\":{\"@id\":\"https:\/\/www.tourisme-carcassonne.fr\/de\/praktik\/parken\/#primaryimage\"},\"image\":{\"@id\":\"https:\/\/www.tourisme-carcassonne.fr\/de\/praktik\/parken\/#primaryimage\"},\"thumbnailUrl\":\"https:\/\/www.tourisme-carcassonne.fr\/assets\/uploads\/2021\/12\/parking-citesebastien-carles-scaled.jpg\",\"datePublished\":\"2021-11-19T15:50:30+00:00\",\"dateModified\":\"2022-11-22T17:18:56+00:00\",\"breadcrumb\":{\"@id\":\"https:\/\/www.tourisme-carcassonne.fr\/de\/praktik\/parken\/#breadcrumb\"},\"inLanguage\":\"de\",\"potentialAction\":[{\"@type\":\"ReadAction\",\"target\":[\"https:\/\/www.tourisme-carcassonne.fr\/de\/praktik\/parken\/\"]}]},{\"@type\":\"ImageObject\",\"inLanguage\":\"de\",\"@id\":\"https:\/\/www.tourisme-carcassonne.fr\/de\/praktik\/parken\/#primaryimage\",\"url\":\"https:\/\/www.tourisme-carcassonne.fr\/assets\/uploads\/2021\/12\/parking-citesebastien-carles-scaled.jpg\",\"contentUrl\":\"https:\/\/www.tourisme-carcassonne.fr\/assets\/uploads\/2021\/12\/parking-citesebastien-carles-scaled.jpg\",\"width\":2048,\"height\":1367,\"caption\":\"\u00a9S\u00e9bastien Carles\"},{\"@type\":\"BreadcrumbList\",\"@id\":\"https:\/\/www.tourisme-carcassonne.fr\/de\/praktik\/parken\/#breadcrumb\",\"itemListElement\":[{\"@type\":\"ListItem\",\"position\":1,\"name\":\"Accueil\",\"item\":\"https:\/\/www.tourisme-carcassonne.fr\/de\/\"},{\"@type\":\"ListItem\",\"position\":2,\"name\":\"Praktik\",\"item\":\"https:\/\/www.tourisme-carcassonne.fr\/de\/praktik\/\"},{\"@type\":\"ListItem\",\"position\":3,\"name\":\"Parken\"}]},{\"@type\":\"WebSite\",\"@id\":\"https:\/\/www.tourisme-carcassonne.fr\/de\/#website\",\"url\":\"https:\/\/www.tourisme-carcassonne.fr\/de\/\",\"name\":\"Office de tourisme de Carcassonne\",\"description\":\"\",\"publisher\":{\"@id\":\"https:\/\/www.tourisme-carcassonne.fr\/de\/#organization\"},\"potentialAction\":[{\"@type\":\"SearchAction\",\"target\":{\"@type\":\"EntryPoint\",\"urlTemplate\":\"https:\/\/www.tourisme-carcassonne.fr\/de\/?s={search_term_string}\"},\"query-input\":{\"@type\":\"PropertyValueSpecification\",\"valueRequired\":true,\"valueName\":\"search_term_string\"}}],\"inLanguage\":\"de\"},{\"@type\":\"Organization\",\"@id\":\"https:\/\/www.tourisme-carcassonne.fr\/de\/#organization\",\"name\":\"Office de tourisme de Carcassonne\",\"url\":\"https:\/\/www.tourisme-carcassonne.fr\/de\/\",\"logo\":{\"@type\":\"ImageObject\",\"inLanguage\":\"de\",\"@id\":\"https:\/\/www.tourisme-carcassonne.fr\/de\/#\/schema\/logo\/image\/\",\"url\":\"https:\/\/www.tourisme-carcassonne.fr\/assets\/uploads\/2021\/11\/logo-carcassonne.svg\",\"contentUrl\":\"https:\/\/www.tourisme-carcassonne.fr\/assets\/uploads\/2021\/11\/logo-carcassonne.svg\",\"width\":167,\"height\":49,\"caption\":\"Office de tourisme de Carcassonne\"},\"image\":{\"@id\":\"https:\/\/www.tourisme-carcassonne.fr\/de\/#\/schema\/logo\/image\/\"},\"sameAs\":[\"https:\/\/www.facebook.com\/tourismecarcassonne\/\",\"https:\/\/www.instagram.com\/tourismecarcassonne\/\"]}]}<\/script>\n<!-- \/ Yoast SEO plugin. -->","yoast_head_json":{"title":"Parken - Office de tourisme de Carcassonne","robots":{"index":"index","follow":"follow","max-snippet":"max-snippet:-1","max-image-preview":"max-image-preview:large","max-video-preview":"max-video-preview:-1"},"canonical":"https:\/\/www.tourisme-carcassonne.fr\/de\/praktik\/parken\/","og_locale":"de_DE","og_type":"article","og_title":"Parken - Office de tourisme de Carcassonne","og_description":"Mit dem Auto nach Carcassonne Wo man in der Bastide Saint-Louis parken kann Die Parkpl\u00e4tze der Bastide Saint-Louis liegen nur etwa 20 Gehminuten von der Cit\u00e9 M\u00e9di\u00e9vale entfernt und erm\u00f6glichen es Ihnen, sowohl die Cit\u00e9 M\u00e9di\u00e9vale als auch das lokale Herz von Carcassonne zu entdecken. P3, das Parkhaus Gambetta 403 Pl\u00e4tze: 30 Minuten kostenlos, dann [&hellip;]","og_url":"https:\/\/www.tourisme-carcassonne.fr\/de\/praktik\/parken\/","og_site_name":"Office de tourisme de Carcassonne","article_publisher":"https:\/\/www.facebook.com\/tourismecarcassonne\/","article_modified_time":"2022-11-22T17:18:56+00:00","og_image":[{"width":2048,"height":1367,"url":"https:\/\/www.tourisme-carcassonne.fr\/assets\/uploads\/2021\/12\/parking-citesebastien-carles-scaled.jpg","type":"image\/jpeg"}],"twitter_card":"summary_large_image","twitter_misc":{"Gesch\u00e4tzte Lesezeit":"5\u00a0Minuten"},"schema":{"@context":"https:\/\/schema.org","@graph":[{"@type":"WebPage","@id":"https:\/\/www.tourisme-carcassonne.fr\/de\/praktik\/parken\/","url":"https:\/\/www.tourisme-carcassonne.fr\/de\/praktik\/parken\/","name":"Parken - Office de tourisme de Carcassonne","isPartOf":{"@id":"https:\/\/www.tourisme-carcassonne.fr\/de\/#website"},"primaryImageOfPage":{"@id":"https:\/\/www.tourisme-carcassonne.fr\/de\/praktik\/parken\/#primaryimage"},"image":{"@id":"https:\/\/www.tourisme-carcassonne.fr\/de\/praktik\/parken\/#primaryimage"},"thumbnailUrl":"https:\/\/www.tourisme-carcassonne.fr\/assets\/uploads\/2021\/12\/parking-citesebastien-carles-scaled.jpg","datePublished":"2021-11-19T15:50:30+00:00","dateModified":"2022-11-22T17:18:56+00:00","breadcrumb":{"@id":"https:\/\/www.tourisme-carcassonne.fr\/de\/praktik\/parken\/#breadcrumb"},"inLanguage":"de","potentialAction":[{"@type":"ReadAction","target":["https:\/\/www.tourisme-carcassonne.fr\/de\/praktik\/parken\/"]}]},{"@type":"ImageObject","inLanguage":"de","@id":"https:\/\/www.tourisme-carcassonne.fr\/de\/praktik\/parken\/#primaryimage","url":"https:\/\/www.tourisme-carcassonne.fr\/assets\/uploads\/2021\/12\/parking-citesebastien-carles-scaled.jpg","contentUrl":"https:\/\/www.tourisme-carcassonne.fr\/assets\/uploads\/2021\/12\/parking-citesebastien-carles-scaled.jpg","width":2048,"height":1367,"caption":"\u00a9S\u00e9bastien Carles"},{"@type":"BreadcrumbList","@id":"https:\/\/www.tourisme-carcassonne.fr\/de\/praktik\/parken\/#breadcrumb","itemListElement":[{"@type":"ListItem","position":1,"name":"Accueil","item":"https:\/\/www.tourisme-carcassonne.fr\/de\/"},{"@type":"ListItem","position":2,"name":"Praktik","item":"https:\/\/www.tourisme-carcassonne.fr\/de\/praktik\/"},{"@type":"ListItem","position":3,"name":"Parken"}]},{"@type":"WebSite","@id":"https:\/\/www.tourisme-carcassonne.fr\/de\/#website","url":"https:\/\/www.tourisme-carcassonne.fr\/de\/","name":"Office de tourisme de Carcassonne","description":"","publisher":{"@id":"https:\/\/www.tourisme-carcassonne.fr\/de\/#organization"},"potentialAction":[{"@type":"SearchAction","target":{"@type":"EntryPoint","urlTemplate":"https:\/\/www.tourisme-carcassonne.fr\/de\/?s={search_term_string}"},"query-input":{"@type":"PropertyValueSpecification","valueRequired":true,"valueName":"search_term_string"}}],"inLanguage":"de"},{"@type":"Organization","@id":"https:\/\/www.tourisme-carcassonne.fr\/de\/#organization","name":"Office de tourisme de Carcassonne","url":"https:\/\/www.tourisme-carcassonne.fr\/de\/","logo":{"@type":"ImageObject","inLanguage":"de","@id":"https:\/\/www.tourisme-carcassonne.fr\/de\/#\/schema\/logo\/image\/","url":"https:\/\/www.tourisme-carcassonne.fr\/assets\/uploads\/2021\/11\/logo-carcassonne.svg","contentUrl":"https:\/\/www.tourisme-carcassonne.fr\/assets\/uploads\/2021\/11\/logo-carcassonne.svg","width":167,"height":49,"caption":"Office de tourisme de Carcassonne"},"image":{"@id":"https:\/\/www.tourisme-carcassonne.fr\/de\/#\/schema\/logo\/image\/"},"sameAs":["https:\/\/www.facebook.com\/tourismecarcassonne\/","https:\/\/www.instagram.com\/tourismecarcassonne\/"]}]}},"_links":{"self":[{"href":"https:\/\/www.tourisme-carcassonne.fr\/de\/wp-json\/wp\/v2\/pages\/13450","targetHints":{"allow":["GET"]}}],"collection":[{"href":"https:\/\/www.tourisme-carcassonne.fr\/de\/wp-json\/wp\/v2\/pages"}],"about":[{"href":"https:\/\/www.tourisme-carcassonne.fr\/de\/wp-json\/wp\/v2\/types\/page"}],"author":[{"embeddable":true,"href":"https:\/\/www.tourisme-carcassonne.fr\/de\/wp-json\/wp\/v2\/users\/3"}],"replies":[{"embeddable":true,"href":"https:\/\/www.tourisme-carcassonne.fr\/de\/wp-json\/wp\/v2\/comments?post=13450"}],"version-history":[{"count":0,"href":"https:\/\/www.tourisme-carcassonne.fr\/de\/wp-json\/wp\/v2\/pages\/13450\/revisions"}],"up":[{"embeddable":true,"href":"https:\/\/www.tourisme-carcassonne.fr\/de\/wp-json\/wp\/v2\/pages\/13363"}],"wp:featuredmedia":[{"embeddable":true,"href":"https:\/\/www.tourisme-carcassonne.fr\/de\/wp-json\/wp\/v2\/media\/11484"}],"wp:attachment":[{"href":"https:\/\/www.tourisme-carcassonne.fr\/de\/wp-json\/wp\/v2\/media?parent=13450"}],"curies":[{"name":"wp","href":"https:\/\/api.w.org\/{rel}","templated":true}]}}